{"id":2286,"date":"2020-04-02T15:10:53","date_gmt":"2020-04-02T13:10:53","guid":{"rendered":"https:\/\/inariz.com\/le-nostre-ricette\/"},"modified":"2020-04-02T16:10:24","modified_gmt":"2020-04-02T14:10:24","slug":"le-nostre-ricette","status":"publish","type":"page","link":"https:\/\/inariz.com\/it\/le-nostre-ricette\/","title":{"rendered":"Le nostre ricette"},"content":{"rendered":"<p><div class=\"fusion-fullwidth fullwidth-box fusion-builder-row-1 z-index-higher hundred-percent-fullwidth non-hundred-percent-height-scrolling\"  style='background-color: #f0f0f0;background-position: center center;background-repeat: no-repeat;padding-top:0px;padding-bottom:0px;'><div class=\"fusion-builder-row fusion-row \"><div  class=\"fusion-layout-column fusion_builder_column fusion_builder_column_1_1 fusion-builder-column-0 fusion-one-full fusion-column-first fusion-column-last 1_1\"  style='margin-top:0px;margin-bottom:0px;'><div class=\"fusion-column-wrapper\" style=\"padding: 0px 0px 0px 0px;background-position:left top;background-repeat:no-repeat;-webkit-background-size:cover;-moz-background-size:cover;-o-background-size:cover;background-size:cover;\"   data-bg-url=\"\"><div class=\"fusion-text\"><\/div><div class=\"fusion-text\"><div class=\"menu-recettes-italien-container\"><div id=\"close-recipe-menu\"><a href=\"javascript:void(0);\"><i class=\"far fa-times-circle\"><\/i><\/a><\/div><ul id=\"menu-recettes-italien\" class=\"menu-recipes\"><li id=\"menu-item-2336\" class=\"menu-item menu-item-type-custom menu-item-object-custom menu-item-has-children menu-item-2336\"><span>Gamme<\/span>\n<ul class=\"sub-menu\">\n\t<li id=\"menu-item-2337\" class=\"menu-item menu-item-type-taxonomy menu-item-object-category menu-item-2337\"><a href=\"javascript:void(0)\" data-filter=\".tradizionale\" class=\"recipe-filter\"><span>Tradizionale<i class=\"fas fa-plus\"><\/i><\/span><\/a><\/li>\n\t<li id=\"menu-item-2338\" class=\"menu-item menu-item-type-taxonomy menu-item-object-category menu-item-2338\"><a href=\"javascript:void(0)\" data-filter=\".bio-it\" class=\"recipe-filter\"><span>Bio<i class=\"fas fa-plus\"><\/i><\/span><\/a><\/li>\n\t<li id=\"menu-item-2339\" class=\"menu-item menu-item-type-taxonomy menu-item-object-category menu-item-2339\"><a href=\"javascript:void(0)\" data-filter=\".originale-it\" class=\"recipe-filter\"><span>Originale<i class=\"fas fa-plus\"><\/i><\/span><\/a><\/li>\n\t<li id=\"menu-item-2340\" class=\"menu-item menu-item-type-taxonomy menu-item-object-category menu-item-2340\"><a href=\"javascript:void(0)\" data-filter=\".dolce\" class=\"recipe-filter\"><span>Dolce<i class=\"fas fa-plus\"><\/i><\/span><\/a><\/li>\n\t<li id=\"menu-item-2342\" class=\"menu-item menu-item-type-taxonomy menu-item-object-category menu-item-2342\"><a href=\"javascript:void(0)\" data-filter=\".vegano-vegetariano\" class=\"recipe-filter\"><span>Vegano \/ Vegetariano<i class=\"fas fa-plus\"><\/i><\/span><\/a><\/li>\n<\/ul>\n<\/li>\n<li id=\"menu-item-2343\" class=\"menu-item menu-item-type-custom menu-item-object-custom menu-item-has-children menu-item-2343\"><span>Prodotti<\/span>\n<ul class=\"sub-menu\">\n\t<li id=\"menu-item-2344\" class=\"menu-item menu-item-type-taxonomy menu-item-object-category menu-item-2344\"><a href=\"javascript:void(0)\" data-filter=\".riso\" class=\"recipe-filter\"><span>Riso<i class=\"fas fa-plus\"><\/i><\/span><\/a><\/li>\n\t<li id=\"menu-item-2345\" class=\"menu-item menu-item-type-taxonomy menu-item-object-category menu-item-2345\"><a href=\"javascript:void(0)\" data-filter=\".pasta-it\" class=\"recipe-filter\"><span>Pasta<i class=\"fas fa-plus\"><\/i><\/span><\/a><\/li>\n\t<li id=\"menu-item-2346\" class=\"menu-item menu-item-type-taxonomy menu-item-object-category menu-item-2346\"><a href=\"javascript:void(0)\" data-filter=\".legumi\" class=\"recipe-filter\"><span>Legumi<i class=\"fas fa-plus\"><\/i><\/span><\/a><\/li>\n\t<li id=\"menu-item-2347\" class=\"menu-item menu-item-type-taxonomy menu-item-object-category menu-item-2347\"><a href=\"javascript:void(0)\" data-filter=\".cereali\" class=\"recipe-filter\"><span>Cereali<i class=\"fas fa-plus\"><\/i><\/span><\/a><\/li>\n<\/ul>\n<\/li>\n<\/ul><\/div>\n<script type=\"text\/javascript\">\n    let postWidth = 0;\n    let postHeight = 0;\n    let wrapper = null;\n    let firstPost = null;\n    let nbPostPerRow = 0;\n\n\n    function setFiltersTitle() {\n        if (jQuery(window).width() <= 767) {\n            \/\/document.styleSheets[0].insertRule('.menu-recettes-container ul.menu-recipes li.menu-item-has-children:first-of-type > span::after', 'content: \" & produits\"');\n        } else {\n            \/\/document.styleSheets[0].insertRule('.menu-recettes-container ul.menu-recipes li.menu-item-has-children:first-of-type > span::after', 'content: \"\"');\n        }\n    }\n\n    jQuery(window).load(function () {\n        setFiltersTitle();\n    });\n\n    jQuery(window).resize(function () {\n        setFiltersTitle();\n    });\n\n    jQuery(document).on('touchend click', '.menu-recipes .menu-item-has-children, .menu-recipes .menu-item-has-children > a', function () {\n        if (jQuery(window).width() <= 767) {\n            jQuery('.menu-recipes ul.sub-menu, #close-recipe-menu').css({\n                'display': 'block'\n            });\n        }\n    });\n\n    jQuery(document).on('touchend click', '#close-recipe-menu a', function () {\n        jQuery('.menu-recipes ul.sub-menu, #close-recipe-menu').css({\n            'display': ''\n        });\n    });\n\n    let activeFilters = [];\n\n    function filterRecipes() {\n        \/\/ Display only the filtered posts\n        if (activeFilters.length === 0) {\n            jQuery('.fusion-portfolio-post').show();\n        } else {\n            jQuery('.fusion-portfolio-post').hide();\n            activeFilters.forEach(function (filter) {\n                jQuery('.fusion-portfolio-post' + filter).show();\n            })\n        }\n\n        jQuery(window).resize();\n    }\n\n    jQuery(document).on('touchend click', '.recipe-filter', function (e) {\n        e.preventDefault();\n\n        if (jQuery(this).hasClass('active')) {\n            activeFilters.splice(jQuery.inArray(jQuery(this).attr('data-filter'), activeFilters), 1);\n        } else {\n            activeFilters.push(jQuery(this).attr('data-filter'));\n        }\n\n        jQuery(this).toggleClass('active');\n\n        filterRecipes();\n    });\n\n<\/script>\n<\/div><div class=\"fusion-clearfix\"><\/div><\/div><\/div><\/div><\/div><div class=\"fusion-fullwidth fullwidth-box fusion-builder-row-2 fusion-parallax-none nonhundred-percent-fullwidth non-hundred-percent-height-scrolling\"  style='background-color: rgba(255,255,255,0);background-image: url(\"https:\/\/inariz.com\/wp-content\/uploads\/2019\/05\/Inariz_Site_Recette-10.jpg\");background-position: center top;background-repeat: no-repeat;padding-top:40px;padding-right:0px;padding-bottom:80px;padding-left:0px;-webkit-background-size:cover;-moz-background-size:cover;-o-background-size:cover;background-size:cover;'><div class=\"fusion-builder-row fusion-row \"><div  class=\"fusion-layout-column fusion_builder_column fusion_builder_column_1_1 fusion-builder-column-1 fusion-one-full fusion-column-first fusion-column-last max-width-md 1_1\"  style='margin-top:0px;margin-bottom:40px;'><div class=\"fusion-column-wrapper\" style=\"padding: 0px 0px 0px 0px;background-position:left top;background-repeat:no-repeat;-webkit-background-size:cover;-moz-background-size:cover;-o-background-size:cover;background-size:cover;\"   data-bg-url=\"\"><div class=\"fusion-text text-white\"><h2 style=\"text-align: center;\">Un\u2019ampia gamma di ricette, in linea con le tendenze dei consumatori<\/h2>\n<\/div><div class=\"fusion-text text-white\"><p style=\"text-align: center;\">Inariz offre una vasta gamma di ricette elaborate nel nostro laboratorio dal nostro team R&amp;S, dai piatti tradizionali a quelli pi\u00f9 elaborati, disponibili in versione biologica e convenzionale.<\/p>\n<p style=\"text-align: center;\">I nostri team monitorano costantemente le tendenze dei consumatori, per offrire un\u2019esperienza di degustazione indimenticabile.<\/p>\n<\/div><div class=\"fusion-clearfix\"><\/div><\/div><\/div><div  class=\"fusion-layout-column fusion_builder_column fusion_builder_column_1_1 fusion-builder-column-2 fusion-one-full fusion-column-first fusion-column-last 1_1\"  style='margin-top:0px;margin-bottom:20px;'><div class=\"fusion-column-wrapper\" style=\"padding: 0px 0px 0px 0px;background-position:left top;background-repeat:no-repeat;-webkit-background-size:cover;-moz-background-size:cover;-o-background-size:cover;background-size:cover;\"   data-bg-url=\"\"><style type=\"text\/css\">.fusion-portfolio-wrapper#fusion-portfolio_cpt-1 .fusion-portfolio-content{  text-align: center; }<\/style><div class=\"fusion-recent-works fusion-portfolio-element fusion-portfolio fusion-portfolio-1 fusion-portfolio-grid fusion-portfolio-paging-infinite fusion-portfolio-three fusion-portfolio-unboxed fusion-portfolio-text fusion-portfolio-equal-heights fusion-portfolio-rollover\" data-id=\"-rw-1\" data-columns=\"three\" id=\"recipes\"><style type=\"text\/css\">.fusion-portfolio-1 .fusion-portfolio-wrapper .fusion-col-spacing{padding:25px;}<\/style><div class=\"fusion-portfolio-wrapper\" id=\"fusion-portfolio_cpt-1\" data-picturesize=\"fixed\" data-pages=\"0\" style=\"margin:-25px;\"><article id=\"portfolio-1-post-\" class=\"fusion-portfolio-post halal-it kosher-it vegano-vegetariano fusion-col-spacing\"><div class=\"fusion-portfolio-content-wrapper\" style=\"border:none;\"><span class=\"vcard rich-snippet-hidden\"><span class=\"fn\"><a href=\"https:\/\/inariz.com\/it\/author\/laura\/\" title=\"Articoli scritti da laura\" rel=\"author\">laura<\/a><\/span><\/span><span class=\"updated rich-snippet-hidden\">2024-09-25T15:35:50+02:00<\/span>\n\n<div  class=\"fusion-image-wrapper fusion-image-size-fixed\" aria-haspopup=\"true\">\n\t\n\t\n\t\t\n\t\t\t\t\t<img loading=\"lazy\" decoding=\"async\" width=\"300\" height=\"214\" src=\"https:\/\/inariz.com\/wp-content\/uploads\/2024\/09\/Riz-facon-texas-300x214.jpg\" class=\"attachment-portfolio-three size-portfolio-three wp-post-image\" alt=\"\" \/>\n\t\n\n\t\t<div class=\"fusion-rollover\">\n\t<div class=\"fusion-rollover-content\">\n\n\t\t\t\t\t\t\t\t\t\t\t\t\t\t<a class=\"fusion-rollover-link\" href=\"https:\/\/inariz.com\/it\/recipe\/riso-alla-texana\/\">Riso alla texana<\/a>\n\t\t\t\n\t\t\t\t\t\t\t\t\t\t\t\t\t\t\n\t\t\t\t\t\t\t\t\n\t\t\t\t\t\t\t\t\t\t\t\t\t<div class=\"fusion-rollover-sep\"><\/div>\n\t\t\t\t\n\t\t\t\t\t\t\t\t\t\t\t\t\t\t\t\t\t\t<a class=\"fusion-rollover-gallery\" href=\"https:\/\/inariz.com\/wp-content\/uploads\/2024\/09\/Riz-facon-texas.jpg\" data-id=\"6224\" data-rel=\"iLightbox[gallery-rw-1]\" data-title=\"Riz fa\u00e7on texas\" data-caption=\"\">\n\t\t\t\t\t\tGallery\t\t\t\t\t<\/a>\n\t\t\t\t\t\t\t\t\t\t\t\t\t\t\n\t\t\t\t\n\t\t\t\t\t\t\t\t\t\t\t\t<h4 class=\"fusion-rollover-title\">\n\t\t\t\t\t<a class=\"fusion-rollover-title-link\" href=\"https:\/\/inariz.com\/it\/recipe\/riso-alla-texana\/\">\n\t\t\t\t\t\tRiso alla texana\t\t\t\t\t<\/a>\n\t\t\t\t<\/h4>\n\t\t\t\n\t\t\t\t\t\t\t\t\t\t\t\t\t\t\t\t\t\t\t\n\t\t\n\t\t\t\t<a class=\"fusion-link-wrapper\" href=\"https:\/\/inariz.com\/it\/recipe\/riso-alla-texana\/\" aria-label=\"Riso alla texana\"><\/a>\n\t<\/div>\n<\/div>\n\n\t\n<\/div>\n<div class=\"fusion-portfolio-content\"><h2 class=\"entry-title fusion-post-title\"><a href=\"https:\/\/inariz.com\/it\/recipe\/riso-alla-texana\/\">Riso alla texana<\/a><\/h2><div class=\"fusion-post-content\"><\/div><\/div><\/div><\/article><article id=\"portfolio-1-post-\" class=\"fusion-portfolio-post halal-it kosher-it vegano-vegetariano fusion-col-spacing\"><div class=\"fusion-portfolio-content-wrapper\" style=\"border:none;\"><span class=\"vcard rich-snippet-hidden\"><span class=\"fn\"><a href=\"https:\/\/inariz.com\/it\/author\/laura\/\" title=\"Articoli scritti da laura\" rel=\"author\">laura<\/a><\/span><\/span><span class=\"updated rich-snippet-hidden\">2024-09-25T15:32:46+02:00<\/span>\n\n<div  class=\"fusion-image-wrapper fusion-image-size-fixed\" aria-haspopup=\"true\">\n\t\n\t\n\t\t\n\t\t\t\t\t<img loading=\"lazy\" decoding=\"async\" width=\"300\" height=\"214\" src=\"https:\/\/inariz.com\/wp-content\/uploads\/2024\/04\/riz-teriyaki-300x214.jpg\" class=\"attachment-portfolio-three size-portfolio-three wp-post-image\" alt=\"\" \/>\n\t\n\n\t\t<div class=\"fusion-rollover\">\n\t<div class=\"fusion-rollover-content\">\n\n\t\t\t\t\t\t\t\t\t\t\t\t\t\t<a class=\"fusion-rollover-link\" href=\"https:\/\/inariz.com\/it\/recipe\/riso-teriyaki\/\">Riso teriyaki<\/a>\n\t\t\t\n\t\t\t\t\t\t\t\t\t\t\t\t\t\t\n\t\t\t\t\t\t\t\t\n\t\t\t\t\t\t\t\t\t\t\t\t\t<div class=\"fusion-rollover-sep\"><\/div>\n\t\t\t\t\n\t\t\t\t\t\t\t\t\t\t\t\t\t\t\t\t\t\t<a class=\"fusion-rollover-gallery\" href=\"https:\/\/inariz.com\/wp-content\/uploads\/2024\/04\/riz-teriyaki.jpg\" data-id=\"6221\" data-rel=\"iLightbox[gallery-rw-1]\" data-title=\"riz teriyaki\" data-caption=\"\">\n\t\t\t\t\t\tGallery\t\t\t\t\t<\/a>\n\t\t\t\t\t\t\t\t\t\t\t\t\t\t\n\t\t\t\t\n\t\t\t\t\t\t\t\t\t\t\t\t<h4 class=\"fusion-rollover-title\">\n\t\t\t\t\t<a class=\"fusion-rollover-title-link\" href=\"https:\/\/inariz.com\/it\/recipe\/riso-teriyaki\/\">\n\t\t\t\t\t\tRiso teriyaki\t\t\t\t\t<\/a>\n\t\t\t\t<\/h4>\n\t\t\t\n\t\t\t\t\t\t\t\t\t\t\t\t\t\t\t\t\t\t\t\n\t\t\n\t\t\t\t<a class=\"fusion-link-wrapper\" href=\"https:\/\/inariz.com\/it\/recipe\/riso-teriyaki\/\" aria-label=\"Riso teriyaki\"><\/a>\n\t<\/div>\n<\/div>\n\n\t\n<\/div>\n<div class=\"fusion-portfolio-content\"><h2 class=\"entry-title fusion-post-title\"><a href=\"https:\/\/inariz.com\/it\/recipe\/riso-teriyaki\/\">Riso teriyaki<\/a><\/h2><div class=\"fusion-post-content\"><\/div><\/div><\/div><\/article><article id=\"portfolio-1-post-\" class=\"fusion-portfolio-post halal-it kosher-it riso vegano-vegetariano fusion-col-spacing\"><div class=\"fusion-portfolio-content-wrapper\" style=\"border:none;\"><span class=\"vcard rich-snippet-hidden\"><span class=\"fn\"><a href=\"https:\/\/inariz.com\/it\/author\/laura\/\" title=\"Articoli scritti da laura\" rel=\"author\">laura<\/a><\/span><\/span><span class=\"updated rich-snippet-hidden\">2024-09-23T12:47:55+02:00<\/span>\n\n<div  class=\"fusion-image-wrapper fusion-image-size-fixed\" aria-haspopup=\"true\">\n\t\n\t\n\t\t\n\t\t\t\t\t<img loading=\"lazy\" decoding=\"async\" width=\"300\" height=\"214\" src=\"https:\/\/inariz.com\/wp-content\/uploads\/2024\/09\/riz-saute-2-300x214.jpg\" class=\"attachment-portfolio-three size-portfolio-three wp-post-image\" alt=\"\" \/>\n\t\n\n\t\t<div class=\"fusion-rollover\">\n\t<div class=\"fusion-rollover-content\">\n\n\t\t\t\t\t\t\t\t\t\t\t\t\t\t<a class=\"fusion-rollover-link\" href=\"https:\/\/inariz.com\/it\/recipe\/riso-fritto-2\/\">riso fritto<\/a>\n\t\t\t\n\t\t\t\t\t\t\t\t\t\t\t\t\t\t\n\t\t\t\t\t\t\t\t\n\t\t\t\t\t\t\t\t\t\t\t\t\t<div class=\"fusion-rollover-sep\"><\/div>\n\t\t\t\t\n\t\t\t\t\t\t\t\t\t\t\t\t\t\t\t\t\t\t<a class=\"fusion-rollover-gallery\" href=\"https:\/\/inariz.com\/wp-content\/uploads\/2024\/09\/riz-saute-2.jpg\" data-id=\"6130\" data-rel=\"iLightbox[gallery-rw-1]\" data-title=\"riz saut\u00e9 2\" data-caption=\"\">\n\t\t\t\t\t\tGallery\t\t\t\t\t<\/a>\n\t\t\t\t\t\t\t\t\t\t\t\t\t\t\n\t\t\t\t\n\t\t\t\t\t\t\t\t\t\t\t\t<h4 class=\"fusion-rollover-title\">\n\t\t\t\t\t<a class=\"fusion-rollover-title-link\" href=\"https:\/\/inariz.com\/it\/recipe\/riso-fritto-2\/\">\n\t\t\t\t\t\triso fritto\t\t\t\t\t<\/a>\n\t\t\t\t<\/h4>\n\t\t\t\n\t\t\t\t\t\t\t\t\t\t\t\t\t\t\t\t\t\t\t\n\t\t\n\t\t\t\t<a class=\"fusion-link-wrapper\" href=\"https:\/\/inariz.com\/it\/recipe\/riso-fritto-2\/\" aria-label=\"riso fritto\"><\/a>\n\t<\/div>\n<\/div>\n\n\t\n<\/div>\n<div class=\"fusion-portfolio-content\"><h2 class=\"entry-title fusion-post-title\"><a href=\"https:\/\/inariz.com\/it\/recipe\/riso-fritto-2\/\">riso fritto<\/a><\/h2><div class=\"fusion-post-content\"><\/div><\/div><\/div><\/article><article id=\"portfolio-1-post-\" class=\"fusion-portfolio-post halal-it kosher-it vegano-vegetariano fusion-col-spacing\"><div class=\"fusion-portfolio-content-wrapper\" style=\"border:none;\"><span class=\"vcard rich-snippet-hidden\"><span class=\"fn\"><a href=\"https:\/\/inariz.com\/it\/author\/laura\/\" title=\"Articoli scritti da laura\" rel=\"author\">laura<\/a><\/span><\/span><span class=\"updated rich-snippet-hidden\">2024-09-23T12:44:52+02:00<\/span>\n\n<div  class=\"fusion-image-wrapper fusion-image-size-fixed\" aria-haspopup=\"true\">\n\t\n\t\n\t\t\n\t\t\t\t\t<img loading=\"lazy\" decoding=\"async\" width=\"300\" height=\"214\" src=\"https:\/\/inariz.com\/wp-content\/uploads\/2024\/09\/riz-longs-grains-300x214.jpg\" class=\"attachment-portfolio-three size-portfolio-three wp-post-image\" alt=\"\" \/>\n\t\n\n\t\t<div class=\"fusion-rollover\">\n\t<div class=\"fusion-rollover-content\">\n\n\t\t\t\t\t\t\t\t\t\t\t\t\t\t<a class=\"fusion-rollover-link\" href=\"https:\/\/inariz.com\/it\/recipe\/riso-a-chicco-lungo\/\">Riso a chicco lungo<\/a>\n\t\t\t\n\t\t\t\t\t\t\t\t\t\t\t\t\t\t\n\t\t\t\t\t\t\t\t\n\t\t\t\t\t\t\t\t\t\t\t\t\t<div class=\"fusion-rollover-sep\"><\/div>\n\t\t\t\t\n\t\t\t\t\t\t\t\t\t\t\t\t\t\t\t\t\t\t<a class=\"fusion-rollover-gallery\" href=\"https:\/\/inariz.com\/wp-content\/uploads\/2024\/09\/riz-longs-grains.jpg\" data-id=\"6126\" data-rel=\"iLightbox[gallery-rw-1]\" data-title=\"riz longs grains\" data-caption=\"\">\n\t\t\t\t\t\tGallery\t\t\t\t\t<\/a>\n\t\t\t\t\t\t\t\t\t\t\t\t\t\t\n\t\t\t\t\n\t\t\t\t\t\t\t\t\t\t\t\t<h4 class=\"fusion-rollover-title\">\n\t\t\t\t\t<a class=\"fusion-rollover-title-link\" href=\"https:\/\/inariz.com\/it\/recipe\/riso-a-chicco-lungo\/\">\n\t\t\t\t\t\tRiso a chicco lungo\t\t\t\t\t<\/a>\n\t\t\t\t<\/h4>\n\t\t\t\n\t\t\t\t\t\t\t\t\t\t\t\t\t\t\t\t\t\t\t\n\t\t\n\t\t\t\t<a class=\"fusion-link-wrapper\" href=\"https:\/\/inariz.com\/it\/recipe\/riso-a-chicco-lungo\/\" aria-label=\"Riso a chicco lungo\"><\/a>\n\t<\/div>\n<\/div>\n\n\t\n<\/div>\n<div class=\"fusion-portfolio-content\"><h2 class=\"entry-title fusion-post-title\"><a href=\"https:\/\/inariz.com\/it\/recipe\/riso-a-chicco-lungo\/\">Riso a chicco lungo<\/a><\/h2><div class=\"fusion-post-content\"><\/div><\/div><\/div><\/article><article id=\"portfolio-1-post-\" class=\"fusion-portfolio-post bio-it halal-it kosher-it vegano-vegetariano fusion-col-spacing\"><div class=\"fusion-portfolio-content-wrapper\" style=\"border:none;\"><span class=\"vcard rich-snippet-hidden\"><span class=\"fn\"><a href=\"https:\/\/inariz.com\/it\/author\/laura\/\" title=\"Articoli scritti da laura\" rel=\"author\">laura<\/a><\/span><\/span><span class=\"updated rich-snippet-hidden\">2024-09-23T12:13:14+02:00<\/span>\n\n<div  class=\"fusion-image-wrapper fusion-image-size-fixed\" aria-haspopup=\"true\">\n\t\n\t\n\t\t\n\t\t\t\t\t<img loading=\"lazy\" decoding=\"async\" width=\"300\" height=\"214\" src=\"https:\/\/inariz.com\/wp-content\/uploads\/2024\/04\/7-cereales-bis-300x214.jpg\" class=\"attachment-portfolio-three size-portfolio-three wp-post-image\" alt=\"\" \/>\n\t\n\n\t\t<div class=\"fusion-rollover\">\n\t<div class=\"fusion-rollover-content\">\n\n\t\t\t\t\t\t\t\t\t\t\t\t\t\t<a class=\"fusion-rollover-link\" href=\"https:\/\/inariz.com\/it\/recipe\/7-cereali-integrali\/\">7 cereali integrali<\/a>\n\t\t\t\n\t\t\t\t\t\t\t\t\t\t\t\t\t\t\n\t\t\t\t\t\t\t\t\n\t\t\t\t\t\t\t\t\t\t\t\t\t<div class=\"fusion-rollover-sep\"><\/div>\n\t\t\t\t\n\t\t\t\t\t\t\t\t\t\t\t\t\t\t\t\t\t\t<a class=\"fusion-rollover-gallery\" href=\"https:\/\/inariz.com\/wp-content\/uploads\/2024\/04\/7-cereales-bis.jpg\" data-id=\"6121\" data-rel=\"iLightbox[gallery-rw-1]\" data-title=\"7 c\u00e9r\u00e9ales bis\" data-caption=\"\">\n\t\t\t\t\t\tGallery\t\t\t\t\t<\/a>\n\t\t\t\t\t\t\t\t\t\t\t\t\t\t\n\t\t\t\t\n\t\t\t\t\t\t\t\t\t\t\t\t<h4 class=\"fusion-rollover-title\">\n\t\t\t\t\t<a class=\"fusion-rollover-title-link\" href=\"https:\/\/inariz.com\/it\/recipe\/7-cereali-integrali\/\">\n\t\t\t\t\t\t7 cereali integrali\t\t\t\t\t<\/a>\n\t\t\t\t<\/h4>\n\t\t\t\n\t\t\t\t\t\t\t\t\t\t\t\t\t\t\t\t\t\t\t\n\t\t\n\t\t\t\t<a class=\"fusion-link-wrapper\" href=\"https:\/\/inariz.com\/it\/recipe\/7-cereali-integrali\/\" aria-label=\"7 cereali integrali\"><\/a>\n\t<\/div>\n<\/div>\n\n\t\n<\/div>\n<div class=\"fusion-portfolio-content\"><h2 class=\"entry-title fusion-post-title\"><a href=\"https:\/\/inariz.com\/it\/recipe\/7-cereali-integrali\/\">7 cereali integrali<\/a><\/h2><div class=\"fusion-post-content\"><\/div><\/div><\/div><\/article><article id=\"portfolio-1-post-\" class=\"fusion-portfolio-post cereali halal-it kosher-it vegano-vegetariano fusion-col-spacing\"><div class=\"fusion-portfolio-content-wrapper\" style=\"border:none;\"><span class=\"vcard rich-snippet-hidden\"><span class=\"fn\"><a href=\"https:\/\/inariz.com\/it\/author\/laura\/\" title=\"Articoli scritti da laura\" rel=\"author\">laura<\/a><\/span><\/span><span class=\"updated rich-snippet-hidden\">2024-09-23T12:09:43+02:00<\/span>\n\n<div  class=\"fusion-image-wrapper fusion-image-size-fixed\" aria-haspopup=\"true\">\n\t\n\t\n\t\t\n\t\t\t\t\t<img loading=\"lazy\" decoding=\"async\" width=\"300\" height=\"214\" src=\"https:\/\/inariz.com\/wp-content\/uploads\/2024\/04\/ble-tomate-basilic-300x214.jpg\" class=\"attachment-portfolio-three size-portfolio-three wp-post-image\" alt=\"\" \/>\n\t\n\n\t\t<div class=\"fusion-rollover\">\n\t<div class=\"fusion-rollover-content\">\n\n\t\t\t\t\t\t\t\t\t\t\t\t\t\t<a class=\"fusion-rollover-link\" href=\"https:\/\/inariz.com\/it\/recipe\/grano-con-pomodoro-e-basilico\/\">Grano con pomodoro e basilico<\/a>\n\t\t\t\n\t\t\t\t\t\t\t\t\t\t\t\t\t\t\n\t\t\t\t\t\t\t\t\n\t\t\t\t\t\t\t\t\t\t\t\t\t<div class=\"fusion-rollover-sep\"><\/div>\n\t\t\t\t\n\t\t\t\t\t\t\t\t\t\t\t\t\t\t\t\t\t\t<a class=\"fusion-rollover-gallery\" href=\"https:\/\/inariz.com\/wp-content\/uploads\/2024\/04\/ble-tomate-basilic.jpg\" data-id=\"6117\" data-rel=\"iLightbox[gallery-rw-1]\" data-title=\"bl\u00e9 tomate basilic\" data-caption=\"\">\n\t\t\t\t\t\tGallery\t\t\t\t\t<\/a>\n\t\t\t\t\t\t\t\t\t\t\t\t\t\t\n\t\t\t\t\n\t\t\t\t\t\t\t\t\t\t\t\t<h4 class=\"fusion-rollover-title\">\n\t\t\t\t\t<a class=\"fusion-rollover-title-link\" href=\"https:\/\/inariz.com\/it\/recipe\/grano-con-pomodoro-e-basilico\/\">\n\t\t\t\t\t\tGrano con pomodoro e basilico\t\t\t\t\t<\/a>\n\t\t\t\t<\/h4>\n\t\t\t\n\t\t\t\t\t\t\t\t\t\t\t\t\t\t\t\t\t\t\t\n\t\t\n\t\t\t\t<a class=\"fusion-link-wrapper\" href=\"https:\/\/inariz.com\/it\/recipe\/grano-con-pomodoro-e-basilico\/\" aria-label=\"Grano con pomodoro e basilico\"><\/a>\n\t<\/div>\n<\/div>\n\n\t\n<\/div>\n<div class=\"fusion-portfolio-content\"><h2 class=\"entry-title fusion-post-title\"><a href=\"https:\/\/inariz.com\/it\/recipe\/grano-con-pomodoro-e-basilico\/\">Grano con pomodoro e basilico<\/a><\/h2><div class=\"fusion-post-content\"><\/div><\/div><\/div><\/article><article id=\"portfolio-1-post-\" class=\"fusion-portfolio-post halal-it kosher-it legumi vegano-vegetariano fusion-col-spacing\"><div class=\"fusion-portfolio-content-wrapper\" style=\"border:none;\"><span class=\"vcard rich-snippet-hidden\"><span class=\"fn\"><a href=\"https:\/\/inariz.com\/it\/author\/laura\/\" title=\"Articoli scritti da laura\" rel=\"author\">laura<\/a><\/span><\/span><span class=\"updated rich-snippet-hidden\">2024-09-23T12:07:08+02:00<\/span>\n\n<div  class=\"fusion-image-wrapper fusion-image-size-fixed\" aria-haspopup=\"true\">\n\t\n\t\n\t\t\n\t\t\t\t\t<img loading=\"lazy\" decoding=\"async\" width=\"300\" height=\"214\" src=\"https:\/\/inariz.com\/wp-content\/uploads\/2024\/04\/haricots-tex-mex-300x214.jpg\" class=\"attachment-portfolio-three size-portfolio-three wp-post-image\" alt=\"\" \/>\n\t\n\n\t\t<div class=\"fusion-rollover\">\n\t<div class=\"fusion-rollover-content\">\n\n\t\t\t\t\t\t\t\t\t\t\t\t\t\t<a class=\"fusion-rollover-link\" href=\"https:\/\/inariz.com\/it\/recipe\/fagioli-tex-mex\/\">Fagioli Tex Mex<\/a>\n\t\t\t\n\t\t\t\t\t\t\t\t\t\t\t\t\t\t\n\t\t\t\t\t\t\t\t\n\t\t\t\t\t\t\t\t\t\t\t\t\t<div class=\"fusion-rollover-sep\"><\/div>\n\t\t\t\t\n\t\t\t\t\t\t\t\t\t\t\t\t\t\t\t\t\t\t<a class=\"fusion-rollover-gallery\" href=\"https:\/\/inariz.com\/wp-content\/uploads\/2024\/04\/haricots-tex-mex.jpg\" data-id=\"6114\" data-rel=\"iLightbox[gallery-rw-1]\" data-title=\"haricots tex mex\" data-caption=\"\">\n\t\t\t\t\t\tGallery\t\t\t\t\t<\/a>\n\t\t\t\t\t\t\t\t\t\t\t\t\t\t\n\t\t\t\t\n\t\t\t\t\t\t\t\t\t\t\t\t<h4 class=\"fusion-rollover-title\">\n\t\t\t\t\t<a class=\"fusion-rollover-title-link\" href=\"https:\/\/inariz.com\/it\/recipe\/fagioli-tex-mex\/\">\n\t\t\t\t\t\tFagioli Tex Mex\t\t\t\t\t<\/a>\n\t\t\t\t<\/h4>\n\t\t\t\n\t\t\t\t\t\t\t\t\t\t\t\t\t\t\t\t\t\t\t\n\t\t\n\t\t\t\t<a class=\"fusion-link-wrapper\" href=\"https:\/\/inariz.com\/it\/recipe\/fagioli-tex-mex\/\" aria-label=\"Fagioli Tex Mex\"><\/a>\n\t<\/div>\n<\/div>\n\n\t\n<\/div>\n<div class=\"fusion-portfolio-content\"><h2 class=\"entry-title fusion-post-title\"><a href=\"https:\/\/inariz.com\/it\/recipe\/fagioli-tex-mex\/\">Fagioli Tex Mex<\/a><\/h2><div class=\"fusion-post-content\"><\/div><\/div><\/div><\/article><article id=\"portfolio-1-post-\" class=\"fusion-portfolio-post halal-it kosher-it legumi vegano-vegetariano fusion-col-spacing\"><div class=\"fusion-portfolio-content-wrapper\" style=\"border:none;\"><span class=\"vcard rich-snippet-hidden\"><span class=\"fn\"><a href=\"https:\/\/inariz.com\/it\/author\/laura\/\" title=\"Articoli scritti da laura\" rel=\"author\">laura<\/a><\/span><\/span><span class=\"updated rich-snippet-hidden\">2024-09-23T12:00:34+02:00<\/span>\n\n<div  class=\"fusion-image-wrapper fusion-image-size-fixed\" aria-haspopup=\"true\">\n\t\n\t\n\t\t\n\t\t\t\t\t<img loading=\"lazy\" decoding=\"async\" width=\"300\" height=\"214\" src=\"https:\/\/inariz.com\/wp-content\/uploads\/2024\/04\/lentilles-a-la-marocaine-300x214.jpg\" class=\"attachment-portfolio-three size-portfolio-three wp-post-image\" alt=\"\" \/>\n\t\n\n\t\t<div class=\"fusion-rollover\">\n\t<div class=\"fusion-rollover-content\">\n\n\t\t\t\t\t\t\t\t\t\t\t\t\t\t<a class=\"fusion-rollover-link\" href=\"https:\/\/inariz.com\/it\/recipe\/lenticchie-marocchine\/\">Lenticchie marocchine<\/a>\n\t\t\t\n\t\t\t\t\t\t\t\t\t\t\t\t\t\t\n\t\t\t\t\t\t\t\t\n\t\t\t\t\t\t\t\t\t\t\t\t\t<div class=\"fusion-rollover-sep\"><\/div>\n\t\t\t\t\n\t\t\t\t\t\t\t\t\t\t\t\t\t\t\t\t\t\t<a class=\"fusion-rollover-gallery\" href=\"https:\/\/inariz.com\/wp-content\/uploads\/2024\/04\/lentilles-a-la-marocaine.jpg\" data-id=\"6109\" data-rel=\"iLightbox[gallery-rw-1]\" data-title=\"lentilles \u00e0 la marocaine\" data-caption=\"\">\n\t\t\t\t\t\tGallery\t\t\t\t\t<\/a>\n\t\t\t\t\t\t\t\t\t\t\t\t\t\t\n\t\t\t\t\n\t\t\t\t\t\t\t\t\t\t\t\t<h4 class=\"fusion-rollover-title\">\n\t\t\t\t\t<a class=\"fusion-rollover-title-link\" href=\"https:\/\/inariz.com\/it\/recipe\/lenticchie-marocchine\/\">\n\t\t\t\t\t\tLenticchie marocchine\t\t\t\t\t<\/a>\n\t\t\t\t<\/h4>\n\t\t\t\n\t\t\t\t\t\t\t\t\t\t\t\t\t\t\t\t\t\t\t\n\t\t\n\t\t\t\t<a class=\"fusion-link-wrapper\" href=\"https:\/\/inariz.com\/it\/recipe\/lenticchie-marocchine\/\" aria-label=\"Lenticchie marocchine\"><\/a>\n\t<\/div>\n<\/div>\n\n\t\n<\/div>\n<div class=\"fusion-portfolio-content\"><h2 class=\"entry-title fusion-post-title\"><a href=\"https:\/\/inariz.com\/it\/recipe\/lenticchie-marocchine\/\">Lenticchie marocchine<\/a><\/h2><div class=\"fusion-post-content\"><\/div><\/div><\/div><\/article><article id=\"portfolio-1-post-\" class=\"fusion-portfolio-post cereali halal-it kosher-it vegano-vegetariano fusion-col-spacing\"><div class=\"fusion-portfolio-content-wrapper\" style=\"border:none;\"><span class=\"vcard rich-snippet-hidden\"><span class=\"fn\"><a href=\"https:\/\/inariz.com\/it\/author\/laura\/\" title=\"Articoli scritti da laura\" rel=\"author\">laura<\/a><\/span><\/span><span class=\"updated rich-snippet-hidden\">2024-09-23T11:58:03+02:00<\/span>\n\n<div  class=\"fusion-image-wrapper fusion-image-size-fixed\" aria-haspopup=\"true\">\n\t\n\t\n\t\t\n\t\t\t\t\t<img loading=\"lazy\" decoding=\"async\" width=\"300\" height=\"214\" src=\"https:\/\/inariz.com\/wp-content\/uploads\/2024\/04\/Powerbowl-300x214.jpg\" class=\"attachment-portfolio-three size-portfolio-three wp-post-image\" alt=\"\" \/>\n\t\n\n\t\t<div class=\"fusion-rollover\">\n\t<div class=\"fusion-rollover-content\">\n\n\t\t\t\t\t\t\t\t\t\t\t\t\t\t<a class=\"fusion-rollover-link\" href=\"https:\/\/inariz.com\/it\/recipe\/power-bowl\/\">Power bowl<\/a>\n\t\t\t\n\t\t\t\t\t\t\t\t\t\t\t\t\t\t\n\t\t\t\t\t\t\t\t\n\t\t\t\t\t\t\t\t\t\t\t\t\t<div class=\"fusion-rollover-sep\"><\/div>\n\t\t\t\t\n\t\t\t\t\t\t\t\t\t\t\t\t\t\t\t\t\t\t<a class=\"fusion-rollover-gallery\" href=\"https:\/\/inariz.com\/wp-content\/uploads\/2024\/04\/Powerbowl.jpg\" data-id=\"6105\" data-rel=\"iLightbox[gallery-rw-1]\" data-title=\"Powerbowl\" data-caption=\"\">\n\t\t\t\t\t\tGallery\t\t\t\t\t<\/a>\n\t\t\t\t\t\t\t\t\t\t\t\t\t\t\n\t\t\t\t\n\t\t\t\t\t\t\t\t\t\t\t\t<h4 class=\"fusion-rollover-title\">\n\t\t\t\t\t<a class=\"fusion-rollover-title-link\" href=\"https:\/\/inariz.com\/it\/recipe\/power-bowl\/\">\n\t\t\t\t\t\tPower bowl\t\t\t\t\t<\/a>\n\t\t\t\t<\/h4>\n\t\t\t\n\t\t\t\t\t\t\t\t\t\t\t\t\t\t\t\t\t\t\t\n\t\t\n\t\t\t\t<a class=\"fusion-link-wrapper\" href=\"https:\/\/inariz.com\/it\/recipe\/power-bowl\/\" aria-label=\"Power bowl\"><\/a>\n\t<\/div>\n<\/div>\n\n\t\n<\/div>\n<div class=\"fusion-portfolio-content\"><h2 class=\"entry-title fusion-post-title\"><a href=\"https:\/\/inariz.com\/it\/recipe\/power-bowl\/\">Power bowl<\/a><\/h2><div class=\"fusion-post-content\"><\/div><\/div><\/div><\/article><article id=\"portfolio-1-post-\" class=\"fusion-portfolio-post halal-it kosher-it vegano-vegetariano fusion-col-spacing\"><div class=\"fusion-portfolio-content-wrapper\" style=\"border:none;\"><span class=\"vcard rich-snippet-hidden\"><span class=\"fn\"><a href=\"https:\/\/inariz.com\/it\/author\/laura\/\" title=\"Articoli scritti da laura\" rel=\"author\">laura<\/a><\/span><\/span><span class=\"updated rich-snippet-hidden\">2024-09-23T10:03:25+02:00<\/span>\n\n<div  class=\"fusion-image-wrapper fusion-image-size-fixed\" aria-haspopup=\"true\">\n\t\n\t\n\t\t\n\t\t\t\t\t<img loading=\"lazy\" decoding=\"async\" width=\"300\" height=\"214\" src=\"https:\/\/inariz.com\/wp-content\/uploads\/2024\/04\/Bessara-300x214.jpg\" class=\"attachment-portfolio-three size-portfolio-three wp-post-image\" alt=\"\" \/>\n\t\n\n\t\t<div class=\"fusion-rollover\">\n\t<div class=\"fusion-rollover-content\">\n\n\t\t\t\t\t\t\t\t\t\t\t\t\t\t<a class=\"fusion-rollover-link\" href=\"https:\/\/inariz.com\/it\/recipe\/bessara\/\">Bessara<\/a>\n\t\t\t\n\t\t\t\t\t\t\t\t\t\t\t\t\t\t\n\t\t\t\t\t\t\t\t\n\t\t\t\t\t\t\t\t\t\t\t\t\t<div class=\"fusion-rollover-sep\"><\/div>\n\t\t\t\t\n\t\t\t\t\t\t\t\t\t\t\t\t\t\t\t\t\t\t<a class=\"fusion-rollover-gallery\" href=\"https:\/\/inariz.com\/wp-content\/uploads\/2024\/04\/Bessara.jpg\" data-id=\"6102\" data-rel=\"iLightbox[gallery-rw-1]\" data-title=\"Bessara\" data-caption=\"\">\n\t\t\t\t\t\tGallery\t\t\t\t\t<\/a>\n\t\t\t\t\t\t\t\t\t\t\t\t\t\t\n\t\t\t\t\n\t\t\t\t\t\t\t\t\t\t\t\t<h4 class=\"fusion-rollover-title\">\n\t\t\t\t\t<a class=\"fusion-rollover-title-link\" href=\"https:\/\/inariz.com\/it\/recipe\/bessara\/\">\n\t\t\t\t\t\tBessara\t\t\t\t\t<\/a>\n\t\t\t\t<\/h4>\n\t\t\t\n\t\t\t\t\t\t\t\t\t\t\t\t\t\t\t\t\t\t\t\n\t\t\n\t\t\t\t<a class=\"fusion-link-wrapper\" href=\"https:\/\/inariz.com\/it\/recipe\/bessara\/\" aria-label=\"Bessara\"><\/a>\n\t<\/div>\n<\/div>\n\n\t\n<\/div>\n<div class=\"fusion-portfolio-content\"><h2 class=\"entry-title fusion-post-title\"><a href=\"https:\/\/inariz.com\/it\/recipe\/bessara\/\">Bessara<\/a><\/h2><div class=\"fusion-post-content\"><\/div><\/div><\/div><\/article><article id=\"portfolio-1-post-\" class=\"fusion-portfolio-post cereali halal-it kosher-it vegano-vegetariano fusion-col-spacing\"><div class=\"fusion-portfolio-content-wrapper\" style=\"border:none;\"><span class=\"vcard rich-snippet-hidden\"><span class=\"fn\"><a href=\"https:\/\/inariz.com\/it\/author\/laura\/\" title=\"Articoli scritti da laura\" rel=\"author\">laura<\/a><\/span><\/span><span class=\"updated rich-snippet-hidden\">2024-09-23T09:59:45+02:00<\/span>\n\n<div  class=\"fusion-image-wrapper fusion-image-size-fixed\" aria-haspopup=\"true\">\n\t\n\t\n\t\t\n\t\t\t\t\t<img loading=\"lazy\" decoding=\"async\" width=\"300\" height=\"214\" src=\"https:\/\/inariz.com\/wp-content\/uploads\/2024\/09\/Boulgour-Quinoa-blanc-et-rouge-300x214.jpg\" class=\"attachment-portfolio-three size-portfolio-three wp-post-image\" alt=\"\" \/>\n\t\n\n\t\t<div class=\"fusion-rollover\">\n\t<div class=\"fusion-rollover-content\">\n\n\t\t\t\t\t\t\t\t\t\t\t\t\t\t<a class=\"fusion-rollover-link\" href=\"https:\/\/inariz.com\/it\/recipe\/bulgur-e-quinoa-bianca-e-rossa\/\">Bulgur e quinoa bianca e rossa<\/a>\n\t\t\t\n\t\t\t\t\t\t\t\t\t\t\t\t\t\t\n\t\t\t\t\t\t\t\t\n\t\t\t\t\t\t\t\t\t\t\t\t\t<div class=\"fusion-rollover-sep\"><\/div>\n\t\t\t\t\n\t\t\t\t\t\t\t\t\t\t\t\t\t\t\t\t\t\t<a class=\"fusion-rollover-gallery\" href=\"https:\/\/inariz.com\/wp-content\/uploads\/2024\/09\/Boulgour-Quinoa-blanc-et-rouge.jpg\" data-id=\"6097\" data-rel=\"iLightbox[gallery-rw-1]\" data-title=\"Boulgour Quinoa blanc et rouge\" data-caption=\"\">\n\t\t\t\t\t\tGallery\t\t\t\t\t<\/a>\n\t\t\t\t\t\t\t\t\t\t\t\t\t\t\n\t\t\t\t\n\t\t\t\t\t\t\t\t\t\t\t\t<h4 class=\"fusion-rollover-title\">\n\t\t\t\t\t<a class=\"fusion-rollover-title-link\" href=\"https:\/\/inariz.com\/it\/recipe\/bulgur-e-quinoa-bianca-e-rossa\/\">\n\t\t\t\t\t\tBulgur e quinoa bianca e rossa\t\t\t\t\t<\/a>\n\t\t\t\t<\/h4>\n\t\t\t\n\t\t\t\t\t\t\t\t\t\t\t\t\t\t\t\t\t\t\t\n\t\t\n\t\t\t\t<a class=\"fusion-link-wrapper\" href=\"https:\/\/inariz.com\/it\/recipe\/bulgur-e-quinoa-bianca-e-rossa\/\" aria-label=\"Bulgur e quinoa bianca e rossa\"><\/a>\n\t<\/div>\n<\/div>\n\n\t\n<\/div>\n<div class=\"fusion-portfolio-content\"><h2 class=\"entry-title fusion-post-title\"><a href=\"https:\/\/inariz.com\/it\/recipe\/bulgur-e-quinoa-bianca-e-rossa\/\">Bulgur e quinoa bianca e rossa<\/a><\/h2><div class=\"fusion-post-content\"><\/div><\/div><\/div><\/article><article id=\"portfolio-1-post-\" class=\"fusion-portfolio-post cereali halal-it kosher-it vegano-vegetariano fusion-col-spacing\"><div class=\"fusion-portfolio-content-wrapper\" style=\"border:none;\"><span class=\"vcard rich-snippet-hidden\"><span class=\"fn\"><a href=\"https:\/\/inariz.com\/it\/author\/laura\/\" title=\"Articoli scritti da laura\" rel=\"author\">laura<\/a><\/span><\/span><span class=\"updated rich-snippet-hidden\">2024-09-23T09:55:42+02:00<\/span>\n\n<div  class=\"fusion-image-wrapper fusion-image-size-fixed\" aria-haspopup=\"true\">\n\t\n\t\n\t\t\n\t\t\t\t\t<img loading=\"lazy\" decoding=\"async\" width=\"300\" height=\"214\" src=\"https:\/\/inariz.com\/wp-content\/uploads\/2019\/05\/Riz-complet-et-quinoa-rouge-300x214.jpg\" class=\"attachment-portfolio-three size-portfolio-three wp-post-image\" alt=\"\" \/>\n\t\n\n\t\t<div class=\"fusion-rollover\">\n\t<div class=\"fusion-rollover-content\">\n\n\t\t\t\t\t\t\t\t\t\t\t\t\t\t<a class=\"fusion-rollover-link\" href=\"https:\/\/inariz.com\/it\/recipe\/quinoa-integrale\/\">Quinoa integrale<\/a>\n\t\t\t\n\t\t\t\t\t\t\t\t\t\t\t\t\t\t\n\t\t\t\t\t\t\t\t\n\t\t\t\t\t\t\t\t\t\t\t\t\t<div class=\"fusion-rollover-sep\"><\/div>\n\t\t\t\t\n\t\t\t\t\t\t\t\t\t\t\t\t\t\t\t\t\t\t<a class=\"fusion-rollover-gallery\" href=\"https:\/\/inariz.com\/wp-content\/uploads\/2019\/05\/Riz-complet-et-quinoa-rouge.jpg\" data-id=\"6092\" data-rel=\"iLightbox[gallery-rw-1]\" data-title=\"Riso completo e quinoa rossa\" data-caption=\"\">\n\t\t\t\t\t\tGallery\t\t\t\t\t<\/a>\n\t\t\t\t\t\t\t\t\t\t\t\t\t\t\n\t\t\t\t\n\t\t\t\t\t\t\t\t\t\t\t\t<h4 class=\"fusion-rollover-title\">\n\t\t\t\t\t<a class=\"fusion-rollover-title-link\" href=\"https:\/\/inariz.com\/it\/recipe\/quinoa-integrale\/\">\n\t\t\t\t\t\tQuinoa integrale\t\t\t\t\t<\/a>\n\t\t\t\t<\/h4>\n\t\t\t\n\t\t\t\t\t\t\t\t\t\t\t\t\t\t\t\t\t\t\t\n\t\t\n\t\t\t\t<a class=\"fusion-link-wrapper\" href=\"https:\/\/inariz.com\/it\/recipe\/quinoa-integrale\/\" aria-label=\"Quinoa integrale\"><\/a>\n\t<\/div>\n<\/div>\n\n\t\n<\/div>\n<div class=\"fusion-portfolio-content\"><h2 class=\"entry-title fusion-post-title\"><a href=\"https:\/\/inariz.com\/it\/recipe\/quinoa-integrale\/\">Quinoa integrale<\/a><\/h2><div class=\"fusion-post-content\"><\/div><\/div><\/div><\/article><article id=\"portfolio-1-post-\" class=\"fusion-portfolio-post halal-it piatti-pronti fusion-col-spacing\"><div class=\"fusion-portfolio-content-wrapper\" style=\"border:none;\"><span class=\"vcard rich-snippet-hidden\"><span class=\"fn\"><a href=\"https:\/\/inariz.com\/it\/author\/laura\/\" title=\"Articoli scritti da laura\" rel=\"author\">laura<\/a><\/span><\/span><span class=\"updated rich-snippet-hidden\">2024-09-23T09:53:03+02:00<\/span>\n\n<div  class=\"fusion-image-wrapper fusion-image-size-fixed\" aria-haspopup=\"true\">\n\t\n\t\n\t\t\n\t\t\t\t\t<img loading=\"lazy\" decoding=\"async\" width=\"300\" height=\"214\" src=\"https:\/\/inariz.com\/wp-content\/uploads\/2024\/09\/quinoa-boulgour-poulet-tomate-300x214.jpg\" class=\"attachment-portfolio-three size-portfolio-three wp-post-image\" alt=\"\" \/>\n\t\n\n\t\t<div class=\"fusion-rollover\">\n\t<div class=\"fusion-rollover-content\">\n\n\t\t\t\t\t\t\t\t\t\t\t\t\t\t<a class=\"fusion-rollover-link\" href=\"https:\/\/inariz.com\/it\/recipe\/bulgur-e-quinoa-pollo-pomodori-olive\/\">Bulgur e quinoa, pollo pomodori olive<\/a>\n\t\t\t\n\t\t\t\t\t\t\t\t\t\t\t\t\t\t\n\t\t\t\t\t\t\t\t\n\t\t\t\t\t\t\t\t\t\t\t\t\t<div class=\"fusion-rollover-sep\"><\/div>\n\t\t\t\t\n\t\t\t\t\t\t\t\t\t\t\t\t\t\t\t\t\t\t<a class=\"fusion-rollover-gallery\" href=\"https:\/\/inariz.com\/wp-content\/uploads\/2024\/09\/quinoa-boulgour-poulet-tomate.jpg\" data-id=\"6089\" data-rel=\"iLightbox[gallery-rw-1]\" data-title=\"quinoa boulgour poulet tomate\" data-caption=\"\">\n\t\t\t\t\t\tGallery\t\t\t\t\t<\/a>\n\t\t\t\t\t\t\t\t\t\t\t\t\t\t\n\t\t\t\t\n\t\t\t\t\t\t\t\t\t\t\t\t<h4 class=\"fusion-rollover-title\">\n\t\t\t\t\t<a class=\"fusion-rollover-title-link\" href=\"https:\/\/inariz.com\/it\/recipe\/bulgur-e-quinoa-pollo-pomodori-olive\/\">\n\t\t\t\t\t\tBulgur e quinoa, pollo pomodori olive\t\t\t\t\t<\/a>\n\t\t\t\t<\/h4>\n\t\t\t\n\t\t\t\t\t\t\t\t\t\t\t\t\t\t\t\t\t\t\t\n\t\t\n\t\t\t\t<a class=\"fusion-link-wrapper\" href=\"https:\/\/inariz.com\/it\/recipe\/bulgur-e-quinoa-pollo-pomodori-olive\/\" aria-label=\"Bulgur e quinoa, pollo pomodori olive\"><\/a>\n\t<\/div>\n<\/div>\n\n\t\n<\/div>\n<div class=\"fusion-portfolio-content\"><h2 class=\"entry-title fusion-post-title\"><a href=\"https:\/\/inariz.com\/it\/recipe\/bulgur-e-quinoa-pollo-pomodori-olive\/\">Bulgur e quinoa, pollo pomodori olive<\/a><\/h2><div class=\"fusion-post-content\"><\/div><\/div><\/div><\/article><article id=\"portfolio-1-post-\" class=\"fusion-portfolio-post cereali halal-it kosher-it vegano-vegetariano fusion-col-spacing\"><div class=\"fusion-portfolio-content-wrapper\" style=\"border:none;\"><span class=\"vcard rich-snippet-hidden\"><span class=\"fn\"><a href=\"https:\/\/inariz.com\/it\/author\/laura\/\" title=\"Articoli scritti da laura\" rel=\"author\">laura<\/a><\/span><\/span><span class=\"updated rich-snippet-hidden\">2024-09-19T14:48:05+02:00<\/span>\n\n<div  class=\"fusion-image-wrapper fusion-image-size-fixed\" aria-haspopup=\"true\">\n\t\n\t\n\t\t\n\t\t\t\t\t<img loading=\"lazy\" decoding=\"async\" width=\"300\" height=\"214\" src=\"https:\/\/inariz.com\/wp-content\/uploads\/2024\/04\/boulgour-paprika-300x214.jpg\" class=\"attachment-portfolio-three size-portfolio-three wp-post-image\" alt=\"\" \/>\n\t\n\n\t\t<div class=\"fusion-rollover\">\n\t<div class=\"fusion-rollover-content\">\n\n\t\t\t\t\t\t\t\t\t\t\t\t\t\t<a class=\"fusion-rollover-link\" href=\"https:\/\/inariz.com\/it\/recipe\/bulgur-alla-paprika\/\">Bulgur alla paprika<\/a>\n\t\t\t\n\t\t\t\t\t\t\t\t\t\t\t\t\t\t\n\t\t\t\t\t\t\t\t\n\t\t\t\t\t\t\t\t\t\t\t\t\t<div class=\"fusion-rollover-sep\"><\/div>\n\t\t\t\t\n\t\t\t\t\t\t\t\t\t\t\t\t\t\t\t\t\t\t<a class=\"fusion-rollover-gallery\" href=\"https:\/\/inariz.com\/wp-content\/uploads\/2024\/04\/boulgour-paprika.jpg\" data-id=\"6086\" data-rel=\"iLightbox[gallery-rw-1]\" data-title=\"boulgour paprika\" data-caption=\"\">\n\t\t\t\t\t\tGallery\t\t\t\t\t<\/a>\n\t\t\t\t\t\t\t\t\t\t\t\t\t\t\n\t\t\t\t\n\t\t\t\t\t\t\t\t\t\t\t\t<h4 class=\"fusion-rollover-title\">\n\t\t\t\t\t<a class=\"fusion-rollover-title-link\" href=\"https:\/\/inariz.com\/it\/recipe\/bulgur-alla-paprika\/\">\n\t\t\t\t\t\tBulgur alla paprika\t\t\t\t\t<\/a>\n\t\t\t\t<\/h4>\n\t\t\t\n\t\t\t\t\t\t\t\t\t\t\t\t\t\t\t\t\t\t\t\n\t\t\n\t\t\t\t<a class=\"fusion-link-wrapper\" href=\"https:\/\/inariz.com\/it\/recipe\/bulgur-alla-paprika\/\" aria-label=\"Bulgur alla paprika\"><\/a>\n\t<\/div>\n<\/div>\n\n\t\n<\/div>\n<div class=\"fusion-portfolio-content\"><h2 class=\"entry-title fusion-post-title\"><a href=\"https:\/\/inariz.com\/it\/recipe\/bulgur-alla-paprika\/\">Bulgur alla paprika<\/a><\/h2><div class=\"fusion-post-content\"><\/div><\/div><\/div><\/article><article id=\"portfolio-1-post-\" class=\"fusion-portfolio-post cereali halal-it kosher-it vegano-vegetariano fusion-col-spacing\"><div class=\"fusion-portfolio-content-wrapper\" style=\"border:none;\"><span class=\"vcard rich-snippet-hidden\"><span class=\"fn\"><a href=\"https:\/\/inariz.com\/it\/author\/laura\/\" title=\"Articoli scritti da laura\" rel=\"author\">laura<\/a><\/span><\/span><span class=\"updated rich-snippet-hidden\">2024-09-19T14:37:55+02:00<\/span>\n\n<div  class=\"fusion-image-wrapper fusion-image-size-fixed\" aria-haspopup=\"true\">\n\t\n\t\n\t\t\n\t\t\t\t\t<img loading=\"lazy\" decoding=\"async\" width=\"300\" height=\"214\" src=\"https:\/\/inariz.com\/wp-content\/uploads\/2024\/05\/boulgour-a-la-mediterraneenne-300x214.jpg\" class=\"attachment-portfolio-three size-portfolio-three wp-post-image\" alt=\"\" \/>\n\t\n\n\t\t<div class=\"fusion-rollover\">\n\t<div class=\"fusion-rollover-content\">\n\n\t\t\t\t\t\t\t\t\t\t\t\t\t\t<a class=\"fusion-rollover-link\" href=\"https:\/\/inariz.com\/it\/recipe\/tabbouleh-di-bulgur-e-quinoa-2\/\">Tabbouleh di bulgur e quinoa<\/a>\n\t\t\t\n\t\t\t\t\t\t\t\t\t\t\t\t\t\t\n\t\t\t\t\t\t\t\t\n\t\t\t\t\t\t\t\t\t\t\t\t\t<div class=\"fusion-rollover-sep\"><\/div>\n\t\t\t\t\n\t\t\t\t\t\t\t\t\t\t\t\t\t\t\t\t\t\t<a class=\"fusion-rollover-gallery\" href=\"https:\/\/inariz.com\/wp-content\/uploads\/2024\/05\/boulgour-a-la-mediterraneenne.jpg\" data-id=\"6080\" data-rel=\"iLightbox[gallery-rw-1]\" data-title=\"boulgour \u00e0 la m\u00e9diterran\u00e9enne\" data-caption=\"\">\n\t\t\t\t\t\tGallery\t\t\t\t\t<\/a>\n\t\t\t\t\t\t\t\t\t\t\t\t\t\t\n\t\t\t\t\n\t\t\t\t\t\t\t\t\t\t\t\t<h4 class=\"fusion-rollover-title\">\n\t\t\t\t\t<a class=\"fusion-rollover-title-link\" href=\"https:\/\/inariz.com\/it\/recipe\/tabbouleh-di-bulgur-e-quinoa-2\/\">\n\t\t\t\t\t\tTabbouleh di bulgur e quinoa\t\t\t\t\t<\/a>\n\t\t\t\t<\/h4>\n\t\t\t\n\t\t\t\t\t\t\t\t\t\t\t\t\t\t\t\t\t\t\t\n\t\t\n\t\t\t\t<a class=\"fusion-link-wrapper\" href=\"https:\/\/inariz.com\/it\/recipe\/tabbouleh-di-bulgur-e-quinoa-2\/\" aria-label=\"Tabbouleh di bulgur e quinoa\"><\/a>\n\t<\/div>\n<\/div>\n\n\t\n<\/div>\n<div class=\"fusion-portfolio-content\"><h2 class=\"entry-title fusion-post-title\"><a href=\"https:\/\/inariz.com\/it\/recipe\/tabbouleh-di-bulgur-e-quinoa-2\/\">Tabbouleh di bulgur e quinoa<\/a><\/h2><div class=\"fusion-post-content\"><\/div><\/div><\/div><\/article><article id=\"portfolio-1-post-\" class=\"fusion-portfolio-post cereali halal-it kosher-it vegano-vegetariano fusion-col-spacing\"><div class=\"fusion-portfolio-content-wrapper\" style=\"border:none;\"><span class=\"vcard rich-snippet-hidden\"><span class=\"fn\"><a href=\"https:\/\/inariz.com\/it\/author\/laura\/\" title=\"Articoli scritti da laura\" rel=\"author\">laura<\/a><\/span><\/span><span class=\"updated rich-snippet-hidden\">2024-09-19T14:29:38+02:00<\/span>\n\n<div  class=\"fusion-image-wrapper fusion-image-size-fixed\" aria-haspopup=\"true\">\n\t\n\t\n\t\t\n\t\t\t\t\t<img loading=\"lazy\" decoding=\"async\" width=\"300\" height=\"214\" src=\"https:\/\/inariz.com\/wp-content\/uploads\/2024\/04\/quinoa-taboule-300x214.jpg\" class=\"attachment-portfolio-three size-portfolio-three wp-post-image\" alt=\"\" \/>\n\t\n\n\t\t<div class=\"fusion-rollover\">\n\t<div class=\"fusion-rollover-content\">\n\n\t\t\t\t\t\t\t\t\t\t\t\t\t\t<a class=\"fusion-rollover-link\" href=\"https:\/\/inariz.com\/it\/recipe\/tabbouleh-di-bulgur-e-quinoa\/\">Tabbouleh di bulgur e quinoa<\/a>\n\t\t\t\n\t\t\t\t\t\t\t\t\t\t\t\t\t\t\n\t\t\t\t\t\t\t\t\n\t\t\t\t\t\t\t\t\t\t\t\t\t<div class=\"fusion-rollover-sep\"><\/div>\n\t\t\t\t\n\t\t\t\t\t\t\t\t\t\t\t\t\t\t\t\t\t\t<a class=\"fusion-rollover-gallery\" href=\"https:\/\/inariz.com\/wp-content\/uploads\/2024\/04\/quinoa-taboule.jpg\" data-id=\"6076\" data-rel=\"iLightbox[gallery-rw-1]\" data-title=\"quinoa taboul\u00e9\" data-caption=\"\">\n\t\t\t\t\t\tGallery\t\t\t\t\t<\/a>\n\t\t\t\t\t\t\t\t\t\t\t\t\t\t\n\t\t\t\t\n\t\t\t\t\t\t\t\t\t\t\t\t<h4 class=\"fusion-rollover-title\">\n\t\t\t\t\t<a class=\"fusion-rollover-title-link\" href=\"https:\/\/inariz.com\/it\/recipe\/tabbouleh-di-bulgur-e-quinoa\/\">\n\t\t\t\t\t\tTabbouleh di bulgur e quinoa\t\t\t\t\t<\/a>\n\t\t\t\t<\/h4>\n\t\t\t\n\t\t\t\t\t\t\t\t\t\t\t\t\t\t\t\t\t\t\t\n\t\t\n\t\t\t\t<a class=\"fusion-link-wrapper\" href=\"https:\/\/inariz.com\/it\/recipe\/tabbouleh-di-bulgur-e-quinoa\/\" aria-label=\"Tabbouleh di bulgur e quinoa\"><\/a>\n\t<\/div>\n<\/div>\n\n\t\n<\/div>\n<div class=\"fusion-portfolio-content\"><h2 class=\"entry-title fusion-post-title\"><a href=\"https:\/\/inariz.com\/it\/recipe\/tabbouleh-di-bulgur-e-quinoa\/\">Tabbouleh di bulgur e quinoa<\/a><\/h2><div class=\"fusion-post-content\"><\/div><\/div><\/div><\/article><article id=\"portfolio-1-post-\" class=\"fusion-portfolio-post cereali halal-it kosher-it vegano-vegetariano fusion-col-spacing\"><div class=\"fusion-portfolio-content-wrapper\" style=\"border:none;\"><span class=\"vcard rich-snippet-hidden\"><span class=\"fn\"><a href=\"https:\/\/inariz.com\/it\/author\/laura\/\" title=\"Articoli scritti da laura\" rel=\"author\">laura<\/a><\/span><\/span><span class=\"updated rich-snippet-hidden\">2024-09-19T14:22:25+02:00<\/span>\n\n<div  class=\"fusion-image-wrapper fusion-image-size-fixed\" aria-haspopup=\"true\">\n\t\n\t\n\t\t\n\t\t\t\t\t<img loading=\"lazy\" decoding=\"async\" width=\"300\" height=\"214\" src=\"https:\/\/inariz.com\/wp-content\/uploads\/2024\/09\/quinoa-a-lindienne-300x214.jpg\" class=\"attachment-portfolio-three size-portfolio-three wp-post-image\" alt=\"\" \/>\n\t\n\n\t\t<div class=\"fusion-rollover\">\n\t<div class=\"fusion-rollover-content\">\n\n\t\t\t\t\t\t\t\t\t\t\t\t\t\t<a class=\"fusion-rollover-link\" href=\"https:\/\/inariz.com\/it\/recipe\/quinoa-allindiana\/\">Quinoa all&#8217;indiana<\/a>\n\t\t\t\n\t\t\t\t\t\t\t\t\t\t\t\t\t\t\n\t\t\t\t\t\t\t\t\n\t\t\t\t\t\t\t\t\t\t\t\t\t<div class=\"fusion-rollover-sep\"><\/div>\n\t\t\t\t\n\t\t\t\t\t\t\t\t\t\t\t\t\t\t\t\t\t\t<a class=\"fusion-rollover-gallery\" href=\"https:\/\/inariz.com\/wp-content\/uploads\/2024\/09\/quinoa-a-lindienne.jpg\" data-id=\"6072\" data-rel=\"iLightbox[gallery-rw-1]\" data-title=\"quinoa \u00e0 l&#039;indienne\" data-caption=\"\">\n\t\t\t\t\t\tGallery\t\t\t\t\t<\/a>\n\t\t\t\t\t\t\t\t\t\t\t\t\t\t\n\t\t\t\t\n\t\t\t\t\t\t\t\t\t\t\t\t<h4 class=\"fusion-rollover-title\">\n\t\t\t\t\t<a class=\"fusion-rollover-title-link\" href=\"https:\/\/inariz.com\/it\/recipe\/quinoa-allindiana\/\">\n\t\t\t\t\t\tQuinoa all&#8217;indiana\t\t\t\t\t<\/a>\n\t\t\t\t<\/h4>\n\t\t\t\n\t\t\t\t\t\t\t\t\t\t\t\t\t\t\t\t\t\t\t\n\t\t\n\t\t\t\t<a class=\"fusion-link-wrapper\" href=\"https:\/\/inariz.com\/it\/recipe\/quinoa-allindiana\/\" aria-label=\"Quinoa all&#8217;indiana\"><\/a>\n\t<\/div>\n<\/div>\n\n\t\n<\/div>\n<div class=\"fusion-portfolio-content\"><h2 class=\"entry-title fusion-post-title\"><a href=\"https:\/\/inariz.com\/it\/recipe\/quinoa-allindiana\/\">Quinoa all&#8217;indiana<\/a><\/h2><div class=\"fusion-post-content\"><\/div><\/div><\/div><\/article><article id=\"portfolio-1-post-\" class=\"fusion-portfolio-post cereali halal-it piatti-pronti fusion-col-spacing\"><div class=\"fusion-portfolio-content-wrapper\" style=\"border:none;\"><span class=\"vcard rich-snippet-hidden\"><span class=\"fn\"><a href=\"https:\/\/inariz.com\/it\/author\/laura\/\" title=\"Articoli scritti da laura\" rel=\"author\">laura<\/a><\/span><\/span><span class=\"updated rich-snippet-hidden\">2024-09-19T14:18:11+02:00<\/span>\n\n<div  class=\"fusion-image-wrapper fusion-image-size-fixed\" aria-haspopup=\"true\">\n\t\n\t\n\t\t\n\t\t\t\t\t<img loading=\"lazy\" decoding=\"async\" width=\"300\" height=\"214\" src=\"https:\/\/inariz.com\/wp-content\/uploads\/2024\/05\/quinoa-tomates-olives-300x214.jpg\" class=\"attachment-portfolio-three size-portfolio-three wp-post-image\" alt=\"\" \/>\n\t\n\n\t\t<div class=\"fusion-rollover\">\n\t<div class=\"fusion-rollover-content\">\n\n\t\t\t\t\t\t\t\t\t\t\t\t\t\t<a class=\"fusion-rollover-link\" href=\"https:\/\/inariz.com\/it\/recipe\/quinoa-in-olio-doliva-2\/\">Quinoa in olio d&#8217;oliva<\/a>\n\t\t\t\n\t\t\t\t\t\t\t\t\t\t\t\t\t\t\n\t\t\t\t\t\t\t\t\n\t\t\t\t\t\t\t\t\t\t\t\t\t<div class=\"fusion-rollover-sep\"><\/div>\n\t\t\t\t\n\t\t\t\t\t\t\t\t\t\t\t\t\t\t\t\t\t\t<a class=\"fusion-rollover-gallery\" href=\"https:\/\/inariz.com\/wp-content\/uploads\/2024\/05\/quinoa-tomates-olives.jpg\" data-id=\"6068\" data-rel=\"iLightbox[gallery-rw-1]\" data-title=\"quinoa tomates olives\" data-caption=\"\">\n\t\t\t\t\t\tGallery\t\t\t\t\t<\/a>\n\t\t\t\t\t\t\t\t\t\t\t\t\t\t\n\t\t\t\t\n\t\t\t\t\t\t\t\t\t\t\t\t<h4 class=\"fusion-rollover-title\">\n\t\t\t\t\t<a class=\"fusion-rollover-title-link\" href=\"https:\/\/inariz.com\/it\/recipe\/quinoa-in-olio-doliva-2\/\">\n\t\t\t\t\t\tQuinoa in olio d&#8217;oliva\t\t\t\t\t<\/a>\n\t\t\t\t<\/h4>\n\t\t\t\n\t\t\t\t\t\t\t\t\t\t\t\t\t\t\t\t\t\t\t\n\t\t\n\t\t\t\t<a class=\"fusion-link-wrapper\" href=\"https:\/\/inariz.com\/it\/recipe\/quinoa-in-olio-doliva-2\/\" aria-label=\"Quinoa in olio d&#8217;oliva\"><\/a>\n\t<\/div>\n<\/div>\n\n\t\n<\/div>\n<div class=\"fusion-portfolio-content\"><h2 class=\"entry-title fusion-post-title\"><a href=\"https:\/\/inariz.com\/it\/recipe\/quinoa-in-olio-doliva-2\/\">Quinoa in olio d&#8217;oliva<\/a><\/h2><div class=\"fusion-post-content\"><\/div><\/div><\/div><\/article><article id=\"portfolio-1-post-\" class=\"fusion-portfolio-post fusion-col-spacing\"><div class=\"fusion-portfolio-content-wrapper\" style=\"border:none;\"><span class=\"vcard rich-snippet-hidden\"><span class=\"fn\"><a href=\"https:\/\/inariz.com\/it\/author\/laura\/\" title=\"Articoli scritti da laura\" rel=\"author\">laura<\/a><\/span><\/span><span class=\"updated rich-snippet-hidden\">2024-09-19T14:13:28+02:00<\/span>\n\n<div  class=\"fusion-image-wrapper fusion-image-size-fixed\" aria-haspopup=\"true\">\n\t\n\t\n\t\t\n\t\t\t\t\t<img loading=\"lazy\" decoding=\"async\" width=\"300\" height=\"214\" src=\"https:\/\/inariz.com\/wp-content\/uploads\/2024\/04\/quinoa-huile-dolive-300x214.jpg\" class=\"attachment-portfolio-three size-portfolio-three wp-post-image\" alt=\"\" \/>\n\t\n\n\t\t<div class=\"fusion-rollover\">\n\t<div class=\"fusion-rollover-content\">\n\n\t\t\t\t\t\t\t\t\t\t\t\t\t\t<a class=\"fusion-rollover-link\" href=\"https:\/\/inariz.com\/it\/recipe\/quinoa-in-olio-doliva\/\">Quinoa in olio d&#8217;oliva<\/a>\n\t\t\t\n\t\t\t\t\t\t\t\t\t\t\t\t\t\t\n\t\t\t\t\t\t\t\t\n\t\t\t\t\t\t\t\t\t\t\t\t\t<div class=\"fusion-rollover-sep\"><\/div>\n\t\t\t\t\n\t\t\t\t\t\t\t\t\t\t\t\t\t\t\t\t\t\t<a class=\"fusion-rollover-gallery\" href=\"https:\/\/inariz.com\/wp-content\/uploads\/2024\/04\/quinoa-huile-dolive.jpg\" data-id=\"6064\" data-rel=\"iLightbox[gallery-rw-1]\" data-title=\"quinoa huile d&#039;olive\" data-caption=\"\">\n\t\t\t\t\t\tGallery\t\t\t\t\t<\/a>\n\t\t\t\t\t\t\t\t\t\t\t\t\t\t\n\t\t\t\t\n\t\t\t\t\t\t\t\t\t\t\t\t<h4 class=\"fusion-rollover-title\">\n\t\t\t\t\t<a class=\"fusion-rollover-title-link\" href=\"https:\/\/inariz.com\/it\/recipe\/quinoa-in-olio-doliva\/\">\n\t\t\t\t\t\tQuinoa in olio d&#8217;oliva\t\t\t\t\t<\/a>\n\t\t\t\t<\/h4>\n\t\t\t\n\t\t\t\t\t\t\t\t\t\t\t\t\t\t\t\t\t\t\t\n\t\t\n\t\t\t\t<a class=\"fusion-link-wrapper\" href=\"https:\/\/inariz.com\/it\/recipe\/quinoa-in-olio-doliva\/\" aria-label=\"Quinoa in olio d&#8217;oliva\"><\/a>\n\t<\/div>\n<\/div>\n\n\t\n<\/div>\n<div class=\"fusion-portfolio-content\"><h2 class=\"entry-title fusion-post-title\"><a href=\"https:\/\/inariz.com\/it\/recipe\/quinoa-in-olio-doliva\/\">Quinoa in olio d&#8217;oliva<\/a><\/h2><div class=\"fusion-post-content\"><\/div><\/div><\/div><\/article><article id=\"portfolio-1-post-\" class=\"fusion-portfolio-post halal-it kosher-it vegano-vegetariano fusion-col-spacing\"><div class=\"fusion-portfolio-content-wrapper\" style=\"border:none;\"><span class=\"vcard rich-snippet-hidden\"><span class=\"fn\"><a href=\"https:\/\/inariz.com\/it\/author\/laura\/\" title=\"Articoli scritti da laura\" rel=\"author\">laura<\/a><\/span><\/span><span class=\"updated rich-snippet-hidden\">2024-09-19T14:10:27+02:00<\/span>\n\n<div  class=\"fusion-image-wrapper fusion-image-size-fixed\" aria-haspopup=\"true\">\n\t\n\t\n\t\t\n\t\t\t\t\t<img loading=\"lazy\" decoding=\"async\" width=\"300\" height=\"214\" src=\"https:\/\/inariz.com\/wp-content\/uploads\/2024\/04\/quinoa-mediterraneenne-300x214.jpg\" class=\"attachment-portfolio-three size-portfolio-three wp-post-image\" alt=\"\" \/>\n\t\n\n\t\t<div class=\"fusion-rollover\">\n\t<div class=\"fusion-rollover-content\">\n\n\t\t\t\t\t\t\t\t\t\t\t\t\t\t<a class=\"fusion-rollover-link\" href=\"https:\/\/inariz.com\/it\/recipe\/quinoa-auf-mediterrane-art\/\">Quinoa auf mediterrane Art<\/a>\n\t\t\t\n\t\t\t\t\t\t\t\t\t\t\t\t\t\t\n\t\t\t\t\t\t\t\t\n\t\t\t\t\t\t\t\t\t\t\t\t\t<div class=\"fusion-rollover-sep\"><\/div>\n\t\t\t\t\n\t\t\t\t\t\t\t\t\t\t\t\t\t\t\t\t\t\t<a class=\"fusion-rollover-gallery\" href=\"https:\/\/inariz.com\/wp-content\/uploads\/2024\/04\/quinoa-mediterraneenne.jpg\" data-id=\"6060\" data-rel=\"iLightbox[gallery-rw-1]\" data-title=\"quinoa m\u00e9diterran\u00e9enne\" data-caption=\"\">\n\t\t\t\t\t\tGallery\t\t\t\t\t<\/a>\n\t\t\t\t\t\t\t\t\t\t\t\t\t\t\n\t\t\t\t\n\t\t\t\t\t\t\t\t\t\t\t\t<h4 class=\"fusion-rollover-title\">\n\t\t\t\t\t<a class=\"fusion-rollover-title-link\" href=\"https:\/\/inariz.com\/it\/recipe\/quinoa-auf-mediterrane-art\/\">\n\t\t\t\t\t\tQuinoa auf mediterrane Art\t\t\t\t\t<\/a>\n\t\t\t\t<\/h4>\n\t\t\t\n\t\t\t\t\t\t\t\t\t\t\t\t\t\t\t\t\t\t\t\n\t\t\n\t\t\t\t<a class=\"fusion-link-wrapper\" href=\"https:\/\/inariz.com\/it\/recipe\/quinoa-auf-mediterrane-art\/\" aria-label=\"Quinoa auf mediterrane Art\"><\/a>\n\t<\/div>\n<\/div>\n\n\t\n<\/div>\n<div class=\"fusion-portfolio-content\"><h2 class=\"entry-title fusion-post-title\"><a href=\"https:\/\/inariz.com\/it\/recipe\/quinoa-auf-mediterrane-art\/\">Quinoa auf mediterrane Art<\/a><\/h2><div class=\"fusion-post-content\"><\/div><\/div><\/div><\/article><article id=\"portfolio-1-post-\" class=\"fusion-portfolio-post originale-it pasta-it piatti-pronti fusion-col-spacing\"><div class=\"fusion-portfolio-content-wrapper\" style=\"border:none;\"><span class=\"vcard rich-snippet-hidden\"><span class=\"fn\"><a href=\"https:\/\/inariz.com\/it\/author\/laura\/\" title=\"Articoli scritti da laura\" rel=\"author\">laura<\/a><\/span><\/span><span class=\"updated rich-snippet-hidden\">2024-09-16T10:46:32+02:00<\/span>\n\n<div  class=\"fusion-image-wrapper fusion-image-size-fixed\" aria-haspopup=\"true\">\n\t\n\t\n\t\t\n\t\t\t\t\t<img loading=\"lazy\" decoding=\"async\" width=\"300\" height=\"214\" src=\"https:\/\/inariz.com\/wp-content\/uploads\/2024\/05\/penne-thon-300x214.jpg\" class=\"attachment-portfolio-three size-portfolio-three wp-post-image\" alt=\"\" \/>\n\t\n\n\t\t<div class=\"fusion-rollover\">\n\t<div class=\"fusion-rollover-content\">\n\n\t\t\t\t\t\t\t\t\t\t\t\t\t\t<a class=\"fusion-rollover-link\" href=\"https:\/\/inariz.com\/it\/recipe\/penne-al-tonno-allitaliana\/\">Penne al tonno all&#8217;italiana<\/a>\n\t\t\t\n\t\t\t\t\t\t\t\t\t\t\t\t\t\t\n\t\t\t\t\t\t\t\t\n\t\t\t\t\t\t\t\t\t\t\t\t\t<div class=\"fusion-rollover-sep\"><\/div>\n\t\t\t\t\n\t\t\t\t\t\t\t\t\t\t\t\t\t\t\t\t\t\t<a class=\"fusion-rollover-gallery\" href=\"https:\/\/inariz.com\/wp-content\/uploads\/2024\/05\/penne-thon.jpg\" data-id=\"5891\" data-rel=\"iLightbox[gallery-rw-1]\" data-title=\"penne thon\" data-caption=\"\">\n\t\t\t\t\t\tGallery\t\t\t\t\t<\/a>\n\t\t\t\t\t\t\t\t\t\t\t\t\t\t\n\t\t\t\t\n\t\t\t\t\t\t\t\t\t\t\t\t<h4 class=\"fusion-rollover-title\">\n\t\t\t\t\t<a class=\"fusion-rollover-title-link\" href=\"https:\/\/inariz.com\/it\/recipe\/penne-al-tonno-allitaliana\/\">\n\t\t\t\t\t\tPenne al tonno all&#8217;italiana\t\t\t\t\t<\/a>\n\t\t\t\t<\/h4>\n\t\t\t\n\t\t\t\t\t\t\t\t\t\t\t\t\t\t\t\t\t\t\t\n\t\t\n\t\t\t\t<a class=\"fusion-link-wrapper\" href=\"https:\/\/inariz.com\/it\/recipe\/penne-al-tonno-allitaliana\/\" aria-label=\"Penne al tonno all&#8217;italiana\"><\/a>\n\t<\/div>\n<\/div>\n\n\t\n<\/div>\n<div class=\"fusion-portfolio-content\"><h2 class=\"entry-title fusion-post-title\"><a href=\"https:\/\/inariz.com\/it\/recipe\/penne-al-tonno-allitaliana\/\">Penne al tonno all&#8217;italiana<\/a><\/h2><div class=\"fusion-post-content\"><\/div><\/div><\/div><\/article><article id=\"portfolio-1-post-\" class=\"fusion-portfolio-post pasta-it piatti-pronti tradizionale fusion-col-spacing\"><div class=\"fusion-portfolio-content-wrapper\" style=\"border:none;\"><span class=\"vcard rich-snippet-hidden\"><span class=\"fn\"><a href=\"https:\/\/inariz.com\/it\/author\/laura\/\" title=\"Articoli scritti da laura\" rel=\"author\">laura<\/a><\/span><\/span><span class=\"updated rich-snippet-hidden\">2024-09-16T10:43:31+02:00<\/span>\n\n<div  class=\"fusion-image-wrapper fusion-image-size-fixed\" aria-haspopup=\"true\">\n\t\n\t\n\t\t\n\t\t\t\t\t<img loading=\"lazy\" decoding=\"async\" width=\"300\" height=\"214\" src=\"https:\/\/inariz.com\/wp-content\/uploads\/2024\/04\/riz-tomate-poulet-300x214.jpg\" class=\"attachment-portfolio-three size-portfolio-three wp-post-image\" alt=\"\" \/>\n\t\n\n\t\t<div class=\"fusion-rollover\">\n\t<div class=\"fusion-rollover-content\">\n\n\t\t\t\t\t\t\t\t\t\t\t\t\t\t<a class=\"fusion-rollover-link\" href=\"https:\/\/inariz.com\/it\/recipe\/riso-con-pollo-e-salsa-di-pomodoro\/\">Riso con pollo e salsa di pomodoro<\/a>\n\t\t\t\n\t\t\t\t\t\t\t\t\t\t\t\t\t\t\n\t\t\t\t\t\t\t\t\n\t\t\t\t\t\t\t\t\t\t\t\t\t<div class=\"fusion-rollover-sep\"><\/div>\n\t\t\t\t\n\t\t\t\t\t\t\t\t\t\t\t\t\t\t\t\t\t\t<a class=\"fusion-rollover-gallery\" href=\"https:\/\/inariz.com\/wp-content\/uploads\/2024\/04\/riz-tomate-poulet.jpg\" data-id=\"5886\" data-rel=\"iLightbox[gallery-rw-1]\" data-title=\"riz tomate poulet\" data-caption=\"\">\n\t\t\t\t\t\tGallery\t\t\t\t\t<\/a>\n\t\t\t\t\t\t\t\t\t\t\t\t\t\t\n\t\t\t\t\n\t\t\t\t\t\t\t\t\t\t\t\t<h4 class=\"fusion-rollover-title\">\n\t\t\t\t\t<a class=\"fusion-rollover-title-link\" href=\"https:\/\/inariz.com\/it\/recipe\/riso-con-pollo-e-salsa-di-pomodoro\/\">\n\t\t\t\t\t\tRiso con pollo e salsa di pomodoro\t\t\t\t\t<\/a>\n\t\t\t\t<\/h4>\n\t\t\t\n\t\t\t\t\t\t\t\t\t\t\t\t\t\t\t\t\t\t\t\n\t\t\n\t\t\t\t<a class=\"fusion-link-wrapper\" href=\"https:\/\/inariz.com\/it\/recipe\/riso-con-pollo-e-salsa-di-pomodoro\/\" aria-label=\"Riso con pollo e salsa di pomodoro\"><\/a>\n\t<\/div>\n<\/div>\n\n\t\n<\/div>\n<div class=\"fusion-portfolio-content\"><h2 class=\"entry-title fusion-post-title\"><a href=\"https:\/\/inariz.com\/it\/recipe\/riso-con-pollo-e-salsa-di-pomodoro\/\">Riso con pollo e salsa di pomodoro<\/a><\/h2><div class=\"fusion-post-content\"><\/div><\/div><\/div><\/article><article id=\"portfolio-1-post-\" class=\"fusion-portfolio-post halal-it kosher-it originale-it pasta-it piatti-pronti vegano-vegetariano fusion-col-spacing\"><div class=\"fusion-portfolio-content-wrapper\" style=\"border:none;\"><span class=\"vcard rich-snippet-hidden\"><span class=\"fn\"><a href=\"https:\/\/inariz.com\/it\/author\/laura\/\" title=\"Articoli scritti da laura\" rel=\"author\">laura<\/a><\/span><\/span><span class=\"updated rich-snippet-hidden\">2024-09-16T10:35:32+02:00<\/span>\n\n<div  class=\"fusion-image-wrapper fusion-image-size-fixed\" aria-haspopup=\"true\">\n\t\n\t\n\t\t\n\t\t\t\t\t<img loading=\"lazy\" decoding=\"async\" width=\"300\" height=\"214\" src=\"https:\/\/inariz.com\/wp-content\/uploads\/2024\/05\/pates-thai-veggie-300x214.jpg\" class=\"attachment-portfolio-three size-portfolio-three wp-post-image\" alt=\"\" \/>\n\t\n\n\t\t<div class=\"fusion-rollover\">\n\t<div class=\"fusion-rollover-content\">\n\n\t\t\t\t\t\t\t\t\t\t\t\t\t\t<a class=\"fusion-rollover-link\" href=\"https:\/\/inariz.com\/it\/recipe\/pasta-vegetariana-alla-thailandese\/\">Pasta vegetariana alla thailandese<\/a>\n\t\t\t\n\t\t\t\t\t\t\t\t\t\t\t\t\t\t\n\t\t\t\t\t\t\t\t\n\t\t\t\t\t\t\t\t\t\t\t\t\t<div class=\"fusion-rollover-sep\"><\/div>\n\t\t\t\t\n\t\t\t\t\t\t\t\t\t\t\t\t\t\t\t\t\t\t<a class=\"fusion-rollover-gallery\" href=\"https:\/\/inariz.com\/wp-content\/uploads\/2024\/05\/pates-thai-veggie.jpg\" data-id=\"5881\" data-rel=\"iLightbox[gallery-rw-1]\" data-title=\"p\u00e2tes tha\u00ef veggie\" data-caption=\"\">\n\t\t\t\t\t\tGallery\t\t\t\t\t<\/a>\n\t\t\t\t\t\t\t\t\t\t\t\t\t\t\n\t\t\t\t\n\t\t\t\t\t\t\t\t\t\t\t\t<h4 class=\"fusion-rollover-title\">\n\t\t\t\t\t<a class=\"fusion-rollover-title-link\" href=\"https:\/\/inariz.com\/it\/recipe\/pasta-vegetariana-alla-thailandese\/\">\n\t\t\t\t\t\tPasta vegetariana alla thailandese\t\t\t\t\t<\/a>\n\t\t\t\t<\/h4>\n\t\t\t\n\t\t\t\t\t\t\t\t\t\t\t\t\t\t\t\t\t\t\t\n\t\t\n\t\t\t\t<a class=\"fusion-link-wrapper\" href=\"https:\/\/inariz.com\/it\/recipe\/pasta-vegetariana-alla-thailandese\/\" aria-label=\"Pasta vegetariana alla thailandese\"><\/a>\n\t<\/div>\n<\/div>\n\n\t\n<\/div>\n<div class=\"fusion-portfolio-content\"><h2 class=\"entry-title fusion-post-title\"><a href=\"https:\/\/inariz.com\/it\/recipe\/pasta-vegetariana-alla-thailandese\/\">Pasta vegetariana alla thailandese<\/a><\/h2><div class=\"fusion-post-content\"><\/div><\/div><\/div><\/article><article id=\"portfolio-1-post-\" class=\"fusion-portfolio-post originale-it pasta-it piatti-pronti fusion-col-spacing\"><div class=\"fusion-portfolio-content-wrapper\" style=\"border:none;\"><span class=\"vcard rich-snippet-hidden\"><span class=\"fn\"><a href=\"https:\/\/inariz.com\/it\/author\/laura\/\" title=\"Articoli scritti da laura\" rel=\"author\">laura<\/a><\/span><\/span><span class=\"updated rich-snippet-hidden\">2024-09-16T10:32:49+02:00<\/span>\n\n<div  class=\"fusion-image-wrapper fusion-image-size-fixed\" aria-haspopup=\"true\">\n\t\n\t\n\t\t\n\t\t\t\t\t<img loading=\"lazy\" decoding=\"async\" width=\"300\" height=\"214\" src=\"https:\/\/inariz.com\/wp-content\/uploads\/2024\/05\/pates-thai-poulet-300x214.jpg\" class=\"attachment-portfolio-three size-portfolio-three wp-post-image\" alt=\"\" \/>\n\t\n\n\t\t<div class=\"fusion-rollover\">\n\t<div class=\"fusion-rollover-content\">\n\n\t\t\t\t\t\t\t\t\t\t\t\t\t\t<a class=\"fusion-rollover-link\" href=\"https:\/\/inariz.com\/it\/recipe\/pasta-thailandese-con-pollo\/\">Pasta thailandese con pollo<\/a>\n\t\t\t\n\t\t\t\t\t\t\t\t\t\t\t\t\t\t\n\t\t\t\t\t\t\t\t\n\t\t\t\t\t\t\t\t\t\t\t\t\t<div class=\"fusion-rollover-sep\"><\/div>\n\t\t\t\t\n\t\t\t\t\t\t\t\t\t\t\t\t\t\t\t\t\t\t<a class=\"fusion-rollover-gallery\" href=\"https:\/\/inariz.com\/wp-content\/uploads\/2024\/05\/pates-thai-poulet.jpg\" data-id=\"5877\" data-rel=\"iLightbox[gallery-rw-1]\" data-title=\"p\u00e2tes tha\u00ef poulet\" data-caption=\"\">\n\t\t\t\t\t\tGallery\t\t\t\t\t<\/a>\n\t\t\t\t\t\t\t\t\t\t\t\t\t\t\n\t\t\t\t\n\t\t\t\t\t\t\t\t\t\t\t\t<h4 class=\"fusion-rollover-title\">\n\t\t\t\t\t<a class=\"fusion-rollover-title-link\" href=\"https:\/\/inariz.com\/it\/recipe\/pasta-thailandese-con-pollo\/\">\n\t\t\t\t\t\tPasta thailandese con pollo\t\t\t\t\t<\/a>\n\t\t\t\t<\/h4>\n\t\t\t\n\t\t\t\t\t\t\t\t\t\t\t\t\t\t\t\t\t\t\t\n\t\t\n\t\t\t\t<a class=\"fusion-link-wrapper\" href=\"https:\/\/inariz.com\/it\/recipe\/pasta-thailandese-con-pollo\/\" aria-label=\"Pasta thailandese con pollo\"><\/a>\n\t<\/div>\n<\/div>\n\n\t\n<\/div>\n<div class=\"fusion-portfolio-content\"><h2 class=\"entry-title fusion-post-title\"><a href=\"https:\/\/inariz.com\/it\/recipe\/pasta-thailandese-con-pollo\/\">Pasta thailandese con pollo<\/a><\/h2><div class=\"fusion-post-content\"><\/div><\/div><\/div><\/article><article id=\"portfolio-1-post-\" class=\"fusion-portfolio-post pasta-it piatti-pronti tradizionale fusion-col-spacing\"><div class=\"fusion-portfolio-content-wrapper\" style=\"border:none;\"><span class=\"vcard rich-snippet-hidden\"><span class=\"fn\"><a href=\"https:\/\/inariz.com\/it\/author\/laura\/\" title=\"Articoli scritti da laura\" rel=\"author\">laura<\/a><\/span><\/span><span class=\"updated rich-snippet-hidden\">2024-09-16T09:41:35+02:00<\/span>\n\n<div  class=\"fusion-image-wrapper fusion-image-size-fixed\" aria-haspopup=\"true\">\n\t\n\t\n\t\t\n\t\t\t\t\t<img loading=\"lazy\" decoding=\"async\" width=\"300\" height=\"214\" src=\"https:\/\/inariz.com\/wp-content\/uploads\/2024\/05\/spaghetti-jambon-fromage-300x214.jpg\" class=\"attachment-portfolio-three size-portfolio-three wp-post-image\" alt=\"\" \/>\n\t\n\n\t\t<div class=\"fusion-rollover\">\n\t<div class=\"fusion-rollover-content\">\n\n\t\t\t\t\t\t\t\t\t\t\t\t\t\t<a class=\"fusion-rollover-link\" href=\"https:\/\/inariz.com\/it\/recipe\/spaghetti-prosciutto-e-formaggio\/\">Spaghetti prosciutto e formaggio<\/a>\n\t\t\t\n\t\t\t\t\t\t\t\t\t\t\t\t\t\t\n\t\t\t\t\t\t\t\t\n\t\t\t\t\t\t\t\t\t\t\t\t\t<div class=\"fusion-rollover-sep\"><\/div>\n\t\t\t\t\n\t\t\t\t\t\t\t\t\t\t\t\t\t\t\t\t\t\t<a class=\"fusion-rollover-gallery\" href=\"https:\/\/inariz.com\/wp-content\/uploads\/2024\/05\/spaghetti-jambon-fromage.jpg\" data-id=\"5845\" data-rel=\"iLightbox[gallery-rw-1]\" data-title=\"spaghetti jambon fromage\" data-caption=\"\">\n\t\t\t\t\t\tGallery\t\t\t\t\t<\/a>\n\t\t\t\t\t\t\t\t\t\t\t\t\t\t\n\t\t\t\t\n\t\t\t\t\t\t\t\t\t\t\t\t<h4 class=\"fusion-rollover-title\">\n\t\t\t\t\t<a class=\"fusion-rollover-title-link\" href=\"https:\/\/inariz.com\/it\/recipe\/spaghetti-prosciutto-e-formaggio\/\">\n\t\t\t\t\t\tSpaghetti prosciutto e formaggio\t\t\t\t\t<\/a>\n\t\t\t\t<\/h4>\n\t\t\t\n\t\t\t\t\t\t\t\t\t\t\t\t\t\t\t\t\t\t\t\n\t\t\n\t\t\t\t<a class=\"fusion-link-wrapper\" href=\"https:\/\/inariz.com\/it\/recipe\/spaghetti-prosciutto-e-formaggio\/\" aria-label=\"Spaghetti prosciutto e formaggio\"><\/a>\n\t<\/div>\n<\/div>\n\n\t\n<\/div>\n<div class=\"fusion-portfolio-content\"><h2 class=\"entry-title fusion-post-title\"><a href=\"https:\/\/inariz.com\/it\/recipe\/spaghetti-prosciutto-e-formaggio\/\">Spaghetti prosciutto e formaggio<\/a><\/h2><div class=\"fusion-post-content\"><\/div><\/div><\/div><\/article><article id=\"portfolio-1-post-\" class=\"fusion-portfolio-post halal-it piatti-pronti riso fusion-col-spacing\"><div class=\"fusion-portfolio-content-wrapper\" style=\"border:none;\"><span class=\"vcard rich-snippet-hidden\"><span class=\"fn\"><a href=\"https:\/\/inariz.com\/it\/author\/laura\/\" title=\"Articoli scritti da laura\" rel=\"author\">laura<\/a><\/span><\/span><span class=\"updated rich-snippet-hidden\">2024-09-16T09:32:05+02:00<\/span>\n\n<div  class=\"fusion-image-wrapper fusion-image-size-fixed\" aria-haspopup=\"true\">\n\t\n\t\n\t\t\n\t\t\t\t\t<img loading=\"lazy\" decoding=\"async\" width=\"300\" height=\"214\" src=\"https:\/\/inariz.com\/wp-content\/uploads\/2024\/05\/riz-saumon-300x214.jpg\" class=\"attachment-portfolio-three size-portfolio-three wp-post-image\" alt=\"\" \/>\n\t\n\n\t\t<div class=\"fusion-rollover\">\n\t<div class=\"fusion-rollover-content\">\n\n\t\t\t\t\t\t\t\t\t\t\t\t\t\t<a class=\"fusion-rollover-link\" href=\"https:\/\/inariz.com\/it\/recipe\/riso-con-salmone-e-verdure\/\">Riso con salmone e verdure<\/a>\n\t\t\t\n\t\t\t\t\t\t\t\t\t\t\t\t\t\t\n\t\t\t\t\t\t\t\t\n\t\t\t\t\t\t\t\t\t\t\t\t\t<div class=\"fusion-rollover-sep\"><\/div>\n\t\t\t\t\n\t\t\t\t\t\t\t\t\t\t\t\t\t\t\t\t\t\t<a class=\"fusion-rollover-gallery\" href=\"https:\/\/inariz.com\/wp-content\/uploads\/2024\/05\/riz-saumon.jpg\" data-id=\"5842\" data-rel=\"iLightbox[gallery-rw-1]\" data-title=\"riz saumon\" data-caption=\"\">\n\t\t\t\t\t\tGallery\t\t\t\t\t<\/a>\n\t\t\t\t\t\t\t\t\t\t\t\t\t\t\n\t\t\t\t\n\t\t\t\t\t\t\t\t\t\t\t\t<h4 class=\"fusion-rollover-title\">\n\t\t\t\t\t<a class=\"fusion-rollover-title-link\" href=\"https:\/\/inariz.com\/it\/recipe\/riso-con-salmone-e-verdure\/\">\n\t\t\t\t\t\tRiso con salmone e verdure\t\t\t\t\t<\/a>\n\t\t\t\t<\/h4>\n\t\t\t\n\t\t\t\t\t\t\t\t\t\t\t\t\t\t\t\t\t\t\t\n\t\t\n\t\t\t\t<a class=\"fusion-link-wrapper\" href=\"https:\/\/inariz.com\/it\/recipe\/riso-con-salmone-e-verdure\/\" aria-label=\"Riso con salmone e verdure\"><\/a>\n\t<\/div>\n<\/div>\n\n\t\n<\/div>\n<div class=\"fusion-portfolio-content\"><h2 class=\"entry-title fusion-post-title\"><a href=\"https:\/\/inariz.com\/it\/recipe\/riso-con-salmone-e-verdure\/\">Riso con salmone e verdure<\/a><\/h2><div class=\"fusion-post-content\"><\/div><\/div><\/div><\/article><article id=\"portfolio-1-post-\" class=\"fusion-portfolio-post halal-it pasta-it piatti-pronti fusion-col-spacing\"><div class=\"fusion-portfolio-content-wrapper\" style=\"border:none;\"><span class=\"vcard rich-snippet-hidden\"><span class=\"fn\"><a href=\"https:\/\/inariz.com\/it\/author\/laura\/\" title=\"Articoli scritti da laura\" rel=\"author\">laura<\/a><\/span><\/span><span class=\"updated rich-snippet-hidden\">2024-09-16T09:28:46+02:00<\/span>\n\n<div  class=\"fusion-image-wrapper fusion-image-size-fixed\" aria-haspopup=\"true\">\n\t\n\t\n\t\t\n\t\t\t\t\t<img loading=\"lazy\" decoding=\"async\" width=\"300\" height=\"214\" src=\"https:\/\/inariz.com\/wp-content\/uploads\/2024\/05\/fusil-saumon-300x214.jpg\" class=\"attachment-portfolio-three size-portfolio-three wp-post-image\" alt=\"\" \/>\n\t\n\n\t\t<div class=\"fusion-rollover\">\n\t<div class=\"fusion-rollover-content\">\n\n\t\t\t\t\t\t\t\t\t\t\t\t\t\t<a class=\"fusion-rollover-link\" href=\"https:\/\/inariz.com\/it\/recipe\/fusilli-aglio-e-salmone\/\">Fusilli aglio e salmone<\/a>\n\t\t\t\n\t\t\t\t\t\t\t\t\t\t\t\t\t\t\n\t\t\t\t\t\t\t\t\n\t\t\t\t\t\t\t\t\t\t\t\t\t<div class=\"fusion-rollover-sep\"><\/div>\n\t\t\t\t\n\t\t\t\t\t\t\t\t\t\t\t\t\t\t\t\t\t\t<a class=\"fusion-rollover-gallery\" href=\"https:\/\/inariz.com\/wp-content\/uploads\/2024\/05\/fusil-saumon.jpg\" data-id=\"5836\" data-rel=\"iLightbox[gallery-rw-1]\" data-title=\"fusil saumon\" data-caption=\"\">\n\t\t\t\t\t\tGallery\t\t\t\t\t<\/a>\n\t\t\t\t\t\t\t\t\t\t\t\t\t\t\n\t\t\t\t\n\t\t\t\t\t\t\t\t\t\t\t\t<h4 class=\"fusion-rollover-title\">\n\t\t\t\t\t<a class=\"fusion-rollover-title-link\" href=\"https:\/\/inariz.com\/it\/recipe\/fusilli-aglio-e-salmone\/\">\n\t\t\t\t\t\tFusilli aglio e salmone\t\t\t\t\t<\/a>\n\t\t\t\t<\/h4>\n\t\t\t\n\t\t\t\t\t\t\t\t\t\t\t\t\t\t\t\t\t\t\t\n\t\t\n\t\t\t\t<a class=\"fusion-link-wrapper\" href=\"https:\/\/inariz.com\/it\/recipe\/fusilli-aglio-e-salmone\/\" aria-label=\"Fusilli aglio e salmone\"><\/a>\n\t<\/div>\n<\/div>\n\n\t\n<\/div>\n<div class=\"fusion-portfolio-content\"><h2 class=\"entry-title fusion-post-title\"><a href=\"https:\/\/inariz.com\/it\/recipe\/fusilli-aglio-e-salmone\/\">Fusilli aglio e salmone<\/a><\/h2><div class=\"fusion-post-content\"><\/div><\/div><\/div><\/article><article id=\"portfolio-1-post-\" class=\"fusion-portfolio-post piatti-pronti riso fusion-col-spacing\"><div class=\"fusion-portfolio-content-wrapper\" style=\"border:none;\"><span class=\"vcard rich-snippet-hidden\"><span class=\"fn\"><a href=\"https:\/\/inariz.com\/it\/author\/laura\/\" title=\"Articoli scritti da laura\" rel=\"author\">laura<\/a><\/span><\/span><span class=\"updated rich-snippet-hidden\">2024-09-16T09:27:49+02:00<\/span>\n\n<div  class=\"fusion-image-wrapper fusion-image-size-fixed\" aria-haspopup=\"true\">\n\t\n\t\n\t\t\n\t\t\t\t\t<img loading=\"lazy\" decoding=\"async\" width=\"300\" height=\"214\" src=\"https:\/\/inariz.com\/wp-content\/uploads\/2024\/05\/rougail-saucisse-300x214.jpg\" class=\"attachment-portfolio-three size-portfolio-three wp-post-image\" alt=\"\" \/>\n\t\n\n\t\t<div class=\"fusion-rollover\">\n\t<div class=\"fusion-rollover-content\">\n\n\t\t\t\t\t\t\t\t\t\t\t\t\t\t<a class=\"fusion-rollover-link\" href=\"https:\/\/inariz.com\/it\/recipe\/salsiccia-e-riso-rougaille\/\">Salsiccia e riso rougaille<\/a>\n\t\t\t\n\t\t\t\t\t\t\t\t\t\t\t\t\t\t\n\t\t\t\t\t\t\t\t\n\t\t\t\t\t\t\t\t\t\t\t\t\t<div class=\"fusion-rollover-sep\"><\/div>\n\t\t\t\t\n\t\t\t\t\t\t\t\t\t\t\t\t\t\t\t\t\t\t<a class=\"fusion-rollover-gallery\" href=\"https:\/\/inariz.com\/wp-content\/uploads\/2024\/05\/rougail-saucisse.jpg\" data-id=\"5835\" data-rel=\"iLightbox[gallery-rw-1]\" data-title=\"rougail saucisse\" data-caption=\"\">\n\t\t\t\t\t\tGallery\t\t\t\t\t<\/a>\n\t\t\t\t\t\t\t\t\t\t\t\t\t\t\n\t\t\t\t\n\t\t\t\t\t\t\t\t\t\t\t\t<h4 class=\"fusion-rollover-title\">\n\t\t\t\t\t<a class=\"fusion-rollover-title-link\" href=\"https:\/\/inariz.com\/it\/recipe\/salsiccia-e-riso-rougaille\/\">\n\t\t\t\t\t\tSalsiccia e riso rougaille\t\t\t\t\t<\/a>\n\t\t\t\t<\/h4>\n\t\t\t\n\t\t\t\t\t\t\t\t\t\t\t\t\t\t\t\t\t\t\t\n\t\t\n\t\t\t\t<a class=\"fusion-link-wrapper\" href=\"https:\/\/inariz.com\/it\/recipe\/salsiccia-e-riso-rougaille\/\" aria-label=\"Salsiccia e riso rougaille\"><\/a>\n\t<\/div>\n<\/div>\n\n\t\n<\/div>\n<div class=\"fusion-portfolio-content\"><h2 class=\"entry-title fusion-post-title\"><a href=\"https:\/\/inariz.com\/it\/recipe\/salsiccia-e-riso-rougaille\/\">Salsiccia e riso rougaille<\/a><\/h2><div class=\"fusion-post-content\"><\/div><\/div><\/div><\/article><article id=\"portfolio-1-post-\" class=\"fusion-portfolio-post piatti-pronti riso fusion-col-spacing\"><div class=\"fusion-portfolio-content-wrapper\" style=\"border:none;\"><span class=\"vcard rich-snippet-hidden\"><span class=\"fn\"><a href=\"https:\/\/inariz.com\/it\/author\/laura\/\" title=\"Articoli scritti da laura\" rel=\"author\">laura<\/a><\/span><\/span><span class=\"updated rich-snippet-hidden\">2024-09-16T09:22:05+02:00<\/span>\n\n<div  class=\"fusion-image-wrapper fusion-image-size-fixed\" aria-haspopup=\"true\">\n\t\n\t\n\t\t\n\t\t\t\t\t<img loading=\"lazy\" decoding=\"async\" width=\"300\" height=\"214\" src=\"https:\/\/inariz.com\/wp-content\/uploads\/2024\/05\/risotto-poulet-champignons-300x214.jpg\" class=\"attachment-portfolio-three size-portfolio-three wp-post-image\" alt=\"\" \/>\n\t\n\n\t\t<div class=\"fusion-rollover\">\n\t<div class=\"fusion-rollover-content\">\n\n\t\t\t\t\t\t\t\t\t\t\t\t\t\t<a class=\"fusion-rollover-link\" href=\"https:\/\/inariz.com\/it\/recipe\/risotto-con-pollo-e-funghi\/\">Risotto con pollo e funghi<\/a>\n\t\t\t\n\t\t\t\t\t\t\t\t\t\t\t\t\t\t\n\t\t\t\t\t\t\t\t\n\t\t\t\t\t\t\t\t\t\t\t\t\t<div class=\"fusion-rollover-sep\"><\/div>\n\t\t\t\t\n\t\t\t\t\t\t\t\t\t\t\t\t\t\t\t\t\t\t<a class=\"fusion-rollover-gallery\" href=\"https:\/\/inariz.com\/wp-content\/uploads\/2024\/05\/risotto-poulet-champignons.jpg\" data-id=\"5830\" data-rel=\"iLightbox[gallery-rw-1]\" data-title=\"risotto poulet champignons\" data-caption=\"\">\n\t\t\t\t\t\tGallery\t\t\t\t\t<\/a>\n\t\t\t\t\t\t\t\t\t\t\t\t\t\t\n\t\t\t\t\n\t\t\t\t\t\t\t\t\t\t\t\t<h4 class=\"fusion-rollover-title\">\n\t\t\t\t\t<a class=\"fusion-rollover-title-link\" href=\"https:\/\/inariz.com\/it\/recipe\/risotto-con-pollo-e-funghi\/\">\n\t\t\t\t\t\tRisotto con pollo e funghi\t\t\t\t\t<\/a>\n\t\t\t\t<\/h4>\n\t\t\t\n\t\t\t\t\t\t\t\t\t\t\t\t\t\t\t\t\t\t\t\n\t\t\n\t\t\t\t<a class=\"fusion-link-wrapper\" href=\"https:\/\/inariz.com\/it\/recipe\/risotto-con-pollo-e-funghi\/\" aria-label=\"Risotto con pollo e funghi\"><\/a>\n\t<\/div>\n<\/div>\n\n\t\n<\/div>\n<div class=\"fusion-portfolio-content\"><h2 class=\"entry-title fusion-post-title\"><a href=\"https:\/\/inariz.com\/it\/recipe\/risotto-con-pollo-e-funghi\/\">Risotto con pollo e funghi<\/a><\/h2><div class=\"fusion-post-content\"><\/div><\/div><\/div><\/article><article id=\"portfolio-1-post-\" class=\"fusion-portfolio-post halal-it piatti-pronti riso fusion-col-spacing\"><div class=\"fusion-portfolio-content-wrapper\" style=\"border:none;\"><span class=\"vcard rich-snippet-hidden\"><span class=\"fn\"><a href=\"https:\/\/inariz.com\/it\/author\/laura\/\" title=\"Articoli scritti da laura\" rel=\"author\">laura<\/a><\/span><\/span><span class=\"updated rich-snippet-hidden\">2024-09-16T09:10:11+02:00<\/span>\n\n<div  class=\"fusion-image-wrapper fusion-image-size-fixed\" aria-haspopup=\"true\">\n\t\n\t\n\t\t\n\t\t\t\t\t<img loading=\"lazy\" decoding=\"async\" width=\"300\" height=\"214\" src=\"https:\/\/inariz.com\/wp-content\/uploads\/2024\/05\/riz-sauce-satay-300x214.jpg\" class=\"attachment-portfolio-three size-portfolio-three wp-post-image\" alt=\"\" \/>\n\t\n\n\t\t<div class=\"fusion-rollover\">\n\t<div class=\"fusion-rollover-content\">\n\n\t\t\t\t\t\t\t\t\t\t\t\t\t\t<a class=\"fusion-rollover-link\" href=\"https:\/\/inariz.com\/it\/recipe\/riso-con-salsa-satay\/\">Riso con salsa satay<\/a>\n\t\t\t\n\t\t\t\t\t\t\t\t\t\t\t\t\t\t\n\t\t\t\t\t\t\t\t\n\t\t\t\t\t\t\t\t\t\t\t\t\t<div class=\"fusion-rollover-sep\"><\/div>\n\t\t\t\t\n\t\t\t\t\t\t\t\t\t\t\t\t\t\t\t\t\t\t<a class=\"fusion-rollover-gallery\" href=\"https:\/\/inariz.com\/wp-content\/uploads\/2024\/05\/riz-sauce-satay.jpg\" data-id=\"5824\" data-rel=\"iLightbox[gallery-rw-1]\" data-title=\"riz sauce satay\" data-caption=\"\">\n\t\t\t\t\t\tGallery\t\t\t\t\t<\/a>\n\t\t\t\t\t\t\t\t\t\t\t\t\t\t\n\t\t\t\t\n\t\t\t\t\t\t\t\t\t\t\t\t<h4 class=\"fusion-rollover-title\">\n\t\t\t\t\t<a class=\"fusion-rollover-title-link\" href=\"https:\/\/inariz.com\/it\/recipe\/riso-con-salsa-satay\/\">\n\t\t\t\t\t\tRiso con salsa satay\t\t\t\t\t<\/a>\n\t\t\t\t<\/h4>\n\t\t\t\n\t\t\t\t\t\t\t\t\t\t\t\t\t\t\t\t\t\t\t\n\t\t\n\t\t\t\t<a class=\"fusion-link-wrapper\" href=\"https:\/\/inariz.com\/it\/recipe\/riso-con-salsa-satay\/\" aria-label=\"Riso con salsa satay\"><\/a>\n\t<\/div>\n<\/div>\n\n\t\n<\/div>\n<div class=\"fusion-portfolio-content\"><h2 class=\"entry-title fusion-post-title\"><a href=\"https:\/\/inariz.com\/it\/recipe\/riso-con-salsa-satay\/\">Riso con salsa satay<\/a><\/h2><div class=\"fusion-post-content\"><\/div><\/div><\/div><\/article><article id=\"portfolio-1-post-\" class=\"fusion-portfolio-post halal-it piatti-pronti riso fusion-col-spacing\"><div class=\"fusion-portfolio-content-wrapper\" style=\"border:none;\"><span class=\"vcard rich-snippet-hidden\"><span class=\"fn\"><a href=\"https:\/\/inariz.com\/it\/author\/laura\/\" title=\"Articoli scritti da laura\" rel=\"author\">laura<\/a><\/span><\/span><span class=\"updated rich-snippet-hidden\">2024-09-16T09:07:57+02:00<\/span>\n\n<div  class=\"fusion-image-wrapper fusion-image-size-fixed\" aria-haspopup=\"true\">\n\t\n\t\n\t\t\n\t\t\t\t\t<img loading=\"lazy\" decoding=\"async\" width=\"300\" height=\"214\" src=\"https:\/\/inariz.com\/wp-content\/uploads\/2024\/05\/Riz-boulettes-de-boeuf-300x214.jpg\" class=\"attachment-portfolio-three size-portfolio-three wp-post-image\" alt=\"\" \/>\n\t\n\n\t\t<div class=\"fusion-rollover\">\n\t<div class=\"fusion-rollover-content\">\n\n\t\t\t\t\t\t\t\t\t\t\t\t\t\t<a class=\"fusion-rollover-link\" href=\"https:\/\/inariz.com\/it\/recipe\/riso-con-polpette-di-manzo-alla-kefta\/\">Riso con polpette di manzo alla kefta<\/a>\n\t\t\t\n\t\t\t\t\t\t\t\t\t\t\t\t\t\t\n\t\t\t\t\t\t\t\t\n\t\t\t\t\t\t\t\t\t\t\t\t\t<div class=\"fusion-rollover-sep\"><\/div>\n\t\t\t\t\n\t\t\t\t\t\t\t\t\t\t\t\t\t\t\t\t\t\t<a class=\"fusion-rollover-gallery\" href=\"https:\/\/inariz.com\/wp-content\/uploads\/2024\/05\/Riz-boulettes-de-boeuf.jpg\" data-id=\"5821\" data-rel=\"iLightbox[gallery-rw-1]\" data-title=\"Riz boulettes de boeuf\" data-caption=\"\">\n\t\t\t\t\t\tGallery\t\t\t\t\t<\/a>\n\t\t\t\t\t\t\t\t\t\t\t\t\t\t\n\t\t\t\t\n\t\t\t\t\t\t\t\t\t\t\t\t<h4 class=\"fusion-rollover-title\">\n\t\t\t\t\t<a class=\"fusion-rollover-title-link\" href=\"https:\/\/inariz.com\/it\/recipe\/riso-con-polpette-di-manzo-alla-kefta\/\">\n\t\t\t\t\t\tRiso con polpette di manzo alla kefta\t\t\t\t\t<\/a>\n\t\t\t\t<\/h4>\n\t\t\t\n\t\t\t\t\t\t\t\t\t\t\t\t\t\t\t\t\t\t\t\n\t\t\n\t\t\t\t<a class=\"fusion-link-wrapper\" href=\"https:\/\/inariz.com\/it\/recipe\/riso-con-polpette-di-manzo-alla-kefta\/\" aria-label=\"Riso con polpette di manzo alla kefta\"><\/a>\n\t<\/div>\n<\/div>\n\n\t\n<\/div>\n<div class=\"fusion-portfolio-content\"><h2 class=\"entry-title fusion-post-title\"><a href=\"https:\/\/inariz.com\/it\/recipe\/riso-con-polpette-di-manzo-alla-kefta\/\">Riso con polpette di manzo alla kefta<\/a><\/h2><div class=\"fusion-post-content\"><\/div><\/div><\/div><\/article><article id=\"portfolio-1-post-\" class=\"fusion-portfolio-post halal-it kosher-it pasta-it piatti-pronti vegano-vegetariano fusion-col-spacing\"><div class=\"fusion-portfolio-content-wrapper\" style=\"border:none;\"><span class=\"vcard rich-snippet-hidden\"><span class=\"fn\"><a href=\"https:\/\/inariz.com\/it\/author\/laura\/\" title=\"Articoli scritti da laura\" rel=\"author\">laura<\/a><\/span><\/span><span class=\"updated rich-snippet-hidden\">2024-09-16T08:59:05+02:00<\/span>\n\n<div  class=\"fusion-image-wrapper fusion-image-size-fixed\" aria-haspopup=\"true\">\n\t\n\t\n\t\t\n\t\t\t\t\t<img loading=\"lazy\" decoding=\"async\" width=\"300\" height=\"214\" src=\"https:\/\/inariz.com\/wp-content\/uploads\/2024\/05\/penne-boulettes-vegetales-1-300x214.jpg\" class=\"attachment-portfolio-three size-portfolio-three wp-post-image\" alt=\"\" \/>\n\t\n\n\t\t<div class=\"fusion-rollover\">\n\t<div class=\"fusion-rollover-content\">\n\n\t\t\t\t\t\t\t\t\t\t\t\t\t\t<a class=\"fusion-rollover-link\" href=\"https:\/\/inariz.com\/it\/recipe\/penne-e-polpette-di-verdure\/\">Penne e polpette di verdure<\/a>\n\t\t\t\n\t\t\t\t\t\t\t\t\t\t\t\t\t\t\n\t\t\t\t\t\t\t\t\n\t\t\t\t\t\t\t\t\t\t\t\t\t<div class=\"fusion-rollover-sep\"><\/div>\n\t\t\t\t\n\t\t\t\t\t\t\t\t\t\t\t\t\t\t\t\t\t\t<a class=\"fusion-rollover-gallery\" href=\"https:\/\/inariz.com\/wp-content\/uploads\/2024\/05\/penne-boulettes-vegetales-1.jpg\" data-id=\"5817\" data-rel=\"iLightbox[gallery-rw-1]\" data-title=\"penne boulettes v\u00e9g\u00e9tales\" data-caption=\"\">\n\t\t\t\t\t\tGallery\t\t\t\t\t<\/a>\n\t\t\t\t\t\t\t\t\t\t\t\t\t\t\n\t\t\t\t\n\t\t\t\t\t\t\t\t\t\t\t\t<h4 class=\"fusion-rollover-title\">\n\t\t\t\t\t<a class=\"fusion-rollover-title-link\" href=\"https:\/\/inariz.com\/it\/recipe\/penne-e-polpette-di-verdure\/\">\n\t\t\t\t\t\tPenne e polpette di verdure\t\t\t\t\t<\/a>\n\t\t\t\t<\/h4>\n\t\t\t\n\t\t\t\t\t\t\t\t\t\t\t\t\t\t\t\t\t\t\t\n\t\t\n\t\t\t\t<a class=\"fusion-link-wrapper\" href=\"https:\/\/inariz.com\/it\/recipe\/penne-e-polpette-di-verdure\/\" aria-label=\"Penne e polpette di verdure\"><\/a>\n\t<\/div>\n<\/div>\n\n\t\n<\/div>\n<div class=\"fusion-portfolio-content\"><h2 class=\"entry-title fusion-post-title\"><a href=\"https:\/\/inariz.com\/it\/recipe\/penne-e-polpette-di-verdure\/\">Penne e polpette di verdure<\/a><\/h2><div class=\"fusion-post-content\"><\/div><\/div><\/div><\/article><article id=\"portfolio-1-post-\" class=\"fusion-portfolio-post halal-it piatti-pronti riso fusion-col-spacing\"><div class=\"fusion-portfolio-content-wrapper\" style=\"border:none;\"><span class=\"vcard rich-snippet-hidden\"><span class=\"fn\"><a href=\"https:\/\/inariz.com\/it\/author\/laura\/\" title=\"Articoli scritti da laura\" rel=\"author\">laura<\/a><\/span><\/span><span class=\"updated rich-snippet-hidden\">2024-09-16T08:56:21+02:00<\/span>\n\n<div  class=\"fusion-image-wrapper fusion-image-size-fixed\" aria-haspopup=\"true\">\n\t\n\t\n\t\t\n\t\t\t\t\t<img loading=\"lazy\" decoding=\"async\" width=\"300\" height=\"214\" src=\"https:\/\/inariz.com\/wp-content\/uploads\/2019\/04\/paella-300x214.jpg\" class=\"attachment-portfolio-three size-portfolio-three wp-post-image\" alt=\"\" \/>\n\t\n\n\t\t<div class=\"fusion-rollover\">\n\t<div class=\"fusion-rollover-content\">\n\n\t\t\t\t\t\t\t\t\t\t\t\t\t\t<a class=\"fusion-rollover-link\" href=\"https:\/\/inariz.com\/it\/recipe\/paella-di-pollo-e-chorizo\/\">Paella di pollo e chorizo<\/a>\n\t\t\t\n\t\t\t\t\t\t\t\t\t\t\t\t\t\t\n\t\t\t\t\t\t\t\t\n\t\t\t\t\t\t\t\t\t\t\t\t\t<div class=\"fusion-rollover-sep\"><\/div>\n\t\t\t\t\n\t\t\t\t\t\t\t\t\t\t\t\t\t\t\t\t\t\t<a class=\"fusion-rollover-gallery\" href=\"https:\/\/inariz.com\/wp-content\/uploads\/2019\/04\/paella.jpg\" data-id=\"5812\" data-rel=\"iLightbox[gallery-rw-1]\" data-title=\"paella\" data-caption=\"\">\n\t\t\t\t\t\tGallery\t\t\t\t\t<\/a>\n\t\t\t\t\t\t\t\t\t\t\t\t\t\t\n\t\t\t\t\n\t\t\t\t\t\t\t\t\t\t\t\t<h4 class=\"fusion-rollover-title\">\n\t\t\t\t\t<a class=\"fusion-rollover-title-link\" href=\"https:\/\/inariz.com\/it\/recipe\/paella-di-pollo-e-chorizo\/\">\n\t\t\t\t\t\tPaella di pollo e chorizo\t\t\t\t\t<\/a>\n\t\t\t\t<\/h4>\n\t\t\t\n\t\t\t\t\t\t\t\t\t\t\t\t\t\t\t\t\t\t\t\n\t\t\n\t\t\t\t<a class=\"fusion-link-wrapper\" href=\"https:\/\/inariz.com\/it\/recipe\/paella-di-pollo-e-chorizo\/\" aria-label=\"Paella di pollo e chorizo\"><\/a>\n\t<\/div>\n<\/div>\n\n\t\n<\/div>\n<div class=\"fusion-portfolio-content\"><h2 class=\"entry-title fusion-post-title\"><a href=\"https:\/\/inariz.com\/it\/recipe\/paella-di-pollo-e-chorizo\/\">Paella di pollo e chorizo<\/a><\/h2><div class=\"fusion-post-content\"><\/div><\/div><\/div><\/article><article id=\"portfolio-1-post-\" class=\"fusion-portfolio-post piatti-pronti riso fusion-col-spacing\"><div class=\"fusion-portfolio-content-wrapper\" style=\"border:none;\"><span class=\"vcard rich-snippet-hidden\"><span class=\"fn\"><a href=\"https:\/\/inariz.com\/it\/author\/laura\/\" title=\"Articoli scritti da laura\" rel=\"author\">laura<\/a><\/span><\/span><span class=\"updated rich-snippet-hidden\">2024-09-16T08:53:49+02:00<\/span>\n\n<div  class=\"fusion-image-wrapper fusion-image-size-fixed\" aria-haspopup=\"true\">\n\t\n\t\n\t\t\n\t\t\t\t\t<img loading=\"lazy\" decoding=\"async\" width=\"300\" height=\"214\" src=\"https:\/\/inariz.com\/wp-content\/uploads\/2024\/05\/paella-ss-fruits-de-mer-300x214.jpg\" class=\"attachment-portfolio-three size-portfolio-three wp-post-image\" alt=\"\" \/>\n\t\n\n\t\t<div class=\"fusion-rollover\">\n\t<div class=\"fusion-rollover-content\">\n\n\t\t\t\t\t\t\t\t\t\t\t\t\t\t<a class=\"fusion-rollover-link\" href=\"https:\/\/inariz.com\/it\/recipe\/paella-senza-frutti-di-mare\/\">Paella senza frutti di mare<\/a>\n\t\t\t\n\t\t\t\t\t\t\t\t\t\t\t\t\t\t\n\t\t\t\t\t\t\t\t\n\t\t\t\t\t\t\t\t\t\t\t\t\t<div class=\"fusion-rollover-sep\"><\/div>\n\t\t\t\t\n\t\t\t\t\t\t\t\t\t\t\t\t\t\t\t\t\t\t<a class=\"fusion-rollover-gallery\" href=\"https:\/\/inariz.com\/wp-content\/uploads\/2024\/05\/paella-ss-fruits-de-mer.jpg\" data-id=\"5809\" data-rel=\"iLightbox[gallery-rw-1]\" data-title=\"pa\u00eblla ss fruits de mer\" data-caption=\"\">\n\t\t\t\t\t\tGallery\t\t\t\t\t<\/a>\n\t\t\t\t\t\t\t\t\t\t\t\t\t\t\n\t\t\t\t\n\t\t\t\t\t\t\t\t\t\t\t\t<h4 class=\"fusion-rollover-title\">\n\t\t\t\t\t<a class=\"fusion-rollover-title-link\" href=\"https:\/\/inariz.com\/it\/recipe\/paella-senza-frutti-di-mare\/\">\n\t\t\t\t\t\tPaella senza frutti di mare\t\t\t\t\t<\/a>\n\t\t\t\t<\/h4>\n\t\t\t\n\t\t\t\t\t\t\t\t\t\t\t\t\t\t\t\t\t\t\t\n\t\t\n\t\t\t\t<a class=\"fusion-link-wrapper\" href=\"https:\/\/inariz.com\/it\/recipe\/paella-senza-frutti-di-mare\/\" aria-label=\"Paella senza frutti di mare\"><\/a>\n\t<\/div>\n<\/div>\n\n\t\n<\/div>\n<div class=\"fusion-portfolio-content\"><h2 class=\"entry-title fusion-post-title\"><a href=\"https:\/\/inariz.com\/it\/recipe\/paella-senza-frutti-di-mare\/\">Paella senza frutti di mare<\/a><\/h2><div class=\"fusion-post-content\"><\/div><\/div><\/div><\/article><article id=\"portfolio-1-post-\" class=\"fusion-portfolio-post halal-it kosher-it riso vegano-vegetariano fusion-col-spacing\"><div class=\"fusion-portfolio-content-wrapper\" style=\"border:none;\"><span class=\"vcard rich-snippet-hidden\"><span class=\"fn\"><a href=\"https:\/\/inariz.com\/it\/author\/laura\/\" title=\"Articoli scritti da laura\" rel=\"author\">laura<\/a><\/span><\/span><span class=\"updated rich-snippet-hidden\">2024-09-12T15:19:57+02:00<\/span>\n\n<div  class=\"fusion-image-wrapper fusion-image-size-fixed\" aria-haspopup=\"true\">\n\t\n\t\n\t\t\n\t\t\t\t\t<img loading=\"lazy\" decoding=\"async\" width=\"300\" height=\"214\" src=\"https:\/\/inariz.com\/wp-content\/uploads\/2024\/04\/Riz-peruvien-300x214.jpg\" class=\"attachment-portfolio-three size-portfolio-three wp-post-image\" alt=\"\" \/>\n\t\n\n\t\t<div class=\"fusion-rollover\">\n\t<div class=\"fusion-rollover-content\">\n\n\t\t\t\t\t\t\t\t\t\t\t\t\t\t<a class=\"fusion-rollover-link\" href=\"https:\/\/inariz.com\/it\/recipe\/riso-alla-peruviana\/\">Riso alla peruviana<\/a>\n\t\t\t\n\t\t\t\t\t\t\t\t\t\t\t\t\t\t\n\t\t\t\t\t\t\t\t\n\t\t\t\t\t\t\t\t\t\t\t\t\t<div class=\"fusion-rollover-sep\"><\/div>\n\t\t\t\t\n\t\t\t\t\t\t\t\t\t\t\t\t\t\t\t\t\t\t<a class=\"fusion-rollover-gallery\" href=\"https:\/\/inariz.com\/wp-content\/uploads\/2024\/04\/Riz-peruvien.jpg\" data-id=\"5713\" data-rel=\"iLightbox[gallery-rw-1]\" data-title=\"Riz p\u00e9ruvien\" data-caption=\"\">\n\t\t\t\t\t\tGallery\t\t\t\t\t<\/a>\n\t\t\t\t\t\t\t\t\t\t\t\t\t\t\n\t\t\t\t\n\t\t\t\t\t\t\t\t\t\t\t\t<h4 class=\"fusion-rollover-title\">\n\t\t\t\t\t<a class=\"fusion-rollover-title-link\" href=\"https:\/\/inariz.com\/it\/recipe\/riso-alla-peruviana\/\">\n\t\t\t\t\t\tRiso alla peruviana\t\t\t\t\t<\/a>\n\t\t\t\t<\/h4>\n\t\t\t\n\t\t\t\t\t\t\t\t\t\t\t\t\t\t\t\t\t\t\t\n\t\t\n\t\t\t\t<a class=\"fusion-link-wrapper\" href=\"https:\/\/inariz.com\/it\/recipe\/riso-alla-peruviana\/\" aria-label=\"Riso alla peruviana\"><\/a>\n\t<\/div>\n<\/div>\n\n\t\n<\/div>\n<div class=\"fusion-portfolio-content\"><h2 class=\"entry-title fusion-post-title\"><a href=\"https:\/\/inariz.com\/it\/recipe\/riso-alla-peruviana\/\">Riso alla peruviana<\/a><\/h2><div class=\"fusion-post-content\"><\/div><\/div><\/div><\/article><article id=\"portfolio-1-post-\" class=\"fusion-portfolio-post halal-it kosher-it riso vegano-vegetariano fusion-col-spacing\"><div class=\"fusion-portfolio-content-wrapper\" style=\"border:none;\"><span class=\"vcard rich-snippet-hidden\"><span class=\"fn\"><a href=\"https:\/\/inariz.com\/it\/author\/laura\/\" title=\"Articoli scritti da laura\" rel=\"author\">laura<\/a><\/span><\/span><span class=\"updated rich-snippet-hidden\">2024-09-12T15:17:27+02:00<\/span>\n\n<div  class=\"fusion-image-wrapper fusion-image-size-fixed\" aria-haspopup=\"true\">\n\t\n\t\n\t\t\n\t\t\t\t\t<img loading=\"lazy\" decoding=\"async\" width=\"300\" height=\"214\" src=\"https:\/\/inariz.com\/wp-content\/uploads\/2024\/06\/Risotto-champignons-300x214.jpg\" class=\"attachment-portfolio-three size-portfolio-three wp-post-image\" alt=\"\" \/>\n\t\n\n\t\t<div class=\"fusion-rollover\">\n\t<div class=\"fusion-rollover-content\">\n\n\t\t\t\t\t\t\t\t\t\t\t\t\t\t<a class=\"fusion-rollover-link\" href=\"https:\/\/inariz.com\/it\/recipe\/risotto-ai-funghi\/\">Risotto ai funghi<\/a>\n\t\t\t\n\t\t\t\t\t\t\t\t\t\t\t\t\t\t\n\t\t\t\t\t\t\t\t\n\t\t\t\t\t\t\t\t\t\t\t\t\t<div class=\"fusion-rollover-sep\"><\/div>\n\t\t\t\t\n\t\t\t\t\t\t\t\t\t\t\t\t\t\t\t\t\t\t<a class=\"fusion-rollover-gallery\" href=\"https:\/\/inariz.com\/wp-content\/uploads\/2024\/06\/Risotto-champignons.jpg\" data-id=\"5710\" data-rel=\"iLightbox[gallery-rw-1]\" data-title=\"Risotto champignons\" data-caption=\"\">\n\t\t\t\t\t\tGallery\t\t\t\t\t<\/a>\n\t\t\t\t\t\t\t\t\t\t\t\t\t\t\n\t\t\t\t\n\t\t\t\t\t\t\t\t\t\t\t\t<h4 class=\"fusion-rollover-title\">\n\t\t\t\t\t<a class=\"fusion-rollover-title-link\" href=\"https:\/\/inariz.com\/it\/recipe\/risotto-ai-funghi\/\">\n\t\t\t\t\t\tRisotto ai funghi\t\t\t\t\t<\/a>\n\t\t\t\t<\/h4>\n\t\t\t\n\t\t\t\t\t\t\t\t\t\t\t\t\t\t\t\t\t\t\t\n\t\t\n\t\t\t\t<a class=\"fusion-link-wrapper\" href=\"https:\/\/inariz.com\/it\/recipe\/risotto-ai-funghi\/\" aria-label=\"Risotto ai funghi\"><\/a>\n\t<\/div>\n<\/div>\n\n\t\n<\/div>\n<div class=\"fusion-portfolio-content\"><h2 class=\"entry-title fusion-post-title\"><a href=\"https:\/\/inariz.com\/it\/recipe\/risotto-ai-funghi\/\">Risotto ai funghi<\/a><\/h2><div class=\"fusion-post-content\"><\/div><\/div><\/div><\/article><article id=\"portfolio-1-post-\" class=\"fusion-portfolio-post riso vegano-vegetariano fusion-col-spacing\"><div class=\"fusion-portfolio-content-wrapper\" style=\"border:none;\"><span class=\"vcard rich-snippet-hidden\"><span class=\"fn\"><a href=\"https:\/\/inariz.com\/it\/author\/laura\/\" title=\"Articoli scritti da laura\" rel=\"author\">laura<\/a><\/span><\/span><span class=\"updated rich-snippet-hidden\">2024-09-12T15:14:02+02:00<\/span>\n\n<div  class=\"fusion-image-wrapper fusion-image-size-fixed\" aria-haspopup=\"true\">\n\t\n\t\n\t\t\n\t\t\t\t\t<img loading=\"lazy\" decoding=\"async\" width=\"300\" height=\"214\" src=\"https:\/\/inariz.com\/wp-content\/uploads\/2024\/04\/Risotto-permogiano-300x214.jpg\" class=\"attachment-portfolio-three size-portfolio-three wp-post-image\" alt=\"\" \/>\n\t\n\n\t\t<div class=\"fusion-rollover\">\n\t<div class=\"fusion-rollover-content\">\n\n\t\t\t\t\t\t\t\t\t\t\t\t\t\t<a class=\"fusion-rollover-link\" href=\"https:\/\/inariz.com\/it\/recipe\/risotto-al-parmigiano-reggiano\/\">Risotto al Parmigiano Reggiano<\/a>\n\t\t\t\n\t\t\t\t\t\t\t\t\t\t\t\t\t\t\n\t\t\t\t\t\t\t\t\n\t\t\t\t\t\t\t\t\t\t\t\t\t<div class=\"fusion-rollover-sep\"><\/div>\n\t\t\t\t\n\t\t\t\t\t\t\t\t\t\t\t\t\t\t\t\t\t\t<a class=\"fusion-rollover-gallery\" href=\"https:\/\/inariz.com\/wp-content\/uploads\/2024\/04\/Risotto-permogiano.jpg\" data-id=\"5706\" data-rel=\"iLightbox[gallery-rw-1]\" data-title=\"Risotto permogiano\" data-caption=\"\">\n\t\t\t\t\t\tGallery\t\t\t\t\t<\/a>\n\t\t\t\t\t\t\t\t\t\t\t\t\t\t\n\t\t\t\t\n\t\t\t\t\t\t\t\t\t\t\t\t<h4 class=\"fusion-rollover-title\">\n\t\t\t\t\t<a class=\"fusion-rollover-title-link\" href=\"https:\/\/inariz.com\/it\/recipe\/risotto-al-parmigiano-reggiano\/\">\n\t\t\t\t\t\tRisotto al Parmigiano Reggiano\t\t\t\t\t<\/a>\n\t\t\t\t<\/h4>\n\t\t\t\n\t\t\t\t\t\t\t\t\t\t\t\t\t\t\t\t\t\t\t\n\t\t\n\t\t\t\t<a class=\"fusion-link-wrapper\" href=\"https:\/\/inariz.com\/it\/recipe\/risotto-al-parmigiano-reggiano\/\" aria-label=\"Risotto al Parmigiano Reggiano\"><\/a>\n\t<\/div>\n<\/div>\n\n\t\n<\/div>\n<div class=\"fusion-portfolio-content\"><h2 class=\"entry-title fusion-post-title\"><a href=\"https:\/\/inariz.com\/it\/recipe\/risotto-al-parmigiano-reggiano\/\">Risotto al Parmigiano Reggiano<\/a><\/h2><div class=\"fusion-post-content\"><\/div><\/div><\/div><\/article><article id=\"portfolio-1-post-\" class=\"fusion-portfolio-post halal-it kosher-it riso vegano-vegetariano fusion-col-spacing\"><div class=\"fusion-portfolio-content-wrapper\" style=\"border:none;\"><span class=\"vcard rich-snippet-hidden\"><span class=\"fn\"><a href=\"https:\/\/inariz.com\/it\/author\/laura\/\" title=\"Articoli scritti da laura\" rel=\"author\">laura<\/a><\/span><\/span><span class=\"updated rich-snippet-hidden\">2024-09-12T15:07:53+02:00<\/span>\n\n<div  class=\"fusion-image-wrapper fusion-image-size-fixed\" aria-haspopup=\"true\">\n\t\n\t\n\t\t\n\t\t\t\t\t<img loading=\"lazy\" decoding=\"async\" width=\"300\" height=\"214\" src=\"https:\/\/inariz.com\/wp-content\/uploads\/2024\/06\/Riz-Gout-poulet-roti-300x214.jpg\" class=\"attachment-portfolio-three size-portfolio-three wp-post-image\" alt=\"\" \/>\n\t\n\n\t\t<div class=\"fusion-rollover\">\n\t<div class=\"fusion-rollover-content\">\n\n\t\t\t\t\t\t\t\t\t\t\t\t\t\t<a class=\"fusion-rollover-link\" href=\"https:\/\/inariz.com\/it\/recipe\/riso-aromatizzato-al-pollo-arrosto-senza-carne\/\">Riso aromatizzato al pollo arrosto (senza carne)<\/a>\n\t\t\t\n\t\t\t\t\t\t\t\t\t\t\t\t\t\t\n\t\t\t\t\t\t\t\t\n\t\t\t\t\t\t\t\t\t\t\t\t\t<div class=\"fusion-rollover-sep\"><\/div>\n\t\t\t\t\n\t\t\t\t\t\t\t\t\t\t\t\t\t\t\t\t\t\t<a class=\"fusion-rollover-gallery\" href=\"https:\/\/inariz.com\/wp-content\/uploads\/2024\/06\/Riz-Gout-poulet-roti.jpg\" data-id=\"5702\" data-rel=\"iLightbox[gallery-rw-1]\" data-title=\"Riz Go\u00fbt poulet r\u00f4ti\" data-caption=\"\">\n\t\t\t\t\t\tGallery\t\t\t\t\t<\/a>\n\t\t\t\t\t\t\t\t\t\t\t\t\t\t\n\t\t\t\t\n\t\t\t\t\t\t\t\t\t\t\t\t<h4 class=\"fusion-rollover-title\">\n\t\t\t\t\t<a class=\"fusion-rollover-title-link\" href=\"https:\/\/inariz.com\/it\/recipe\/riso-aromatizzato-al-pollo-arrosto-senza-carne\/\">\n\t\t\t\t\t\tRiso aromatizzato al pollo arrosto (senza carne)\t\t\t\t\t<\/a>\n\t\t\t\t<\/h4>\n\t\t\t\n\t\t\t\t\t\t\t\t\t\t\t\t\t\t\t\t\t\t\t\n\t\t\n\t\t\t\t<a class=\"fusion-link-wrapper\" href=\"https:\/\/inariz.com\/it\/recipe\/riso-aromatizzato-al-pollo-arrosto-senza-carne\/\" aria-label=\"Riso aromatizzato al pollo arrosto (senza carne)\"><\/a>\n\t<\/div>\n<\/div>\n\n\t\n<\/div>\n<div class=\"fusion-portfolio-content\"><h2 class=\"entry-title fusion-post-title\"><a href=\"https:\/\/inariz.com\/it\/recipe\/riso-aromatizzato-al-pollo-arrosto-senza-carne\/\">Riso aromatizzato al pollo arrosto (senza carne)<\/a><\/h2><div class=\"fusion-post-content\"><\/div><\/div><\/div><\/article><article id=\"portfolio-1-post-\" class=\"fusion-portfolio-post halal-it kosher-it riso vegano-vegetariano fusion-col-spacing\"><div class=\"fusion-portfolio-content-wrapper\" style=\"border:none;\"><span class=\"vcard rich-snippet-hidden\"><span class=\"fn\"><a href=\"https:\/\/inariz.com\/it\/author\/laura\/\" title=\"Articoli scritti da laura\" rel=\"author\">laura<\/a><\/span><\/span><span class=\"updated rich-snippet-hidden\">2024-09-12T15:00:36+02:00<\/span>\n\n<div  class=\"fusion-image-wrapper fusion-image-size-fixed\" aria-haspopup=\"true\">\n\t\n\t\n\t\t\n\t\t\t\t\t<img loading=\"lazy\" decoding=\"async\" width=\"300\" height=\"214\" src=\"https:\/\/inariz.com\/wp-content\/uploads\/2024\/06\/riz-a-lespagnol-300x214.jpg\" class=\"attachment-portfolio-three size-portfolio-three wp-post-image\" alt=\"\" \/>\n\t\n\n\t\t<div class=\"fusion-rollover\">\n\t<div class=\"fusion-rollover-content\">\n\n\t\t\t\t\t\t\t\t\t\t\t\t\t\t<a class=\"fusion-rollover-link\" href=\"https:\/\/inariz.com\/it\/recipe\/riso-alla-spagnola\/\">Riso alla spagnola<\/a>\n\t\t\t\n\t\t\t\t\t\t\t\t\t\t\t\t\t\t\n\t\t\t\t\t\t\t\t\n\t\t\t\t\t\t\t\t\t\t\t\t\t<div class=\"fusion-rollover-sep\"><\/div>\n\t\t\t\t\n\t\t\t\t\t\t\t\t\t\t\t\t\t\t\t\t\t\t<a class=\"fusion-rollover-gallery\" href=\"https:\/\/inariz.com\/wp-content\/uploads\/2024\/06\/riz-a-lespagnol.jpg\" data-id=\"5698\" data-rel=\"iLightbox[gallery-rw-1]\" data-title=\"riz \u00e0 l&#039;espagnol\" data-caption=\"\">\n\t\t\t\t\t\tGallery\t\t\t\t\t<\/a>\n\t\t\t\t\t\t\t\t\t\t\t\t\t\t\n\t\t\t\t\n\t\t\t\t\t\t\t\t\t\t\t\t<h4 class=\"fusion-rollover-title\">\n\t\t\t\t\t<a class=\"fusion-rollover-title-link\" href=\"https:\/\/inariz.com\/it\/recipe\/riso-alla-spagnola\/\">\n\t\t\t\t\t\tRiso alla spagnola\t\t\t\t\t<\/a>\n\t\t\t\t<\/h4>\n\t\t\t\n\t\t\t\t\t\t\t\t\t\t\t\t\t\t\t\t\t\t\t\n\t\t\n\t\t\t\t<a class=\"fusion-link-wrapper\" href=\"https:\/\/inariz.com\/it\/recipe\/riso-alla-spagnola\/\" aria-label=\"Riso alla spagnola\"><\/a>\n\t<\/div>\n<\/div>\n\n\t\n<\/div>\n<div class=\"fusion-portfolio-content\"><h2 class=\"entry-title fusion-post-title\"><a href=\"https:\/\/inariz.com\/it\/recipe\/riso-alla-spagnola\/\">Riso alla spagnola<\/a><\/h2><div class=\"fusion-post-content\"><\/div><\/div><\/div><\/article><article id=\"portfolio-1-post-\" class=\"fusion-portfolio-post cereali piatti-pronti fusion-col-spacing\"><div class=\"fusion-portfolio-content-wrapper\" style=\"border:none;\"><span class=\"vcard rich-snippet-hidden\"><span class=\"fn\"><a href=\"https:\/\/inariz.com\/it\/author\/laura\/\" title=\"Articoli scritti da laura\" rel=\"author\">laura<\/a><\/span><\/span><span class=\"updated rich-snippet-hidden\">2024-09-12T14:56:27+02:00<\/span>\n\n<div  class=\"fusion-image-wrapper fusion-image-size-fixed\" aria-haspopup=\"true\">\n\t\n\t\n\t\t\n\t\t\t\t\t<img loading=\"lazy\" decoding=\"async\" width=\"300\" height=\"214\" src=\"https:\/\/inariz.com\/wp-content\/uploads\/2024\/06\/ble-boulettes-de-viande-300x214.jpg\" class=\"attachment-portfolio-three size-portfolio-three wp-post-image\" alt=\"\" \/>\n\t\n\n\t\t<div class=\"fusion-rollover\">\n\t<div class=\"fusion-rollover-content\">\n\n\t\t\t\t\t\t\t\t\t\t\t\t\t\t<a class=\"fusion-rollover-link\" href=\"https:\/\/inariz.com\/it\/recipe\/grano-con-polpette-di-manzo\/\">Grano con polpette di manzo<\/a>\n\t\t\t\n\t\t\t\t\t\t\t\t\t\t\t\t\t\t\n\t\t\t\t\t\t\t\t\n\t\t\t\t\t\t\t\t\t\t\t\t\t<div class=\"fusion-rollover-sep\"><\/div>\n\t\t\t\t\n\t\t\t\t\t\t\t\t\t\t\t\t\t\t\t\t\t\t<a class=\"fusion-rollover-gallery\" href=\"https:\/\/inariz.com\/wp-content\/uploads\/2024\/06\/ble-boulettes-de-viande.jpg\" data-id=\"5693\" data-rel=\"iLightbox[gallery-rw-1]\" data-title=\"bl\u00e9 boulettes de viande\" data-caption=\"\">\n\t\t\t\t\t\tGallery\t\t\t\t\t<\/a>\n\t\t\t\t\t\t\t\t\t\t\t\t\t\t\n\t\t\t\t\n\t\t\t\t\t\t\t\t\t\t\t\t<h4 class=\"fusion-rollover-title\">\n\t\t\t\t\t<a class=\"fusion-rollover-title-link\" href=\"https:\/\/inariz.com\/it\/recipe\/grano-con-polpette-di-manzo\/\">\n\t\t\t\t\t\tGrano con polpette di manzo\t\t\t\t\t<\/a>\n\t\t\t\t<\/h4>\n\t\t\t\n\t\t\t\t\t\t\t\t\t\t\t\t\t\t\t\t\t\t\t\n\t\t\n\t\t\t\t<a class=\"fusion-link-wrapper\" href=\"https:\/\/inariz.com\/it\/recipe\/grano-con-polpette-di-manzo\/\" aria-label=\"Grano con polpette di manzo\"><\/a>\n\t<\/div>\n<\/div>\n\n\t\n<\/div>\n<div class=\"fusion-portfolio-content\"><h2 class=\"entry-title fusion-post-title\"><a href=\"https:\/\/inariz.com\/it\/recipe\/grano-con-polpette-di-manzo\/\">Grano con polpette di manzo<\/a><\/h2><div class=\"fusion-post-content\"><\/div><\/div><\/div><\/article><article id=\"portfolio-1-post-\" class=\"fusion-portfolio-post halal-it pasta-it piatti-pronti fusion-col-spacing\"><div class=\"fusion-portfolio-content-wrapper\" style=\"border:none;\"><span class=\"vcard rich-snippet-hidden\"><span class=\"fn\"><a href=\"https:\/\/inariz.com\/it\/author\/laura\/\" title=\"Articoli scritti da laura\" rel=\"author\">laura<\/a><\/span><\/span><span class=\"updated rich-snippet-hidden\">2024-09-12T14:48:02+02:00<\/span>\n\n<div  class=\"fusion-image-wrapper fusion-image-size-fixed\" aria-haspopup=\"true\">\n\t\n\t\n\t\t\n\t\t\t\t\t<img loading=\"lazy\" decoding=\"async\" width=\"300\" height=\"214\" src=\"https:\/\/inariz.com\/wp-content\/uploads\/2024\/05\/Fusilli-basquaise-300x214.jpg\" class=\"attachment-portfolio-three size-portfolio-three wp-post-image\" alt=\"\" \/>\n\t\n\n\t\t<div class=\"fusion-rollover\">\n\t<div class=\"fusion-rollover-content\">\n\n\t\t\t\t\t\t\t\t\t\t\t\t\t\t<a class=\"fusion-rollover-link\" href=\"https:\/\/inariz.com\/it\/recipe\/fusilli-alla-basca\/\">Fusilli alla basca<\/a>\n\t\t\t\n\t\t\t\t\t\t\t\t\t\t\t\t\t\t\n\t\t\t\t\t\t\t\t\n\t\t\t\t\t\t\t\t\t\t\t\t\t<div class=\"fusion-rollover-sep\"><\/div>\n\t\t\t\t\n\t\t\t\t\t\t\t\t\t\t\t\t\t\t\t\t\t\t<a class=\"fusion-rollover-gallery\" href=\"https:\/\/inariz.com\/wp-content\/uploads\/2024\/05\/Fusilli-basquaise.jpg\" data-id=\"5689\" data-rel=\"iLightbox[gallery-rw-1]\" data-title=\"Fusilli basquaise\" data-caption=\"\">\n\t\t\t\t\t\tGallery\t\t\t\t\t<\/a>\n\t\t\t\t\t\t\t\t\t\t\t\t\t\t\n\t\t\t\t\n\t\t\t\t\t\t\t\t\t\t\t\t<h4 class=\"fusion-rollover-title\">\n\t\t\t\t\t<a class=\"fusion-rollover-title-link\" href=\"https:\/\/inariz.com\/it\/recipe\/fusilli-alla-basca\/\">\n\t\t\t\t\t\tFusilli alla basca\t\t\t\t\t<\/a>\n\t\t\t\t<\/h4>\n\t\t\t\n\t\t\t\t\t\t\t\t\t\t\t\t\t\t\t\t\t\t\t\n\t\t\n\t\t\t\t<a class=\"fusion-link-wrapper\" href=\"https:\/\/inariz.com\/it\/recipe\/fusilli-alla-basca\/\" aria-label=\"Fusilli alla basca\"><\/a>\n\t<\/div>\n<\/div>\n\n\t\n<\/div>\n<div class=\"fusion-portfolio-content\"><h2 class=\"entry-title fusion-post-title\"><a href=\"https:\/\/inariz.com\/it\/recipe\/fusilli-alla-basca\/\">Fusilli alla basca<\/a><\/h2><div class=\"fusion-post-content\"><\/div><\/div><\/div><\/article><article id=\"portfolio-1-post-\" class=\"fusion-portfolio-post halal-it piatti-pronti fusion-col-spacing\"><div class=\"fusion-portfolio-content-wrapper\" style=\"border:none;\"><span class=\"vcard rich-snippet-hidden\"><span class=\"fn\"><a href=\"https:\/\/inariz.com\/it\/author\/laura\/\" title=\"Articoli scritti da laura\" rel=\"author\">laura<\/a><\/span><\/span><span class=\"updated rich-snippet-hidden\">2024-09-12T14:39:13+02:00<\/span>\n\n<div  class=\"fusion-image-wrapper fusion-image-size-fixed\" aria-haspopup=\"true\">\n\t\n\t\n\t\t\n\t\t\t\t\t<img loading=\"lazy\" decoding=\"async\" width=\"300\" height=\"214\" src=\"https:\/\/inariz.com\/wp-content\/uploads\/2024\/05\/tikka-massala-300x214.jpg\" class=\"attachment-portfolio-three size-portfolio-three wp-post-image\" alt=\"\" \/>\n\t\n\n\t\t<div class=\"fusion-rollover\">\n\t<div class=\"fusion-rollover-content\">\n\n\t\t\t\t\t\t\t\t\t\t\t\t\t\t<a class=\"fusion-rollover-link\" href=\"https:\/\/inariz.com\/it\/recipe\/riso-al-pollo-stile-tika-massala\/\">Riso al pollo, stile Tika Massala<\/a>\n\t\t\t\n\t\t\t\t\t\t\t\t\t\t\t\t\t\t\n\t\t\t\t\t\t\t\t\n\t\t\t\t\t\t\t\t\t\t\t\t\t<div class=\"fusion-rollover-sep\"><\/div>\n\t\t\t\t\n\t\t\t\t\t\t\t\t\t\t\t\t\t\t\t\t\t\t<a class=\"fusion-rollover-gallery\" href=\"https:\/\/inariz.com\/wp-content\/uploads\/2024\/05\/tikka-massala.jpg\" data-id=\"5686\" data-rel=\"iLightbox[gallery-rw-1]\" data-title=\"tikka massala\" data-caption=\"\">\n\t\t\t\t\t\tGallery\t\t\t\t\t<\/a>\n\t\t\t\t\t\t\t\t\t\t\t\t\t\t\n\t\t\t\t\n\t\t\t\t\t\t\t\t\t\t\t\t<h4 class=\"fusion-rollover-title\">\n\t\t\t\t\t<a class=\"fusion-rollover-title-link\" href=\"https:\/\/inariz.com\/it\/recipe\/riso-al-pollo-stile-tika-massala\/\">\n\t\t\t\t\t\tRiso al pollo, stile Tika Massala\t\t\t\t\t<\/a>\n\t\t\t\t<\/h4>\n\t\t\t\n\t\t\t\t\t\t\t\t\t\t\t\t\t\t\t\t\t\t\t\n\t\t\n\t\t\t\t<a class=\"fusion-link-wrapper\" href=\"https:\/\/inariz.com\/it\/recipe\/riso-al-pollo-stile-tika-massala\/\" aria-label=\"Riso al pollo, stile Tika Massala\"><\/a>\n\t<\/div>\n<\/div>\n\n\t\n<\/div>\n<div class=\"fusion-portfolio-content\"><h2 class=\"entry-title fusion-post-title\"><a href=\"https:\/\/inariz.com\/it\/recipe\/riso-al-pollo-stile-tika-massala\/\">Riso al pollo, stile Tika Massala<\/a><\/h2><div class=\"fusion-post-content\"><\/div><\/div><\/div><\/article><article id=\"portfolio-1-post-\" class=\"fusion-portfolio-post cereali halal-it vegano-vegetariano fusion-col-spacing\"><div class=\"fusion-portfolio-content-wrapper\" style=\"border:none;\"><span class=\"vcard rich-snippet-hidden\"><span class=\"fn\"><a href=\"https:\/\/inariz.com\/it\/author\/laura\/\" title=\"Articoli scritti da laura\" rel=\"author\">laura<\/a><\/span><\/span><span class=\"updated rich-snippet-hidden\">2024-09-12T14:34:19+02:00<\/span>\n\n<div  class=\"fusion-image-wrapper fusion-image-size-fixed\" aria-haspopup=\"true\">\n\t\n\t\n\t\t\n\t\n\t\t\t\t\t\t<div class=\"fusion-placeholder-image\" data-origheight=\"214\" data-origwidth=\"300px\" style=\"height:214px;width:300px;\"><\/div>\n\t\t\n\t\n\n\t\t<div class=\"fusion-rollover\">\n\t<div class=\"fusion-rollover-content\">\n\n\t\t\t\t\t\t\t\t\t\t\t\t\t\t<a class=\"fusion-rollover-link\" href=\"https:\/\/inariz.com\/it\/recipe\/quinoa-bulgur-pomodori-e-olive\/\">Quinoa, bulgur, pomodori e olive<\/a>\n\t\t\t\n\t\t\t\t\t\t\t\t\t\t\t\t\t\t\n\t\t\t\t\t\t\t\t\n\t\t\t\t\t\t\t\t\n\t\t\t\t\t\t\t\t\t\t\t\t\t\n\t\t\t\t\n\t\t\t\t\t\t\t\t\t\t\t\t<h4 class=\"fusion-rollover-title\">\n\t\t\t\t\t<a class=\"fusion-rollover-title-link\" href=\"https:\/\/inariz.com\/it\/recipe\/quinoa-bulgur-pomodori-e-olive\/\">\n\t\t\t\t\t\tQuinoa, bulgur, pomodori e olive\t\t\t\t\t<\/a>\n\t\t\t\t<\/h4>\n\t\t\t\n\t\t\t\t\t\t\t\t\t\t\t\t\t\t\t\t\t\t\t\n\t\t\n\t\t\t\t<a class=\"fusion-link-wrapper\" href=\"https:\/\/inariz.com\/it\/recipe\/quinoa-bulgur-pomodori-e-olive\/\" aria-label=\"Quinoa, bulgur, pomodori e olive\"><\/a>\n\t<\/div>\n<\/div>\n\n\t\n<\/div>\n<div class=\"fusion-portfolio-content\"><h2 class=\"entry-title fusion-post-title\"><a href=\"https:\/\/inariz.com\/it\/recipe\/quinoa-bulgur-pomodori-e-olive\/\">Quinoa, bulgur, pomodori e olive<\/a><\/h2><div class=\"fusion-post-content\"><\/div><\/div><\/div><\/article><article id=\"portfolio-1-post-\" class=\"fusion-portfolio-post halal-it piatti-pronti riso fusion-col-spacing\"><div class=\"fusion-portfolio-content-wrapper\" style=\"border:none;\"><span class=\"vcard rich-snippet-hidden\"><span class=\"fn\"><a href=\"https:\/\/inariz.com\/it\/author\/laura\/\" title=\"Articoli scritti da laura\" rel=\"author\">laura<\/a><\/span><\/span><span class=\"updated rich-snippet-hidden\">2024-09-12T14:31:04+02:00<\/span>\n\n<div  class=\"fusion-image-wrapper fusion-image-size-fixed\" aria-haspopup=\"true\">\n\t\n\t\n\t\t\n\t\t\t\t\t<img loading=\"lazy\" decoding=\"async\" width=\"300\" height=\"214\" src=\"https:\/\/inariz.com\/wp-content\/uploads\/2024\/05\/riz-poulet-champignons-1-300x214.jpg\" class=\"attachment-portfolio-three size-portfolio-three wp-post-image\" alt=\"\" \/>\n\t\n\n\t\t<div class=\"fusion-rollover\">\n\t<div class=\"fusion-rollover-content\">\n\n\t\t\t\t\t\t\t\t\t\t\t\t\t\t<a class=\"fusion-rollover-link\" href=\"https:\/\/inariz.com\/it\/recipe\/riso-con-pollo-e-funghi\/\">Riso con pollo e funghi<\/a>\n\t\t\t\n\t\t\t\t\t\t\t\t\t\t\t\t\t\t\n\t\t\t\t\t\t\t\t\n\t\t\t\t\t\t\t\t\t\t\t\t\t<div class=\"fusion-rollover-sep\"><\/div>\n\t\t\t\t\n\t\t\t\t\t\t\t\t\t\t\t\t\t\t\t\t\t\t<a class=\"fusion-rollover-gallery\" href=\"https:\/\/inariz.com\/wp-content\/uploads\/2024\/05\/riz-poulet-champignons-1.jpg\" data-id=\"5676\" data-rel=\"iLightbox[gallery-rw-1]\" data-title=\"riz poulet champignons\" data-caption=\"\">\n\t\t\t\t\t\tGallery\t\t\t\t\t<\/a>\n\t\t\t\t\t\t\t\t\t\t\t\t\t\t\n\t\t\t\t\n\t\t\t\t\t\t\t\t\t\t\t\t<h4 class=\"fusion-rollover-title\">\n\t\t\t\t\t<a class=\"fusion-rollover-title-link\" href=\"https:\/\/inariz.com\/it\/recipe\/riso-con-pollo-e-funghi\/\">\n\t\t\t\t\t\tRiso con pollo e funghi\t\t\t\t\t<\/a>\n\t\t\t\t<\/h4>\n\t\t\t\n\t\t\t\t\t\t\t\t\t\t\t\t\t\t\t\t\t\t\t\n\t\t\n\t\t\t\t<a class=\"fusion-link-wrapper\" href=\"https:\/\/inariz.com\/it\/recipe\/riso-con-pollo-e-funghi\/\" aria-label=\"Riso con pollo e funghi\"><\/a>\n\t<\/div>\n<\/div>\n\n\t\n<\/div>\n<div class=\"fusion-portfolio-content\"><h2 class=\"entry-title fusion-post-title\"><a href=\"https:\/\/inariz.com\/it\/recipe\/riso-con-pollo-e-funghi\/\">Riso con pollo e funghi<\/a><\/h2><div class=\"fusion-post-content\"><\/div><\/div><\/div><\/article><article id=\"portfolio-1-post-\" class=\"fusion-portfolio-post halal-it piatti-pronti riso fusion-col-spacing\"><div class=\"fusion-portfolio-content-wrapper\" style=\"border:none;\"><span class=\"vcard rich-snippet-hidden\"><span class=\"fn\"><a href=\"https:\/\/inariz.com\/it\/author\/laura\/\" title=\"Articoli scritti da laura\" rel=\"author\">laura<\/a><\/span><\/span><span class=\"updated rich-snippet-hidden\">2024-09-12T14:28:05+02:00<\/span>\n\n<div  class=\"fusion-image-wrapper fusion-image-size-fixed\" aria-haspopup=\"true\">\n\t\n\t\n\t\t\n\t\t\t\t\t<img loading=\"lazy\" decoding=\"async\" width=\"300\" height=\"214\" src=\"https:\/\/inariz.com\/wp-content\/uploads\/2024\/05\/riz-poulet-coco-curry-300x214.jpg\" class=\"attachment-portfolio-three size-portfolio-three wp-post-image\" alt=\"\" \/>\n\t\n\n\t\t<div class=\"fusion-rollover\">\n\t<div class=\"fusion-rollover-content\">\n\n\t\t\t\t\t\t\t\t\t\t\t\t\t\t<a class=\"fusion-rollover-link\" href=\"https:\/\/inariz.com\/it\/recipe\/pollo-al-curry-con-riso-e-cocco\/\">Pollo al curry con riso e cocco<\/a>\n\t\t\t\n\t\t\t\t\t\t\t\t\t\t\t\t\t\t\n\t\t\t\t\t\t\t\t\n\t\t\t\t\t\t\t\t\t\t\t\t\t<div class=\"fusion-rollover-sep\"><\/div>\n\t\t\t\t\n\t\t\t\t\t\t\t\t\t\t\t\t\t\t\t\t\t\t<a class=\"fusion-rollover-gallery\" href=\"https:\/\/inariz.com\/wp-content\/uploads\/2024\/05\/riz-poulet-coco-curry.jpg\" data-id=\"5672\" data-rel=\"iLightbox[gallery-rw-1]\" data-title=\"riz poulet coco curry\" data-caption=\"\">\n\t\t\t\t\t\tGallery\t\t\t\t\t<\/a>\n\t\t\t\t\t\t\t\t\t\t\t\t\t\t\n\t\t\t\t\n\t\t\t\t\t\t\t\t\t\t\t\t<h4 class=\"fusion-rollover-title\">\n\t\t\t\t\t<a class=\"fusion-rollover-title-link\" href=\"https:\/\/inariz.com\/it\/recipe\/pollo-al-curry-con-riso-e-cocco\/\">\n\t\t\t\t\t\tPollo al curry con riso e cocco\t\t\t\t\t<\/a>\n\t\t\t\t<\/h4>\n\t\t\t\n\t\t\t\t\t\t\t\t\t\t\t\t\t\t\t\t\t\t\t\n\t\t\n\t\t\t\t<a class=\"fusion-link-wrapper\" href=\"https:\/\/inariz.com\/it\/recipe\/pollo-al-curry-con-riso-e-cocco\/\" aria-label=\"Pollo al curry con riso e cocco\"><\/a>\n\t<\/div>\n<\/div>\n\n\t\n<\/div>\n<div class=\"fusion-portfolio-content\"><h2 class=\"entry-title fusion-post-title\"><a href=\"https:\/\/inariz.com\/it\/recipe\/pollo-al-curry-con-riso-e-cocco\/\">Pollo al curry con riso e cocco<\/a><\/h2><div class=\"fusion-post-content\"><\/div><\/div><\/div><\/article><article id=\"portfolio-1-post-\" class=\"fusion-portfolio-post cereali halal-it piatti-pronti fusion-col-spacing\"><div class=\"fusion-portfolio-content-wrapper\" style=\"border:none;\"><span class=\"vcard rich-snippet-hidden\"><span class=\"fn\"><a href=\"https:\/\/inariz.com\/it\/author\/laura\/\" title=\"Articoli scritti da laura\" rel=\"author\">laura<\/a><\/span><\/span><span class=\"updated rich-snippet-hidden\">2024-09-12T14:25:04+02:00<\/span>\n\n<div  class=\"fusion-image-wrapper fusion-image-size-fixed\" aria-haspopup=\"true\">\n\t\n\t\n\t\t\n\t\t\t\t\t<img loading=\"lazy\" decoding=\"async\" width=\"300\" height=\"214\" src=\"https:\/\/inariz.com\/wp-content\/uploads\/2024\/05\/Ble-poulet-patates-douces-300x214.jpg\" class=\"attachment-portfolio-three size-portfolio-three wp-post-image\" alt=\"\" \/>\n\t\n\n\t\t<div class=\"fusion-rollover\">\n\t<div class=\"fusion-rollover-content\">\n\n\t\t\t\t\t\t\t\t\t\t\t\t\t\t<a class=\"fusion-rollover-link\" href=\"https:\/\/inariz.com\/it\/recipe\/grano-pollo-e-patate-dolci\/\">Grano, pollo e patate dolci<\/a>\n\t\t\t\n\t\t\t\t\t\t\t\t\t\t\t\t\t\t\n\t\t\t\t\t\t\t\t\n\t\t\t\t\t\t\t\t\t\t\t\t\t<div class=\"fusion-rollover-sep\"><\/div>\n\t\t\t\t\n\t\t\t\t\t\t\t\t\t\t\t\t\t\t\t\t\t\t<a class=\"fusion-rollover-gallery\" href=\"https:\/\/inariz.com\/wp-content\/uploads\/2024\/05\/Ble-poulet-patates-douces.jpg\" data-id=\"5668\" data-rel=\"iLightbox[gallery-rw-1]\" data-title=\"Bl\u00e9 poulet patates douces\" data-caption=\"\">\n\t\t\t\t\t\tGallery\t\t\t\t\t<\/a>\n\t\t\t\t\t\t\t\t\t\t\t\t\t\t\n\t\t\t\t\n\t\t\t\t\t\t\t\t\t\t\t\t<h4 class=\"fusion-rollover-title\">\n\t\t\t\t\t<a class=\"fusion-rollover-title-link\" href=\"https:\/\/inariz.com\/it\/recipe\/grano-pollo-e-patate-dolci\/\">\n\t\t\t\t\t\tGrano, pollo e patate dolci\t\t\t\t\t<\/a>\n\t\t\t\t<\/h4>\n\t\t\t\n\t\t\t\t\t\t\t\t\t\t\t\t\t\t\t\t\t\t\t\n\t\t\n\t\t\t\t<a class=\"fusion-link-wrapper\" href=\"https:\/\/inariz.com\/it\/recipe\/grano-pollo-e-patate-dolci\/\" aria-label=\"Grano, pollo e patate dolci\"><\/a>\n\t<\/div>\n<\/div>\n\n\t\n<\/div>\n<div class=\"fusion-portfolio-content\"><h2 class=\"entry-title fusion-post-title\"><a href=\"https:\/\/inariz.com\/it\/recipe\/grano-pollo-e-patate-dolci\/\">Grano, pollo e patate dolci<\/a><\/h2><div class=\"fusion-post-content\"><\/div><\/div><\/div><\/article><article id=\"portfolio-1-post-\" class=\"fusion-portfolio-post cereali halal-it kosher-it piatti-pronti vegano-vegetariano fusion-col-spacing\"><div class=\"fusion-portfolio-content-wrapper\" style=\"border:none;\"><span class=\"vcard rich-snippet-hidden\"><span class=\"fn\"><a href=\"https:\/\/inariz.com\/it\/author\/laura\/\" title=\"Articoli scritti da laura\" rel=\"author\">laura<\/a><\/span><\/span><span class=\"updated rich-snippet-hidden\">2024-09-12T10:06:37+02:00<\/span>\n\n<div  class=\"fusion-image-wrapper fusion-image-size-fixed\" aria-haspopup=\"true\">\n\t\n\t\n\t\t\n\t\t\t\t\t<img loading=\"lazy\" decoding=\"async\" width=\"300\" height=\"214\" src=\"https:\/\/inariz.com\/wp-content\/uploads\/2024\/05\/chili-sin-carne-300x214.jpg\" class=\"attachment-portfolio-three size-portfolio-three wp-post-image\" alt=\"\" \/>\n\t\n\n\t\t<div class=\"fusion-rollover\">\n\t<div class=\"fusion-rollover-content\">\n\n\t\t\t\t\t\t\t\t\t\t\t\t\t\t<a class=\"fusion-rollover-link\" href=\"https:\/\/inariz.com\/it\/recipe\/chili-sin-carne-vegetariano\/\">Chili sin carne &#8211; vegetariano<\/a>\n\t\t\t\n\t\t\t\t\t\t\t\t\t\t\t\t\t\t\n\t\t\t\t\t\t\t\t\n\t\t\t\t\t\t\t\t\t\t\t\t\t<div class=\"fusion-rollover-sep\"><\/div>\n\t\t\t\t\n\t\t\t\t\t\t\t\t\t\t\t\t\t\t\t\t\t\t<a class=\"fusion-rollover-gallery\" href=\"https:\/\/inariz.com\/wp-content\/uploads\/2024\/05\/chili-sin-carne.jpg\" data-id=\"5664\" data-rel=\"iLightbox[gallery-rw-1]\" data-title=\"chili sin carne\" data-caption=\"\">\n\t\t\t\t\t\tGallery\t\t\t\t\t<\/a>\n\t\t\t\t\t\t\t\t\t\t\t\t\t\t\n\t\t\t\t\n\t\t\t\t\t\t\t\t\t\t\t\t<h4 class=\"fusion-rollover-title\">\n\t\t\t\t\t<a class=\"fusion-rollover-title-link\" href=\"https:\/\/inariz.com\/it\/recipe\/chili-sin-carne-vegetariano\/\">\n\t\t\t\t\t\tChili sin carne &#8211; vegetariano\t\t\t\t\t<\/a>\n\t\t\t\t<\/h4>\n\t\t\t\n\t\t\t\t\t\t\t\t\t\t\t\t\t\t\t\t\t\t\t\n\t\t\n\t\t\t\t<a class=\"fusion-link-wrapper\" href=\"https:\/\/inariz.com\/it\/recipe\/chili-sin-carne-vegetariano\/\" aria-label=\"Chili sin carne &#8211; vegetariano\"><\/a>\n\t<\/div>\n<\/div>\n\n\t\n<\/div>\n<div class=\"fusion-portfolio-content\"><h2 class=\"entry-title fusion-post-title\"><a href=\"https:\/\/inariz.com\/it\/recipe\/chili-sin-carne-vegetariano\/\">Chili sin carne &#8211; vegetariano<\/a><\/h2><div class=\"fusion-post-content\"><\/div><\/div><\/div><\/article><article id=\"portfolio-1-post-\" class=\"fusion-portfolio-post cereali halal-it piatti-pronti fusion-col-spacing\"><div class=\"fusion-portfolio-content-wrapper\" style=\"border:none;\"><span class=\"vcard rich-snippet-hidden\"><span class=\"fn\"><a href=\"https:\/\/inariz.com\/it\/author\/laura\/\" title=\"Articoli scritti da laura\" rel=\"author\">laura<\/a><\/span><\/span><span class=\"updated rich-snippet-hidden\">2024-09-12T10:03:56+02:00<\/span>\n\n<div  class=\"fusion-image-wrapper fusion-image-size-fixed\" aria-haspopup=\"true\">\n\t\n\t\n\t\t\n\t\t\t\t\t<img loading=\"lazy\" decoding=\"async\" width=\"300\" height=\"214\" src=\"https:\/\/inariz.com\/wp-content\/uploads\/2024\/04\/quinoa-chorizo-pois-chiche-300x214.jpg\" class=\"attachment-portfolio-three size-portfolio-three wp-post-image\" alt=\"\" \/>\n\t\n\n\t\t<div class=\"fusion-rollover\">\n\t<div class=\"fusion-rollover-content\">\n\n\t\t\t\t\t\t\t\t\t\t\t\t\t\t<a class=\"fusion-rollover-link\" href=\"https:\/\/inariz.com\/it\/recipe\/quinoa-ceci-e-chorizo\/\">Quinoa, ceci e chorizo<\/a>\n\t\t\t\n\t\t\t\t\t\t\t\t\t\t\t\t\t\t\n\t\t\t\t\t\t\t\t\n\t\t\t\t\t\t\t\t\t\t\t\t\t<div class=\"fusion-rollover-sep\"><\/div>\n\t\t\t\t\n\t\t\t\t\t\t\t\t\t\t\t\t\t\t\t\t\t\t<a class=\"fusion-rollover-gallery\" href=\"https:\/\/inariz.com\/wp-content\/uploads\/2024\/04\/quinoa-chorizo-pois-chiche.jpg\" data-id=\"5661\" data-rel=\"iLightbox[gallery-rw-1]\" data-title=\"quinoa chorizo pois chiche\" data-caption=\"\">\n\t\t\t\t\t\tGallery\t\t\t\t\t<\/a>\n\t\t\t\t\t\t\t\t\t\t\t\t\t\t\n\t\t\t\t\n\t\t\t\t\t\t\t\t\t\t\t\t<h4 class=\"fusion-rollover-title\">\n\t\t\t\t\t<a class=\"fusion-rollover-title-link\" href=\"https:\/\/inariz.com\/it\/recipe\/quinoa-ceci-e-chorizo\/\">\n\t\t\t\t\t\tQuinoa, ceci e chorizo\t\t\t\t\t<\/a>\n\t\t\t\t<\/h4>\n\t\t\t\n\t\t\t\t\t\t\t\t\t\t\t\t\t\t\t\t\t\t\t\n\t\t\n\t\t\t\t<a class=\"fusion-link-wrapper\" href=\"https:\/\/inariz.com\/it\/recipe\/quinoa-ceci-e-chorizo\/\" aria-label=\"Quinoa, ceci e chorizo\"><\/a>\n\t<\/div>\n<\/div>\n\n\t\n<\/div>\n<div class=\"fusion-portfolio-content\"><h2 class=\"entry-title fusion-post-title\"><a href=\"https:\/\/inariz.com\/it\/recipe\/quinoa-ceci-e-chorizo\/\">Quinoa, ceci e chorizo<\/a><\/h2><div class=\"fusion-post-content\"><\/div><\/div><\/div><\/article><article id=\"portfolio-1-post-\" class=\"fusion-portfolio-post halal-it pasta-it piatti-pronti fusion-col-spacing\"><div class=\"fusion-portfolio-content-wrapper\" style=\"border:none;\"><span class=\"vcard rich-snippet-hidden\"><span class=\"fn\"><a href=\"https:\/\/inariz.com\/it\/author\/laura\/\" title=\"Articoli scritti da laura\" rel=\"author\">laura<\/a><\/span><\/span><span class=\"updated rich-snippet-hidden\">2024-09-12T10:00:11+02:00<\/span>\n\n<div  class=\"fusion-image-wrapper fusion-image-size-fixed\" aria-haspopup=\"true\">\n\t\n\t\n\t\t\n\t\t\t\t\t<img loading=\"lazy\" decoding=\"async\" width=\"300\" height=\"214\" src=\"https:\/\/inariz.com\/wp-content\/uploads\/2024\/05\/Fusilli-boulettes-de-boeuf-tomate-et-basilic-300x214.jpg\" class=\"attachment-portfolio-three size-portfolio-three wp-post-image\" alt=\"\" \/>\n\t\n\n\t\t<div class=\"fusion-rollover\">\n\t<div class=\"fusion-rollover-content\">\n\n\t\t\t\t\t\t\t\t\t\t\t\t\t\t<a class=\"fusion-rollover-link\" href=\"https:\/\/inariz.com\/it\/recipe\/fusilli-con-polpette-di-manzo-salsa-di-pomodoro-e-basilico\/\">Fusilli con polpette di manzo, salsa di pomodoro e basilico<\/a>\n\t\t\t\n\t\t\t\t\t\t\t\t\t\t\t\t\t\t\n\t\t\t\t\t\t\t\t\n\t\t\t\t\t\t\t\t\t\t\t\t\t<div class=\"fusion-rollover-sep\"><\/div>\n\t\t\t\t\n\t\t\t\t\t\t\t\t\t\t\t\t\t\t\t\t\t\t<a class=\"fusion-rollover-gallery\" href=\"https:\/\/inariz.com\/wp-content\/uploads\/2024\/05\/Fusilli-boulettes-de-boeuf-tomate-et-basilic.jpg\" data-id=\"5656\" data-rel=\"iLightbox[gallery-rw-1]\" data-title=\"Fusilli boulettes de boeuf tomate et basilic\" data-caption=\"\">\n\t\t\t\t\t\tGallery\t\t\t\t\t<\/a>\n\t\t\t\t\t\t\t\t\t\t\t\t\t\t\n\t\t\t\t\n\t\t\t\t\t\t\t\t\t\t\t\t<h4 class=\"fusion-rollover-title\">\n\t\t\t\t\t<a class=\"fusion-rollover-title-link\" href=\"https:\/\/inariz.com\/it\/recipe\/fusilli-con-polpette-di-manzo-salsa-di-pomodoro-e-basilico\/\">\n\t\t\t\t\t\tFusilli con polpette di manzo, salsa di pomodoro e basilico\t\t\t\t\t<\/a>\n\t\t\t\t<\/h4>\n\t\t\t\n\t\t\t\t\t\t\t\t\t\t\t\t\t\t\t\t\t\t\t\n\t\t\n\t\t\t\t<a class=\"fusion-link-wrapper\" href=\"https:\/\/inariz.com\/it\/recipe\/fusilli-con-polpette-di-manzo-salsa-di-pomodoro-e-basilico\/\" aria-label=\"Fusilli con polpette di manzo, salsa di pomodoro e basilico\"><\/a>\n\t<\/div>\n<\/div>\n\n\t\n<\/div>\n<div class=\"fusion-portfolio-content\"><h2 class=\"entry-title fusion-post-title\"><a href=\"https:\/\/inariz.com\/it\/recipe\/fusilli-con-polpette-di-manzo-salsa-di-pomodoro-e-basilico\/\">Fusilli con polpette di manzo, salsa di pomodoro e basilico<\/a><\/h2><div class=\"fusion-post-content\"><\/div><\/div><\/div><\/article><article id=\"portfolio-1-post-\" class=\"fusion-portfolio-post pasta-it piatti-pronti fusion-col-spacing\"><div class=\"fusion-portfolio-content-wrapper\" style=\"border:none;\"><span class=\"vcard rich-snippet-hidden\"><span class=\"fn\"><a href=\"https:\/\/inariz.com\/it\/author\/laura\/\" title=\"Articoli scritti da laura\" rel=\"author\">laura<\/a><\/span><\/span><span class=\"updated rich-snippet-hidden\">2024-09-12T09:55:22+02:00<\/span>\n\n<div  class=\"fusion-image-wrapper fusion-image-size-fixed\" aria-haspopup=\"true\">\n\t\n\t\n\t\t\n\t\t\t\t\t<img loading=\"lazy\" decoding=\"async\" width=\"300\" height=\"214\" src=\"https:\/\/inariz.com\/wp-content\/uploads\/2024\/05\/Fusilli-a-la-francaise-300x214.jpg\" class=\"attachment-portfolio-three size-portfolio-three wp-post-image\" alt=\"\" \/>\n\t\n\n\t\t<div class=\"fusion-rollover\">\n\t<div class=\"fusion-rollover-content\">\n\n\t\t\t\t\t\t\t\t\t\t\t\t\t\t<a class=\"fusion-rollover-link\" href=\"https:\/\/inariz.com\/it\/recipe\/fusilli-alla-francese\/\">Fusilli alla francese<\/a>\n\t\t\t\n\t\t\t\t\t\t\t\t\t\t\t\t\t\t\n\t\t\t\t\t\t\t\t\n\t\t\t\t\t\t\t\t\t\t\t\t\t<div class=\"fusion-rollover-sep\"><\/div>\n\t\t\t\t\n\t\t\t\t\t\t\t\t\t\t\t\t\t\t\t\t\t\t<a class=\"fusion-rollover-gallery\" href=\"https:\/\/inariz.com\/wp-content\/uploads\/2024\/05\/Fusilli-a-la-francaise.jpg\" data-id=\"5652\" data-rel=\"iLightbox[gallery-rw-1]\" data-title=\"Fusilli \u00e0 la fran\u00e7aise\" data-caption=\"\">\n\t\t\t\t\t\tGallery\t\t\t\t\t<\/a>\n\t\t\t\t\t\t\t\t\t\t\t\t\t\t\n\t\t\t\t\n\t\t\t\t\t\t\t\t\t\t\t\t<h4 class=\"fusion-rollover-title\">\n\t\t\t\t\t<a class=\"fusion-rollover-title-link\" href=\"https:\/\/inariz.com\/it\/recipe\/fusilli-alla-francese\/\">\n\t\t\t\t\t\tFusilli alla francese\t\t\t\t\t<\/a>\n\t\t\t\t<\/h4>\n\t\t\t\n\t\t\t\t\t\t\t\t\t\t\t\t\t\t\t\t\t\t\t\n\t\t\n\t\t\t\t<a class=\"fusion-link-wrapper\" href=\"https:\/\/inariz.com\/it\/recipe\/fusilli-alla-francese\/\" aria-label=\"Fusilli alla francese\"><\/a>\n\t<\/div>\n<\/div>\n\n\t\n<\/div>\n<div class=\"fusion-portfolio-content\"><h2 class=\"entry-title fusion-post-title\"><a href=\"https:\/\/inariz.com\/it\/recipe\/fusilli-alla-francese\/\">Fusilli alla francese<\/a><\/h2><div class=\"fusion-post-content\"><\/div><\/div><\/div><\/article><article id=\"portfolio-1-post-\" class=\"fusion-portfolio-post halal-it fusion-col-spacing\"><div class=\"fusion-portfolio-content-wrapper\" style=\"border:none;\"><span class=\"vcard rich-snippet-hidden\"><span class=\"fn\"><a href=\"https:\/\/inariz.com\/it\/author\/laura\/\" title=\"Articoli scritti da laura\" rel=\"author\">laura<\/a><\/span><\/span><span class=\"updated rich-snippet-hidden\">2024-09-12T09:47:48+02:00<\/span>\n\n<div  class=\"fusion-image-wrapper fusion-image-size-fixed\" aria-haspopup=\"true\">\n\t\n\t\n\t\t\n\t\t\t\t\t<img loading=\"lazy\" decoding=\"async\" width=\"300\" height=\"214\" src=\"https:\/\/inariz.com\/wp-content\/uploads\/2024\/09\/riz-poulet-curry-vert-300x214.jpg\" class=\"attachment-portfolio-three size-portfolio-three wp-post-image\" alt=\"\" \/>\n\t\n\n\t\t<div class=\"fusion-rollover\">\n\t<div class=\"fusion-rollover-content\">\n\n\t\t\t\t\t\t\t\t\t\t\t\t\t\t<a class=\"fusion-rollover-link\" href=\"https:\/\/inariz.com\/it\/recipe\/riso-e-pollo-al-curry-verde\/\">Riso e pollo al curry verde<\/a>\n\t\t\t\n\t\t\t\t\t\t\t\t\t\t\t\t\t\t\n\t\t\t\t\t\t\t\t\n\t\t\t\t\t\t\t\t\t\t\t\t\t<div class=\"fusion-rollover-sep\"><\/div>\n\t\t\t\t\n\t\t\t\t\t\t\t\t\t\t\t\t\t\t\t\t\t\t<a class=\"fusion-rollover-gallery\" href=\"https:\/\/inariz.com\/wp-content\/uploads\/2024\/09\/riz-poulet-curry-vert.jpg\" data-id=\"5646\" data-rel=\"iLightbox[gallery-rw-1]\" data-title=\"riz poulet curry vert\" data-caption=\"\">\n\t\t\t\t\t\tGallery\t\t\t\t\t<\/a>\n\t\t\t\t\t\t\t\t\t\t\t\t\t\t\n\t\t\t\t\n\t\t\t\t\t\t\t\t\t\t\t\t<h4 class=\"fusion-rollover-title\">\n\t\t\t\t\t<a class=\"fusion-rollover-title-link\" href=\"https:\/\/inariz.com\/it\/recipe\/riso-e-pollo-al-curry-verde\/\">\n\t\t\t\t\t\tRiso e pollo al curry verde\t\t\t\t\t<\/a>\n\t\t\t\t<\/h4>\n\t\t\t\n\t\t\t\t\t\t\t\t\t\t\t\t\t\t\t\t\t\t\t\n\t\t\n\t\t\t\t<a class=\"fusion-link-wrapper\" href=\"https:\/\/inariz.com\/it\/recipe\/riso-e-pollo-al-curry-verde\/\" aria-label=\"Riso e pollo al curry verde\"><\/a>\n\t<\/div>\n<\/div>\n\n\t\n<\/div>\n<div class=\"fusion-portfolio-content\"><h2 class=\"entry-title fusion-post-title\"><a href=\"https:\/\/inariz.com\/it\/recipe\/riso-e-pollo-al-curry-verde\/\">Riso e pollo al curry verde<\/a><\/h2><div class=\"fusion-post-content\"><\/div><\/div><\/div><\/article><article id=\"portfolio-1-post-\" class=\"fusion-portfolio-post halal-it piatti-pronti riso fusion-col-spacing\"><div class=\"fusion-portfolio-content-wrapper\" style=\"border:none;\"><span class=\"vcard rich-snippet-hidden\"><span class=\"fn\"><a href=\"https:\/\/inariz.com\/it\/author\/laura\/\" title=\"Articoli scritti da laura\" rel=\"author\">laura<\/a><\/span><\/span><span class=\"updated rich-snippet-hidden\">2024-09-12T09:44:02+02:00<\/span>\n\n<div  class=\"fusion-image-wrapper fusion-image-size-fixed\" aria-haspopup=\"true\">\n\t\n\t\n\t\t\n\t\t\t\t\t<img loading=\"lazy\" decoding=\"async\" width=\"300\" height=\"214\" src=\"https:\/\/inariz.com\/wp-content\/uploads\/2024\/05\/Poulet-korma-300x214.jpg\" class=\"attachment-portfolio-three size-portfolio-three wp-post-image\" alt=\"\" \/>\n\t\n\n\t\t<div class=\"fusion-rollover\">\n\t<div class=\"fusion-rollover-content\">\n\n\t\t\t\t\t\t\t\t\t\t\t\t\t\t<a class=\"fusion-rollover-link\" href=\"https:\/\/inariz.com\/it\/recipe\/riso-e-pollo-korma\/\">Riso e pollo Korma<\/a>\n\t\t\t\n\t\t\t\t\t\t\t\t\t\t\t\t\t\t\n\t\t\t\t\t\t\t\t\n\t\t\t\t\t\t\t\t\t\t\t\t\t<div class=\"fusion-rollover-sep\"><\/div>\n\t\t\t\t\n\t\t\t\t\t\t\t\t\t\t\t\t\t\t\t\t\t\t<a class=\"fusion-rollover-gallery\" href=\"https:\/\/inariz.com\/wp-content\/uploads\/2024\/05\/Poulet-korma.jpg\" data-id=\"5643\" data-rel=\"iLightbox[gallery-rw-1]\" data-title=\"Poulet korma\" data-caption=\"\">\n\t\t\t\t\t\tGallery\t\t\t\t\t<\/a>\n\t\t\t\t\t\t\t\t\t\t\t\t\t\t\n\t\t\t\t\n\t\t\t\t\t\t\t\t\t\t\t\t<h4 class=\"fusion-rollover-title\">\n\t\t\t\t\t<a class=\"fusion-rollover-title-link\" href=\"https:\/\/inariz.com\/it\/recipe\/riso-e-pollo-korma\/\">\n\t\t\t\t\t\tRiso e pollo Korma\t\t\t\t\t<\/a>\n\t\t\t\t<\/h4>\n\t\t\t\n\t\t\t\t\t\t\t\t\t\t\t\t\t\t\t\t\t\t\t\n\t\t\n\t\t\t\t<a class=\"fusion-link-wrapper\" href=\"https:\/\/inariz.com\/it\/recipe\/riso-e-pollo-korma\/\" aria-label=\"Riso e pollo Korma\"><\/a>\n\t<\/div>\n<\/div>\n\n\t\n<\/div>\n<div class=\"fusion-portfolio-content\"><h2 class=\"entry-title fusion-post-title\"><a href=\"https:\/\/inariz.com\/it\/recipe\/riso-e-pollo-korma\/\">Riso e pollo Korma<\/a><\/h2><div class=\"fusion-post-content\"><\/div><\/div><\/div><\/article><article id=\"portfolio-1-post-\" class=\"fusion-portfolio-post halal-it piatti-pronti fusion-col-spacing\"><div class=\"fusion-portfolio-content-wrapper\" style=\"border:none;\"><span class=\"vcard rich-snippet-hidden\"><span class=\"fn\"><a href=\"https:\/\/inariz.com\/it\/author\/laura\/\" title=\"Articoli scritti da laura\" rel=\"author\">laura<\/a><\/span><\/span><span class=\"updated rich-snippet-hidden\">2024-09-12T09:38:37+02:00<\/span>\n\n<div  class=\"fusion-image-wrapper fusion-image-size-fixed\" aria-haspopup=\"true\">\n\t\n\t\n\t\t\n\t\t\t\t\t<img loading=\"lazy\" decoding=\"async\" width=\"300\" height=\"214\" src=\"https:\/\/inariz.com\/wp-content\/uploads\/2024\/05\/Poulet-Kung-pao-300x214.jpg\" class=\"attachment-portfolio-three size-portfolio-three wp-post-image\" alt=\"\" \/>\n\t\n\n\t\t<div class=\"fusion-rollover\">\n\t<div class=\"fusion-rollover-content\">\n\n\t\t\t\t\t\t\t\t\t\t\t\t\t\t<a class=\"fusion-rollover-link\" href=\"https:\/\/inariz.com\/it\/recipe\/pollo-kung-pao\/\">Pollo Kung Pao<\/a>\n\t\t\t\n\t\t\t\t\t\t\t\t\t\t\t\t\t\t\n\t\t\t\t\t\t\t\t\n\t\t\t\t\t\t\t\t\t\t\t\t\t<div class=\"fusion-rollover-sep\"><\/div>\n\t\t\t\t\n\t\t\t\t\t\t\t\t\t\t\t\t\t\t\t\t\t\t<a class=\"fusion-rollover-gallery\" href=\"https:\/\/inariz.com\/wp-content\/uploads\/2024\/05\/Poulet-Kung-pao.jpg\" data-id=\"5635\" data-rel=\"iLightbox[gallery-rw-1]\" data-title=\"Poulet Kung pao\" data-caption=\"\">\n\t\t\t\t\t\tGallery\t\t\t\t\t<\/a>\n\t\t\t\t\t\t\t\t\t\t\t\t\t\t\n\t\t\t\t\n\t\t\t\t\t\t\t\t\t\t\t\t<h4 class=\"fusion-rollover-title\">\n\t\t\t\t\t<a class=\"fusion-rollover-title-link\" href=\"https:\/\/inariz.com\/it\/recipe\/pollo-kung-pao\/\">\n\t\t\t\t\t\tPollo Kung Pao\t\t\t\t\t<\/a>\n\t\t\t\t<\/h4>\n\t\t\t\n\t\t\t\t\t\t\t\t\t\t\t\t\t\t\t\t\t\t\t\n\t\t\n\t\t\t\t<a class=\"fusion-link-wrapper\" href=\"https:\/\/inariz.com\/it\/recipe\/pollo-kung-pao\/\" aria-label=\"Pollo Kung Pao\"><\/a>\n\t<\/div>\n<\/div>\n\n\t\n<\/div>\n<div class=\"fusion-portfolio-content\"><h2 class=\"entry-title fusion-post-title\"><a href=\"https:\/\/inariz.com\/it\/recipe\/pollo-kung-pao\/\">Pollo Kung Pao<\/a><\/h2><div class=\"fusion-post-content\"><\/div><\/div><\/div><\/article><article id=\"portfolio-1-post-\" class=\"fusion-portfolio-post halal-it kosher-it riso vegano-vegetariano fusion-col-spacing\"><div class=\"fusion-portfolio-content-wrapper\" style=\"border:none;\"><span class=\"vcard rich-snippet-hidden\"><span class=\"fn\"><a href=\"https:\/\/inariz.com\/it\/author\/laura\/\" title=\"Articoli scritti da laura\" rel=\"author\">laura<\/a><\/span><\/span><span class=\"updated rich-snippet-hidden\">2024-09-23T12:49:58+02:00<\/span>\n\n<div  class=\"fusion-image-wrapper fusion-image-size-fixed\" aria-haspopup=\"true\">\n\t\n\t\n\t\t\n\t\t\t\t\t<img loading=\"lazy\" decoding=\"async\" width=\"300\" height=\"214\" src=\"https:\/\/inariz.com\/wp-content\/uploads\/2024\/04\/Oshplov-1-300x214.jpg\" class=\"attachment-portfolio-three size-portfolio-three wp-post-image\" alt=\"\" \/>\n\t\n\n\t\t<div class=\"fusion-rollover\">\n\t<div class=\"fusion-rollover-content\">\n\n\t\t\t\t\t\t\t\t\t\t\t\t\t\t<a class=\"fusion-rollover-link\" href=\"https:\/\/inariz.com\/it\/recipe\/riso-oshplov-chicco-lungo-carote-erbe-e-spezie\/\">Riso Oshplov (chicco lungo, carote, erbe e spezie)<\/a>\n\t\t\t\n\t\t\t\t\t\t\t\t\t\t\t\t\t\t\n\t\t\t\t\t\t\t\t\n\t\t\t\t\t\t\t\t\t\t\t\t\t<div class=\"fusion-rollover-sep\"><\/div>\n\t\t\t\t\n\t\t\t\t\t\t\t\t\t\t\t\t\t\t\t\t\t\t<a class=\"fusion-rollover-gallery\" href=\"https:\/\/inariz.com\/wp-content\/uploads\/2024\/04\/Oshplov-1.jpg\" data-id=\"4970\" data-rel=\"iLightbox[gallery-rw-1]\" data-title=\"Oshplov\" data-caption=\"\">\n\t\t\t\t\t\tGallery\t\t\t\t\t<\/a>\n\t\t\t\t\t\t\t\t\t\t\t\t\t\t\n\t\t\t\t\n\t\t\t\t\t\t\t\t\t\t\t\t<h4 class=\"fusion-rollover-title\">\n\t\t\t\t\t<a class=\"fusion-rollover-title-link\" href=\"https:\/\/inariz.com\/it\/recipe\/riso-oshplov-chicco-lungo-carote-erbe-e-spezie\/\">\n\t\t\t\t\t\tRiso Oshplov (chicco lungo, carote, erbe e spezie)\t\t\t\t\t<\/a>\n\t\t\t\t<\/h4>\n\t\t\t\n\t\t\t\t\t\t\t\t\t\t\t\t\t\t\t\t\t\t\t\n\t\t\n\t\t\t\t<a class=\"fusion-link-wrapper\" href=\"https:\/\/inariz.com\/it\/recipe\/riso-oshplov-chicco-lungo-carote-erbe-e-spezie\/\" aria-label=\"Riso Oshplov (chicco lungo, carote, erbe e spezie)\"><\/a>\n\t<\/div>\n<\/div>\n\n\t\n<\/div>\n<div class=\"fusion-portfolio-content\"><h2 class=\"entry-title fusion-post-title\"><a href=\"https:\/\/inariz.com\/it\/recipe\/riso-oshplov-chicco-lungo-carote-erbe-e-spezie\/\">Riso Oshplov (chicco lungo, carote, erbe e spezie)<\/a><\/h2><div class=\"fusion-post-content\"><\/div><\/div><\/div><\/article><article id=\"portfolio-1-post-\" class=\"fusion-portfolio-post halal-it kosher-it riso vegano-vegetariano fusion-col-spacing\"><div class=\"fusion-portfolio-content-wrapper\" style=\"border:none;\"><span class=\"vcard rich-snippet-hidden\"><span class=\"fn\"><a href=\"https:\/\/inariz.com\/it\/author\/laura\/\" title=\"Articoli scritti da laura\" rel=\"author\">laura<\/a><\/span><\/span><span class=\"updated rich-snippet-hidden\">2024-06-05T15:10:06+02:00<\/span>\n\n<div  class=\"fusion-image-wrapper fusion-image-size-fixed\" aria-haspopup=\"true\">\n\t\n\t\n\t\t\n\t\t\t\t\t<img loading=\"lazy\" decoding=\"async\" width=\"300\" height=\"214\" src=\"https:\/\/inariz.com\/wp-content\/uploads\/2024\/04\/Rie-Moyen-orient-300x214.jpg\" class=\"attachment-portfolio-three size-portfolio-three wp-post-image\" alt=\"\" \/>\n\t\n\n\t\t<div class=\"fusion-rollover\">\n\t<div class=\"fusion-rollover-content\">\n\n\t\t\t\t\t\t\t\t\t\t\t\t\t\t<a class=\"fusion-rollover-link\" href=\"https:\/\/inariz.com\/it\/recipe\/riso-in-medio-oriente\/\">Riso in Medio Oriente<\/a>\n\t\t\t\n\t\t\t\t\t\t\t\t\t\t\t\t\t\t\n\t\t\t\t\t\t\t\t\n\t\t\t\t\t\t\t\t\t\t\t\t\t<div class=\"fusion-rollover-sep\"><\/div>\n\t\t\t\t\n\t\t\t\t\t\t\t\t\t\t\t\t\t\t\t\t\t\t<a class=\"fusion-rollover-gallery\" href=\"https:\/\/inariz.com\/wp-content\/uploads\/2024\/04\/Rie-Moyen-orient.jpg\" data-id=\"4963\" data-rel=\"iLightbox[gallery-rw-1]\" data-title=\"Rie Moyen orient\" data-caption=\"\">\n\t\t\t\t\t\tGallery\t\t\t\t\t<\/a>\n\t\t\t\t\t\t\t\t\t\t\t\t\t\t\n\t\t\t\t\n\t\t\t\t\t\t\t\t\t\t\t\t<h4 class=\"fusion-rollover-title\">\n\t\t\t\t\t<a class=\"fusion-rollover-title-link\" href=\"https:\/\/inariz.com\/it\/recipe\/riso-in-medio-oriente\/\">\n\t\t\t\t\t\tRiso in Medio Oriente\t\t\t\t\t<\/a>\n\t\t\t\t<\/h4>\n\t\t\t\n\t\t\t\t\t\t\t\t\t\t\t\t\t\t\t\t\t\t\t\n\t\t\n\t\t\t\t<a class=\"fusion-link-wrapper\" href=\"https:\/\/inariz.com\/it\/recipe\/riso-in-medio-oriente\/\" aria-label=\"Riso in Medio Oriente\"><\/a>\n\t<\/div>\n<\/div>\n\n\t\n<\/div>\n<div class=\"fusion-portfolio-content\"><h2 class=\"entry-title fusion-post-title\"><a href=\"https:\/\/inariz.com\/it\/recipe\/riso-in-medio-oriente\/\">Riso in Medio Oriente<\/a><\/h2><div class=\"fusion-post-content\"><\/div><\/div><\/div><\/article><article id=\"portfolio-1-post-\" class=\"fusion-portfolio-post halal-it kosher-it riso vegano-vegetariano fusion-col-spacing\"><div class=\"fusion-portfolio-content-wrapper\" style=\"border:none;\"><span class=\"vcard rich-snippet-hidden\"><span class=\"fn\"><a href=\"https:\/\/inariz.com\/it\/author\/laura\/\" title=\"Articoli scritti da laura\" rel=\"author\">laura<\/a><\/span><\/span><span class=\"updated rich-snippet-hidden\">2024-06-04T15:57:07+02:00<\/span>\n\n<div  class=\"fusion-image-wrapper fusion-image-size-fixed\" aria-haspopup=\"true\">\n\t\n\t\n\t\t\n\t\t\t\t\t<img loading=\"lazy\" decoding=\"async\" width=\"300\" height=\"214\" src=\"https:\/\/inariz.com\/wp-content\/uploads\/2024\/06\/Majadra-300x214.jpg\" class=\"attachment-portfolio-three size-portfolio-three wp-post-image\" alt=\"\" \/>\n\t\n\n\t\t<div class=\"fusion-rollover\">\n\t<div class=\"fusion-rollover-content\">\n\n\t\t\t\t\t\t\t\t\t\t\t\t\t\t<a class=\"fusion-rollover-link\" href=\"https:\/\/inariz.com\/it\/recipe\/riso-libanese-majadra\/\">Riso libanese Majadra<\/a>\n\t\t\t\n\t\t\t\t\t\t\t\t\t\t\t\t\t\t\n\t\t\t\t\t\t\t\t\n\t\t\t\t\t\t\t\t\t\t\t\t\t<div class=\"fusion-rollover-sep\"><\/div>\n\t\t\t\t\n\t\t\t\t\t\t\t\t\t\t\t\t\t\t\t\t\t\t<a class=\"fusion-rollover-gallery\" href=\"https:\/\/inariz.com\/wp-content\/uploads\/2024\/06\/Majadra.jpg\" data-id=\"4937\" data-rel=\"iLightbox[gallery-rw-1]\" data-title=\"Majadra\" data-caption=\"\">\n\t\t\t\t\t\tGallery\t\t\t\t\t<\/a>\n\t\t\t\t\t\t\t\t\t\t\t\t\t\t\n\t\t\t\t\n\t\t\t\t\t\t\t\t\t\t\t\t<h4 class=\"fusion-rollover-title\">\n\t\t\t\t\t<a class=\"fusion-rollover-title-link\" href=\"https:\/\/inariz.com\/it\/recipe\/riso-libanese-majadra\/\">\n\t\t\t\t\t\tRiso libanese Majadra\t\t\t\t\t<\/a>\n\t\t\t\t<\/h4>\n\t\t\t\n\t\t\t\t\t\t\t\t\t\t\t\t\t\t\t\t\t\t\t\n\t\t\n\t\t\t\t<a class=\"fusion-link-wrapper\" href=\"https:\/\/inariz.com\/it\/recipe\/riso-libanese-majadra\/\" aria-label=\"Riso libanese Majadra\"><\/a>\n\t<\/div>\n<\/div>\n\n\t\n<\/div>\n<div class=\"fusion-portfolio-content\"><h2 class=\"entry-title fusion-post-title\"><a href=\"https:\/\/inariz.com\/it\/recipe\/riso-libanese-majadra\/\">Riso libanese Majadra<\/a><\/h2><div class=\"fusion-post-content\"><\/div><\/div><\/div><\/article><article id=\"portfolio-1-post-\" class=\"fusion-portfolio-post halal-it kosher-it riso vegano-vegetariano fusion-col-spacing\"><div class=\"fusion-portfolio-content-wrapper\" style=\"border:none;\"><span class=\"vcard rich-snippet-hidden\"><span class=\"fn\"><a href=\"https:\/\/inariz.com\/it\/author\/laura\/\" title=\"Articoli scritti da laura\" rel=\"author\">laura<\/a><\/span><\/span><span class=\"updated rich-snippet-hidden\">2024-06-04T15:50:11+02:00<\/span>\n\n<div  class=\"fusion-image-wrapper fusion-image-size-fixed\" aria-haspopup=\"true\">\n\t\n\t\n\t\t\n\t\t\t\t\t<img loading=\"lazy\" decoding=\"async\" width=\"300\" height=\"214\" src=\"https:\/\/inariz.com\/wp-content\/uploads\/2024\/04\/Riz-olives-ail-300x214.jpg\" class=\"attachment-portfolio-three size-portfolio-three wp-post-image\" alt=\"\" \/>\n\t\n\n\t\t<div class=\"fusion-rollover\">\n\t<div class=\"fusion-rollover-content\">\n\n\t\t\t\t\t\t\t\t\t\t\t\t\t\t<a class=\"fusion-rollover-link\" href=\"https:\/\/inariz.com\/it\/recipe\/riso-greco\/\">Riso greco<\/a>\n\t\t\t\n\t\t\t\t\t\t\t\t\t\t\t\t\t\t\n\t\t\t\t\t\t\t\t\n\t\t\t\t\t\t\t\t\t\t\t\t\t<div class=\"fusion-rollover-sep\"><\/div>\n\t\t\t\t\n\t\t\t\t\t\t\t\t\t\t\t\t\t\t\t\t\t\t<a class=\"fusion-rollover-gallery\" href=\"https:\/\/inariz.com\/wp-content\/uploads\/2024\/04\/Riz-olives-ail.jpg\" data-id=\"4931\" data-rel=\"iLightbox[gallery-rw-1]\" data-title=\"Riz olives &amp; ail\" data-caption=\"\">\n\t\t\t\t\t\tGallery\t\t\t\t\t<\/a>\n\t\t\t\t\t\t\t\t\t\t\t\t\t\t\n\t\t\t\t\n\t\t\t\t\t\t\t\t\t\t\t\t<h4 class=\"fusion-rollover-title\">\n\t\t\t\t\t<a class=\"fusion-rollover-title-link\" href=\"https:\/\/inariz.com\/it\/recipe\/riso-greco\/\">\n\t\t\t\t\t\tRiso greco\t\t\t\t\t<\/a>\n\t\t\t\t<\/h4>\n\t\t\t\n\t\t\t\t\t\t\t\t\t\t\t\t\t\t\t\t\t\t\t\n\t\t\n\t\t\t\t<a class=\"fusion-link-wrapper\" href=\"https:\/\/inariz.com\/it\/recipe\/riso-greco\/\" aria-label=\"Riso greco\"><\/a>\n\t<\/div>\n<\/div>\n\n\t\n<\/div>\n<div class=\"fusion-portfolio-content\"><h2 class=\"entry-title fusion-post-title\"><a href=\"https:\/\/inariz.com\/it\/recipe\/riso-greco\/\">Riso greco<\/a><\/h2><div class=\"fusion-post-content\"><\/div><\/div><\/div><\/article><article id=\"portfolio-1-post-\" class=\"fusion-portfolio-post halal-it kosher-it riso vegano-vegetariano fusion-col-spacing\"><div class=\"fusion-portfolio-content-wrapper\" style=\"border:none;\"><span class=\"vcard rich-snippet-hidden\"><span class=\"fn\"><a href=\"https:\/\/inariz.com\/it\/author\/laura\/\" title=\"Articoli scritti da laura\" rel=\"author\">laura<\/a><\/span><\/span><span class=\"updated rich-snippet-hidden\">2024-06-04T15:27:41+02:00<\/span>\n\n<div  class=\"fusion-image-wrapper fusion-image-size-fixed\" aria-haspopup=\"true\">\n\t\n\t\n\t\t\n\t\t\t\t\t<img loading=\"lazy\" decoding=\"async\" width=\"300\" height=\"214\" src=\"https:\/\/inariz.com\/wp-content\/uploads\/2024\/04\/IMG_0865-2-300x214.jpeg\" class=\"attachment-portfolio-three size-portfolio-three wp-post-image\" alt=\"\" \/>\n\t\n\n\t\t<div class=\"fusion-rollover\">\n\t<div class=\"fusion-rollover-content\">\n\n\t\t\t\t\t\t\t\t\t\t\t\t\t\t<a class=\"fusion-rollover-link\" href=\"https:\/\/inariz.com\/it\/recipe\/riso-con-verdure-del-sole\/\">Riso con verdure del sole<\/a>\n\t\t\t\n\t\t\t\t\t\t\t\t\t\t\t\t\t\t\n\t\t\t\t\t\t\t\t\n\t\t\t\t\t\t\t\t\t\t\t\t\t<div class=\"fusion-rollover-sep\"><\/div>\n\t\t\t\t\n\t\t\t\t\t\t\t\t\t\t\t\t\t\t\t\t\t\t<a class=\"fusion-rollover-gallery\" href=\"https:\/\/inariz.com\/wp-content\/uploads\/2024\/04\/IMG_0865-2-scaled.jpeg\" data-id=\"4927\" data-rel=\"iLightbox[gallery-rw-1]\" data-title=\"IMG_0865\" data-caption=\"\">\n\t\t\t\t\t\tGallery\t\t\t\t\t<\/a>\n\t\t\t\t\t\t\t\t\t\t\t\t\t\t\n\t\t\t\t\n\t\t\t\t\t\t\t\t\t\t\t\t<h4 class=\"fusion-rollover-title\">\n\t\t\t\t\t<a class=\"fusion-rollover-title-link\" href=\"https:\/\/inariz.com\/it\/recipe\/riso-con-verdure-del-sole\/\">\n\t\t\t\t\t\tRiso con verdure del sole\t\t\t\t\t<\/a>\n\t\t\t\t<\/h4>\n\t\t\t\n\t\t\t\t\t\t\t\t\t\t\t\t\t\t\t\t\t\t\t\n\t\t\n\t\t\t\t<a class=\"fusion-link-wrapper\" href=\"https:\/\/inariz.com\/it\/recipe\/riso-con-verdure-del-sole\/\" aria-label=\"Riso con verdure del sole\"><\/a>\n\t<\/div>\n<\/div>\n\n\t\n<\/div>\n<div class=\"fusion-portfolio-content\"><h2 class=\"entry-title fusion-post-title\"><a href=\"https:\/\/inariz.com\/it\/recipe\/riso-con-verdure-del-sole\/\">Riso con verdure del sole<\/a><\/h2><div class=\"fusion-post-content\"><\/div><\/div><\/div><\/article><article id=\"portfolio-1-post-\" class=\"fusion-portfolio-post halal-it kosher-it riso vegano-vegetariano fusion-col-spacing\"><div class=\"fusion-portfolio-content-wrapper\" style=\"border:none;\"><span class=\"vcard rich-snippet-hidden\"><span class=\"fn\"><a href=\"https:\/\/inariz.com\/it\/author\/laura\/\" title=\"Articoli scritti da laura\" rel=\"author\">laura<\/a><\/span><\/span><span class=\"updated rich-snippet-hidden\">2024-06-05T15:06:34+02:00<\/span>\n\n<div  class=\"fusion-image-wrapper fusion-image-size-fixed\" aria-haspopup=\"true\">\n\t\n\t\n\t\t\n\t\t\t\t\t<img loading=\"lazy\" decoding=\"async\" width=\"300\" height=\"214\" src=\"https:\/\/inariz.com\/wp-content\/uploads\/2024\/06\/riz-saute-300x214.jpg\" class=\"attachment-portfolio-three size-portfolio-three wp-post-image\" alt=\"\" \/>\n\t\n\n\t\t<div class=\"fusion-rollover\">\n\t<div class=\"fusion-rollover-content\">\n\n\t\t\t\t\t\t\t\t\t\t\t\t\t\t<a class=\"fusion-rollover-link\" href=\"https:\/\/inariz.com\/it\/recipe\/riso-fritto\/\">riso fritto<\/a>\n\t\t\t\n\t\t\t\t\t\t\t\t\t\t\t\t\t\t\n\t\t\t\t\t\t\t\t\n\t\t\t\t\t\t\t\t\t\t\t\t\t<div class=\"fusion-rollover-sep\"><\/div>\n\t\t\t\t\n\t\t\t\t\t\t\t\t\t\t\t\t\t\t\t\t\t\t<a class=\"fusion-rollover-gallery\" href=\"https:\/\/inariz.com\/wp-content\/uploads\/2024\/06\/riz-saute.jpg\" data-id=\"4923\" data-rel=\"iLightbox[gallery-rw-1]\" data-title=\"riz saut\u00e9\" data-caption=\"\">\n\t\t\t\t\t\tGallery\t\t\t\t\t<\/a>\n\t\t\t\t\t\t\t\t\t\t\t\t\t\t\n\t\t\t\t\n\t\t\t\t\t\t\t\t\t\t\t\t<h4 class=\"fusion-rollover-title\">\n\t\t\t\t\t<a class=\"fusion-rollover-title-link\" href=\"https:\/\/inariz.com\/it\/recipe\/riso-fritto\/\">\n\t\t\t\t\t\triso fritto\t\t\t\t\t<\/a>\n\t\t\t\t<\/h4>\n\t\t\t\n\t\t\t\t\t\t\t\t\t\t\t\t\t\t\t\t\t\t\t\n\t\t\n\t\t\t\t<a class=\"fusion-link-wrapper\" href=\"https:\/\/inariz.com\/it\/recipe\/riso-fritto\/\" aria-label=\"riso fritto\"><\/a>\n\t<\/div>\n<\/div>\n\n\t\n<\/div>\n<div class=\"fusion-portfolio-content\"><h2 class=\"entry-title fusion-post-title\"><a href=\"https:\/\/inariz.com\/it\/recipe\/riso-fritto\/\">riso fritto<\/a><\/h2><div class=\"fusion-post-content\"><\/div><\/div><\/div><\/article><article id=\"portfolio-1-post-\" class=\"fusion-portfolio-post halal-it kosher-it riso tradizionale vegano-vegetariano fusion-col-spacing\"><div class=\"fusion-portfolio-content-wrapper\" style=\"border:none;\"><span class=\"vcard rich-snippet-hidden\"><span class=\"fn\"><a href=\"https:\/\/inariz.com\/it\/author\/laura\/\" title=\"Articoli scritti da laura\" rel=\"author\">laura<\/a><\/span><\/span><span class=\"updated rich-snippet-hidden\">2024-09-23T12:52:12+02:00<\/span>\n\n<div  class=\"fusion-image-wrapper fusion-image-size-fixed\" aria-haspopup=\"true\">\n\t\n\t\n\t\t\n\t\t\t\t\t<img loading=\"lazy\" decoding=\"async\" width=\"300\" height=\"214\" src=\"https:\/\/inariz.com\/wp-content\/uploads\/2024\/06\/Djuvec-300x214.jpg\" class=\"attachment-portfolio-three size-portfolio-three wp-post-image\" alt=\"\" \/>\n\t\n\n\t\t<div class=\"fusion-rollover\">\n\t<div class=\"fusion-rollover-content\">\n\n\t\t\t\t\t\t\t\t\t\t\t\t\t\t<a class=\"fusion-rollover-link\" href=\"https:\/\/inariz.com\/it\/recipe\/riso-alla-djuvec-con-pomodori-e-verdure\/\">Riso alla Djuvec con pomodori e verdure<\/a>\n\t\t\t\n\t\t\t\t\t\t\t\t\t\t\t\t\t\t\n\t\t\t\t\t\t\t\t\n\t\t\t\t\t\t\t\t\t\t\t\t\t<div class=\"fusion-rollover-sep\"><\/div>\n\t\t\t\t\n\t\t\t\t\t\t\t\t\t\t\t\t\t\t\t\t\t\t<a class=\"fusion-rollover-gallery\" href=\"https:\/\/inariz.com\/wp-content\/uploads\/2024\/06\/Djuvec.jpg\" data-id=\"4918\" data-rel=\"iLightbox[gallery-rw-1]\" data-title=\"Djuvec\" data-caption=\"\">\n\t\t\t\t\t\tGallery\t\t\t\t\t<\/a>\n\t\t\t\t\t\t\t\t\t\t\t\t\t\t\n\t\t\t\t\n\t\t\t\t\t\t\t\t\t\t\t\t<h4 class=\"fusion-rollover-title\">\n\t\t\t\t\t<a class=\"fusion-rollover-title-link\" href=\"https:\/\/inariz.com\/it\/recipe\/riso-alla-djuvec-con-pomodori-e-verdure\/\">\n\t\t\t\t\t\tRiso alla Djuvec con pomodori e verdure\t\t\t\t\t<\/a>\n\t\t\t\t<\/h4>\n\t\t\t\n\t\t\t\t\t\t\t\t\t\t\t\t\t\t\t\t\t\t\t\n\t\t\n\t\t\t\t<a class=\"fusion-link-wrapper\" href=\"https:\/\/inariz.com\/it\/recipe\/riso-alla-djuvec-con-pomodori-e-verdure\/\" aria-label=\"Riso alla Djuvec con pomodori e verdure\"><\/a>\n\t<\/div>\n<\/div>\n\n\t\n<\/div>\n<div class=\"fusion-portfolio-content\"><h2 class=\"entry-title fusion-post-title\"><a href=\"https:\/\/inariz.com\/it\/recipe\/riso-alla-djuvec-con-pomodori-e-verdure\/\">Riso alla Djuvec con pomodori e verdure<\/a><\/h2><div class=\"fusion-post-content\"><\/div><\/div><\/div><\/article><article id=\"portfolio-1-post-\" class=\"fusion-portfolio-post halal-it kosher-it riso vegano-vegetariano fusion-col-spacing\"><div class=\"fusion-portfolio-content-wrapper\" style=\"border:none;\"><span class=\"vcard rich-snippet-hidden\"><span class=\"fn\"><a href=\"https:\/\/inariz.com\/it\/author\/laura\/\" title=\"Articoli scritti da laura\" rel=\"author\">laura<\/a><\/span><\/span><span class=\"updated rich-snippet-hidden\">2024-06-04T14:51:59+02:00<\/span>\n\n<div  class=\"fusion-image-wrapper fusion-image-size-fixed\" aria-haspopup=\"true\">\n\t\n\t\n\t\t\n\t\t\t\t\t<img loading=\"lazy\" decoding=\"async\" width=\"300\" height=\"214\" src=\"https:\/\/inariz.com\/wp-content\/uploads\/2024\/04\/Riz-curry-legumes-1-300x214.jpg\" class=\"attachment-portfolio-three size-portfolio-three wp-post-image\" alt=\"\" \/>\n\t\n\n\t\t<div class=\"fusion-rollover\">\n\t<div class=\"fusion-rollover-content\">\n\n\t\t\t\t\t\t\t\t\t\t\t\t\t\t<a class=\"fusion-rollover-link\" href=\"https:\/\/inariz.com\/it\/recipe\/riso-con-curry-e-verdure\/\">Riso con curry e verdure<\/a>\n\t\t\t\n\t\t\t\t\t\t\t\t\t\t\t\t\t\t\n\t\t\t\t\t\t\t\t\n\t\t\t\t\t\t\t\t\t\t\t\t\t<div class=\"fusion-rollover-sep\"><\/div>\n\t\t\t\t\n\t\t\t\t\t\t\t\t\t\t\t\t\t\t\t\t\t\t<a class=\"fusion-rollover-gallery\" href=\"https:\/\/inariz.com\/wp-content\/uploads\/2024\/04\/Riz-curry-legumes-1.jpg\" data-id=\"4913\" data-rel=\"iLightbox[gallery-rw-1]\" data-title=\"Riz curry l\u00e9gumes\" data-caption=\"\">\n\t\t\t\t\t\tGallery\t\t\t\t\t<\/a>\n\t\t\t\t\t\t\t\t\t\t\t\t\t\t\n\t\t\t\t\n\t\t\t\t\t\t\t\t\t\t\t\t<h4 class=\"fusion-rollover-title\">\n\t\t\t\t\t<a class=\"fusion-rollover-title-link\" href=\"https:\/\/inariz.com\/it\/recipe\/riso-con-curry-e-verdure\/\">\n\t\t\t\t\t\tRiso con curry e verdure\t\t\t\t\t<\/a>\n\t\t\t\t<\/h4>\n\t\t\t\n\t\t\t\t\t\t\t\t\t\t\t\t\t\t\t\t\t\t\t\n\t\t\n\t\t\t\t<a class=\"fusion-link-wrapper\" href=\"https:\/\/inariz.com\/it\/recipe\/riso-con-curry-e-verdure\/\" aria-label=\"Riso con curry e verdure\"><\/a>\n\t<\/div>\n<\/div>\n\n\t\n<\/div>\n<div class=\"fusion-portfolio-content\"><h2 class=\"entry-title fusion-post-title\"><a href=\"https:\/\/inariz.com\/it\/recipe\/riso-con-curry-e-verdure\/\">Riso con curry e verdure<\/a><\/h2><div class=\"fusion-post-content\"><\/div><\/div><\/div><\/article><article id=\"portfolio-1-post-\" class=\"fusion-portfolio-post halal-it kosher-it riso vegano-vegetariano fusion-col-spacing\"><div class=\"fusion-portfolio-content-wrapper\" style=\"border:none;\"><span class=\"vcard rich-snippet-hidden\"><span class=\"fn\"><a href=\"https:\/\/inariz.com\/it\/author\/laura\/\" title=\"Articoli scritti da laura\" rel=\"author\">laura<\/a><\/span><\/span><span class=\"updated rich-snippet-hidden\">2024-09-23T12:52:58+02:00<\/span>\n\n<div  class=\"fusion-image-wrapper fusion-image-size-fixed\" aria-haspopup=\"true\">\n\t\n\t\n\t\t\n\t\t\t\t\t<img loading=\"lazy\" decoding=\"async\" width=\"300\" height=\"214\" src=\"https:\/\/inariz.com\/wp-content\/uploads\/2024\/04\/riz-gout-mais-et-poulet-300x214.jpg\" class=\"attachment-portfolio-three size-portfolio-three wp-post-image\" alt=\"\" \/>\n\t\n\n\t\t<div class=\"fusion-rollover\">\n\t<div class=\"fusion-rollover-content\">\n\n\t\t\t\t\t\t\t\t\t\t\t\t\t\t<a class=\"fusion-rollover-link\" href=\"https:\/\/inariz.com\/it\/recipe\/riso-con-pollo-e-mais\/\">Riso con pollo e mais<\/a>\n\t\t\t\n\t\t\t\t\t\t\t\t\t\t\t\t\t\t\n\t\t\t\t\t\t\t\t\n\t\t\t\t\t\t\t\t\t\t\t\t\t<div class=\"fusion-rollover-sep\"><\/div>\n\t\t\t\t\n\t\t\t\t\t\t\t\t\t\t\t\t\t\t\t\t\t\t<a class=\"fusion-rollover-gallery\" href=\"https:\/\/inariz.com\/wp-content\/uploads\/2024\/04\/riz-gout-mais-et-poulet.jpg\" data-id=\"4877\" data-rel=\"iLightbox[gallery-rw-1]\" data-title=\"riz go\u00fbt ma\u00efs et poulet\" data-caption=\"\">\n\t\t\t\t\t\tGallery\t\t\t\t\t<\/a>\n\t\t\t\t\t\t\t\t\t\t\t\t\t\t\n\t\t\t\t\n\t\t\t\t\t\t\t\t\t\t\t\t<h4 class=\"fusion-rollover-title\">\n\t\t\t\t\t<a class=\"fusion-rollover-title-link\" href=\"https:\/\/inariz.com\/it\/recipe\/riso-con-pollo-e-mais\/\">\n\t\t\t\t\t\tRiso con pollo e mais\t\t\t\t\t<\/a>\n\t\t\t\t<\/h4>\n\t\t\t\n\t\t\t\t\t\t\t\t\t\t\t\t\t\t\t\t\t\t\t\n\t\t\n\t\t\t\t<a class=\"fusion-link-wrapper\" href=\"https:\/\/inariz.com\/it\/recipe\/riso-con-pollo-e-mais\/\" aria-label=\"Riso con pollo e mais\"><\/a>\n\t<\/div>\n<\/div>\n\n\t\n<\/div>\n<div class=\"fusion-portfolio-content\"><h2 class=\"entry-title fusion-post-title\"><a href=\"https:\/\/inariz.com\/it\/recipe\/riso-con-pollo-e-mais\/\">Riso con pollo e mais<\/a><\/h2><div class=\"fusion-post-content\"><\/div><\/div><\/div><\/article><article id=\"portfolio-1-post-\" class=\"fusion-portfolio-post halal-it kosher-it riso tradizionale vegano-vegetariano fusion-col-spacing\"><div class=\"fusion-portfolio-content-wrapper\" style=\"border:none;\"><span class=\"vcard rich-snippet-hidden\"><span class=\"fn\"><a href=\"https:\/\/inariz.com\/it\/author\/laura\/\" title=\"Articoli scritti da laura\" rel=\"author\">laura<\/a><\/span><\/span><span class=\"updated rich-snippet-hidden\">2024-06-03T16:07:48+02:00<\/span>\n\n<div  class=\"fusion-image-wrapper fusion-image-size-fixed\" aria-haspopup=\"true\">\n\t\n\t\n\t\t\n\t\t\t\t\t<img loading=\"lazy\" decoding=\"async\" width=\"300\" height=\"214\" src=\"https:\/\/inariz.com\/wp-content\/uploads\/2024\/04\/riz-safran-300x214.jpg\" class=\"attachment-portfolio-three size-portfolio-three wp-post-image\" alt=\"\" \/>\n\t\n\n\t\t<div class=\"fusion-rollover\">\n\t<div class=\"fusion-rollover-content\">\n\n\t\t\t\t\t\t\t\t\t\t\t\t\t\t<a class=\"fusion-rollover-link\" href=\"https:\/\/inariz.com\/it\/recipe\/riso-con-zafferano\/\">Riso con zafferano<\/a>\n\t\t\t\n\t\t\t\t\t\t\t\t\t\t\t\t\t\t\n\t\t\t\t\t\t\t\t\n\t\t\t\t\t\t\t\t\t\t\t\t\t<div class=\"fusion-rollover-sep\"><\/div>\n\t\t\t\t\n\t\t\t\t\t\t\t\t\t\t\t\t\t\t\t\t\t\t<a class=\"fusion-rollover-gallery\" href=\"https:\/\/inariz.com\/wp-content\/uploads\/2024\/04\/riz-safran.jpg\" data-id=\"4872\" data-rel=\"iLightbox[gallery-rw-1]\" data-title=\"riz safran\" data-caption=\"\">\n\t\t\t\t\t\tGallery\t\t\t\t\t<\/a>\n\t\t\t\t\t\t\t\t\t\t\t\t\t\t\n\t\t\t\t\n\t\t\t\t\t\t\t\t\t\t\t\t<h4 class=\"fusion-rollover-title\">\n\t\t\t\t\t<a class=\"fusion-rollover-title-link\" href=\"https:\/\/inariz.com\/it\/recipe\/riso-con-zafferano\/\">\n\t\t\t\t\t\tRiso con zafferano\t\t\t\t\t<\/a>\n\t\t\t\t<\/h4>\n\t\t\t\n\t\t\t\t\t\t\t\t\t\t\t\t\t\t\t\t\t\t\t\n\t\t\n\t\t\t\t<a class=\"fusion-link-wrapper\" href=\"https:\/\/inariz.com\/it\/recipe\/riso-con-zafferano\/\" aria-label=\"Riso con zafferano\"><\/a>\n\t<\/div>\n<\/div>\n\n\t\n<\/div>\n<div class=\"fusion-portfolio-content\"><h2 class=\"entry-title fusion-post-title\"><a href=\"https:\/\/inariz.com\/it\/recipe\/riso-con-zafferano\/\">Riso con zafferano<\/a><\/h2><div class=\"fusion-post-content\"><\/div><\/div><\/div><\/article><article id=\"portfolio-1-post-\" class=\"fusion-portfolio-post halal-it kosher-it originale-it riso vegano-vegetariano fusion-col-spacing\"><div class=\"fusion-portfolio-content-wrapper\" style=\"border:none;\"><span class=\"vcard rich-snippet-hidden\"><span class=\"fn\"><a href=\"https:\/\/inariz.com\/it\/author\/laura\/\" title=\"Articoli scritti da laura\" rel=\"author\">laura<\/a><\/span><\/span><span class=\"updated rich-snippet-hidden\">2024-06-03T16:01:59+02:00<\/span>\n\n<div  class=\"fusion-image-wrapper fusion-image-size-fixed\" aria-haspopup=\"true\">\n\t\n\t\n\t\t\n\t\t\t\t\t<img loading=\"lazy\" decoding=\"async\" width=\"300\" height=\"214\" src=\"https:\/\/inariz.com\/wp-content\/uploads\/2024\/04\/Riz-fromage-brocolis-300x214.jpg\" class=\"attachment-portfolio-three size-portfolio-three wp-post-image\" alt=\"\" \/>\n\t\n\n\t\t<div class=\"fusion-rollover\">\n\t<div class=\"fusion-rollover-content\">\n\n\t\t\t\t\t\t\t\t\t\t\t\t\t\t<a class=\"fusion-rollover-link\" href=\"https:\/\/inariz.com\/it\/recipe\/riso-con-broccoli-e-cheddar\/\">Riso con broccoli e cheddar<\/a>\n\t\t\t\n\t\t\t\t\t\t\t\t\t\t\t\t\t\t\n\t\t\t\t\t\t\t\t\n\t\t\t\t\t\t\t\t\t\t\t\t\t<div class=\"fusion-rollover-sep\"><\/div>\n\t\t\t\t\n\t\t\t\t\t\t\t\t\t\t\t\t\t\t\t\t\t\t<a class=\"fusion-rollover-gallery\" href=\"https:\/\/inariz.com\/wp-content\/uploads\/2024\/04\/Riz-fromage-brocolis.jpg\" data-id=\"4868\" data-rel=\"iLightbox[gallery-rw-1]\" data-title=\"Riz fromage brocolis\" data-caption=\"\">\n\t\t\t\t\t\tGallery\t\t\t\t\t<\/a>\n\t\t\t\t\t\t\t\t\t\t\t\t\t\t\n\t\t\t\t\n\t\t\t\t\t\t\t\t\t\t\t\t<h4 class=\"fusion-rollover-title\">\n\t\t\t\t\t<a class=\"fusion-rollover-title-link\" href=\"https:\/\/inariz.com\/it\/recipe\/riso-con-broccoli-e-cheddar\/\">\n\t\t\t\t\t\tRiso con broccoli e cheddar\t\t\t\t\t<\/a>\n\t\t\t\t<\/h4>\n\t\t\t\n\t\t\t\t\t\t\t\t\t\t\t\t\t\t\t\t\t\t\t\n\t\t\n\t\t\t\t<a class=\"fusion-link-wrapper\" href=\"https:\/\/inariz.com\/it\/recipe\/riso-con-broccoli-e-cheddar\/\" aria-label=\"Riso con broccoli e cheddar\"><\/a>\n\t<\/div>\n<\/div>\n\n\t\n<\/div>\n<div class=\"fusion-portfolio-content\"><h2 class=\"entry-title fusion-post-title\"><a href=\"https:\/\/inariz.com\/it\/recipe\/riso-con-broccoli-e-cheddar\/\">Riso con broccoli e cheddar<\/a><\/h2><div class=\"fusion-post-content\"><\/div><\/div><\/div><\/article><article id=\"portfolio-1-post-\" class=\"fusion-portfolio-post halal-it kosher-it riso vegano-vegetariano fusion-col-spacing\"><div class=\"fusion-portfolio-content-wrapper\" style=\"border:none;\"><span class=\"vcard rich-snippet-hidden\"><span class=\"fn\"><a href=\"https:\/\/inariz.com\/it\/author\/laura\/\" title=\"Articoli scritti da laura\" rel=\"author\">laura<\/a><\/span><\/span><span class=\"updated rich-snippet-hidden\">2024-06-03T12:46:25+02:00<\/span>\n\n<div  class=\"fusion-image-wrapper fusion-image-size-fixed\" aria-haspopup=\"true\">\n\t\n\t\n\t\t\n\t\t\t\t\t<img loading=\"lazy\" decoding=\"async\" width=\"300\" height=\"214\" src=\"https:\/\/inariz.com\/wp-content\/uploads\/2024\/04\/asian-style-rice-300x214.jpg\" class=\"attachment-portfolio-three size-portfolio-three wp-post-image\" alt=\"\" \/>\n\t\n\n\t\t<div class=\"fusion-rollover\">\n\t<div class=\"fusion-rollover-content\">\n\n\t\t\t\t\t\t\t\t\t\t\t\t\t\t<a class=\"fusion-rollover-link\" href=\"https:\/\/inariz.com\/it\/recipe\/riso-stile-asiatico\/\">Riso, stile asiatico<\/a>\n\t\t\t\n\t\t\t\t\t\t\t\t\t\t\t\t\t\t\n\t\t\t\t\t\t\t\t\n\t\t\t\t\t\t\t\t\t\t\t\t\t<div class=\"fusion-rollover-sep\"><\/div>\n\t\t\t\t\n\t\t\t\t\t\t\t\t\t\t\t\t\t\t\t\t\t\t<a class=\"fusion-rollover-gallery\" href=\"https:\/\/inariz.com\/wp-content\/uploads\/2024\/04\/asian-style-rice.jpg\" data-id=\"4795\" data-rel=\"iLightbox[gallery-rw-1]\" data-title=\"asian style rice\" data-caption=\"\">\n\t\t\t\t\t\tGallery\t\t\t\t\t<\/a>\n\t\t\t\t\t\t\t\t\t\t\t\t\t\t\n\t\t\t\t\n\t\t\t\t\t\t\t\t\t\t\t\t<h4 class=\"fusion-rollover-title\">\n\t\t\t\t\t<a class=\"fusion-rollover-title-link\" href=\"https:\/\/inariz.com\/it\/recipe\/riso-stile-asiatico\/\">\n\t\t\t\t\t\tRiso, stile asiatico\t\t\t\t\t<\/a>\n\t\t\t\t<\/h4>\n\t\t\t\n\t\t\t\t\t\t\t\t\t\t\t\t\t\t\t\t\t\t\t\n\t\t\n\t\t\t\t<a class=\"fusion-link-wrapper\" href=\"https:\/\/inariz.com\/it\/recipe\/riso-stile-asiatico\/\" aria-label=\"Riso, stile asiatico\"><\/a>\n\t<\/div>\n<\/div>\n\n\t\n<\/div>\n<div class=\"fusion-portfolio-content\"><h2 class=\"entry-title fusion-post-title\"><a href=\"https:\/\/inariz.com\/it\/recipe\/riso-stile-asiatico\/\">Riso, stile asiatico<\/a><\/h2><div class=\"fusion-post-content\"><\/div><\/div><\/div><\/article><article id=\"portfolio-1-post-\" class=\"fusion-portfolio-post halal-it kosher-it riso vegano-vegetariano fusion-col-spacing\"><div class=\"fusion-portfolio-content-wrapper\" style=\"border:none;\"><span class=\"vcard rich-snippet-hidden\"><span class=\"fn\"><a href=\"https:\/\/inariz.com\/it\/author\/laura\/\" title=\"Articoli scritti da laura\" rel=\"author\">laura<\/a><\/span><\/span><span class=\"updated rich-snippet-hidden\">2024-06-03T12:45:52+02:00<\/span>\n\n<div  class=\"fusion-image-wrapper fusion-image-size-fixed\" aria-haspopup=\"true\">\n\t\n\t\n\t\t\n\t\t\t\t\t<img loading=\"lazy\" decoding=\"async\" width=\"300\" height=\"214\" src=\"https:\/\/inariz.com\/wp-content\/uploads\/2024\/04\/riz-pilau-300x214.jpg\" class=\"attachment-portfolio-three size-portfolio-three wp-post-image\" alt=\"\" \/>\n\t\n\n\t\t<div class=\"fusion-rollover\">\n\t<div class=\"fusion-rollover-content\">\n\n\t\t\t\t\t\t\t\t\t\t\t\t\t\t<a class=\"fusion-rollover-link\" href=\"https:\/\/inariz.com\/it\/recipe\/basmati-pilau\/\">Basmati Pilau<\/a>\n\t\t\t\n\t\t\t\t\t\t\t\t\t\t\t\t\t\t\n\t\t\t\t\t\t\t\t\n\t\t\t\t\t\t\t\t\t\t\t\t\t<div class=\"fusion-rollover-sep\"><\/div>\n\t\t\t\t\n\t\t\t\t\t\t\t\t\t\t\t\t\t\t\t\t\t\t<a class=\"fusion-rollover-gallery\" href=\"https:\/\/inariz.com\/wp-content\/uploads\/2024\/04\/riz-pilau.jpg\" data-id=\"4794\" data-rel=\"iLightbox[gallery-rw-1]\" data-title=\"riz pilau\" data-caption=\"\">\n\t\t\t\t\t\tGallery\t\t\t\t\t<\/a>\n\t\t\t\t\t\t\t\t\t\t\t\t\t\t\n\t\t\t\t\n\t\t\t\t\t\t\t\t\t\t\t\t<h4 class=\"fusion-rollover-title\">\n\t\t\t\t\t<a class=\"fusion-rollover-title-link\" href=\"https:\/\/inariz.com\/it\/recipe\/basmati-pilau\/\">\n\t\t\t\t\t\tBasmati Pilau\t\t\t\t\t<\/a>\n\t\t\t\t<\/h4>\n\t\t\t\n\t\t\t\t\t\t\t\t\t\t\t\t\t\t\t\t\t\t\t\n\t\t\n\t\t\t\t<a class=\"fusion-link-wrapper\" href=\"https:\/\/inariz.com\/it\/recipe\/basmati-pilau\/\" aria-label=\"Basmati Pilau\"><\/a>\n\t<\/div>\n<\/div>\n\n\t\n<\/div>\n<div class=\"fusion-portfolio-content\"><h2 class=\"entry-title fusion-post-title\"><a href=\"https:\/\/inariz.com\/it\/recipe\/basmati-pilau\/\">Basmati Pilau<\/a><\/h2><div class=\"fusion-post-content\"><\/div><\/div><\/div><\/article><article id=\"portfolio-1-post-\" class=\"fusion-portfolio-post halal-it kosher-it pasta-it fusion-col-spacing\"><div class=\"fusion-portfolio-content-wrapper\" style=\"border:none;\"><span class=\"vcard rich-snippet-hidden\"><span class=\"fn\"><a href=\"https:\/\/inariz.com\/it\/author\/laura\/\" title=\"Articoli scritti da laura\" rel=\"author\">laura<\/a><\/span><\/span><span class=\"updated rich-snippet-hidden\">2024-06-03T12:16:00+02:00<\/span>\n\n<div  class=\"fusion-image-wrapper fusion-image-size-fixed\" aria-haspopup=\"true\">\n\t\n\t\n\t\t\n\t\t\t\t\t<img loading=\"lazy\" decoding=\"async\" width=\"300\" height=\"214\" src=\"https:\/\/inariz.com\/wp-content\/uploads\/2024\/04\/fusilli-provencale-300x214.jpg\" class=\"attachment-portfolio-three size-portfolio-three wp-post-image\" alt=\"\" \/>\n\t\n\n\t\t<div class=\"fusion-rollover\">\n\t<div class=\"fusion-rollover-content\">\n\n\t\t\t\t\t\t\t\t\t\t\t\t\t\t<a class=\"fusion-rollover-link\" href=\"https:\/\/inariz.com\/it\/recipe\/fusilli-alla-provenzale\/\">Fusilli alla provenzale<\/a>\n\t\t\t\n\t\t\t\t\t\t\t\t\t\t\t\t\t\t\n\t\t\t\t\t\t\t\t\n\t\t\t\t\t\t\t\t\t\t\t\t\t<div class=\"fusion-rollover-sep\"><\/div>\n\t\t\t\t\n\t\t\t\t\t\t\t\t\t\t\t\t\t\t\t\t\t\t<a class=\"fusion-rollover-gallery\" href=\"https:\/\/inariz.com\/wp-content\/uploads\/2024\/04\/fusilli-provencale.jpg\" data-id=\"4771\" data-rel=\"iLightbox[gallery-rw-1]\" data-title=\"fusilli proven\u00e7ale\" data-caption=\"\">\n\t\t\t\t\t\tGallery\t\t\t\t\t<\/a>\n\t\t\t\t\t\t\t\t\t\t\t\t\t\t\n\t\t\t\t\n\t\t\t\t\t\t\t\t\t\t\t\t<h4 class=\"fusion-rollover-title\">\n\t\t\t\t\t<a class=\"fusion-rollover-title-link\" href=\"https:\/\/inariz.com\/it\/recipe\/fusilli-alla-provenzale\/\">\n\t\t\t\t\t\tFusilli alla provenzale\t\t\t\t\t<\/a>\n\t\t\t\t<\/h4>\n\t\t\t\n\t\t\t\t\t\t\t\t\t\t\t\t\t\t\t\t\t\t\t\n\t\t\n\t\t\t\t<a class=\"fusion-link-wrapper\" href=\"https:\/\/inariz.com\/it\/recipe\/fusilli-alla-provenzale\/\" aria-label=\"Fusilli alla provenzale\"><\/a>\n\t<\/div>\n<\/div>\n\n\t\n<\/div>\n<div class=\"fusion-portfolio-content\"><h2 class=\"entry-title fusion-post-title\"><a href=\"https:\/\/inariz.com\/it\/recipe\/fusilli-alla-provenzale\/\">Fusilli alla provenzale<\/a><\/h2><div class=\"fusion-post-content\"><\/div><\/div><\/div><\/article><article id=\"portfolio-1-post-\" class=\"fusion-portfolio-post halal-it kosher-it riso vegano-vegetariano fusion-col-spacing\"><div class=\"fusion-portfolio-content-wrapper\" style=\"border:none;\"><span class=\"vcard rich-snippet-hidden\"><span class=\"fn\"><a href=\"https:\/\/inariz.com\/it\/author\/laura\/\" title=\"Articoli scritti da laura\" rel=\"author\">laura<\/a><\/span><\/span><span class=\"updated rich-snippet-hidden\">2024-05-24T13:47:57+02:00<\/span>\n\n<div  class=\"fusion-image-wrapper fusion-image-size-fixed\" aria-haspopup=\"true\">\n\t\n\t\n\t\t\n\t\n\t\t\t\t\t\t<div class=\"fusion-placeholder-image\" data-origheight=\"214\" data-origwidth=\"300px\" style=\"height:214px;width:300px;\"><\/div>\n\t\t\n\t\n\n\t\t<div class=\"fusion-rollover\">\n\t<div class=\"fusion-rollover-content\">\n\n\t\t\t\t\t\t\t\t\t\t\t\t\t\t<a class=\"fusion-rollover-link\" href=\"https:\/\/inariz.com\/it\/recipe\/riso-per-sushi\/\">Riso per sushi<\/a>\n\t\t\t\n\t\t\t\t\t\t\t\t\t\t\t\t\t\t\n\t\t\t\t\t\t\t\t\n\t\t\t\t\t\t\t\t\n\t\t\t\t\t\t\t\t\t\t\t\t\t\n\t\t\t\t\n\t\t\t\t\t\t\t\t\t\t\t\t<h4 class=\"fusion-rollover-title\">\n\t\t\t\t\t<a class=\"fusion-rollover-title-link\" href=\"https:\/\/inariz.com\/it\/recipe\/riso-per-sushi\/\">\n\t\t\t\t\t\tRiso per sushi\t\t\t\t\t<\/a>\n\t\t\t\t<\/h4>\n\t\t\t\n\t\t\t\t\t\t\t\t\t\t\t\t\t\t\t\t\t\t\t\n\t\t\n\t\t\t\t<a class=\"fusion-link-wrapper\" href=\"https:\/\/inariz.com\/it\/recipe\/riso-per-sushi\/\" aria-label=\"Riso per sushi\"><\/a>\n\t<\/div>\n<\/div>\n\n\t\n<\/div>\n<div class=\"fusion-portfolio-content\"><h2 class=\"entry-title fusion-post-title\"><a href=\"https:\/\/inariz.com\/it\/recipe\/riso-per-sushi\/\">Riso per sushi<\/a><\/h2><div class=\"fusion-post-content\"><\/div><\/div><\/div><\/article><article id=\"portfolio-1-post-\" class=\"fusion-portfolio-post halal-it kosher-it riso vegano-vegetariano fusion-col-spacing\"><div class=\"fusion-portfolio-content-wrapper\" style=\"border:none;\"><span class=\"vcard rich-snippet-hidden\"><span class=\"fn\"><a href=\"https:\/\/inariz.com\/it\/author\/laura\/\" title=\"Articoli scritti da laura\" rel=\"author\">laura<\/a><\/span><\/span><span class=\"updated rich-snippet-hidden\">2024-05-24T13:42:12+02:00<\/span>\n\n<div  class=\"fusion-image-wrapper fusion-image-size-fixed\" aria-haspopup=\"true\">\n\t\n\t\n\t\t\n\t\t\t\t\t<img loading=\"lazy\" decoding=\"async\" width=\"300\" height=\"214\" src=\"https:\/\/inariz.com\/wp-content\/uploads\/2024\/05\/riz-rouge-et-riz-complet-300x214.jpg\" class=\"attachment-portfolio-three size-portfolio-three wp-post-image\" alt=\"\" \/>\n\t\n\n\t\t<div class=\"fusion-rollover\">\n\t<div class=\"fusion-rollover-content\">\n\n\t\t\t\t\t\t\t\t\t\t\t\t\t\t<a class=\"fusion-rollover-link\" href=\"https:\/\/inariz.com\/it\/recipe\/miscela-di-riso\/\">Miscela di riso<\/a>\n\t\t\t\n\t\t\t\t\t\t\t\t\t\t\t\t\t\t\n\t\t\t\t\t\t\t\t\n\t\t\t\t\t\t\t\t\t\t\t\t\t<div class=\"fusion-rollover-sep\"><\/div>\n\t\t\t\t\n\t\t\t\t\t\t\t\t\t\t\t\t\t\t\t\t\t\t<a class=\"fusion-rollover-gallery\" href=\"https:\/\/inariz.com\/wp-content\/uploads\/2024\/05\/riz-rouge-et-riz-complet.jpg\" data-id=\"4715\" data-rel=\"iLightbox[gallery-rw-1]\" data-title=\"riz rouge et riz complet\" data-caption=\"\">\n\t\t\t\t\t\tGallery\t\t\t\t\t<\/a>\n\t\t\t\t\t\t\t\t\t\t\t\t\t\t\n\t\t\t\t\n\t\t\t\t\t\t\t\t\t\t\t\t<h4 class=\"fusion-rollover-title\">\n\t\t\t\t\t<a class=\"fusion-rollover-title-link\" href=\"https:\/\/inariz.com\/it\/recipe\/miscela-di-riso\/\">\n\t\t\t\t\t\tMiscela di riso\t\t\t\t\t<\/a>\n\t\t\t\t<\/h4>\n\t\t\t\n\t\t\t\t\t\t\t\t\t\t\t\t\t\t\t\t\t\t\t\n\t\t\n\t\t\t\t<a class=\"fusion-link-wrapper\" href=\"https:\/\/inariz.com\/it\/recipe\/miscela-di-riso\/\" aria-label=\"Miscela di riso\"><\/a>\n\t<\/div>\n<\/div>\n\n\t\n<\/div>\n<div class=\"fusion-portfolio-content\"><h2 class=\"entry-title fusion-post-title\"><a href=\"https:\/\/inariz.com\/it\/recipe\/miscela-di-riso\/\">Miscela di riso<\/a><\/h2><div class=\"fusion-post-content\"><\/div><\/div><\/div><\/article><article id=\"portfolio-1-post-\" class=\"fusion-portfolio-post bio-it cereali halal-it kosher-it legumi riso vegano-vegetariano fusion-col-spacing\"><div class=\"fusion-portfolio-content-wrapper\" style=\"border:none;\"><span class=\"vcard rich-snippet-hidden\"><span class=\"fn\"><a href=\"https:\/\/inariz.com\/it\/author\/laura\/\" title=\"Articoli scritti da laura\" rel=\"author\">laura<\/a><\/span><\/span><span class=\"updated rich-snippet-hidden\">2024-09-25T15:24:54+02:00<\/span>\n\n<div  class=\"fusion-image-wrapper fusion-image-size-fixed\" aria-haspopup=\"true\">\n\t\n\t\n\t\t\n\t\t\t\t\t<img loading=\"lazy\" decoding=\"async\" width=\"300\" height=\"214\" src=\"https:\/\/inariz.com\/wp-content\/uploads\/2024\/05\/7-cereales-300x214.jpg\" class=\"attachment-portfolio-three size-portfolio-three wp-post-image\" alt=\"\" \/>\n\t\n\n\t\t<div class=\"fusion-rollover\">\n\t<div class=\"fusion-rollover-content\">\n\n\t\t\t\t\t\t\t\t\t\t\t\t\t\t<a class=\"fusion-rollover-link\" href=\"https:\/\/inariz.com\/it\/recipe\/riso-con-7-cereali\/\">Miscela di 7 cereali<\/a>\n\t\t\t\n\t\t\t\t\t\t\t\t\t\t\t\t\t\t\n\t\t\t\t\t\t\t\t\n\t\t\t\t\t\t\t\t\t\t\t\t\t<div class=\"fusion-rollover-sep\"><\/div>\n\t\t\t\t\n\t\t\t\t\t\t\t\t\t\t\t\t\t\t\t\t\t\t<a class=\"fusion-rollover-gallery\" href=\"https:\/\/inariz.com\/wp-content\/uploads\/2024\/05\/7-cereales.jpg\" data-id=\"4577\" data-rel=\"iLightbox[gallery-rw-1]\" data-title=\"7 c\u00e9r\u00e9ales\" data-caption=\"\">\n\t\t\t\t\t\tGallery\t\t\t\t\t<\/a>\n\t\t\t\t\t\t\t\t\t\t\t\t\t\t\n\t\t\t\t\n\t\t\t\t\t\t\t\t\t\t\t\t<h4 class=\"fusion-rollover-title\">\n\t\t\t\t\t<a class=\"fusion-rollover-title-link\" href=\"https:\/\/inariz.com\/it\/recipe\/riso-con-7-cereali\/\">\n\t\t\t\t\t\tMiscela di 7 cereali\t\t\t\t\t<\/a>\n\t\t\t\t<\/h4>\n\t\t\t\n\t\t\t\t\t\t\t\t\t\t\t\t\t\t\t\t\t\t\t\n\t\t\n\t\t\t\t<a class=\"fusion-link-wrapper\" href=\"https:\/\/inariz.com\/it\/recipe\/riso-con-7-cereali\/\" aria-label=\"Miscela di 7 cereali\"><\/a>\n\t<\/div>\n<\/div>\n\n\t\n<\/div>\n<div class=\"fusion-portfolio-content\"><h2 class=\"entry-title fusion-post-title\"><a href=\"https:\/\/inariz.com\/it\/recipe\/riso-con-7-cereali\/\">Miscela di 7 cereali<\/a><\/h2><div class=\"fusion-post-content\"><\/div><\/div><\/div><\/article><article id=\"portfolio-1-post-\" class=\"fusion-portfolio-post halal-it kosher-it riso vegano-vegetariano fusion-col-spacing\"><div class=\"fusion-portfolio-content-wrapper\" style=\"border:none;\"><span class=\"vcard rich-snippet-hidden\"><span class=\"fn\"><a href=\"https:\/\/inariz.com\/it\/author\/laura\/\" title=\"Articoli scritti da laura\" rel=\"author\">laura<\/a><\/span><\/span><span class=\"updated rich-snippet-hidden\">2024-09-23T12:55:45+02:00<\/span>\n\n<div  class=\"fusion-image-wrapper fusion-image-size-fixed\" aria-haspopup=\"true\">\n\t\n\t\n\t\t\n\t\t\t\t\t<img loading=\"lazy\" decoding=\"async\" width=\"300\" height=\"214\" src=\"https:\/\/inariz.com\/wp-content\/uploads\/2024\/05\/riz-sauvage-300x214.jpg\" class=\"attachment-portfolio-three size-portfolio-three wp-post-image\" alt=\"\" \/>\n\t\n\n\t\t<div class=\"fusion-rollover\">\n\t<div class=\"fusion-rollover-content\">\n\n\t\t\t\t\t\t\t\t\t\t\t\t\t\t<a class=\"fusion-rollover-link\" href=\"https:\/\/inariz.com\/it\/recipe\/riso-a-chicco-lungo-e-selvaggio\/\">Riso a chicco lungo e selvaggio<\/a>\n\t\t\t\n\t\t\t\t\t\t\t\t\t\t\t\t\t\t\n\t\t\t\t\t\t\t\t\n\t\t\t\t\t\t\t\t\t\t\t\t\t<div class=\"fusion-rollover-sep\"><\/div>\n\t\t\t\t\n\t\t\t\t\t\t\t\t\t\t\t\t\t\t\t\t\t\t<a class=\"fusion-rollover-gallery\" href=\"https:\/\/inariz.com\/wp-content\/uploads\/2024\/05\/riz-sauvage.jpg\" data-id=\"4575\" data-rel=\"iLightbox[gallery-rw-1]\" data-title=\"riz sauvage\" data-caption=\"\">\n\t\t\t\t\t\tGallery\t\t\t\t\t<\/a>\n\t\t\t\t\t\t\t\t\t\t\t\t\t\t\n\t\t\t\t\n\t\t\t\t\t\t\t\t\t\t\t\t<h4 class=\"fusion-rollover-title\">\n\t\t\t\t\t<a class=\"fusion-rollover-title-link\" href=\"https:\/\/inariz.com\/it\/recipe\/riso-a-chicco-lungo-e-selvaggio\/\">\n\t\t\t\t\t\tRiso a chicco lungo e selvaggio\t\t\t\t\t<\/a>\n\t\t\t\t<\/h4>\n\t\t\t\n\t\t\t\t\t\t\t\t\t\t\t\t\t\t\t\t\t\t\t\n\t\t\n\t\t\t\t<a class=\"fusion-link-wrapper\" href=\"https:\/\/inariz.com\/it\/recipe\/riso-a-chicco-lungo-e-selvaggio\/\" aria-label=\"Riso a chicco lungo e selvaggio\"><\/a>\n\t<\/div>\n<\/div>\n\n\t\n<\/div>\n<div class=\"fusion-portfolio-content\"><h2 class=\"entry-title fusion-post-title\"><a href=\"https:\/\/inariz.com\/it\/recipe\/riso-a-chicco-lungo-e-selvaggio\/\">Riso a chicco lungo e selvaggio<\/a><\/h2><div class=\"fusion-post-content\"><\/div><\/div><\/div><\/article><article id=\"portfolio-1-post-\" class=\"fusion-portfolio-post pasta-it fusion-col-spacing\"><div class=\"fusion-portfolio-content-wrapper\" style=\"border:none;\"><span class=\"vcard rich-snippet-hidden\"><span class=\"fn\"><a href=\"https:\/\/inariz.com\/it\/author\/laura\/\" title=\"Articoli scritti da laura\" rel=\"author\">laura<\/a><\/span><\/span><span class=\"updated rich-snippet-hidden\">2024-05-23T12:41:59+02:00<\/span>\n\n<div  class=\"fusion-image-wrapper fusion-image-size-fixed\" aria-haspopup=\"true\">\n\t\n\t\n\t\t\n\t\t\t\t\t<img loading=\"lazy\" decoding=\"async\" width=\"300\" height=\"214\" src=\"https:\/\/inariz.com\/wp-content\/uploads\/2024\/04\/raviolis-boeuf-300x214.jpg\" class=\"attachment-portfolio-three size-portfolio-three wp-post-image\" alt=\"\" \/>\n\t\n\n\t\t<div class=\"fusion-rollover\">\n\t<div class=\"fusion-rollover-content\">\n\n\t\t\t\t\t\t\t\t\t\t\t\t\t\t<a class=\"fusion-rollover-link\" href=\"https:\/\/inariz.com\/it\/recipe\/ravioli-di-manzo-con-salsa-di-pomodoro\/\">Ravioli di manzo con salsa di pomodoro<\/a>\n\t\t\t\n\t\t\t\t\t\t\t\t\t\t\t\t\t\t\n\t\t\t\t\t\t\t\t\n\t\t\t\t\t\t\t\t\t\t\t\t\t<div class=\"fusion-rollover-sep\"><\/div>\n\t\t\t\t\n\t\t\t\t\t\t\t\t\t\t\t\t\t\t\t\t\t\t<a class=\"fusion-rollover-gallery\" href=\"https:\/\/inariz.com\/wp-content\/uploads\/2024\/04\/raviolis-boeuf.jpg\" data-id=\"4544\" data-rel=\"iLightbox[gallery-rw-1]\" data-title=\"raviolis boeuf\" data-caption=\"\">\n\t\t\t\t\t\tGallery\t\t\t\t\t<\/a>\n\t\t\t\t\t\t\t\t\t\t\t\t\t\t\n\t\t\t\t\n\t\t\t\t\t\t\t\t\t\t\t\t<h4 class=\"fusion-rollover-title\">\n\t\t\t\t\t<a class=\"fusion-rollover-title-link\" href=\"https:\/\/inariz.com\/it\/recipe\/ravioli-di-manzo-con-salsa-di-pomodoro\/\">\n\t\t\t\t\t\tRavioli di manzo con salsa di pomodoro\t\t\t\t\t<\/a>\n\t\t\t\t<\/h4>\n\t\t\t\n\t\t\t\t\t\t\t\t\t\t\t\t\t\t\t\t\t\t\t\n\t\t\n\t\t\t\t<a class=\"fusion-link-wrapper\" href=\"https:\/\/inariz.com\/it\/recipe\/ravioli-di-manzo-con-salsa-di-pomodoro\/\" aria-label=\"Ravioli di manzo con salsa di pomodoro\"><\/a>\n\t<\/div>\n<\/div>\n\n\t\n<\/div>\n<div class=\"fusion-portfolio-content\"><h2 class=\"entry-title fusion-post-title\"><a href=\"https:\/\/inariz.com\/it\/recipe\/ravioli-di-manzo-con-salsa-di-pomodoro\/\">Ravioli di manzo con salsa di pomodoro<\/a><\/h2><div class=\"fusion-post-content\"><\/div><\/div><\/div><\/article><article id=\"portfolio-1-post-\" class=\"fusion-portfolio-post halal-it kosher-it pasta-it tradizionale vegano-vegetariano fusion-col-spacing\"><div class=\"fusion-portfolio-content-wrapper\" style=\"border:none;\"><span class=\"vcard rich-snippet-hidden\"><span class=\"fn\"><a href=\"https:\/\/inariz.com\/it\/author\/laura\/\" title=\"Articoli scritti da laura\" rel=\"author\">laura<\/a><\/span><\/span><span class=\"updated rich-snippet-hidden\">2024-05-23T12:40:39+02:00<\/span>\n\n<div  class=\"fusion-image-wrapper fusion-image-size-fixed\" aria-haspopup=\"true\">\n\t\n\t\n\t\t\n\t\t\t\t\t<img loading=\"lazy\" decoding=\"async\" width=\"300\" height=\"214\" src=\"https:\/\/inariz.com\/wp-content\/uploads\/2024\/04\/Pesto-with-Fusilli-5-300x214.jpg\" class=\"attachment-portfolio-three size-portfolio-three wp-post-image\" alt=\"\" \/>\n\t\n\n\t\t<div class=\"fusion-rollover\">\n\t<div class=\"fusion-rollover-content\">\n\n\t\t\t\t\t\t\t\t\t\t\t\t\t\t<a class=\"fusion-rollover-link\" href=\"https:\/\/inariz.com\/it\/recipe\/fusilli-al-pesto-verde\/\">Fusilli al pesto verde<\/a>\n\t\t\t\n\t\t\t\t\t\t\t\t\t\t\t\t\t\t\n\t\t\t\t\t\t\t\t\n\t\t\t\t\t\t\t\t\t\t\t\t\t<div class=\"fusion-rollover-sep\"><\/div>\n\t\t\t\t\n\t\t\t\t\t\t\t\t\t\t\t\t\t\t\t\t\t\t<a class=\"fusion-rollover-gallery\" href=\"https:\/\/inariz.com\/wp-content\/uploads\/2024\/04\/Pesto-with-Fusilli-5.jpg\" data-id=\"4540\" data-rel=\"iLightbox[gallery-rw-1]\" data-title=\"Pesto-with-Fusilli-5\" data-caption=\"\">\n\t\t\t\t\t\tGallery\t\t\t\t\t<\/a>\n\t\t\t\t\t\t\t\t\t\t\t\t\t\t\n\t\t\t\t\n\t\t\t\t\t\t\t\t\t\t\t\t<h4 class=\"fusion-rollover-title\">\n\t\t\t\t\t<a class=\"fusion-rollover-title-link\" href=\"https:\/\/inariz.com\/it\/recipe\/fusilli-al-pesto-verde\/\">\n\t\t\t\t\t\tFusilli al pesto verde\t\t\t\t\t<\/a>\n\t\t\t\t<\/h4>\n\t\t\t\n\t\t\t\t\t\t\t\t\t\t\t\t\t\t\t\t\t\t\t\n\t\t\n\t\t\t\t<a class=\"fusion-link-wrapper\" href=\"https:\/\/inariz.com\/it\/recipe\/fusilli-al-pesto-verde\/\" aria-label=\"Fusilli al pesto verde\"><\/a>\n\t<\/div>\n<\/div>\n\n\t\n<\/div>\n<div class=\"fusion-portfolio-content\"><h2 class=\"entry-title fusion-post-title\"><a href=\"https:\/\/inariz.com\/it\/recipe\/fusilli-al-pesto-verde\/\">Fusilli al pesto verde<\/a><\/h2><div class=\"fusion-post-content\"><\/div><\/div><\/div><\/article><article id=\"portfolio-1-post-\" class=\"fusion-portfolio-post halal-it kosher-it pasta-it vegano-vegetariano fusion-col-spacing\"><div class=\"fusion-portfolio-content-wrapper\" style=\"border:none;\"><span class=\"vcard rich-snippet-hidden\"><span class=\"fn\"><a href=\"https:\/\/inariz.com\/it\/author\/laura\/\" title=\"Articoli scritti da laura\" rel=\"author\">laura<\/a><\/span><\/span><span class=\"updated rich-snippet-hidden\">2024-05-23T12:35:25+02:00<\/span>\n\n<div  class=\"fusion-image-wrapper fusion-image-size-fixed\" aria-haspopup=\"true\">\n\t\n\t\n\t\t\n\t\t\t\t\t<img loading=\"lazy\" decoding=\"async\" width=\"300\" height=\"214\" src=\"https:\/\/inariz.com\/wp-content\/uploads\/2024\/05\/Fusilli-tomate-mascarpone-1-300x214.jpg\" class=\"attachment-portfolio-three size-portfolio-three wp-post-image\" alt=\"\" \/>\n\t\n\n\t\t<div class=\"fusion-rollover\">\n\t<div class=\"fusion-rollover-content\">\n\n\t\t\t\t\t\t\t\t\t\t\t\t\t\t<a class=\"fusion-rollover-link\" href=\"https:\/\/inariz.com\/it\/recipe\/fusilli-al-pomodoro-e-mascarpone\/\">Fusilli al pomodoro e mascarpone<\/a>\n\t\t\t\n\t\t\t\t\t\t\t\t\t\t\t\t\t\t\n\t\t\t\t\t\t\t\t\n\t\t\t\t\t\t\t\t\t\t\t\t\t<div class=\"fusion-rollover-sep\"><\/div>\n\t\t\t\t\n\t\t\t\t\t\t\t\t\t\t\t\t\t\t\t\t\t\t<a class=\"fusion-rollover-gallery\" href=\"https:\/\/inariz.com\/wp-content\/uploads\/2024\/05\/Fusilli-tomate-mascarpone-1.jpg\" data-id=\"4535\" data-rel=\"iLightbox[gallery-rw-1]\" data-title=\"Fusilli tomate mascarpone\" data-caption=\"\">\n\t\t\t\t\t\tGallery\t\t\t\t\t<\/a>\n\t\t\t\t\t\t\t\t\t\t\t\t\t\t\n\t\t\t\t\n\t\t\t\t\t\t\t\t\t\t\t\t<h4 class=\"fusion-rollover-title\">\n\t\t\t\t\t<a class=\"fusion-rollover-title-link\" href=\"https:\/\/inariz.com\/it\/recipe\/fusilli-al-pomodoro-e-mascarpone\/\">\n\t\t\t\t\t\tFusilli al pomodoro e mascarpone\t\t\t\t\t<\/a>\n\t\t\t\t<\/h4>\n\t\t\t\n\t\t\t\t\t\t\t\t\t\t\t\t\t\t\t\t\t\t\t\n\t\t\n\t\t\t\t<a class=\"fusion-link-wrapper\" href=\"https:\/\/inariz.com\/it\/recipe\/fusilli-al-pomodoro-e-mascarpone\/\" aria-label=\"Fusilli al pomodoro e mascarpone\"><\/a>\n\t<\/div>\n<\/div>\n\n\t\n<\/div>\n<div class=\"fusion-portfolio-content\"><h2 class=\"entry-title fusion-post-title\"><a href=\"https:\/\/inariz.com\/it\/recipe\/fusilli-al-pomodoro-e-mascarpone\/\">Fusilli al pomodoro e mascarpone<\/a><\/h2><div class=\"fusion-post-content\"><\/div><\/div><\/div><\/article><article id=\"portfolio-1-post-\" class=\"fusion-portfolio-post halal-it kosher-it pasta-it tradizionale vegano-vegetariano fusion-col-spacing\"><div class=\"fusion-portfolio-content-wrapper\" style=\"border:none;\"><span class=\"vcard rich-snippet-hidden\"><span class=\"fn\"><a href=\"https:\/\/inariz.com\/it\/author\/laura\/\" title=\"Articoli scritti da laura\" rel=\"author\">laura<\/a><\/span><\/span><span class=\"updated rich-snippet-hidden\">2024-05-23T12:32:38+02:00<\/span>\n\n<div  class=\"fusion-image-wrapper fusion-image-size-fixed\" aria-haspopup=\"true\">\n\t\n\t\n\t\t\n\t\t\t\t\t<img loading=\"lazy\" decoding=\"async\" width=\"300\" height=\"214\" src=\"https:\/\/inariz.com\/wp-content\/uploads\/2024\/04\/fusili-300x214.jpeg\" class=\"attachment-portfolio-three size-portfolio-three wp-post-image\" alt=\"\" \/>\n\t\n\n\t\t<div class=\"fusion-rollover\">\n\t<div class=\"fusion-rollover-content\">\n\n\t\t\t\t\t\t\t\t\t\t\t\t\t\t<a class=\"fusion-rollover-link\" href=\"https:\/\/inariz.com\/it\/recipe\/fusilli-semplici\/\">Fusilli semplici<\/a>\n\t\t\t\n\t\t\t\t\t\t\t\t\t\t\t\t\t\t\n\t\t\t\t\t\t\t\t\n\t\t\t\t\t\t\t\t\t\t\t\t\t<div class=\"fusion-rollover-sep\"><\/div>\n\t\t\t\t\n\t\t\t\t\t\t\t\t\t\t\t\t\t\t\t\t\t\t<a class=\"fusion-rollover-gallery\" href=\"https:\/\/inariz.com\/wp-content\/uploads\/2024\/04\/fusili.jpeg\" data-id=\"4531\" data-rel=\"iLightbox[gallery-rw-1]\" data-title=\"fusili\" data-caption=\"\">\n\t\t\t\t\t\tGallery\t\t\t\t\t<\/a>\n\t\t\t\t\t\t\t\t\t\t\t\t\t\t\n\t\t\t\t\n\t\t\t\t\t\t\t\t\t\t\t\t<h4 class=\"fusion-rollover-title\">\n\t\t\t\t\t<a class=\"fusion-rollover-title-link\" href=\"https:\/\/inariz.com\/it\/recipe\/fusilli-semplici\/\">\n\t\t\t\t\t\tFusilli semplici\t\t\t\t\t<\/a>\n\t\t\t\t<\/h4>\n\t\t\t\n\t\t\t\t\t\t\t\t\t\t\t\t\t\t\t\t\t\t\t\n\t\t\n\t\t\t\t<a class=\"fusion-link-wrapper\" href=\"https:\/\/inariz.com\/it\/recipe\/fusilli-semplici\/\" aria-label=\"Fusilli semplici\"><\/a>\n\t<\/div>\n<\/div>\n\n\t\n<\/div>\n<div class=\"fusion-portfolio-content\"><h2 class=\"entry-title fusion-post-title\"><a href=\"https:\/\/inariz.com\/it\/recipe\/fusilli-semplici\/\">Fusilli semplici<\/a><\/h2><div class=\"fusion-post-content\"><\/div><\/div><\/div><\/article><article id=\"portfolio-1-post-\" class=\"fusion-portfolio-post halal-it kosher-it piatti-pronti riso vegano-vegetariano fusion-col-spacing\"><div class=\"fusion-portfolio-content-wrapper\" style=\"border:none;\"><span class=\"vcard rich-snippet-hidden\"><span class=\"fn\"><a href=\"https:\/\/inariz.com\/it\/author\/laura\/\" title=\"Articoli scritti da laura\" rel=\"author\">laura<\/a><\/span><\/span><span class=\"updated rich-snippet-hidden\">2024-05-23T12:31:11+02:00<\/span>\n\n<div  class=\"fusion-image-wrapper fusion-image-size-fixed\" aria-haspopup=\"true\">\n\t\n\t\n\t\t\n\t\t\t\t\t<img loading=\"lazy\" decoding=\"async\" width=\"300\" height=\"214\" src=\"https:\/\/inariz.com\/wp-content\/uploads\/2024\/05\/tajine-300x214.jpg\" class=\"attachment-portfolio-three size-portfolio-three wp-post-image\" alt=\"\" \/>\n\t\n\n\t\t<div class=\"fusion-rollover\">\n\t<div class=\"fusion-rollover-content\">\n\n\t\t\t\t\t\t\t\t\t\t\t\t\t\t<a class=\"fusion-rollover-link\" href=\"https:\/\/inariz.com\/it\/recipe\/tagine-di-albicocche-e-uvetta\/\">Tagine di albicocche e uvetta<\/a>\n\t\t\t\n\t\t\t\t\t\t\t\t\t\t\t\t\t\t\n\t\t\t\t\t\t\t\t\n\t\t\t\t\t\t\t\t\t\t\t\t\t<div class=\"fusion-rollover-sep\"><\/div>\n\t\t\t\t\n\t\t\t\t\t\t\t\t\t\t\t\t\t\t\t\t\t\t<a class=\"fusion-rollover-gallery\" href=\"https:\/\/inariz.com\/wp-content\/uploads\/2024\/05\/tajine.jpg\" data-id=\"4527\" data-rel=\"iLightbox[gallery-rw-1]\" data-title=\"tajine\" data-caption=\"\">\n\t\t\t\t\t\tGallery\t\t\t\t\t<\/a>\n\t\t\t\t\t\t\t\t\t\t\t\t\t\t\n\t\t\t\t\n\t\t\t\t\t\t\t\t\t\t\t\t<h4 class=\"fusion-rollover-title\">\n\t\t\t\t\t<a class=\"fusion-rollover-title-link\" href=\"https:\/\/inariz.com\/it\/recipe\/tagine-di-albicocche-e-uvetta\/\">\n\t\t\t\t\t\tTagine di albicocche e uvetta\t\t\t\t\t<\/a>\n\t\t\t\t<\/h4>\n\t\t\t\n\t\t\t\t\t\t\t\t\t\t\t\t\t\t\t\t\t\t\t\n\t\t\n\t\t\t\t<a class=\"fusion-link-wrapper\" href=\"https:\/\/inariz.com\/it\/recipe\/tagine-di-albicocche-e-uvetta\/\" aria-label=\"Tagine di albicocche e uvetta\"><\/a>\n\t<\/div>\n<\/div>\n\n\t\n<\/div>\n<div class=\"fusion-portfolio-content\"><h2 class=\"entry-title fusion-post-title\"><a href=\"https:\/\/inariz.com\/it\/recipe\/tagine-di-albicocche-e-uvetta\/\">Tagine di albicocche e uvetta<\/a><\/h2><div class=\"fusion-post-content\"><\/div><\/div><\/div><\/article><article id=\"portfolio-1-post-\" class=\"fusion-portfolio-post halal-it kosher-it pasta-it vegano-vegetariano fusion-col-spacing\"><div class=\"fusion-portfolio-content-wrapper\" style=\"border:none;\"><span class=\"vcard rich-snippet-hidden\"><span class=\"fn\"><a href=\"https:\/\/inariz.com\/it\/author\/laura\/\" title=\"Articoli scritti da laura\" rel=\"author\">laura<\/a><\/span><\/span><span class=\"updated rich-snippet-hidden\">2024-05-23T12:29:22+02:00<\/span>\n\n<div  class=\"fusion-image-wrapper fusion-image-size-fixed\" aria-haspopup=\"true\">\n\t\n\t\n\t\t\n\t\t\t\t\t<img loading=\"lazy\" decoding=\"async\" width=\"300\" height=\"214\" src=\"https:\/\/inariz.com\/wp-content\/uploads\/2024\/04\/raviolis-vege-300x214.jpg\" class=\"attachment-portfolio-three size-portfolio-three wp-post-image\" alt=\"\" \/>\n\t\n\n\t\t<div class=\"fusion-rollover\">\n\t<div class=\"fusion-rollover-content\">\n\n\t\t\t\t\t\t\t\t\t\t\t\t\t\t<a class=\"fusion-rollover-link\" href=\"https:\/\/inariz.com\/it\/recipe\/ravioli-vegetariani-con-salsa-di-pomodoro\/\">Ravioli vegetariani con salsa di pomodoro<\/a>\n\t\t\t\n\t\t\t\t\t\t\t\t\t\t\t\t\t\t\n\t\t\t\t\t\t\t\t\n\t\t\t\t\t\t\t\t\t\t\t\t\t<div class=\"fusion-rollover-sep\"><\/div>\n\t\t\t\t\n\t\t\t\t\t\t\t\t\t\t\t\t\t\t\t\t\t\t<a class=\"fusion-rollover-gallery\" href=\"https:\/\/inariz.com\/wp-content\/uploads\/2024\/04\/raviolis-vege.jpg\" data-id=\"4523\" data-rel=\"iLightbox[gallery-rw-1]\" data-title=\"raviolis v\u00e9g\u00e9\" data-caption=\"\">\n\t\t\t\t\t\tGallery\t\t\t\t\t<\/a>\n\t\t\t\t\t\t\t\t\t\t\t\t\t\t\n\t\t\t\t\n\t\t\t\t\t\t\t\t\t\t\t\t<h4 class=\"fusion-rollover-title\">\n\t\t\t\t\t<a class=\"fusion-rollover-title-link\" href=\"https:\/\/inariz.com\/it\/recipe\/ravioli-vegetariani-con-salsa-di-pomodoro\/\">\n\t\t\t\t\t\tRavioli vegetariani con salsa di pomodoro\t\t\t\t\t<\/a>\n\t\t\t\t<\/h4>\n\t\t\t\n\t\t\t\t\t\t\t\t\t\t\t\t\t\t\t\t\t\t\t\n\t\t\n\t\t\t\t<a class=\"fusion-link-wrapper\" href=\"https:\/\/inariz.com\/it\/recipe\/ravioli-vegetariani-con-salsa-di-pomodoro\/\" aria-label=\"Ravioli vegetariani con salsa di pomodoro\"><\/a>\n\t<\/div>\n<\/div>\n\n\t\n<\/div>\n<div class=\"fusion-portfolio-content\"><h2 class=\"entry-title fusion-post-title\"><a href=\"https:\/\/inariz.com\/it\/recipe\/ravioli-vegetariani-con-salsa-di-pomodoro\/\">Ravioli vegetariani con salsa di pomodoro<\/a><\/h2><div class=\"fusion-post-content\"><\/div><\/div><\/div><\/article><article id=\"portfolio-1-post-\" class=\"fusion-portfolio-post halal-it kosher-it pasta-it vegano-vegetariano fusion-col-spacing\"><div class=\"fusion-portfolio-content-wrapper\" style=\"border:none;\"><span class=\"vcard rich-snippet-hidden\"><span class=\"fn\"><a href=\"https:\/\/inariz.com\/it\/author\/laura\/\" title=\"Articoli scritti da laura\" rel=\"author\">laura<\/a><\/span><\/span><span class=\"updated rich-snippet-hidden\">2024-05-23T12:28:00+02:00<\/span>\n\n<div  class=\"fusion-image-wrapper fusion-image-size-fixed\" aria-haspopup=\"true\">\n\t\n\t\n\t\t\n\t\t\t\t\t<img loading=\"lazy\" decoding=\"async\" width=\"300\" height=\"214\" src=\"https:\/\/inariz.com\/wp-content\/uploads\/2024\/04\/pesto-rouge-fusilli-300x214.jpg\" class=\"attachment-portfolio-three size-portfolio-three wp-post-image\" alt=\"\" \/>\n\t\n\n\t\t<div class=\"fusion-rollover\">\n\t<div class=\"fusion-rollover-content\">\n\n\t\t\t\t\t\t\t\t\t\t\t\t\t\t<a class=\"fusion-rollover-link\" href=\"https:\/\/inariz.com\/it\/recipe\/fusilli-al-pesto-rosso\/\">Fusilli al pesto rosso<\/a>\n\t\t\t\n\t\t\t\t\t\t\t\t\t\t\t\t\t\t\n\t\t\t\t\t\t\t\t\n\t\t\t\t\t\t\t\t\t\t\t\t\t<div class=\"fusion-rollover-sep\"><\/div>\n\t\t\t\t\n\t\t\t\t\t\t\t\t\t\t\t\t\t\t\t\t\t\t<a class=\"fusion-rollover-gallery\" href=\"https:\/\/inariz.com\/wp-content\/uploads\/2024\/04\/pesto-rouge-fusilli.jpg\" data-id=\"4519\" data-rel=\"iLightbox[gallery-rw-1]\" data-title=\"pesto rouge fusilli\" data-caption=\"\">\n\t\t\t\t\t\tGallery\t\t\t\t\t<\/a>\n\t\t\t\t\t\t\t\t\t\t\t\t\t\t\n\t\t\t\t\n\t\t\t\t\t\t\t\t\t\t\t\t<h4 class=\"fusion-rollover-title\">\n\t\t\t\t\t<a class=\"fusion-rollover-title-link\" href=\"https:\/\/inariz.com\/it\/recipe\/fusilli-al-pesto-rosso\/\">\n\t\t\t\t\t\tFusilli al pesto rosso\t\t\t\t\t<\/a>\n\t\t\t\t<\/h4>\n\t\t\t\n\t\t\t\t\t\t\t\t\t\t\t\t\t\t\t\t\t\t\t\n\t\t\n\t\t\t\t<a class=\"fusion-link-wrapper\" href=\"https:\/\/inariz.com\/it\/recipe\/fusilli-al-pesto-rosso\/\" aria-label=\"Fusilli al pesto rosso\"><\/a>\n\t<\/div>\n<\/div>\n\n\t\n<\/div>\n<div class=\"fusion-portfolio-content\"><h2 class=\"entry-title fusion-post-title\"><a href=\"https:\/\/inariz.com\/it\/recipe\/fusilli-al-pesto-rosso\/\">Fusilli al pesto rosso<\/a><\/h2><div class=\"fusion-post-content\"><\/div><\/div><\/div><\/article><article id=\"portfolio-1-post-\" class=\"fusion-portfolio-post halal-it kosher-it pasta-it vegano-vegetariano fusion-col-spacing\"><div class=\"fusion-portfolio-content-wrapper\" style=\"border:none;\"><span class=\"vcard rich-snippet-hidden\"><span class=\"fn\"><a href=\"https:\/\/inariz.com\/it\/author\/laura\/\" title=\"Articoli scritti da laura\" rel=\"author\">laura<\/a><\/span><\/span><span class=\"updated rich-snippet-hidden\">2024-05-23T12:26:20+02:00<\/span>\n\n<div  class=\"fusion-image-wrapper fusion-image-size-fixed\" aria-haspopup=\"true\">\n\t\n\t\n\t\t\n\t\t\t\t\t<img loading=\"lazy\" decoding=\"async\" width=\"300\" height=\"214\" src=\"https:\/\/inariz.com\/wp-content\/uploads\/2024\/04\/spaghettis-nature-300x214.jpg\" class=\"attachment-portfolio-three size-portfolio-three wp-post-image\" alt=\"\" \/>\n\t\n\n\t\t<div class=\"fusion-rollover\">\n\t<div class=\"fusion-rollover-content\">\n\n\t\t\t\t\t\t\t\t\t\t\t\t\t\t<a class=\"fusion-rollover-link\" href=\"https:\/\/inariz.com\/it\/recipe\/spaghetti\/\">Spaghetti<\/a>\n\t\t\t\n\t\t\t\t\t\t\t\t\t\t\t\t\t\t\n\t\t\t\t\t\t\t\t\n\t\t\t\t\t\t\t\t\t\t\t\t\t<div class=\"fusion-rollover-sep\"><\/div>\n\t\t\t\t\n\t\t\t\t\t\t\t\t\t\t\t\t\t\t\t\t\t\t<a class=\"fusion-rollover-gallery\" href=\"https:\/\/inariz.com\/wp-content\/uploads\/2024\/04\/spaghettis-nature.jpg\" data-id=\"4515\" data-rel=\"iLightbox[gallery-rw-1]\" data-title=\"spaghettis nature\" data-caption=\"\">\n\t\t\t\t\t\tGallery\t\t\t\t\t<\/a>\n\t\t\t\t\t\t\t\t\t\t\t\t\t\t\n\t\t\t\t\n\t\t\t\t\t\t\t\t\t\t\t\t<h4 class=\"fusion-rollover-title\">\n\t\t\t\t\t<a class=\"fusion-rollover-title-link\" href=\"https:\/\/inariz.com\/it\/recipe\/spaghetti\/\">\n\t\t\t\t\t\tSpaghetti\t\t\t\t\t<\/a>\n\t\t\t\t<\/h4>\n\t\t\t\n\t\t\t\t\t\t\t\t\t\t\t\t\t\t\t\t\t\t\t\n\t\t\n\t\t\t\t<a class=\"fusion-link-wrapper\" href=\"https:\/\/inariz.com\/it\/recipe\/spaghetti\/\" aria-label=\"Spaghetti\"><\/a>\n\t<\/div>\n<\/div>\n\n\t\n<\/div>\n<div class=\"fusion-portfolio-content\"><h2 class=\"entry-title fusion-post-title\"><a href=\"https:\/\/inariz.com\/it\/recipe\/spaghetti\/\">Spaghetti<\/a><\/h2><div class=\"fusion-post-content\"><\/div><\/div><\/div><\/article><article id=\"portfolio-1-post-\" class=\"fusion-portfolio-post halal-it kosher-it pasta-it vegano-vegetariano fusion-col-spacing\"><div class=\"fusion-portfolio-content-wrapper\" style=\"border:none;\"><span class=\"vcard rich-snippet-hidden\"><span class=\"fn\"><a href=\"https:\/\/inariz.com\/it\/author\/laura\/\" title=\"Articoli scritti da laura\" rel=\"author\">laura<\/a><\/span><\/span><span class=\"updated rich-snippet-hidden\">2024-05-23T12:24:27+02:00<\/span>\n\n<div  class=\"fusion-image-wrapper fusion-image-size-fixed\" aria-haspopup=\"true\">\n\t\n\t\n\t\t\n\t\t\t\t\t<img loading=\"lazy\" decoding=\"async\" width=\"300\" height=\"214\" src=\"https:\/\/inariz.com\/wp-content\/uploads\/2024\/05\/fusilli-provinciale-300x214.jpg\" class=\"attachment-portfolio-three size-portfolio-three wp-post-image\" alt=\"\" \/>\n\t\n\n\t\t<div class=\"fusion-rollover\">\n\t<div class=\"fusion-rollover-content\">\n\n\t\t\t\t\t\t\t\t\t\t\t\t\t\t<a class=\"fusion-rollover-link\" href=\"https:\/\/inariz.com\/it\/recipe\/fusilli-alla-provinciale\/\">Fusilli alla provinciale<\/a>\n\t\t\t\n\t\t\t\t\t\t\t\t\t\t\t\t\t\t\n\t\t\t\t\t\t\t\t\n\t\t\t\t\t\t\t\t\t\t\t\t\t<div class=\"fusion-rollover-sep\"><\/div>\n\t\t\t\t\n\t\t\t\t\t\t\t\t\t\t\t\t\t\t\t\t\t\t<a class=\"fusion-rollover-gallery\" href=\"https:\/\/inariz.com\/wp-content\/uploads\/2024\/05\/fusilli-provinciale.jpg\" data-id=\"4511\" data-rel=\"iLightbox[gallery-rw-1]\" data-title=\"fusilli provinciale\" data-caption=\"\">\n\t\t\t\t\t\tGallery\t\t\t\t\t<\/a>\n\t\t\t\t\t\t\t\t\t\t\t\t\t\t\n\t\t\t\t\n\t\t\t\t\t\t\t\t\t\t\t\t<h4 class=\"fusion-rollover-title\">\n\t\t\t\t\t<a class=\"fusion-rollover-title-link\" href=\"https:\/\/inariz.com\/it\/recipe\/fusilli-alla-provinciale\/\">\n\t\t\t\t\t\tFusilli alla provinciale\t\t\t\t\t<\/a>\n\t\t\t\t<\/h4>\n\t\t\t\n\t\t\t\t\t\t\t\t\t\t\t\t\t\t\t\t\t\t\t\n\t\t\n\t\t\t\t<a class=\"fusion-link-wrapper\" href=\"https:\/\/inariz.com\/it\/recipe\/fusilli-alla-provinciale\/\" aria-label=\"Fusilli alla provinciale\"><\/a>\n\t<\/div>\n<\/div>\n\n\t\n<\/div>\n<div class=\"fusion-portfolio-content\"><h2 class=\"entry-title fusion-post-title\"><a href=\"https:\/\/inariz.com\/it\/recipe\/fusilli-alla-provinciale\/\">Fusilli alla provinciale<\/a><\/h2><div class=\"fusion-post-content\"><\/div><\/div><\/div><\/article><article id=\"portfolio-1-post-\" class=\"fusion-portfolio-post halal-it kosher-it originale-it pasta-it fusion-col-spacing\"><div class=\"fusion-portfolio-content-wrapper\" style=\"border:none;\"><span class=\"vcard rich-snippet-hidden\"><span class=\"fn\"><a href=\"https:\/\/inariz.com\/it\/author\/laura\/\" title=\"Articoli scritti da laura\" rel=\"author\">laura<\/a><\/span><\/span><span class=\"updated rich-snippet-hidden\">2024-05-23T12:22:13+02:00<\/span>\n\n<div  class=\"fusion-image-wrapper fusion-image-size-fixed\" aria-haspopup=\"true\">\n\t\n\t\n\t\t\n\t\t\t\t\t<img loading=\"lazy\" decoding=\"async\" width=\"300\" height=\"214\" src=\"https:\/\/inariz.com\/wp-content\/uploads\/2024\/04\/fusilli-tom-basilic-300x214.jpg\" class=\"attachment-portfolio-three size-portfolio-three wp-post-image\" alt=\"\" \/>\n\t\n\n\t\t<div class=\"fusion-rollover\">\n\t<div class=\"fusion-rollover-content\">\n\n\t\t\t\t\t\t\t\t\t\t\t\t\t\t<a class=\"fusion-rollover-link\" href=\"https:\/\/inariz.com\/it\/recipe\/fusilli-al-pomodoro-e-basilico\/\">Fusilli al pomodoro e basilico<\/a>\n\t\t\t\n\t\t\t\t\t\t\t\t\t\t\t\t\t\t\n\t\t\t\t\t\t\t\t\n\t\t\t\t\t\t\t\t\t\t\t\t\t<div class=\"fusion-rollover-sep\"><\/div>\n\t\t\t\t\n\t\t\t\t\t\t\t\t\t\t\t\t\t\t\t\t\t\t<a class=\"fusion-rollover-gallery\" href=\"https:\/\/inariz.com\/wp-content\/uploads\/2024\/04\/fusilli-tom-basilic.jpg\" data-id=\"4507\" data-rel=\"iLightbox[gallery-rw-1]\" data-title=\"fusilli tom basilic\" data-caption=\"\">\n\t\t\t\t\t\tGallery\t\t\t\t\t<\/a>\n\t\t\t\t\t\t\t\t\t\t\t\t\t\t\n\t\t\t\t\n\t\t\t\t\t\t\t\t\t\t\t\t<h4 class=\"fusion-rollover-title\">\n\t\t\t\t\t<a class=\"fusion-rollover-title-link\" href=\"https:\/\/inariz.com\/it\/recipe\/fusilli-al-pomodoro-e-basilico\/\">\n\t\t\t\t\t\tFusilli al pomodoro e basilico\t\t\t\t\t<\/a>\n\t\t\t\t<\/h4>\n\t\t\t\n\t\t\t\t\t\t\t\t\t\t\t\t\t\t\t\t\t\t\t\n\t\t\n\t\t\t\t<a class=\"fusion-link-wrapper\" href=\"https:\/\/inariz.com\/it\/recipe\/fusilli-al-pomodoro-e-basilico\/\" aria-label=\"Fusilli al pomodoro e basilico\"><\/a>\n\t<\/div>\n<\/div>\n\n\t\n<\/div>\n<div class=\"fusion-portfolio-content\"><h2 class=\"entry-title fusion-post-title\"><a href=\"https:\/\/inariz.com\/it\/recipe\/fusilli-al-pomodoro-e-basilico\/\">Fusilli al pomodoro e basilico<\/a><\/h2><div class=\"fusion-post-content\"><\/div><\/div><\/div><\/article><article id=\"portfolio-1-post-\" class=\"fusion-portfolio-post pasta-it tradizionale fusion-col-spacing\"><div class=\"fusion-portfolio-content-wrapper\" style=\"border:none;\"><span class=\"vcard rich-snippet-hidden\"><span class=\"fn\"><a href=\"https:\/\/inariz.com\/it\/author\/laura\/\" title=\"Articoli scritti da laura\" rel=\"author\">laura<\/a><\/span><\/span><span class=\"updated rich-snippet-hidden\">2024-05-23T12:15:30+02:00<\/span>\n\n<div  class=\"fusion-image-wrapper fusion-image-size-fixed\" aria-haspopup=\"true\">\n\t\n\t\n\t\t\n\t\t\t\t\t<img loading=\"lazy\" decoding=\"async\" width=\"300\" height=\"214\" src=\"https:\/\/inariz.com\/wp-content\/uploads\/2024\/04\/Fusilli_with_Tomato_pesto_Chorizo_Rosemary_Rachel_Allen_3_1151x570_crop_center-300x214.jpg\" class=\"attachment-portfolio-three size-portfolio-three wp-post-image\" alt=\"\" \/>\n\t\n\n\t\t<div class=\"fusion-rollover\">\n\t<div class=\"fusion-rollover-content\">\n\n\t\t\t\t\t\t\t\t\t\t\t\t\t\t<a class=\"fusion-rollover-link\" href=\"https:\/\/inariz.com\/it\/recipe\/fusilli-al-pomodoro-e-chorizo\/\">Fusilli al pomodoro e chorizo<\/a>\n\t\t\t\n\t\t\t\t\t\t\t\t\t\t\t\t\t\t\n\t\t\t\t\t\t\t\t\n\t\t\t\t\t\t\t\t\t\t\t\t\t<div class=\"fusion-rollover-sep\"><\/div>\n\t\t\t\t\n\t\t\t\t\t\t\t\t\t\t\t\t\t\t\t\t\t\t<a class=\"fusion-rollover-gallery\" href=\"https:\/\/inariz.com\/wp-content\/uploads\/2024\/04\/Fusilli_with_Tomato_pesto_Chorizo_Rosemary_Rachel_Allen_3_1151x570_crop_center.jpg\" data-id=\"4503\" data-rel=\"iLightbox[gallery-rw-1]\" data-title=\"Fusilli_with_Tomato_pesto_Chorizo_Rosemary_Rachel_Allen_3_1151x570_crop_center\" data-caption=\"\">\n\t\t\t\t\t\tGallery\t\t\t\t\t<\/a>\n\t\t\t\t\t\t\t\t\t\t\t\t\t\t\n\t\t\t\t\n\t\t\t\t\t\t\t\t\t\t\t\t<h4 class=\"fusion-rollover-title\">\n\t\t\t\t\t<a class=\"fusion-rollover-title-link\" href=\"https:\/\/inariz.com\/it\/recipe\/fusilli-al-pomodoro-e-chorizo\/\">\n\t\t\t\t\t\tFusilli al pomodoro e chorizo\t\t\t\t\t<\/a>\n\t\t\t\t<\/h4>\n\t\t\t\n\t\t\t\t\t\t\t\t\t\t\t\t\t\t\t\t\t\t\t\n\t\t\n\t\t\t\t<a class=\"fusion-link-wrapper\" href=\"https:\/\/inariz.com\/it\/recipe\/fusilli-al-pomodoro-e-chorizo\/\" aria-label=\"Fusilli al pomodoro e chorizo\"><\/a>\n\t<\/div>\n<\/div>\n\n\t\n<\/div>\n<div class=\"fusion-portfolio-content\"><h2 class=\"entry-title fusion-post-title\"><a href=\"https:\/\/inariz.com\/it\/recipe\/fusilli-al-pomodoro-e-chorizo\/\">Fusilli al pomodoro e chorizo<\/a><\/h2><div class=\"fusion-post-content\"><\/div><\/div><\/div><\/article><article id=\"portfolio-1-post-\" class=\"fusion-portfolio-post bio-it cereali vegano-vegetariano fusion-col-spacing\"><div class=\"fusion-portfolio-content-wrapper\" style=\"border:none;\"><span class=\"vcard rich-snippet-hidden\"><span class=\"fn\"><a href=\"https:\/\/inariz.com\/it\/author\/samy\/\" title=\"Articoli scritti da samy\" rel=\"author\">samy<\/a><\/span><\/span><span class=\"updated rich-snippet-hidden\">2024-09-23T13:02:41+02:00<\/span>\n\n<div  class=\"fusion-image-wrapper fusion-image-size-fixed\" aria-haspopup=\"true\">\n\t\n\t\n\t\t\n\t\t\t\t\t<img loading=\"lazy\" decoding=\"async\" width=\"300\" height=\"214\" src=\"https:\/\/inariz.com\/wp-content\/uploads\/2019\/05\/Duo-de-quinoa-blanc-et-rouge-300x214.jpg\" class=\"attachment-portfolio-three size-portfolio-three wp-post-image\" alt=\"\" \/>\n\t\n\n\t\t<div class=\"fusion-rollover\">\n\t<div class=\"fusion-rollover-content\">\n\n\t\t\t\t\t\t\t\t\t\t\t\t\t\t<a class=\"fusion-rollover-link\" href=\"https:\/\/inariz.com\/it\/recipe\/bis-di-quinoa-bianca-e-rossa\/\">Bis di quinoa bianca e rossa<\/a>\n\t\t\t\n\t\t\t\t\t\t\t\t\t\t\t\t\t\t\n\t\t\t\t\t\t\t\t\n\t\t\t\t\t\t\t\t\t\t\t\t\t<div class=\"fusion-rollover-sep\"><\/div>\n\t\t\t\t\n\t\t\t\t\t\t\t\t\t\t\t\t\t\t\t\t\t\t<a class=\"fusion-rollover-gallery\" href=\"https:\/\/inariz.com\/wp-content\/uploads\/2019\/05\/Duo-de-quinoa-blanc-et-rouge.jpg\" data-id=\"2358\" data-rel=\"iLightbox[gallery-rw-1]\" data-title=\"Bis di quinoa bianca e rossa\" data-caption=\"\">\n\t\t\t\t\t\tGallery\t\t\t\t\t<\/a>\n\t\t\t\t\t\t\t\t\t\t\t\t\t\t\n\t\t\t\t\n\t\t\t\t\t\t\t\t\t\t\t\t<h4 class=\"fusion-rollover-title\">\n\t\t\t\t\t<a class=\"fusion-rollover-title-link\" href=\"https:\/\/inariz.com\/it\/recipe\/bis-di-quinoa-bianca-e-rossa\/\">\n\t\t\t\t\t\tBis di quinoa bianca e rossa\t\t\t\t\t<\/a>\n\t\t\t\t<\/h4>\n\t\t\t\n\t\t\t\t\t\t\t\t\t\t\t\t\t\t\t\t\t\t\t\n\t\t\n\t\t\t\t<a class=\"fusion-link-wrapper\" href=\"https:\/\/inariz.com\/it\/recipe\/bis-di-quinoa-bianca-e-rossa\/\" aria-label=\"Bis di quinoa bianca e rossa\"><\/a>\n\t<\/div>\n<\/div>\n\n\t\n<\/div>\n<div class=\"fusion-portfolio-content\"><h2 class=\"entry-title fusion-post-title\"><a href=\"https:\/\/inariz.com\/it\/recipe\/bis-di-quinoa-bianca-e-rossa\/\">Bis di quinoa bianca e rossa<\/a><\/h2><div class=\"fusion-post-content\"><\/div><\/div><\/div><\/article><article id=\"portfolio-1-post-\" class=\"fusion-portfolio-post bio-it cereali vegano-vegetariano fusion-col-spacing\"><div class=\"fusion-portfolio-content-wrapper\" style=\"border:none;\"><span class=\"vcard rich-snippet-hidden\"><span class=\"fn\"><a href=\"https:\/\/inariz.com\/it\/author\/samy\/\" title=\"Articoli scritti da samy\" rel=\"author\">samy<\/a><\/span><\/span><span class=\"updated rich-snippet-hidden\">2020-04-02T18:39:51+02:00<\/span>\n\n<div  class=\"fusion-image-wrapper fusion-image-size-fixed\" aria-haspopup=\"true\">\n\t\n\t\n\t\t\n\t\t\t\t\t<img loading=\"lazy\" decoding=\"async\" width=\"300\" height=\"214\" src=\"https:\/\/inariz.com\/wp-content\/uploads\/2019\/05\/quinoa-naturel-300x214.jpg\" class=\"attachment-portfolio-three size-portfolio-three wp-post-image\" alt=\"\" \/>\n\t\n\n\t\t<div class=\"fusion-rollover\">\n\t<div class=\"fusion-rollover-content\">\n\n\t\t\t\t\t\t\t\t\t\t\t\t\t\t<a class=\"fusion-rollover-link\" href=\"https:\/\/inariz.com\/it\/recipe\/quinoa-al-naturale\/\">Quinoa al naturale<\/a>\n\t\t\t\n\t\t\t\t\t\t\t\t\t\t\t\t\t\t\n\t\t\t\t\t\t\t\t\n\t\t\t\t\t\t\t\t\t\t\t\t\t<div class=\"fusion-rollover-sep\"><\/div>\n\t\t\t\t\n\t\t\t\t\t\t\t\t\t\t\t\t\t\t\t\t\t\t<a class=\"fusion-rollover-gallery\" href=\"https:\/\/inariz.com\/wp-content\/uploads\/2019\/05\/quinoa-naturel.jpg\" data-id=\"2360\" data-rel=\"iLightbox[gallery-rw-1]\" data-title=\"quinoa-naturel\" data-caption=\"\">\n\t\t\t\t\t\tGallery\t\t\t\t\t<\/a>\n\t\t\t\t\t\t\t\t\t\t\t\t\t\t\n\t\t\t\t\n\t\t\t\t\t\t\t\t\t\t\t\t<h4 class=\"fusion-rollover-title\">\n\t\t\t\t\t<a class=\"fusion-rollover-title-link\" href=\"https:\/\/inariz.com\/it\/recipe\/quinoa-al-naturale\/\">\n\t\t\t\t\t\tQuinoa al naturale\t\t\t\t\t<\/a>\n\t\t\t\t<\/h4>\n\t\t\t\n\t\t\t\t\t\t\t\t\t\t\t\t\t\t\t\t\t\t\t\n\t\t\n\t\t\t\t<a class=\"fusion-link-wrapper\" href=\"https:\/\/inariz.com\/it\/recipe\/quinoa-al-naturale\/\" aria-label=\"Quinoa al naturale\"><\/a>\n\t<\/div>\n<\/div>\n\n\t\n<\/div>\n<div class=\"fusion-portfolio-content\"><h2 class=\"entry-title fusion-post-title\"><a href=\"https:\/\/inariz.com\/it\/recipe\/quinoa-al-naturale\/\">Quinoa al naturale<\/a><\/h2><div class=\"fusion-post-content\"><\/div><\/div><\/div><\/article><article id=\"portfolio-1-post-\" class=\"fusion-portfolio-post bio-it cereali tradizionale vegano-vegetariano fusion-col-spacing\"><div class=\"fusion-portfolio-content-wrapper\" style=\"border:none;\"><span class=\"vcard rich-snippet-hidden\"><span class=\"fn\"><a href=\"https:\/\/inariz.com\/it\/author\/samy\/\" title=\"Articoli scritti da samy\" rel=\"author\">samy<\/a><\/span><\/span><span class=\"updated rich-snippet-hidden\">2024-09-23T12:58:20+02:00<\/span>\n\n<div  class=\"fusion-image-wrapper fusion-image-size-fixed\" aria-haspopup=\"true\">\n\t\n\t\n\t\t\n\t\t\t\t\t<img loading=\"lazy\" decoding=\"async\" width=\"300\" height=\"214\" src=\"https:\/\/inariz.com\/wp-content\/uploads\/2019\/05\/Quinoa-lentilles-300x214.jpg\" class=\"attachment-portfolio-three size-portfolio-three wp-post-image\" alt=\"\" \/>\n\t\n\n\t\t<div class=\"fusion-rollover\">\n\t<div class=\"fusion-rollover-content\">\n\n\t\t\t\t\t\t\t\t\t\t\t\t\t\t<a class=\"fusion-rollover-link\" href=\"https:\/\/inariz.com\/it\/recipe\/quinoa-lenticchie\/\">Quinoa, lenticchie<\/a>\n\t\t\t\n\t\t\t\t\t\t\t\t\t\t\t\t\t\t\n\t\t\t\t\t\t\t\t\n\t\t\t\t\t\t\t\t\t\t\t\t\t<div class=\"fusion-rollover-sep\"><\/div>\n\t\t\t\t\n\t\t\t\t\t\t\t\t\t\t\t\t\t\t\t\t\t\t<a class=\"fusion-rollover-gallery\" href=\"https:\/\/inariz.com\/wp-content\/uploads\/2019\/05\/Quinoa-lentilles.jpg\" data-id=\"2362\" data-rel=\"iLightbox[gallery-rw-1]\" data-title=\"Quinoa, lenticchie\" data-caption=\"\">\n\t\t\t\t\t\tGallery\t\t\t\t\t<\/a>\n\t\t\t\t\t\t\t\t\t\t\t\t\t\t\n\t\t\t\t\n\t\t\t\t\t\t\t\t\t\t\t\t<h4 class=\"fusion-rollover-title\">\n\t\t\t\t\t<a class=\"fusion-rollover-title-link\" href=\"https:\/\/inariz.com\/it\/recipe\/quinoa-lenticchie\/\">\n\t\t\t\t\t\tQuinoa, lenticchie\t\t\t\t\t<\/a>\n\t\t\t\t<\/h4>\n\t\t\t\n\t\t\t\t\t\t\t\t\t\t\t\t\t\t\t\t\t\t\t\n\t\t\n\t\t\t\t<a class=\"fusion-link-wrapper\" href=\"https:\/\/inariz.com\/it\/recipe\/quinoa-lenticchie\/\" aria-label=\"Quinoa, lenticchie\"><\/a>\n\t<\/div>\n<\/div>\n\n\t\n<\/div>\n<div class=\"fusion-portfolio-content\"><h2 class=\"entry-title fusion-post-title\"><a href=\"https:\/\/inariz.com\/it\/recipe\/quinoa-lenticchie\/\">Quinoa, lenticchie<\/a><\/h2><div class=\"fusion-post-content\"><\/div><\/div><\/div><\/article><article id=\"portfolio-1-post-\" class=\"fusion-portfolio-post bio-it cereali tradizionale vegano-vegetariano fusion-col-spacing\"><div class=\"fusion-portfolio-content-wrapper\" style=\"border:none;\"><span class=\"vcard rich-snippet-hidden\"><span class=\"fn\"><a href=\"https:\/\/inariz.com\/it\/author\/samy\/\" title=\"Articoli scritti da samy\" rel=\"author\">samy<\/a><\/span><\/span><span class=\"updated rich-snippet-hidden\">2020-04-02T18:44:39+02:00<\/span>\n\n<div  class=\"fusion-image-wrapper fusion-image-size-fixed\" aria-haspopup=\"true\">\n\t\n\t\n\t\t\n\t\t\t\t\t<img loading=\"lazy\" decoding=\"async\" width=\"300\" height=\"214\" src=\"https:\/\/inariz.com\/wp-content\/uploads\/2019\/05\/Lentilles-carottes-300x214.jpg\" class=\"attachment-portfolio-three size-portfolio-three wp-post-image\" alt=\"\" \/>\n\t\n\n\t\t<div class=\"fusion-rollover\">\n\t<div class=\"fusion-rollover-content\">\n\n\t\t\t\t\t\t\t\t\t\t\t\t\t\t<a class=\"fusion-rollover-link\" href=\"https:\/\/inariz.com\/it\/recipe\/lenticchie-carote\/\">Lenticchie, carote<\/a>\n\t\t\t\n\t\t\t\t\t\t\t\t\t\t\t\t\t\t\n\t\t\t\t\t\t\t\t\n\t\t\t\t\t\t\t\t\t\t\t\t\t<div class=\"fusion-rollover-sep\"><\/div>\n\t\t\t\t\n\t\t\t\t\t\t\t\t\t\t\t\t\t\t\t\t\t\t<a class=\"fusion-rollover-gallery\" href=\"https:\/\/inariz.com\/wp-content\/uploads\/2019\/05\/Lentilles-carottes.jpg\" data-id=\"2364\" data-rel=\"iLightbox[gallery-rw-1]\" data-title=\"Lenticchie, carote\" data-caption=\"\">\n\t\t\t\t\t\tGallery\t\t\t\t\t<\/a>\n\t\t\t\t\t\t\t\t\t\t\t\t\t\t\n\t\t\t\t\n\t\t\t\t\t\t\t\t\t\t\t\t<h4 class=\"fusion-rollover-title\">\n\t\t\t\t\t<a class=\"fusion-rollover-title-link\" href=\"https:\/\/inariz.com\/it\/recipe\/lenticchie-carote\/\">\n\t\t\t\t\t\tLenticchie, carote\t\t\t\t\t<\/a>\n\t\t\t\t<\/h4>\n\t\t\t\n\t\t\t\t\t\t\t\t\t\t\t\t\t\t\t\t\t\t\t\n\t\t\n\t\t\t\t<a class=\"fusion-link-wrapper\" href=\"https:\/\/inariz.com\/it\/recipe\/lenticchie-carote\/\" aria-label=\"Lenticchie, carote\"><\/a>\n\t<\/div>\n<\/div>\n\n\t\n<\/div>\n<div class=\"fusion-portfolio-content\"><h2 class=\"entry-title fusion-post-title\"><a href=\"https:\/\/inariz.com\/it\/recipe\/lenticchie-carote\/\">Lenticchie, carote<\/a><\/h2><div class=\"fusion-post-content\"><\/div><\/div><\/div><\/article><article id=\"portfolio-1-post-\" class=\"fusion-portfolio-post bio-it cereali halal-it originale-it piatti-pronti fusion-col-spacing\"><div class=\"fusion-portfolio-content-wrapper\" style=\"border:none;\"><span class=\"vcard rich-snippet-hidden\"><span class=\"fn\"><a href=\"https:\/\/inariz.com\/it\/author\/samy\/\" title=\"Articoli scritti da samy\" rel=\"author\">samy<\/a><\/span><\/span><span class=\"updated rich-snippet-hidden\">2024-09-23T12:59:17+02:00<\/span>\n\n<div  class=\"fusion-image-wrapper fusion-image-size-fixed\" aria-haspopup=\"true\">\n\t\n\t\n\t\t\n\t\t\t\t\t<img loading=\"lazy\" decoding=\"async\" width=\"300\" height=\"214\" src=\"https:\/\/inariz.com\/wp-content\/uploads\/2019\/05\/Chili-con-carne-300x214.jpg\" class=\"attachment-portfolio-three size-portfolio-three wp-post-image\" alt=\"\" \/>\n\t\n\n\t\t<div class=\"fusion-rollover\">\n\t<div class=\"fusion-rollover-content\">\n\n\t\t\t\t\t\t\t\t\t\t\t\t\t\t<a class=\"fusion-rollover-link\" href=\"https:\/\/inariz.com\/it\/recipe\/chili-con-carne\/\">Chili con carne<\/a>\n\t\t\t\n\t\t\t\t\t\t\t\t\t\t\t\t\t\t\n\t\t\t\t\t\t\t\t\n\t\t\t\t\t\t\t\t\t\t\t\t\t<div class=\"fusion-rollover-sep\"><\/div>\n\t\t\t\t\n\t\t\t\t\t\t\t\t\t\t\t\t\t\t\t\t\t\t<a class=\"fusion-rollover-gallery\" href=\"https:\/\/inariz.com\/wp-content\/uploads\/2019\/05\/Chili-con-carne.jpg\" data-id=\"2366\" data-rel=\"iLightbox[gallery-rw-1]\" data-title=\"Chili con carne\" data-caption=\"\">\n\t\t\t\t\t\tGallery\t\t\t\t\t<\/a>\n\t\t\t\t\t\t\t\t\t\t\t\t\t\t\n\t\t\t\t\n\t\t\t\t\t\t\t\t\t\t\t\t<h4 class=\"fusion-rollover-title\">\n\t\t\t\t\t<a class=\"fusion-rollover-title-link\" href=\"https:\/\/inariz.com\/it\/recipe\/chili-con-carne\/\">\n\t\t\t\t\t\tChili con carne\t\t\t\t\t<\/a>\n\t\t\t\t<\/h4>\n\t\t\t\n\t\t\t\t\t\t\t\t\t\t\t\t\t\t\t\t\t\t\t\n\t\t\n\t\t\t\t<a class=\"fusion-link-wrapper\" href=\"https:\/\/inariz.com\/it\/recipe\/chili-con-carne\/\" aria-label=\"Chili con carne\"><\/a>\n\t<\/div>\n<\/div>\n\n\t\n<\/div>\n<div class=\"fusion-portfolio-content\"><h2 class=\"entry-title fusion-post-title\"><a href=\"https:\/\/inariz.com\/it\/recipe\/chili-con-carne\/\">Chili con carne<\/a><\/h2><div class=\"fusion-post-content\"><\/div><\/div><\/div><\/article><article id=\"portfolio-1-post-\" class=\"fusion-portfolio-post bio-it cereali originale-it vegano-vegetariano fusion-col-spacing\"><div class=\"fusion-portfolio-content-wrapper\" style=\"border:none;\"><span class=\"vcard rich-snippet-hidden\"><span class=\"fn\"><a href=\"https:\/\/inariz.com\/it\/author\/samy\/\" title=\"Articoli scritti da samy\" rel=\"author\">samy<\/a><\/span><\/span><span class=\"updated rich-snippet-hidden\">2024-09-23T13:04:22+02:00<\/span>\n\n<div  class=\"fusion-image-wrapper fusion-image-size-fixed\" aria-haspopup=\"true\">\n\t\n\t\n\t\t\n\t\t\t\t\t<img loading=\"lazy\" decoding=\"async\" width=\"300\" height=\"214\" src=\"https:\/\/inariz.com\/wp-content\/uploads\/2019\/05\/Quinoa-lentilles-a-la-mexicaine-300x214.jpg\" class=\"attachment-portfolio-three size-portfolio-three wp-post-image\" alt=\"\" \/>\n\t\n\n\t\t<div class=\"fusion-rollover\">\n\t<div class=\"fusion-rollover-content\">\n\n\t\t\t\t\t\t\t\t\t\t\t\t\t\t<a class=\"fusion-rollover-link\" href=\"https:\/\/inariz.com\/it\/recipe\/quinoa-lenticchie-alla-messicana\/\">Quinoa, lenticchie alla messicana<\/a>\n\t\t\t\n\t\t\t\t\t\t\t\t\t\t\t\t\t\t\n\t\t\t\t\t\t\t\t\n\t\t\t\t\t\t\t\t\t\t\t\t\t<div class=\"fusion-rollover-sep\"><\/div>\n\t\t\t\t\n\t\t\t\t\t\t\t\t\t\t\t\t\t\t\t\t\t\t<a class=\"fusion-rollover-gallery\" href=\"https:\/\/inariz.com\/wp-content\/uploads\/2019\/05\/Quinoa-lentilles-a-la-mexicaine.jpg\" data-id=\"2368\" data-rel=\"iLightbox[gallery-rw-1]\" data-title=\"Quinoa, lenticchie alla messicana\" data-caption=\"\">\n\t\t\t\t\t\tGallery\t\t\t\t\t<\/a>\n\t\t\t\t\t\t\t\t\t\t\t\t\t\t\n\t\t\t\t\n\t\t\t\t\t\t\t\t\t\t\t\t<h4 class=\"fusion-rollover-title\">\n\t\t\t\t\t<a class=\"fusion-rollover-title-link\" href=\"https:\/\/inariz.com\/it\/recipe\/quinoa-lenticchie-alla-messicana\/\">\n\t\t\t\t\t\tQuinoa, lenticchie alla messicana\t\t\t\t\t<\/a>\n\t\t\t\t<\/h4>\n\t\t\t\n\t\t\t\t\t\t\t\t\t\t\t\t\t\t\t\t\t\t\t\n\t\t\n\t\t\t\t<a class=\"fusion-link-wrapper\" href=\"https:\/\/inariz.com\/it\/recipe\/quinoa-lenticchie-alla-messicana\/\" aria-label=\"Quinoa, lenticchie alla messicana\"><\/a>\n\t<\/div>\n<\/div>\n\n\t\n<\/div>\n<div class=\"fusion-portfolio-content\"><h2 class=\"entry-title fusion-post-title\"><a href=\"https:\/\/inariz.com\/it\/recipe\/quinoa-lenticchie-alla-messicana\/\">Quinoa, lenticchie alla messicana<\/a><\/h2><div class=\"fusion-post-content\"><\/div><\/div><\/div><\/article><article id=\"portfolio-1-post-\" class=\"fusion-portfolio-post bio-it cereali originale-it vegano-vegetariano fusion-col-spacing\"><div class=\"fusion-portfolio-content-wrapper\" style=\"border:none;\"><span class=\"vcard rich-snippet-hidden\"><span class=\"fn\"><a href=\"https:\/\/inariz.com\/it\/author\/samy\/\" title=\"Articoli scritti da samy\" rel=\"author\">samy<\/a><\/span><\/span><span class=\"updated rich-snippet-hidden\">2024-09-17T16:40:41+02:00<\/span>\n\n<div  class=\"fusion-image-wrapper fusion-image-size-fixed\" aria-haspopup=\"true\">\n\t\n\t\n\t\t\n\t\t\t\t\t<img loading=\"lazy\" decoding=\"async\" width=\"300\" height=\"214\" src=\"https:\/\/inariz.com\/wp-content\/uploads\/2019\/05\/quinoa-legumes-300x214.jpg\" class=\"attachment-portfolio-three size-portfolio-three wp-post-image\" alt=\"\" \/>\n\t\n\n\t\t<div class=\"fusion-rollover\">\n\t<div class=\"fusion-rollover-content\">\n\n\t\t\t\t\t\t\t\t\t\t\t\t\t\t<a class=\"fusion-rollover-link\" href=\"https:\/\/inariz.com\/it\/recipe\/quinoa-ai-legumi\/\">Quinoa ai legumi<\/a>\n\t\t\t\n\t\t\t\t\t\t\t\t\t\t\t\t\t\t\n\t\t\t\t\t\t\t\t\n\t\t\t\t\t\t\t\t\t\t\t\t\t<div class=\"fusion-rollover-sep\"><\/div>\n\t\t\t\t\n\t\t\t\t\t\t\t\t\t\t\t\t\t\t\t\t\t\t<a class=\"fusion-rollover-gallery\" href=\"https:\/\/inariz.com\/wp-content\/uploads\/2019\/05\/quinoa-legumes.jpg\" data-id=\"2370\" data-rel=\"iLightbox[gallery-rw-1]\" data-title=\"quinoa-legumes\" data-caption=\"\">\n\t\t\t\t\t\tGallery\t\t\t\t\t<\/a>\n\t\t\t\t\t\t\t\t\t\t\t\t\t\t\n\t\t\t\t\n\t\t\t\t\t\t\t\t\t\t\t\t<h4 class=\"fusion-rollover-title\">\n\t\t\t\t\t<a class=\"fusion-rollover-title-link\" href=\"https:\/\/inariz.com\/it\/recipe\/quinoa-ai-legumi\/\">\n\t\t\t\t\t\tQuinoa ai legumi\t\t\t\t\t<\/a>\n\t\t\t\t<\/h4>\n\t\t\t\n\t\t\t\t\t\t\t\t\t\t\t\t\t\t\t\t\t\t\t\n\t\t\n\t\t\t\t<a class=\"fusion-link-wrapper\" href=\"https:\/\/inariz.com\/it\/recipe\/quinoa-ai-legumi\/\" aria-label=\"Quinoa ai legumi\"><\/a>\n\t<\/div>\n<\/div>\n\n\t\n<\/div>\n<div class=\"fusion-portfolio-content\"><h2 class=\"entry-title fusion-post-title\"><a href=\"https:\/\/inariz.com\/it\/recipe\/quinoa-ai-legumi\/\">Quinoa ai legumi<\/a><\/h2><div class=\"fusion-post-content\"><\/div><\/div><\/div><\/article><article id=\"portfolio-1-post-\" class=\"fusion-portfolio-post bio-it cereali originale-it vegano-vegetariano fusion-col-spacing\"><div class=\"fusion-portfolio-content-wrapper\" style=\"border:none;\"><span class=\"vcard rich-snippet-hidden\"><span class=\"fn\"><a href=\"https:\/\/inariz.com\/it\/author\/samy\/\" title=\"Articoli scritti da samy\" rel=\"author\">samy<\/a><\/span><\/span><span class=\"updated rich-snippet-hidden\">2020-04-02T19:49:49+02:00<\/span>\n\n<div  class=\"fusion-image-wrapper fusion-image-size-fixed\" aria-haspopup=\"true\">\n\t\n\t\n\t\t\n\t\t\t\t\t<img loading=\"lazy\" decoding=\"async\" width=\"300\" height=\"214\" src=\"https:\/\/inariz.com\/wp-content\/uploads\/2019\/05\/Taboule-300x214.jpg\" class=\"attachment-portfolio-three size-portfolio-three wp-post-image\" alt=\"\" \/>\n\t\n\n\t\t<div class=\"fusion-rollover\">\n\t<div class=\"fusion-rollover-content\">\n\n\t\t\t\t\t\t\t\t\t\t\t\t\t\t<a class=\"fusion-rollover-link\" href=\"https:\/\/inariz.com\/it\/recipe\/taboule\/\">Taboul\u00e9<\/a>\n\t\t\t\n\t\t\t\t\t\t\t\t\t\t\t\t\t\t\n\t\t\t\t\t\t\t\t\n\t\t\t\t\t\t\t\t\t\t\t\t\t<div class=\"fusion-rollover-sep\"><\/div>\n\t\t\t\t\n\t\t\t\t\t\t\t\t\t\t\t\t\t\t\t\t\t\t<a class=\"fusion-rollover-gallery\" href=\"https:\/\/inariz.com\/wp-content\/uploads\/2019\/05\/Taboule.jpg\" data-id=\"2373\" data-rel=\"iLightbox[gallery-rw-1]\" data-title=\"Taboule\" data-caption=\"\">\n\t\t\t\t\t\tGallery\t\t\t\t\t<\/a>\n\t\t\t\t\t\t\t\t\t\t\t\t\t\t\n\t\t\t\t\n\t\t\t\t\t\t\t\t\t\t\t\t<h4 class=\"fusion-rollover-title\">\n\t\t\t\t\t<a class=\"fusion-rollover-title-link\" href=\"https:\/\/inariz.com\/it\/recipe\/taboule\/\">\n\t\t\t\t\t\tTaboul\u00e9\t\t\t\t\t<\/a>\n\t\t\t\t<\/h4>\n\t\t\t\n\t\t\t\t\t\t\t\t\t\t\t\t\t\t\t\t\t\t\t\n\t\t\n\t\t\t\t<a class=\"fusion-link-wrapper\" href=\"https:\/\/inariz.com\/it\/recipe\/taboule\/\" aria-label=\"Taboul\u00e9\"><\/a>\n\t<\/div>\n<\/div>\n\n\t\n<\/div>\n<div class=\"fusion-portfolio-content\"><h2 class=\"entry-title fusion-post-title\"><a href=\"https:\/\/inariz.com\/it\/recipe\/taboule\/\">Taboul\u00e9<\/a><\/h2><div class=\"fusion-post-content\"><\/div><\/div><\/div><\/article><article id=\"portfolio-1-post-\" class=\"fusion-portfolio-post bio-it cereali originale-it vegano-vegetariano fusion-col-spacing\"><div class=\"fusion-portfolio-content-wrapper\" style=\"border:none;\"><span class=\"vcard rich-snippet-hidden\"><span class=\"fn\"><a href=\"https:\/\/inariz.com\/it\/author\/samy\/\" title=\"Articoli scritti da samy\" rel=\"author\">samy<\/a><\/span><\/span><span class=\"updated rich-snippet-hidden\">2020-04-02T19:49:51+02:00<\/span>\n\n<div  class=\"fusion-image-wrapper fusion-image-size-fixed\" aria-haspopup=\"true\">\n\t\n\t\n\t\t\n\t\t\t\t\t<img loading=\"lazy\" decoding=\"async\" width=\"300\" height=\"214\" src=\"https:\/\/inariz.com\/wp-content\/uploads\/2019\/05\/Quinoa-menthe-300x214.jpg\" class=\"attachment-portfolio-three size-portfolio-three wp-post-image\" alt=\"\" \/>\n\t\n\n\t\t<div class=\"fusion-rollover\">\n\t<div class=\"fusion-rollover-content\">\n\n\t\t\t\t\t\t\t\t\t\t\t\t\t\t<a class=\"fusion-rollover-link\" href=\"https:\/\/inariz.com\/it\/recipe\/quinoa-alla-menta\/\">Quinoa alla menta<\/a>\n\t\t\t\n\t\t\t\t\t\t\t\t\t\t\t\t\t\t\n\t\t\t\t\t\t\t\t\n\t\t\t\t\t\t\t\t\t\t\t\t\t<div class=\"fusion-rollover-sep\"><\/div>\n\t\t\t\t\n\t\t\t\t\t\t\t\t\t\t\t\t\t\t\t\t\t\t<a class=\"fusion-rollover-gallery\" href=\"https:\/\/inariz.com\/wp-content\/uploads\/2019\/05\/Quinoa-menthe.jpg\" data-id=\"2376\" data-rel=\"iLightbox[gallery-rw-1]\" data-title=\"Quinoa alla menta\" data-caption=\"\">\n\t\t\t\t\t\tGallery\t\t\t\t\t<\/a>\n\t\t\t\t\t\t\t\t\t\t\t\t\t\t\n\t\t\t\t\n\t\t\t\t\t\t\t\t\t\t\t\t<h4 class=\"fusion-rollover-title\">\n\t\t\t\t\t<a class=\"fusion-rollover-title-link\" href=\"https:\/\/inariz.com\/it\/recipe\/quinoa-alla-menta\/\">\n\t\t\t\t\t\tQuinoa alla menta\t\t\t\t\t<\/a>\n\t\t\t\t<\/h4>\n\t\t\t\n\t\t\t\t\t\t\t\t\t\t\t\t\t\t\t\t\t\t\t\n\t\t\n\t\t\t\t<a class=\"fusion-link-wrapper\" href=\"https:\/\/inariz.com\/it\/recipe\/quinoa-alla-menta\/\" aria-label=\"Quinoa alla menta\"><\/a>\n\t<\/div>\n<\/div>\n\n\t\n<\/div>\n<div class=\"fusion-portfolio-content\"><h2 class=\"entry-title fusion-post-title\"><a href=\"https:\/\/inariz.com\/it\/recipe\/quinoa-alla-menta\/\">Quinoa alla menta<\/a><\/h2><div class=\"fusion-post-content\"><\/div><\/div><\/div><\/article><article id=\"portfolio-1-post-\" class=\"fusion-portfolio-post bio-it cereali vegano-vegetariano fusion-col-spacing\"><div class=\"fusion-portfolio-content-wrapper\" style=\"border:none;\"><span class=\"vcard rich-snippet-hidden\"><span class=\"fn\"><a href=\"https:\/\/inariz.com\/it\/author\/samy\/\" title=\"Articoli scritti da samy\" rel=\"author\">samy<\/a><\/span><\/span><span class=\"updated rich-snippet-hidden\">2020-04-02T19:49:51+02:00<\/span>\n\n<div  class=\"fusion-image-wrapper fusion-image-size-fixed\" aria-haspopup=\"true\">\n\t\n\t\n\t\t\n\t\t\t\t\t<img loading=\"lazy\" decoding=\"async\" width=\"300\" height=\"214\" src=\"https:\/\/inariz.com\/wp-content\/uploads\/2019\/05\/Quinoa-aux-legumes-300x214.jpg\" class=\"attachment-portfolio-three size-portfolio-three wp-post-image\" alt=\"\" \/>\n\t\n\n\t\t<div class=\"fusion-rollover\">\n\t<div class=\"fusion-rollover-content\">\n\n\t\t\t\t\t\t\t\t\t\t\t\t\t\t<a class=\"fusion-rollover-link\" href=\"https:\/\/inariz.com\/it\/recipe\/taboule-quinoa\/\">Taboul\u00e9, quinoa<\/a>\n\t\t\t\n\t\t\t\t\t\t\t\t\t\t\t\t\t\t\n\t\t\t\t\t\t\t\t\n\t\t\t\t\t\t\t\t\t\t\t\t\t<div class=\"fusion-rollover-sep\"><\/div>\n\t\t\t\t\n\t\t\t\t\t\t\t\t\t\t\t\t\t\t\t\t\t\t<a class=\"fusion-rollover-gallery\" href=\"https:\/\/inariz.com\/wp-content\/uploads\/2019\/05\/Quinoa-aux-legumes.jpg\" data-id=\"2375\" data-rel=\"iLightbox[gallery-rw-1]\" data-title=\"Taboul\u00e9, quinoa\" data-caption=\"\">\n\t\t\t\t\t\tGallery\t\t\t\t\t<\/a>\n\t\t\t\t\t\t\t\t\t\t\t\t\t\t\n\t\t\t\t\n\t\t\t\t\t\t\t\t\t\t\t\t<h4 class=\"fusion-rollover-title\">\n\t\t\t\t\t<a class=\"fusion-rollover-title-link\" href=\"https:\/\/inariz.com\/it\/recipe\/taboule-quinoa\/\">\n\t\t\t\t\t\tTaboul\u00e9, quinoa\t\t\t\t\t<\/a>\n\t\t\t\t<\/h4>\n\t\t\t\n\t\t\t\t\t\t\t\t\t\t\t\t\t\t\t\t\t\t\t\n\t\t\n\t\t\t\t<a class=\"fusion-link-wrapper\" href=\"https:\/\/inariz.com\/it\/recipe\/taboule-quinoa\/\" aria-label=\"Taboul\u00e9, quinoa\"><\/a>\n\t<\/div>\n<\/div>\n\n\t\n<\/div>\n<div class=\"fusion-portfolio-content\"><h2 class=\"entry-title fusion-post-title\"><a href=\"https:\/\/inariz.com\/it\/recipe\/taboule-quinoa\/\">Taboul\u00e9, quinoa<\/a><\/h2><div class=\"fusion-post-content\"><\/div><\/div><\/div><\/article><article id=\"portfolio-1-post-\" class=\"fusion-portfolio-post bio-it cereali tradizionale fusion-col-spacing\"><div class=\"fusion-portfolio-content-wrapper\" style=\"border:none;\"><span class=\"vcard rich-snippet-hidden\"><span class=\"fn\"><a href=\"https:\/\/inariz.com\/it\/author\/samy\/\" title=\"Articoli scritti da samy\" rel=\"author\">samy<\/a><\/span><\/span><span class=\"updated rich-snippet-hidden\">2020-04-02T19:49:53+02:00<\/span>\n\n<div  class=\"fusion-image-wrapper fusion-image-size-fixed\" aria-haspopup=\"true\">\n\t\n\t\n\t\t\n\t\t\t\t\t<img loading=\"lazy\" decoding=\"async\" width=\"300\" height=\"214\" src=\"https:\/\/inariz.com\/wp-content\/uploads\/2019\/05\/Couscous-poulet-legumes-300x214.jpg\" class=\"attachment-portfolio-three size-portfolio-three wp-post-image\" alt=\"\" \/>\n\t\n\n\t\t<div class=\"fusion-rollover\">\n\t<div class=\"fusion-rollover-content\">\n\n\t\t\t\t\t\t\t\t\t\t\t\t\t\t<a class=\"fusion-rollover-link\" href=\"https:\/\/inariz.com\/it\/recipe\/couscous-pollo-e-legumi\/\">Couscous pollo e legumi<\/a>\n\t\t\t\n\t\t\t\t\t\t\t\t\t\t\t\t\t\t\n\t\t\t\t\t\t\t\t\n\t\t\t\t\t\t\t\t\t\t\t\t\t<div class=\"fusion-rollover-sep\"><\/div>\n\t\t\t\t\n\t\t\t\t\t\t\t\t\t\t\t\t\t\t\t\t\t\t<a class=\"fusion-rollover-gallery\" href=\"https:\/\/inariz.com\/wp-content\/uploads\/2019\/05\/Couscous-poulet-legumes.jpg\" data-id=\"2378\" data-rel=\"iLightbox[gallery-rw-1]\" data-title=\"Couscous pollo e legumi\" data-caption=\"\">\n\t\t\t\t\t\tGallery\t\t\t\t\t<\/a>\n\t\t\t\t\t\t\t\t\t\t\t\t\t\t\n\t\t\t\t\n\t\t\t\t\t\t\t\t\t\t\t\t<h4 class=\"fusion-rollover-title\">\n\t\t\t\t\t<a class=\"fusion-rollover-title-link\" href=\"https:\/\/inariz.com\/it\/recipe\/couscous-pollo-e-legumi\/\">\n\t\t\t\t\t\tCouscous pollo e legumi\t\t\t\t\t<\/a>\n\t\t\t\t<\/h4>\n\t\t\t\n\t\t\t\t\t\t\t\t\t\t\t\t\t\t\t\t\t\t\t\n\t\t\n\t\t\t\t<a class=\"fusion-link-wrapper\" href=\"https:\/\/inariz.com\/it\/recipe\/couscous-pollo-e-legumi\/\" aria-label=\"Couscous pollo e legumi\"><\/a>\n\t<\/div>\n<\/div>\n\n\t\n<\/div>\n<div class=\"fusion-portfolio-content\"><h2 class=\"entry-title fusion-post-title\"><a href=\"https:\/\/inariz.com\/it\/recipe\/couscous-pollo-e-legumi\/\">Couscous pollo e legumi<\/a><\/h2><div class=\"fusion-post-content\"><\/div><\/div><\/div><\/article><article id=\"portfolio-1-post-\" class=\"fusion-portfolio-post bio-it cereali vegano-vegetariano fusion-col-spacing\"><div class=\"fusion-portfolio-content-wrapper\" style=\"border:none;\"><span class=\"vcard rich-snippet-hidden\"><span class=\"fn\"><a href=\"https:\/\/inariz.com\/it\/author\/samy\/\" title=\"Articoli scritti da samy\" rel=\"author\">samy<\/a><\/span><\/span><span class=\"updated rich-snippet-hidden\">2024-09-23T13:06:04+02:00<\/span>\n\n<div  class=\"fusion-image-wrapper fusion-image-size-fixed\" aria-haspopup=\"true\">\n\t\n\t\n\t\t\n\t\t\t\t\t<img loading=\"lazy\" decoding=\"async\" width=\"300\" height=\"214\" src=\"https:\/\/inariz.com\/wp-content\/uploads\/2019\/07\/Boulgour-300x214.jpg\" class=\"attachment-portfolio-three size-portfolio-three wp-post-image\" alt=\"\" \/>\n\t\n\n\t\t<div class=\"fusion-rollover\">\n\t<div class=\"fusion-rollover-content\">\n\n\t\t\t\t\t\t\t\t\t\t\t\t\t\t<a class=\"fusion-rollover-link\" href=\"https:\/\/inariz.com\/it\/recipe\/bulgur\/\">Boulgour<\/a>\n\t\t\t\n\t\t\t\t\t\t\t\t\t\t\t\t\t\t\n\t\t\t\t\t\t\t\t\n\t\t\t\t\t\t\t\t\t\t\t\t\t<div class=\"fusion-rollover-sep\"><\/div>\n\t\t\t\t\n\t\t\t\t\t\t\t\t\t\t\t\t\t\t\t\t\t\t<a class=\"fusion-rollover-gallery\" href=\"https:\/\/inariz.com\/wp-content\/uploads\/2019\/07\/Boulgour.jpg\" data-id=\"2380\" data-rel=\"iLightbox[gallery-rw-1]\" data-title=\"Bulgur\" data-caption=\"\">\n\t\t\t\t\t\tGallery\t\t\t\t\t<\/a>\n\t\t\t\t\t\t\t\t\t\t\t\t\t\t\n\t\t\t\t\n\t\t\t\t\t\t\t\t\t\t\t\t<h4 class=\"fusion-rollover-title\">\n\t\t\t\t\t<a class=\"fusion-rollover-title-link\" href=\"https:\/\/inariz.com\/it\/recipe\/bulgur\/\">\n\t\t\t\t\t\tBoulgour\t\t\t\t\t<\/a>\n\t\t\t\t<\/h4>\n\t\t\t\n\t\t\t\t\t\t\t\t\t\t\t\t\t\t\t\t\t\t\t\n\t\t\n\t\t\t\t<a class=\"fusion-link-wrapper\" href=\"https:\/\/inariz.com\/it\/recipe\/bulgur\/\" aria-label=\"Boulgour\"><\/a>\n\t<\/div>\n<\/div>\n\n\t\n<\/div>\n<div class=\"fusion-portfolio-content\"><h2 class=\"entry-title fusion-post-title\"><a href=\"https:\/\/inariz.com\/it\/recipe\/bulgur\/\">Boulgour<\/a><\/h2><div class=\"fusion-post-content\"><\/div><\/div><\/div><\/article><article id=\"portfolio-1-post-\" class=\"fusion-portfolio-post bio-it cereali vegano-vegetariano fusion-col-spacing\"><div class=\"fusion-portfolio-content-wrapper\" style=\"border:none;\"><span class=\"vcard rich-snippet-hidden\"><span class=\"fn\"><a href=\"https:\/\/inariz.com\/it\/author\/samy\/\" title=\"Articoli scritti da samy\" rel=\"author\">samy<\/a><\/span><\/span><span class=\"updated rich-snippet-hidden\">2024-09-23T13:09:43+02:00<\/span>\n\n<div  class=\"fusion-image-wrapper fusion-image-size-fixed\" aria-haspopup=\"true\">\n\t\n\t\n\t\t\n\t\t\t\t\t<img loading=\"lazy\" decoding=\"async\" width=\"300\" height=\"214\" src=\"https:\/\/inariz.com\/wp-content\/uploads\/2019\/07\/Ebly-300x214.jpg\" class=\"attachment-portfolio-three size-portfolio-three wp-post-image\" alt=\"\" \/>\n\t\n\n\t\t<div class=\"fusion-rollover\">\n\t<div class=\"fusion-rollover-content\">\n\n\t\t\t\t\t\t\t\t\t\t\t\t\t\t<a class=\"fusion-rollover-link\" href=\"https:\/\/inariz.com\/it\/recipe\/frumento\/\">Grano in olio d&#8217;oliva<\/a>\n\t\t\t\n\t\t\t\t\t\t\t\t\t\t\t\t\t\t\n\t\t\t\t\t\t\t\t\n\t\t\t\t\t\t\t\t\t\t\t\t\t<div class=\"fusion-rollover-sep\"><\/div>\n\t\t\t\t\n\t\t\t\t\t\t\t\t\t\t\t\t\t\t\t\t\t\t<a class=\"fusion-rollover-gallery\" href=\"https:\/\/inariz.com\/wp-content\/uploads\/2019\/07\/Ebly.jpg\" data-id=\"2382\" data-rel=\"iLightbox[gallery-rw-1]\" data-title=\"Frumento\" data-caption=\"\">\n\t\t\t\t\t\tGallery\t\t\t\t\t<\/a>\n\t\t\t\t\t\t\t\t\t\t\t\t\t\t\n\t\t\t\t\n\t\t\t\t\t\t\t\t\t\t\t\t<h4 class=\"fusion-rollover-title\">\n\t\t\t\t\t<a class=\"fusion-rollover-title-link\" href=\"https:\/\/inariz.com\/it\/recipe\/frumento\/\">\n\t\t\t\t\t\tGrano in olio d&#8217;oliva\t\t\t\t\t<\/a>\n\t\t\t\t<\/h4>\n\t\t\t\n\t\t\t\t\t\t\t\t\t\t\t\t\t\t\t\t\t\t\t\n\t\t\n\t\t\t\t<a class=\"fusion-link-wrapper\" href=\"https:\/\/inariz.com\/it\/recipe\/frumento\/\" aria-label=\"Grano in olio d&#8217;oliva\"><\/a>\n\t<\/div>\n<\/div>\n\n\t\n<\/div>\n<div class=\"fusion-portfolio-content\"><h2 class=\"entry-title fusion-post-title\"><a href=\"https:\/\/inariz.com\/it\/recipe\/frumento\/\">Grano in olio d&#8217;oliva<\/a><\/h2><div class=\"fusion-post-content\"><\/div><\/div><\/div><\/article><article id=\"portfolio-1-post-\" class=\"fusion-portfolio-post bio-it halal-it kosher-it riso vegano-vegetariano fusion-col-spacing\"><div class=\"fusion-portfolio-content-wrapper\" style=\"border:none;\"><span class=\"vcard rich-snippet-hidden\"><span class=\"fn\"><a href=\"https:\/\/inariz.com\/it\/author\/samy\/\" title=\"Articoli scritti da samy\" rel=\"author\">samy<\/a><\/span><\/span><span class=\"updated rich-snippet-hidden\">2024-09-23T13:11:58+02:00<\/span>\n\n<div  class=\"fusion-image-wrapper fusion-image-size-fixed\" aria-haspopup=\"true\">\n\t\n\t\n\t\t\n\t\t\t\t\t<img loading=\"lazy\" decoding=\"async\" width=\"300\" height=\"214\" src=\"https:\/\/inariz.com\/wp-content\/uploads\/2019\/05\/Riz-Basmati-1-300x214.jpg\" class=\"attachment-portfolio-three size-portfolio-three wp-post-image\" alt=\"\" \/>\n\t\n\n\t\t<div class=\"fusion-rollover\">\n\t<div class=\"fusion-rollover-content\">\n\n\t\t\t\t\t\t\t\t\t\t\t\t\t\t<a class=\"fusion-rollover-link\" href=\"https:\/\/inariz.com\/it\/recipe\/riso-basmati\/\">Grano in olio d&#8217;oliva<\/a>\n\t\t\t\n\t\t\t\t\t\t\t\t\t\t\t\t\t\t\n\t\t\t\t\t\t\t\t\n\t\t\t\t\t\t\t\t\t\t\t\t\t<div class=\"fusion-rollover-sep\"><\/div>\n\t\t\t\t\n\t\t\t\t\t\t\t\t\t\t\t\t\t\t\t\t\t\t<a class=\"fusion-rollover-gallery\" href=\"https:\/\/inariz.com\/wp-content\/uploads\/2019\/05\/Riz-Basmati-1.jpg\" data-id=\"2384\" data-rel=\"iLightbox[gallery-rw-1]\" data-title=\"Riso basmati\" data-caption=\"\">\n\t\t\t\t\t\tGallery\t\t\t\t\t<\/a>\n\t\t\t\t\t\t\t\t\t\t\t\t\t\t\n\t\t\t\t\n\t\t\t\t\t\t\t\t\t\t\t\t<h4 class=\"fusion-rollover-title\">\n\t\t\t\t\t<a class=\"fusion-rollover-title-link\" href=\"https:\/\/inariz.com\/it\/recipe\/riso-basmati\/\">\n\t\t\t\t\t\tGrano in olio d&#8217;oliva\t\t\t\t\t<\/a>\n\t\t\t\t<\/h4>\n\t\t\t\n\t\t\t\t\t\t\t\t\t\t\t\t\t\t\t\t\t\t\t\n\t\t\n\t\t\t\t<a class=\"fusion-link-wrapper\" href=\"https:\/\/inariz.com\/it\/recipe\/riso-basmati\/\" aria-label=\"Grano in olio d&#8217;oliva\"><\/a>\n\t<\/div>\n<\/div>\n\n\t\n<\/div>\n<div class=\"fusion-portfolio-content\"><h2 class=\"entry-title fusion-post-title\"><a href=\"https:\/\/inariz.com\/it\/recipe\/riso-basmati\/\">Grano in olio d&#8217;oliva<\/a><\/h2><div class=\"fusion-post-content\"><\/div><\/div><\/div><\/article><article id=\"portfolio-1-post-\" class=\"fusion-portfolio-post bio-it riso vegano-vegetariano fusion-col-spacing\"><div class=\"fusion-portfolio-content-wrapper\" style=\"border:none;\"><span class=\"vcard rich-snippet-hidden\"><span class=\"fn\"><a href=\"https:\/\/inariz.com\/it\/author\/samy\/\" title=\"Articoli scritti da samy\" rel=\"author\">samy<\/a><\/span><\/span><span class=\"updated rich-snippet-hidden\">2020-04-02T20:02:47+02:00<\/span>\n\n<div  class=\"fusion-image-wrapper fusion-image-size-fixed\" aria-haspopup=\"true\">\n\t\n\t\n\t\t\n\t\t\t\t\t<img loading=\"lazy\" decoding=\"async\" width=\"300\" height=\"214\" src=\"https:\/\/inariz.com\/wp-content\/uploads\/2019\/05\/Trio-de-riz-300x214.jpg\" class=\"attachment-portfolio-three size-portfolio-three wp-post-image\" alt=\"\" \/>\n\t\n\n\t\t<div class=\"fusion-rollover\">\n\t<div class=\"fusion-rollover-content\">\n\n\t\t\t\t\t\t\t\t\t\t\t\t\t\t<a class=\"fusion-rollover-link\" href=\"https:\/\/inariz.com\/it\/recipe\/tris-di-riso-riso-a-grani-lunghi-riso-rosso-riso-selvatico\/\">Tris di riso (riso a grani lunghi, riso rosso, riso selvatico)<\/a>\n\t\t\t\n\t\t\t\t\t\t\t\t\t\t\t\t\t\t\n\t\t\t\t\t\t\t\t\n\t\t\t\t\t\t\t\t\t\t\t\t\t<div class=\"fusion-rollover-sep\"><\/div>\n\t\t\t\t\n\t\t\t\t\t\t\t\t\t\t\t\t\t\t\t\t\t\t<a class=\"fusion-rollover-gallery\" href=\"https:\/\/inariz.com\/wp-content\/uploads\/2019\/05\/Trio-de-riz.jpg\" data-id=\"2388\" data-rel=\"iLightbox[gallery-rw-1]\" data-title=\"Tris di riso (riso a grani lunghi, riso rosso, riso selvatico)\" data-caption=\"\">\n\t\t\t\t\t\tGallery\t\t\t\t\t<\/a>\n\t\t\t\t\t\t\t\t\t\t\t\t\t\t\n\t\t\t\t\n\t\t\t\t\t\t\t\t\t\t\t\t<h4 class=\"fusion-rollover-title\">\n\t\t\t\t\t<a class=\"fusion-rollover-title-link\" href=\"https:\/\/inariz.com\/it\/recipe\/tris-di-riso-riso-a-grani-lunghi-riso-rosso-riso-selvatico\/\">\n\t\t\t\t\t\tTris di riso (riso a grani lunghi, riso rosso, riso selvatico)\t\t\t\t\t<\/a>\n\t\t\t\t<\/h4>\n\t\t\t\n\t\t\t\t\t\t\t\t\t\t\t\t\t\t\t\t\t\t\t\n\t\t\n\t\t\t\t<a class=\"fusion-link-wrapper\" href=\"https:\/\/inariz.com\/it\/recipe\/tris-di-riso-riso-a-grani-lunghi-riso-rosso-riso-selvatico\/\" aria-label=\"Tris di riso (riso a grani lunghi, riso rosso, riso selvatico)\"><\/a>\n\t<\/div>\n<\/div>\n\n\t\n<\/div>\n<div class=\"fusion-portfolio-content\"><h2 class=\"entry-title fusion-post-title\"><a href=\"https:\/\/inariz.com\/it\/recipe\/tris-di-riso-riso-a-grani-lunghi-riso-rosso-riso-selvatico\/\">Tris di riso (riso a grani lunghi, riso rosso, riso selvatico)<\/a><\/h2><div class=\"fusion-post-content\"><\/div><\/div><\/div><\/article><article id=\"portfolio-1-post-\" class=\"fusion-portfolio-post bio-it riso vegano-vegetariano fusion-col-spacing\"><div class=\"fusion-portfolio-content-wrapper\" style=\"border:none;\"><span class=\"vcard rich-snippet-hidden\"><span class=\"fn\"><a href=\"https:\/\/inariz.com\/it\/author\/samy\/\" title=\"Articoli scritti da samy\" rel=\"author\">samy<\/a><\/span><\/span><span class=\"updated rich-snippet-hidden\">2024-09-23T13:13:36+02:00<\/span>\n\n<div  class=\"fusion-image-wrapper fusion-image-size-fixed\" aria-haspopup=\"true\">\n\t\n\t\n\t\t\n\t\t\t\t\t<img loading=\"lazy\" decoding=\"async\" width=\"300\" height=\"214\" src=\"https:\/\/inariz.com\/wp-content\/uploads\/2019\/05\/Riz-long-grain-300x214.jpg\" class=\"attachment-portfolio-three size-portfolio-three wp-post-image\" alt=\"\" \/>\n\t\n\n\t\t<div class=\"fusion-rollover\">\n\t<div class=\"fusion-rollover-content\">\n\n\t\t\t\t\t\t\t\t\t\t\t\t\t\t<a class=\"fusion-rollover-link\" href=\"https:\/\/inariz.com\/it\/recipe\/riso-a-grani-lunghi\/\">Riso a chicco lungo<\/a>\n\t\t\t\n\t\t\t\t\t\t\t\t\t\t\t\t\t\t\n\t\t\t\t\t\t\t\t\n\t\t\t\t\t\t\t\t\t\t\t\t\t<div class=\"fusion-rollover-sep\"><\/div>\n\t\t\t\t\n\t\t\t\t\t\t\t\t\t\t\t\t\t\t\t\t\t\t<a class=\"fusion-rollover-gallery\" href=\"https:\/\/inariz.com\/wp-content\/uploads\/2019\/05\/Riz-long-grain.jpg\" data-id=\"2390\" data-rel=\"iLightbox[gallery-rw-1]\" data-title=\"Riso a grani lunghi\" data-caption=\"\">\n\t\t\t\t\t\tGallery\t\t\t\t\t<\/a>\n\t\t\t\t\t\t\t\t\t\t\t\t\t\t\n\t\t\t\t\n\t\t\t\t\t\t\t\t\t\t\t\t<h4 class=\"fusion-rollover-title\">\n\t\t\t\t\t<a class=\"fusion-rollover-title-link\" href=\"https:\/\/inariz.com\/it\/recipe\/riso-a-grani-lunghi\/\">\n\t\t\t\t\t\tRiso a chicco lungo\t\t\t\t\t<\/a>\n\t\t\t\t<\/h4>\n\t\t\t\n\t\t\t\t\t\t\t\t\t\t\t\t\t\t\t\t\t\t\t\n\t\t\n\t\t\t\t<a class=\"fusion-link-wrapper\" href=\"https:\/\/inariz.com\/it\/recipe\/riso-a-grani-lunghi\/\" aria-label=\"Riso a chicco lungo\"><\/a>\n\t<\/div>\n<\/div>\n\n\t\n<\/div>\n<div class=\"fusion-portfolio-content\"><h2 class=\"entry-title fusion-post-title\"><a href=\"https:\/\/inariz.com\/it\/recipe\/riso-a-grani-lunghi\/\">Riso a chicco lungo<\/a><\/h2><div class=\"fusion-post-content\"><\/div><\/div><\/div><\/article><article id=\"portfolio-1-post-\" class=\"fusion-portfolio-post bio-it halal-it kosher-it riso vegano-vegetariano fusion-col-spacing\"><div class=\"fusion-portfolio-content-wrapper\" style=\"border:none;\"><span class=\"vcard rich-snippet-hidden\"><span class=\"fn\"><a href=\"https:\/\/inariz.com\/it\/author\/samy\/\" title=\"Articoli scritti da samy\" rel=\"author\">samy<\/a><\/span><\/span><span class=\"updated rich-snippet-hidden\">2024-09-17T11:23:56+02:00<\/span>\n\n<div  class=\"fusion-image-wrapper fusion-image-size-fixed\" aria-haspopup=\"true\">\n\t\n\t\n\t\t\n\t\t\t\t\t<img loading=\"lazy\" decoding=\"async\" width=\"300\" height=\"214\" src=\"https:\/\/inariz.com\/wp-content\/uploads\/2019\/05\/Riz-long-grain-complet-300x214.jpg\" class=\"attachment-portfolio-three size-portfolio-three wp-post-image\" alt=\"\" \/>\n\t\n\n\t\t<div class=\"fusion-rollover\">\n\t<div class=\"fusion-rollover-content\">\n\n\t\t\t\t\t\t\t\t\t\t\t\t\t\t<a class=\"fusion-rollover-link\" href=\"https:\/\/inariz.com\/it\/recipe\/riso-a-grani-lunghi-completo\/\">Riso integrale a chicco lungo<\/a>\n\t\t\t\n\t\t\t\t\t\t\t\t\t\t\t\t\t\t\n\t\t\t\t\t\t\t\t\n\t\t\t\t\t\t\t\t\t\t\t\t\t<div class=\"fusion-rollover-sep\"><\/div>\n\t\t\t\t\n\t\t\t\t\t\t\t\t\t\t\t\t\t\t\t\t\t\t<a class=\"fusion-rollover-gallery\" href=\"https:\/\/inariz.com\/wp-content\/uploads\/2019\/05\/Riz-long-grain-complet.jpg\" data-id=\"2392\" data-rel=\"iLightbox[gallery-rw-1]\" data-title=\"Riso a grani lunghi completo\" data-caption=\"\">\n\t\t\t\t\t\tGallery\t\t\t\t\t<\/a>\n\t\t\t\t\t\t\t\t\t\t\t\t\t\t\n\t\t\t\t\n\t\t\t\t\t\t\t\t\t\t\t\t<h4 class=\"fusion-rollover-title\">\n\t\t\t\t\t<a class=\"fusion-rollover-title-link\" href=\"https:\/\/inariz.com\/it\/recipe\/riso-a-grani-lunghi-completo\/\">\n\t\t\t\t\t\tRiso integrale a chicco lungo\t\t\t\t\t<\/a>\n\t\t\t\t<\/h4>\n\t\t\t\n\t\t\t\t\t\t\t\t\t\t\t\t\t\t\t\t\t\t\t\n\t\t\n\t\t\t\t<a class=\"fusion-link-wrapper\" href=\"https:\/\/inariz.com\/it\/recipe\/riso-a-grani-lunghi-completo\/\" aria-label=\"Riso integrale a chicco lungo\"><\/a>\n\t<\/div>\n<\/div>\n\n\t\n<\/div>\n<div class=\"fusion-portfolio-content\"><h2 class=\"entry-title fusion-post-title\"><a href=\"https:\/\/inariz.com\/it\/recipe\/riso-a-grani-lunghi-completo\/\">Riso integrale a chicco lungo<\/a><\/h2><div class=\"fusion-post-content\"><\/div><\/div><\/div><\/article><article id=\"portfolio-1-post-\" class=\"fusion-portfolio-post bio-it halal-it kosher-it riso vegano-vegetariano fusion-col-spacing\"><div class=\"fusion-portfolio-content-wrapper\" style=\"border:none;\"><span class=\"vcard rich-snippet-hidden\"><span class=\"fn\"><a href=\"https:\/\/inariz.com\/it\/author\/samy\/\" title=\"Articoli scritti da samy\" rel=\"author\">samy<\/a><\/span><\/span><span class=\"updated rich-snippet-hidden\">2024-09-17T16:17:02+02:00<\/span>\n\n<div  class=\"fusion-image-wrapper fusion-image-size-fixed\" aria-haspopup=\"true\">\n\t\n\t\n\t\t\n\t\t\t\t\t<img loading=\"lazy\" decoding=\"async\" width=\"300\" height=\"214\" src=\"https:\/\/inariz.com\/wp-content\/uploads\/2019\/05\/Riz-Thai\u0308-Jasmin-300x214.jpg\" class=\"attachment-portfolio-three size-portfolio-three wp-post-image\" alt=\"\" \/>\n\t\n\n\t\t<div class=\"fusion-rollover\">\n\t<div class=\"fusion-rollover-content\">\n\n\t\t\t\t\t\t\t\t\t\t\t\t\t\t<a class=\"fusion-rollover-link\" href=\"https:\/\/inariz.com\/it\/recipe\/riso-thai-gelsomino\/\">Riso Thai \/ Gelsomino<\/a>\n\t\t\t\n\t\t\t\t\t\t\t\t\t\t\t\t\t\t\n\t\t\t\t\t\t\t\t\n\t\t\t\t\t\t\t\t\t\t\t\t\t<div class=\"fusion-rollover-sep\"><\/div>\n\t\t\t\t\n\t\t\t\t\t\t\t\t\t\t\t\t\t\t\t\t\t\t<a class=\"fusion-rollover-gallery\" href=\"https:\/\/inariz.com\/wp-content\/uploads\/2019\/05\/Riz-Thai\u0308-Jasmin.jpg\" data-id=\"2396\" data-rel=\"iLightbox[gallery-rw-1]\" data-title=\"Riso Thai \/ Gelsomino\" data-caption=\"\">\n\t\t\t\t\t\tGallery\t\t\t\t\t<\/a>\n\t\t\t\t\t\t\t\t\t\t\t\t\t\t\n\t\t\t\t\n\t\t\t\t\t\t\t\t\t\t\t\t<h4 class=\"fusion-rollover-title\">\n\t\t\t\t\t<a class=\"fusion-rollover-title-link\" href=\"https:\/\/inariz.com\/it\/recipe\/riso-thai-gelsomino\/\">\n\t\t\t\t\t\tRiso Thai \/ Gelsomino\t\t\t\t\t<\/a>\n\t\t\t\t<\/h4>\n\t\t\t\n\t\t\t\t\t\t\t\t\t\t\t\t\t\t\t\t\t\t\t\n\t\t\n\t\t\t\t<a class=\"fusion-link-wrapper\" href=\"https:\/\/inariz.com\/it\/recipe\/riso-thai-gelsomino\/\" aria-label=\"Riso Thai \/ Gelsomino\"><\/a>\n\t<\/div>\n<\/div>\n\n\t\n<\/div>\n<div class=\"fusion-portfolio-content\"><h2 class=\"entry-title fusion-post-title\"><a href=\"https:\/\/inariz.com\/it\/recipe\/riso-thai-gelsomino\/\">Riso Thai \/ Gelsomino<\/a><\/h2><div class=\"fusion-post-content\"><\/div><\/div><\/div><\/article><article id=\"portfolio-1-post-\" class=\"fusion-portfolio-post bio-it halal-it kosher-it riso vegano-vegetariano fusion-col-spacing\"><div class=\"fusion-portfolio-content-wrapper\" style=\"border:none;\"><span class=\"vcard rich-snippet-hidden\"><span class=\"fn\"><a href=\"https:\/\/inariz.com\/it\/author\/samy\/\" title=\"Articoli scritti da samy\" rel=\"author\">samy<\/a><\/span><\/span><span class=\"updated rich-snippet-hidden\">2024-09-17T11:33:45+02:00<\/span>\n\n<div  class=\"fusion-image-wrapper fusion-image-size-fixed\" aria-haspopup=\"true\">\n\t\n\t\n\t\t\n\t\t\t\t\t<img loading=\"lazy\" decoding=\"async\" width=\"300\" height=\"214\" src=\"https:\/\/inariz.com\/wp-content\/uploads\/2019\/05\/Riz-complet-et-quinoa-rouge-300x214.jpg\" class=\"attachment-portfolio-three size-portfolio-three wp-post-image\" alt=\"\" \/>\n\t\n\n\t\t<div class=\"fusion-rollover\">\n\t<div class=\"fusion-rollover-content\">\n\n\t\t\t\t\t\t\t\t\t\t\t\t\t\t<a class=\"fusion-rollover-link\" href=\"https:\/\/inariz.com\/it\/recipe\/riso-completo-e-quinoa-rossa\/\">Riso integrale e quinoa rossa<\/a>\n\t\t\t\n\t\t\t\t\t\t\t\t\t\t\t\t\t\t\n\t\t\t\t\t\t\t\t\n\t\t\t\t\t\t\t\t\t\t\t\t\t<div class=\"fusion-rollover-sep\"><\/div>\n\t\t\t\t\n\t\t\t\t\t\t\t\t\t\t\t\t\t\t\t\t\t\t<a class=\"fusion-rollover-gallery\" href=\"https:\/\/inariz.com\/wp-content\/uploads\/2019\/05\/Riz-complet-et-quinoa-rouge.jpg\" data-id=\"2394\" data-rel=\"iLightbox[gallery-rw-1]\" data-title=\"Riso completo e quinoa rossa\" data-caption=\"\">\n\t\t\t\t\t\tGallery\t\t\t\t\t<\/a>\n\t\t\t\t\t\t\t\t\t\t\t\t\t\t\n\t\t\t\t\n\t\t\t\t\t\t\t\t\t\t\t\t<h4 class=\"fusion-rollover-title\">\n\t\t\t\t\t<a class=\"fusion-rollover-title-link\" href=\"https:\/\/inariz.com\/it\/recipe\/riso-completo-e-quinoa-rossa\/\">\n\t\t\t\t\t\tRiso integrale e quinoa rossa\t\t\t\t\t<\/a>\n\t\t\t\t<\/h4>\n\t\t\t\n\t\t\t\t\t\t\t\t\t\t\t\t\t\t\t\t\t\t\t\n\t\t\n\t\t\t\t<a class=\"fusion-link-wrapper\" href=\"https:\/\/inariz.com\/it\/recipe\/riso-completo-e-quinoa-rossa\/\" aria-label=\"Riso integrale e quinoa rossa\"><\/a>\n\t<\/div>\n<\/div>\n\n\t\n<\/div>\n<div class=\"fusion-portfolio-content\"><h2 class=\"entry-title fusion-post-title\"><a href=\"https:\/\/inariz.com\/it\/recipe\/riso-completo-e-quinoa-rossa\/\">Riso integrale e quinoa rossa<\/a><\/h2><div class=\"fusion-post-content\"><\/div><\/div><\/div><\/article><article id=\"portfolio-1-post-\" class=\"fusion-portfolio-post bio-it riso tradizionale vegano-vegetariano fusion-col-spacing\"><div class=\"fusion-portfolio-content-wrapper\" style=\"border:none;\"><span class=\"vcard rich-snippet-hidden\"><span class=\"fn\"><a href=\"https:\/\/inariz.com\/it\/author\/samy\/\" title=\"Articoli scritti da samy\" rel=\"author\">samy<\/a><\/span><\/span><span class=\"updated rich-snippet-hidden\">2024-09-25T15:11:18+02:00<\/span>\n\n<div  class=\"fusion-image-wrapper fusion-image-size-fixed\" aria-haspopup=\"true\">\n\t\n\t\n\t\t\n\t\t\t\t\t<img loading=\"lazy\" decoding=\"async\" width=\"300\" height=\"214\" src=\"https:\/\/inariz.com\/wp-content\/uploads\/2019\/05\/Riz-a-la-mediterrane\u0301enne-300x214.jpg\" class=\"attachment-portfolio-three size-portfolio-three wp-post-image\" alt=\"\" \/>\n\t\n\n\t\t<div class=\"fusion-rollover\">\n\t<div class=\"fusion-rollover-content\">\n\n\t\t\t\t\t\t\t\t\t\t\t\t\t\t<a class=\"fusion-rollover-link\" href=\"https:\/\/inariz.com\/it\/recipe\/riso-alla-mediterranea\/\">Riso alla mediterranea<\/a>\n\t\t\t\n\t\t\t\t\t\t\t\t\t\t\t\t\t\t\n\t\t\t\t\t\t\t\t\n\t\t\t\t\t\t\t\t\t\t\t\t\t<div class=\"fusion-rollover-sep\"><\/div>\n\t\t\t\t\n\t\t\t\t\t\t\t\t\t\t\t\t\t\t\t\t\t\t<a class=\"fusion-rollover-gallery\" href=\"https:\/\/inariz.com\/wp-content\/uploads\/2019\/05\/Riz-a-la-mediterrane\u0301enne.jpg\" data-id=\"2398\" data-rel=\"iLightbox[gallery-rw-1]\" data-title=\"Riso alla mediterranea\" data-caption=\"\">\n\t\t\t\t\t\tGallery\t\t\t\t\t<\/a>\n\t\t\t\t\t\t\t\t\t\t\t\t\t\t\n\t\t\t\t\n\t\t\t\t\t\t\t\t\t\t\t\t<h4 class=\"fusion-rollover-title\">\n\t\t\t\t\t<a class=\"fusion-rollover-title-link\" href=\"https:\/\/inariz.com\/it\/recipe\/riso-alla-mediterranea\/\">\n\t\t\t\t\t\tRiso alla mediterranea\t\t\t\t\t<\/a>\n\t\t\t\t<\/h4>\n\t\t\t\n\t\t\t\t\t\t\t\t\t\t\t\t\t\t\t\t\t\t\t\n\t\t\n\t\t\t\t<a class=\"fusion-link-wrapper\" href=\"https:\/\/inariz.com\/it\/recipe\/riso-alla-mediterranea\/\" aria-label=\"Riso alla mediterranea\"><\/a>\n\t<\/div>\n<\/div>\n\n\t\n<\/div>\n<div class=\"fusion-portfolio-content\"><h2 class=\"entry-title fusion-post-title\"><a href=\"https:\/\/inariz.com\/it\/recipe\/riso-alla-mediterranea\/\">Riso alla mediterranea<\/a><\/h2><div class=\"fusion-post-content\"><\/div><\/div><\/div><\/article><article id=\"portfolio-1-post-\" class=\"fusion-portfolio-post bio-it riso tradizionale vegano-vegetariano fusion-col-spacing\"><div class=\"fusion-portfolio-content-wrapper\" style=\"border:none;\"><span class=\"vcard rich-snippet-hidden\"><span class=\"fn\"><a href=\"https:\/\/inariz.com\/it\/author\/samy\/\" title=\"Articoli scritti da samy\" rel=\"author\">samy<\/a><\/span><\/span><span class=\"updated rich-snippet-hidden\">2020-04-02T20:05:08+02:00<\/span>\n\n<div  class=\"fusion-image-wrapper fusion-image-size-fixed\" aria-haspopup=\"true\">\n\t\n\t\n\t\t\n\t\t\t\t\t<img loading=\"lazy\" decoding=\"async\" width=\"300\" height=\"214\" src=\"https:\/\/inariz.com\/wp-content\/uploads\/2019\/05\/Riz-au-curry-300x214.jpg\" class=\"attachment-portfolio-three size-portfolio-three wp-post-image\" alt=\"\" \/>\n\t\n\n\t\t<div class=\"fusion-rollover\">\n\t<div class=\"fusion-rollover-content\">\n\n\t\t\t\t\t\t\t\t\t\t\t\t\t\t<a class=\"fusion-rollover-link\" href=\"https:\/\/inariz.com\/it\/recipe\/riso-al-curry\/\">Riso al curry<\/a>\n\t\t\t\n\t\t\t\t\t\t\t\t\t\t\t\t\t\t\n\t\t\t\t\t\t\t\t\n\t\t\t\t\t\t\t\t\t\t\t\t\t<div class=\"fusion-rollover-sep\"><\/div>\n\t\t\t\t\n\t\t\t\t\t\t\t\t\t\t\t\t\t\t\t\t\t\t<a class=\"fusion-rollover-gallery\" href=\"https:\/\/inariz.com\/wp-content\/uploads\/2019\/05\/Riz-au-curry.jpg\" data-id=\"2400\" data-rel=\"iLightbox[gallery-rw-1]\" data-title=\"Riso al curry\" data-caption=\"\">\n\t\t\t\t\t\tGallery\t\t\t\t\t<\/a>\n\t\t\t\t\t\t\t\t\t\t\t\t\t\t\n\t\t\t\t\n\t\t\t\t\t\t\t\t\t\t\t\t<h4 class=\"fusion-rollover-title\">\n\t\t\t\t\t<a class=\"fusion-rollover-title-link\" href=\"https:\/\/inariz.com\/it\/recipe\/riso-al-curry\/\">\n\t\t\t\t\t\tRiso al curry\t\t\t\t\t<\/a>\n\t\t\t\t<\/h4>\n\t\t\t\n\t\t\t\t\t\t\t\t\t\t\t\t\t\t\t\t\t\t\t\n\t\t\n\t\t\t\t<a class=\"fusion-link-wrapper\" href=\"https:\/\/inariz.com\/it\/recipe\/riso-al-curry\/\" aria-label=\"Riso al curry\"><\/a>\n\t<\/div>\n<\/div>\n\n\t\n<\/div>\n<div class=\"fusion-portfolio-content\"><h2 class=\"entry-title fusion-post-title\"><a href=\"https:\/\/inariz.com\/it\/recipe\/riso-al-curry\/\">Riso al curry<\/a><\/h2><div class=\"fusion-post-content\"><\/div><\/div><\/div><\/article><article id=\"portfolio-1-post-\" class=\"fusion-portfolio-post bio-it riso tradizionale fusion-col-spacing\"><div class=\"fusion-portfolio-content-wrapper\" style=\"border:none;\"><span class=\"vcard rich-snippet-hidden\"><span class=\"fn\"><a href=\"https:\/\/inariz.com\/it\/author\/samy\/\" title=\"Articoli scritti da samy\" rel=\"author\">samy<\/a><\/span><\/span><span class=\"updated rich-snippet-hidden\">2020-04-02T20:05:27+02:00<\/span>\n\n<div  class=\"fusion-image-wrapper fusion-image-size-fixed\" aria-haspopup=\"true\">\n\t\n\t\n\t\t\n\t\t\t\t\t<img loading=\"lazy\" decoding=\"async\" width=\"300\" height=\"214\" src=\"https:\/\/inariz.com\/wp-content\/uploads\/2019\/05\/Riz-aux-le\u0301gumes-saveur-poulet-300x214.jpg\" class=\"attachment-portfolio-three size-portfolio-three wp-post-image\" alt=\"\" \/>\n\t\n\n\t\t<div class=\"fusion-rollover\">\n\t<div class=\"fusion-rollover-content\">\n\n\t\t\t\t\t\t\t\t\t\t\t\t\t\t<a class=\"fusion-rollover-link\" href=\"https:\/\/inariz.com\/it\/recipe\/riso-con-verdure-aromatizzato-al-pollo-chicken-and-sweetcorn-flavoured-rice\/\">Riso con verdure aromatizzato al pollo (chicken and sweetcorn flavoured rice)<\/a>\n\t\t\t\n\t\t\t\t\t\t\t\t\t\t\t\t\t\t\n\t\t\t\t\t\t\t\t\n\t\t\t\t\t\t\t\t\t\t\t\t\t<div class=\"fusion-rollover-sep\"><\/div>\n\t\t\t\t\n\t\t\t\t\t\t\t\t\t\t\t\t\t\t\t\t\t\t<a class=\"fusion-rollover-gallery\" href=\"https:\/\/inariz.com\/wp-content\/uploads\/2019\/05\/Riz-aux-le\u0301gumes-saveur-poulet.jpg\" data-id=\"2402\" data-rel=\"iLightbox[gallery-rw-1]\" data-title=\"Riso con verdure aromatizzato al pollo (chicken and sweetcorn flavoured rice)\" data-caption=\"\">\n\t\t\t\t\t\tGallery\t\t\t\t\t<\/a>\n\t\t\t\t\t\t\t\t\t\t\t\t\t\t\n\t\t\t\t\n\t\t\t\t\t\t\t\t\t\t\t\t<h4 class=\"fusion-rollover-title\">\n\t\t\t\t\t<a class=\"fusion-rollover-title-link\" href=\"https:\/\/inariz.com\/it\/recipe\/riso-con-verdure-aromatizzato-al-pollo-chicken-and-sweetcorn-flavoured-rice\/\">\n\t\t\t\t\t\tRiso con verdure aromatizzato al pollo (chicken and sweetcorn flavoured rice)\t\t\t\t\t<\/a>\n\t\t\t\t<\/h4>\n\t\t\t\n\t\t\t\t\t\t\t\t\t\t\t\t\t\t\t\t\t\t\t\n\t\t\n\t\t\t\t<a class=\"fusion-link-wrapper\" href=\"https:\/\/inariz.com\/it\/recipe\/riso-con-verdure-aromatizzato-al-pollo-chicken-and-sweetcorn-flavoured-rice\/\" aria-label=\"Riso con verdure aromatizzato al pollo (chicken and sweetcorn flavoured rice)\"><\/a>\n\t<\/div>\n<\/div>\n\n\t\n<\/div>\n<div class=\"fusion-portfolio-content\"><h2 class=\"entry-title fusion-post-title\"><a href=\"https:\/\/inariz.com\/it\/recipe\/riso-con-verdure-aromatizzato-al-pollo-chicken-and-sweetcorn-flavoured-rice\/\">Riso con verdure aromatizzato al pollo (chicken and sweetcorn flavoured rice)<\/a><\/h2><div class=\"fusion-post-content\"><\/div><\/div><\/div><\/article><article id=\"portfolio-1-post-\" class=\"fusion-portfolio-post bio-it riso tradizionale fusion-col-spacing\"><div class=\"fusion-portfolio-content-wrapper\" style=\"border:none;\"><span class=\"vcard rich-snippet-hidden\"><span class=\"fn\"><a href=\"https:\/\/inariz.com\/it\/author\/samy\/\" title=\"Articoli scritti da samy\" rel=\"author\">samy<\/a><\/span><\/span><span class=\"updated rich-snippet-hidden\">2024-09-23T13:14:53+02:00<\/span>\n\n<div  class=\"fusion-image-wrapper fusion-image-size-fixed\" aria-haspopup=\"true\">\n\t\n\t\n\t\t\n\t\t\t\t\t<img loading=\"lazy\" decoding=\"async\" width=\"300\" height=\"214\" src=\"https:\/\/inariz.com\/wp-content\/uploads\/2019\/05\/Riz-cantonais-300x214.jpg\" class=\"attachment-portfolio-three size-portfolio-three wp-post-image\" alt=\"\" \/>\n\t\n\n\t\t<div class=\"fusion-rollover\">\n\t<div class=\"fusion-rollover-content\">\n\n\t\t\t\t\t\t\t\t\t\t\t\t\t\t<a class=\"fusion-rollover-link\" href=\"https:\/\/inariz.com\/it\/recipe\/riso-cantonese\/\">Riso cantonese<\/a>\n\t\t\t\n\t\t\t\t\t\t\t\t\t\t\t\t\t\t\n\t\t\t\t\t\t\t\t\n\t\t\t\t\t\t\t\t\t\t\t\t\t<div class=\"fusion-rollover-sep\"><\/div>\n\t\t\t\t\n\t\t\t\t\t\t\t\t\t\t\t\t\t\t\t\t\t\t<a class=\"fusion-rollover-gallery\" href=\"https:\/\/inariz.com\/wp-content\/uploads\/2019\/05\/Riz-cantonais.jpg\" data-id=\"2404\" data-rel=\"iLightbox[gallery-rw-1]\" data-title=\"Riso cantonese\" data-caption=\"\">\n\t\t\t\t\t\tGallery\t\t\t\t\t<\/a>\n\t\t\t\t\t\t\t\t\t\t\t\t\t\t\n\t\t\t\t\n\t\t\t\t\t\t\t\t\t\t\t\t<h4 class=\"fusion-rollover-title\">\n\t\t\t\t\t<a class=\"fusion-rollover-title-link\" href=\"https:\/\/inariz.com\/it\/recipe\/riso-cantonese\/\">\n\t\t\t\t\t\tRiso cantonese\t\t\t\t\t<\/a>\n\t\t\t\t<\/h4>\n\t\t\t\n\t\t\t\t\t\t\t\t\t\t\t\t\t\t\t\t\t\t\t\n\t\t\n\t\t\t\t<a class=\"fusion-link-wrapper\" href=\"https:\/\/inariz.com\/it\/recipe\/riso-cantonese\/\" aria-label=\"Riso cantonese\"><\/a>\n\t<\/div>\n<\/div>\n\n\t\n<\/div>\n<div class=\"fusion-portfolio-content\"><h2 class=\"entry-title fusion-post-title\"><a href=\"https:\/\/inariz.com\/it\/recipe\/riso-cantonese\/\">Riso cantonese<\/a><\/h2><div class=\"fusion-post-content\"><\/div><\/div><\/div><\/article><article id=\"portfolio-1-post-\" class=\"fusion-portfolio-post bio-it riso tradizionale fusion-col-spacing\"><div class=\"fusion-portfolio-content-wrapper\" style=\"border:none;\"><span class=\"vcard rich-snippet-hidden\"><span class=\"fn\"><a href=\"https:\/\/inariz.com\/it\/author\/samy\/\" title=\"Articoli scritti da samy\" rel=\"author\">samy<\/a><\/span><\/span><span class=\"updated rich-snippet-hidden\">2024-09-23T13:16:31+02:00<\/span>\n\n<div  class=\"fusion-image-wrapper fusion-image-size-fixed\" aria-haspopup=\"true\">\n\t\n\t\n\t\t\n\t\t\t\t\t<img loading=\"lazy\" decoding=\"async\" width=\"300\" height=\"214\" src=\"https:\/\/inariz.com\/wp-content\/uploads\/2019\/05\/Riz-aux-oeufs-300x214.jpg\" class=\"attachment-portfolio-three size-portfolio-three wp-post-image\" alt=\"\" \/>\n\t\n\n\t\t<div class=\"fusion-rollover\">\n\t<div class=\"fusion-rollover-content\">\n\n\t\t\t\t\t\t\t\t\t\t\t\t\t\t<a class=\"fusion-rollover-link\" href=\"https:\/\/inariz.com\/it\/recipe\/riso-con-le-uova-egg-fried-rice\/\">Riso con le uova (egg fried rice)<\/a>\n\t\t\t\n\t\t\t\t\t\t\t\t\t\t\t\t\t\t\n\t\t\t\t\t\t\t\t\n\t\t\t\t\t\t\t\t\t\t\t\t\t<div class=\"fusion-rollover-sep\"><\/div>\n\t\t\t\t\n\t\t\t\t\t\t\t\t\t\t\t\t\t\t\t\t\t\t<a class=\"fusion-rollover-gallery\" href=\"https:\/\/inariz.com\/wp-content\/uploads\/2019\/05\/Riz-aux-oeufs.jpg\" data-id=\"2406\" data-rel=\"iLightbox[gallery-rw-1]\" data-title=\"Riso con le uova (egg fried rice)\" data-caption=\"\">\n\t\t\t\t\t\tGallery\t\t\t\t\t<\/a>\n\t\t\t\t\t\t\t\t\t\t\t\t\t\t\n\t\t\t\t\n\t\t\t\t\t\t\t\t\t\t\t\t<h4 class=\"fusion-rollover-title\">\n\t\t\t\t\t<a class=\"fusion-rollover-title-link\" href=\"https:\/\/inariz.com\/it\/recipe\/riso-con-le-uova-egg-fried-rice\/\">\n\t\t\t\t\t\tRiso con le uova (egg fried rice)\t\t\t\t\t<\/a>\n\t\t\t\t<\/h4>\n\t\t\t\n\t\t\t\t\t\t\t\t\t\t\t\t\t\t\t\t\t\t\t\n\t\t\n\t\t\t\t<a class=\"fusion-link-wrapper\" href=\"https:\/\/inariz.com\/it\/recipe\/riso-con-le-uova-egg-fried-rice\/\" aria-label=\"Riso con le uova (egg fried rice)\"><\/a>\n\t<\/div>\n<\/div>\n\n\t\n<\/div>\n<div class=\"fusion-portfolio-content\"><h2 class=\"entry-title fusion-post-title\"><a href=\"https:\/\/inariz.com\/it\/recipe\/riso-con-le-uova-egg-fried-rice\/\">Riso con le uova (egg fried rice)<\/a><\/h2><div class=\"fusion-post-content\"><\/div><\/div><\/div><\/article><article id=\"portfolio-1-post-\" class=\"fusion-portfolio-post bio-it riso tradizionale vegano-vegetariano fusion-col-spacing\"><div class=\"fusion-portfolio-content-wrapper\" style=\"border:none;\"><span class=\"vcard rich-snippet-hidden\"><span class=\"fn\"><a href=\"https:\/\/inariz.com\/it\/author\/samy\/\" title=\"Articoli scritti da samy\" rel=\"author\">samy<\/a><\/span><\/span><span class=\"updated rich-snippet-hidden\">2020-04-02T20:06:22+02:00<\/span>\n\n<div  class=\"fusion-image-wrapper fusion-image-size-fixed\" aria-haspopup=\"true\">\n\t\n\t\n\t\t\n\t\t\t\t\t<img loading=\"lazy\" decoding=\"async\" width=\"300\" height=\"214\" src=\"https:\/\/inariz.com\/wp-content\/uploads\/2019\/05\/Riz-aux-champignons-300x214.jpg\" class=\"attachment-portfolio-three size-portfolio-three wp-post-image\" alt=\"\" \/>\n\t\n\n\t\t<div class=\"fusion-rollover\">\n\t<div class=\"fusion-rollover-content\">\n\n\t\t\t\t\t\t\t\t\t\t\t\t\t\t<a class=\"fusion-rollover-link\" href=\"https:\/\/inariz.com\/it\/recipe\/riso-ai-funghi\/\">Riso ai funghi<\/a>\n\t\t\t\n\t\t\t\t\t\t\t\t\t\t\t\t\t\t\n\t\t\t\t\t\t\t\t\n\t\t\t\t\t\t\t\t\t\t\t\t\t<div class=\"fusion-rollover-sep\"><\/div>\n\t\t\t\t\n\t\t\t\t\t\t\t\t\t\t\t\t\t\t\t\t\t\t<a class=\"fusion-rollover-gallery\" href=\"https:\/\/inariz.com\/wp-content\/uploads\/2019\/05\/Riz-aux-champignons.jpg\" data-id=\"2408\" data-rel=\"iLightbox[gallery-rw-1]\" data-title=\"Riso ai funghi\" data-caption=\"\">\n\t\t\t\t\t\tGallery\t\t\t\t\t<\/a>\n\t\t\t\t\t\t\t\t\t\t\t\t\t\t\n\t\t\t\t\n\t\t\t\t\t\t\t\t\t\t\t\t<h4 class=\"fusion-rollover-title\">\n\t\t\t\t\t<a class=\"fusion-rollover-title-link\" href=\"https:\/\/inariz.com\/it\/recipe\/riso-ai-funghi\/\">\n\t\t\t\t\t\tRiso ai funghi\t\t\t\t\t<\/a>\n\t\t\t\t<\/h4>\n\t\t\t\n\t\t\t\t\t\t\t\t\t\t\t\t\t\t\t\t\t\t\t\n\t\t\n\t\t\t\t<a class=\"fusion-link-wrapper\" href=\"https:\/\/inariz.com\/it\/recipe\/riso-ai-funghi\/\" aria-label=\"Riso ai funghi\"><\/a>\n\t<\/div>\n<\/div>\n\n\t\n<\/div>\n<div class=\"fusion-portfolio-content\"><h2 class=\"entry-title fusion-post-title\"><a href=\"https:\/\/inariz.com\/it\/recipe\/riso-ai-funghi\/\">Riso ai funghi<\/a><\/h2><div class=\"fusion-post-content\"><\/div><\/div><\/div><\/article><article id=\"portfolio-1-post-\" class=\"fusion-portfolio-post bio-it halal-it kosher-it riso tradizionale vegano-vegetariano fusion-col-spacing\"><div class=\"fusion-portfolio-content-wrapper\" style=\"border:none;\"><span class=\"vcard rich-snippet-hidden\"><span class=\"fn\"><a href=\"https:\/\/inariz.com\/it\/author\/samy\/\" title=\"Articoli scritti da samy\" rel=\"author\">samy<\/a><\/span><\/span><span class=\"updated rich-snippet-hidden\">2024-09-25T14:09:12+02:00<\/span>\n\n<div  class=\"fusion-image-wrapper fusion-image-size-fixed\" aria-haspopup=\"true\">\n\t\n\t\n\t\t\n\t\t\t\t\t<img loading=\"lazy\" decoding=\"async\" width=\"300\" height=\"214\" src=\"https:\/\/inariz.com\/wp-content\/uploads\/2019\/05\/Riz-a-la-mexicaine-300x214.jpg\" class=\"attachment-portfolio-three size-portfolio-three wp-post-image\" alt=\"\" \/>\n\t\n\n\t\t<div class=\"fusion-rollover\">\n\t<div class=\"fusion-rollover-content\">\n\n\t\t\t\t\t\t\t\t\t\t\t\t\t\t<a class=\"fusion-rollover-link\" href=\"https:\/\/inariz.com\/it\/recipe\/riso-alla-messicana\/\">Riso alla messicana<\/a>\n\t\t\t\n\t\t\t\t\t\t\t\t\t\t\t\t\t\t\n\t\t\t\t\t\t\t\t\n\t\t\t\t\t\t\t\t\t\t\t\t\t<div class=\"fusion-rollover-sep\"><\/div>\n\t\t\t\t\n\t\t\t\t\t\t\t\t\t\t\t\t\t\t\t\t\t\t<a class=\"fusion-rollover-gallery\" href=\"https:\/\/inariz.com\/wp-content\/uploads\/2019\/05\/Riz-a-la-mexicaine.jpg\" data-id=\"2410\" data-rel=\"iLightbox[gallery-rw-1]\" data-title=\"Riso alla messicana\" data-caption=\"\">\n\t\t\t\t\t\tGallery\t\t\t\t\t<\/a>\n\t\t\t\t\t\t\t\t\t\t\t\t\t\t\n\t\t\t\t\n\t\t\t\t\t\t\t\t\t\t\t\t<h4 class=\"fusion-rollover-title\">\n\t\t\t\t\t<a class=\"fusion-rollover-title-link\" href=\"https:\/\/inariz.com\/it\/recipe\/riso-alla-messicana\/\">\n\t\t\t\t\t\tRiso alla messicana\t\t\t\t\t<\/a>\n\t\t\t\t<\/h4>\n\t\t\t\n\t\t\t\t\t\t\t\t\t\t\t\t\t\t\t\t\t\t\t\n\t\t\n\t\t\t\t<a class=\"fusion-link-wrapper\" href=\"https:\/\/inariz.com\/it\/recipe\/riso-alla-messicana\/\" aria-label=\"Riso alla messicana\"><\/a>\n\t<\/div>\n<\/div>\n\n\t\n<\/div>\n<div class=\"fusion-portfolio-content\"><h2 class=\"entry-title fusion-post-title\"><a href=\"https:\/\/inariz.com\/it\/recipe\/riso-alla-messicana\/\">Riso alla messicana<\/a><\/h2><div class=\"fusion-post-content\"><\/div><\/div><\/div><\/article><article id=\"portfolio-1-post-\" class=\"fusion-portfolio-post bio-it riso tradizionale vegano-vegetariano fusion-col-spacing\"><div class=\"fusion-portfolio-content-wrapper\" style=\"border:none;\"><span class=\"vcard rich-snippet-hidden\"><span class=\"fn\"><a href=\"https:\/\/inariz.com\/it\/author\/samy\/\" title=\"Articoli scritti da samy\" rel=\"author\">samy<\/a><\/span><\/span><span class=\"updated rich-snippet-hidden\">2020-04-02T20:06:52+02:00<\/span>\n\n<div  class=\"fusion-image-wrapper fusion-image-size-fixed\" aria-haspopup=\"true\">\n\t\n\t\n\t\t\n\t\t\t\t\t<img loading=\"lazy\" decoding=\"async\" width=\"300\" height=\"214\" src=\"https:\/\/inariz.com\/wp-content\/uploads\/2019\/05\/Riz-lentille-a-lindienne-300x214.jpg\" class=\"attachment-portfolio-three size-portfolio-three wp-post-image\" alt=\"\" \/>\n\t\n\n\t\t<div class=\"fusion-rollover\">\n\t<div class=\"fusion-rollover-content\">\n\n\t\t\t\t\t\t\t\t\t\t\t\t\t\t<a class=\"fusion-rollover-link\" href=\"https:\/\/inariz.com\/it\/recipe\/riso-lenticchie-allindiana\/\">Riso, lenticchie all\u2019indiana<\/a>\n\t\t\t\n\t\t\t\t\t\t\t\t\t\t\t\t\t\t\n\t\t\t\t\t\t\t\t\n\t\t\t\t\t\t\t\t\t\t\t\t\t<div class=\"fusion-rollover-sep\"><\/div>\n\t\t\t\t\n\t\t\t\t\t\t\t\t\t\t\t\t\t\t\t\t\t\t<a class=\"fusion-rollover-gallery\" href=\"https:\/\/inariz.com\/wp-content\/uploads\/2019\/05\/Riz-lentille-a-lindienne.jpg\" data-id=\"2412\" data-rel=\"iLightbox[gallery-rw-1]\" data-title=\"Riso, lenticchie all\u2019indiana\" data-caption=\"\">\n\t\t\t\t\t\tGallery\t\t\t\t\t<\/a>\n\t\t\t\t\t\t\t\t\t\t\t\t\t\t\n\t\t\t\t\n\t\t\t\t\t\t\t\t\t\t\t\t<h4 class=\"fusion-rollover-title\">\n\t\t\t\t\t<a class=\"fusion-rollover-title-link\" href=\"https:\/\/inariz.com\/it\/recipe\/riso-lenticchie-allindiana\/\">\n\t\t\t\t\t\tRiso, lenticchie all\u2019indiana\t\t\t\t\t<\/a>\n\t\t\t\t<\/h4>\n\t\t\t\n\t\t\t\t\t\t\t\t\t\t\t\t\t\t\t\t\t\t\t\n\t\t\n\t\t\t\t<a class=\"fusion-link-wrapper\" href=\"https:\/\/inariz.com\/it\/recipe\/riso-lenticchie-allindiana\/\" aria-label=\"Riso, lenticchie all\u2019indiana\"><\/a>\n\t<\/div>\n<\/div>\n\n\t\n<\/div>\n<div class=\"fusion-portfolio-content\"><h2 class=\"entry-title fusion-post-title\"><a href=\"https:\/\/inariz.com\/it\/recipe\/riso-lenticchie-allindiana\/\">Riso, lenticchie all\u2019indiana<\/a><\/h2><div class=\"fusion-post-content\"><\/div><\/div><\/div><\/article><article id=\"portfolio-1-post-\" class=\"fusion-portfolio-post bio-it riso tradizionale vegano-vegetariano fusion-col-spacing\"><div class=\"fusion-portfolio-content-wrapper\" style=\"border:none;\"><span class=\"vcard rich-snippet-hidden\"><span class=\"fn\"><a href=\"https:\/\/inariz.com\/it\/author\/samy\/\" title=\"Articoli scritti da samy\" rel=\"author\">samy<\/a><\/span><\/span><span class=\"updated rich-snippet-hidden\">2020-04-02T20:07:08+02:00<\/span>\n\n<div  class=\"fusion-image-wrapper fusion-image-size-fixed\" aria-haspopup=\"true\">\n\t\n\t\n\t\t\n\t\t\t\t\t<img loading=\"lazy\" decoding=\"async\" width=\"300\" height=\"214\" src=\"https:\/\/inariz.com\/wp-content\/uploads\/2019\/05\/Pilau-rice-300x214.jpg\" class=\"attachment-portfolio-three size-portfolio-three wp-post-image\" alt=\"\" \/>\n\t\n\n\t\t<div class=\"fusion-rollover\">\n\t<div class=\"fusion-rollover-content\">\n\n\t\t\t\t\t\t\t\t\t\t\t\t\t\t<a class=\"fusion-rollover-link\" href=\"https:\/\/inariz.com\/it\/recipe\/riso-pilaf\/\">Riso pilaf<\/a>\n\t\t\t\n\t\t\t\t\t\t\t\t\t\t\t\t\t\t\n\t\t\t\t\t\t\t\t\n\t\t\t\t\t\t\t\t\t\t\t\t\t<div class=\"fusion-rollover-sep\"><\/div>\n\t\t\t\t\n\t\t\t\t\t\t\t\t\t\t\t\t\t\t\t\t\t\t<a class=\"fusion-rollover-gallery\" href=\"https:\/\/inariz.com\/wp-content\/uploads\/2019\/05\/Pilau-rice.jpg\" data-id=\"2414\" data-rel=\"iLightbox[gallery-rw-1]\" data-title=\"Riso pilaf\" data-caption=\"\">\n\t\t\t\t\t\tGallery\t\t\t\t\t<\/a>\n\t\t\t\t\t\t\t\t\t\t\t\t\t\t\n\t\t\t\t\n\t\t\t\t\t\t\t\t\t\t\t\t<h4 class=\"fusion-rollover-title\">\n\t\t\t\t\t<a class=\"fusion-rollover-title-link\" href=\"https:\/\/inariz.com\/it\/recipe\/riso-pilaf\/\">\n\t\t\t\t\t\tRiso pilaf\t\t\t\t\t<\/a>\n\t\t\t\t<\/h4>\n\t\t\t\n\t\t\t\t\t\t\t\t\t\t\t\t\t\t\t\t\t\t\t\n\t\t\n\t\t\t\t<a class=\"fusion-link-wrapper\" href=\"https:\/\/inariz.com\/it\/recipe\/riso-pilaf\/\" aria-label=\"Riso pilaf\"><\/a>\n\t<\/div>\n<\/div>\n\n\t\n<\/div>\n<div class=\"fusion-portfolio-content\"><h2 class=\"entry-title fusion-post-title\"><a href=\"https:\/\/inariz.com\/it\/recipe\/riso-pilaf\/\">Riso pilaf<\/a><\/h2><div class=\"fusion-post-content\"><\/div><\/div><\/div><\/article><article id=\"portfolio-1-post-\" class=\"fusion-portfolio-post bio-it originale-it riso vegano-vegetariano fusion-col-spacing\"><div class=\"fusion-portfolio-content-wrapper\" style=\"border:none;\"><span class=\"vcard rich-snippet-hidden\"><span class=\"fn\"><a href=\"https:\/\/inariz.com\/it\/author\/samy\/\" title=\"Articoli scritti da samy\" rel=\"author\">samy<\/a><\/span><\/span><span class=\"updated rich-snippet-hidden\">2020-04-02T20:07:25+02:00<\/span>\n\n<div  class=\"fusion-image-wrapper fusion-image-size-fixed\" aria-haspopup=\"true\">\n\t\n\t\n\t\t\n\t\t\t\t\t<img loading=\"lazy\" decoding=\"async\" width=\"300\" height=\"214\" src=\"https:\/\/inariz.com\/wp-content\/uploads\/2019\/05\/Riz-aux-algues-300x214.jpg\" class=\"attachment-portfolio-three size-portfolio-three wp-post-image\" alt=\"\" \/>\n\t\n\n\t\t<div class=\"fusion-rollover\">\n\t<div class=\"fusion-rollover-content\">\n\n\t\t\t\t\t\t\t\t\t\t\t\t\t\t<a class=\"fusion-rollover-link\" href=\"https:\/\/inariz.com\/it\/recipe\/risotto-alle-alghe\/\">Risotto alle alghe<\/a>\n\t\t\t\n\t\t\t\t\t\t\t\t\t\t\t\t\t\t\n\t\t\t\t\t\t\t\t\n\t\t\t\t\t\t\t\t\t\t\t\t\t<div class=\"fusion-rollover-sep\"><\/div>\n\t\t\t\t\n\t\t\t\t\t\t\t\t\t\t\t\t\t\t\t\t\t\t<a class=\"fusion-rollover-gallery\" href=\"https:\/\/inariz.com\/wp-content\/uploads\/2019\/05\/Riz-aux-algues.jpg\" data-id=\"2416\" data-rel=\"iLightbox[gallery-rw-1]\" data-title=\"Risotto alle alghe\" data-caption=\"\">\n\t\t\t\t\t\tGallery\t\t\t\t\t<\/a>\n\t\t\t\t\t\t\t\t\t\t\t\t\t\t\n\t\t\t\t\n\t\t\t\t\t\t\t\t\t\t\t\t<h4 class=\"fusion-rollover-title\">\n\t\t\t\t\t<a class=\"fusion-rollover-title-link\" href=\"https:\/\/inariz.com\/it\/recipe\/risotto-alle-alghe\/\">\n\t\t\t\t\t\tRisotto alle alghe\t\t\t\t\t<\/a>\n\t\t\t\t<\/h4>\n\t\t\t\n\t\t\t\t\t\t\t\t\t\t\t\t\t\t\t\t\t\t\t\n\t\t\n\t\t\t\t<a class=\"fusion-link-wrapper\" href=\"https:\/\/inariz.com\/it\/recipe\/risotto-alle-alghe\/\" aria-label=\"Risotto alle alghe\"><\/a>\n\t<\/div>\n<\/div>\n\n\t\n<\/div>\n<div class=\"fusion-portfolio-content\"><h2 class=\"entry-title fusion-post-title\"><a href=\"https:\/\/inariz.com\/it\/recipe\/risotto-alle-alghe\/\">Risotto alle alghe<\/a><\/h2><div class=\"fusion-post-content\"><\/div><\/div><\/div><\/article><article id=\"portfolio-1-post-\" class=\"fusion-portfolio-post bio-it riso tradizionale vegano-vegetariano fusion-col-spacing\"><div class=\"fusion-portfolio-content-wrapper\" style=\"border:none;\"><span class=\"vcard rich-snippet-hidden\"><span class=\"fn\"><a href=\"https:\/\/inariz.com\/it\/author\/samy\/\" title=\"Articoli scritti da samy\" rel=\"author\">samy<\/a><\/span><\/span><span class=\"updated rich-snippet-hidden\">2020-04-02T20:07:55+02:00<\/span>\n\n<div  class=\"fusion-image-wrapper fusion-image-size-fixed\" aria-haspopup=\"true\">\n\t\n\t\n\t\t\n\t\t\t\t\t<img loading=\"lazy\" decoding=\"async\" width=\"300\" height=\"214\" src=\"https:\/\/inariz.com\/wp-content\/uploads\/2019\/05\/Riz-citron-romarin-300x214.jpg\" class=\"attachment-portfolio-three size-portfolio-three wp-post-image\" alt=\"\" \/>\n\t\n\n\t\t<div class=\"fusion-rollover\">\n\t<div class=\"fusion-rollover-content\">\n\n\t\t\t\t\t\t\t\t\t\t\t\t\t\t<a class=\"fusion-rollover-link\" href=\"https:\/\/inariz.com\/it\/recipe\/riso-limone-e-rosmarino\/\">Riso limone e rosmarino<\/a>\n\t\t\t\n\t\t\t\t\t\t\t\t\t\t\t\t\t\t\n\t\t\t\t\t\t\t\t\n\t\t\t\t\t\t\t\t\t\t\t\t\t<div class=\"fusion-rollover-sep\"><\/div>\n\t\t\t\t\n\t\t\t\t\t\t\t\t\t\t\t\t\t\t\t\t\t\t<a class=\"fusion-rollover-gallery\" href=\"https:\/\/inariz.com\/wp-content\/uploads\/2019\/05\/Riz-citron-romarin.jpg\" data-id=\"2418\" data-rel=\"iLightbox[gallery-rw-1]\" data-title=\"Riso limone e rosmarino\" data-caption=\"\">\n\t\t\t\t\t\tGallery\t\t\t\t\t<\/a>\n\t\t\t\t\t\t\t\t\t\t\t\t\t\t\n\t\t\t\t\n\t\t\t\t\t\t\t\t\t\t\t\t<h4 class=\"fusion-rollover-title\">\n\t\t\t\t\t<a class=\"fusion-rollover-title-link\" href=\"https:\/\/inariz.com\/it\/recipe\/riso-limone-e-rosmarino\/\">\n\t\t\t\t\t\tRiso limone e rosmarino\t\t\t\t\t<\/a>\n\t\t\t\t<\/h4>\n\t\t\t\n\t\t\t\t\t\t\t\t\t\t\t\t\t\t\t\t\t\t\t\n\t\t\n\t\t\t\t<a class=\"fusion-link-wrapper\" href=\"https:\/\/inariz.com\/it\/recipe\/riso-limone-e-rosmarino\/\" aria-label=\"Riso limone e rosmarino\"><\/a>\n\t<\/div>\n<\/div>\n\n\t\n<\/div>\n<div class=\"fusion-portfolio-content\"><h2 class=\"entry-title fusion-post-title\"><a href=\"https:\/\/inariz.com\/it\/recipe\/riso-limone-e-rosmarino\/\">Riso limone e rosmarino<\/a><\/h2><div class=\"fusion-post-content\"><\/div><\/div><\/div><\/article><article id=\"portfolio-1-post-\" class=\"fusion-portfolio-post bio-it riso tradizionale vegano-vegetariano fusion-col-spacing\"><div class=\"fusion-portfolio-content-wrapper\" style=\"border:none;\"><span class=\"vcard rich-snippet-hidden\"><span class=\"fn\"><a href=\"https:\/\/inariz.com\/it\/author\/samy\/\" title=\"Articoli scritti da samy\" rel=\"author\">samy<\/a><\/span><\/span><span class=\"updated rich-snippet-hidden\">2020-04-02T20:13:47+02:00<\/span>\n\n<div  class=\"fusion-image-wrapper fusion-image-size-fixed\" aria-haspopup=\"true\">\n\t\n\t\n\t\t\n\t\t\t\t\t<img loading=\"lazy\" decoding=\"async\" width=\"300\" height=\"214\" src=\"https:\/\/inariz.com\/wp-content\/uploads\/2019\/05\/Riz-a-la-noix-de-coco-300x214.jpg\" class=\"attachment-portfolio-three size-portfolio-three wp-post-image\" alt=\"\" \/>\n\t\n\n\t\t<div class=\"fusion-rollover\">\n\t<div class=\"fusion-rollover-content\">\n\n\t\t\t\t\t\t\t\t\t\t\t\t\t\t<a class=\"fusion-rollover-link\" href=\"https:\/\/inariz.com\/it\/recipe\/riso-alla-noce-di-cocco\/\">Riso alla noce di cocco<\/a>\n\t\t\t\n\t\t\t\t\t\t\t\t\t\t\t\t\t\t\n\t\t\t\t\t\t\t\t\n\t\t\t\t\t\t\t\t\t\t\t\t\t<div class=\"fusion-rollover-sep\"><\/div>\n\t\t\t\t\n\t\t\t\t\t\t\t\t\t\t\t\t\t\t\t\t\t\t<a class=\"fusion-rollover-gallery\" href=\"https:\/\/inariz.com\/wp-content\/uploads\/2019\/05\/Riz-a-la-noix-de-coco.jpg\" data-id=\"2420\" data-rel=\"iLightbox[gallery-rw-1]\" data-title=\"Riso alla noce di cocco\" data-caption=\"\">\n\t\t\t\t\t\tGallery\t\t\t\t\t<\/a>\n\t\t\t\t\t\t\t\t\t\t\t\t\t\t\n\t\t\t\t\n\t\t\t\t\t\t\t\t\t\t\t\t<h4 class=\"fusion-rollover-title\">\n\t\t\t\t\t<a class=\"fusion-rollover-title-link\" href=\"https:\/\/inariz.com\/it\/recipe\/riso-alla-noce-di-cocco\/\">\n\t\t\t\t\t\tRiso alla noce di cocco\t\t\t\t\t<\/a>\n\t\t\t\t<\/h4>\n\t\t\t\n\t\t\t\t\t\t\t\t\t\t\t\t\t\t\t\t\t\t\t\n\t\t\n\t\t\t\t<a class=\"fusion-link-wrapper\" href=\"https:\/\/inariz.com\/it\/recipe\/riso-alla-noce-di-cocco\/\" aria-label=\"Riso alla noce di cocco\"><\/a>\n\t<\/div>\n<\/div>\n\n\t\n<\/div>\n<div class=\"fusion-portfolio-content\"><h2 class=\"entry-title fusion-post-title\"><a href=\"https:\/\/inariz.com\/it\/recipe\/riso-alla-noce-di-cocco\/\">Riso alla noce di cocco<\/a><\/h2><div class=\"fusion-post-content\"><\/div><\/div><\/div><\/article><article id=\"portfolio-1-post-\" class=\"fusion-portfolio-post bio-it riso tradizionale vegano-vegetariano fusion-col-spacing\"><div class=\"fusion-portfolio-content-wrapper\" style=\"border:none;\"><span class=\"vcard rich-snippet-hidden\"><span class=\"fn\"><a href=\"https:\/\/inariz.com\/it\/author\/samy\/\" title=\"Articoli scritti da samy\" rel=\"author\">samy<\/a><\/span><\/span><span class=\"updated rich-snippet-hidden\">2024-09-17T17:05:17+02:00<\/span>\n\n<div  class=\"fusion-image-wrapper fusion-image-size-fixed\" aria-haspopup=\"true\">\n\t\n\t\n\t\t\n\t\t\t\t\t<img loading=\"lazy\" decoding=\"async\" width=\"300\" height=\"214\" src=\"https:\/\/inariz.com\/wp-content\/uploads\/2019\/05\/Riz-citron-vert-coriandre-300x214.jpg\" class=\"attachment-portfolio-three size-portfolio-three wp-post-image\" alt=\"\" \/>\n\t\n\n\t\t<div class=\"fusion-rollover\">\n\t<div class=\"fusion-rollover-content\">\n\n\t\t\t\t\t\t\t\t\t\t\t\t\t\t<a class=\"fusion-rollover-link\" href=\"https:\/\/inariz.com\/it\/recipe\/riso-limone-verde-coriandolo\/\">Riso limone verde, coriandolo<\/a>\n\t\t\t\n\t\t\t\t\t\t\t\t\t\t\t\t\t\t\n\t\t\t\t\t\t\t\t\n\t\t\t\t\t\t\t\t\t\t\t\t\t<div class=\"fusion-rollover-sep\"><\/div>\n\t\t\t\t\n\t\t\t\t\t\t\t\t\t\t\t\t\t\t\t\t\t\t<a class=\"fusion-rollover-gallery\" href=\"https:\/\/inariz.com\/wp-content\/uploads\/2019\/05\/Riz-citron-vert-coriandre.jpg\" data-id=\"2422\" data-rel=\"iLightbox[gallery-rw-1]\" data-title=\"Riso limone verde, coriandolo\" data-caption=\"\">\n\t\t\t\t\t\tGallery\t\t\t\t\t<\/a>\n\t\t\t\t\t\t\t\t\t\t\t\t\t\t\n\t\t\t\t\n\t\t\t\t\t\t\t\t\t\t\t\t<h4 class=\"fusion-rollover-title\">\n\t\t\t\t\t<a class=\"fusion-rollover-title-link\" href=\"https:\/\/inariz.com\/it\/recipe\/riso-limone-verde-coriandolo\/\">\n\t\t\t\t\t\tRiso limone verde, coriandolo\t\t\t\t\t<\/a>\n\t\t\t\t<\/h4>\n\t\t\t\n\t\t\t\t\t\t\t\t\t\t\t\t\t\t\t\t\t\t\t\n\t\t\n\t\t\t\t<a class=\"fusion-link-wrapper\" href=\"https:\/\/inariz.com\/it\/recipe\/riso-limone-verde-coriandolo\/\" aria-label=\"Riso limone verde, coriandolo\"><\/a>\n\t<\/div>\n<\/div>\n\n\t\n<\/div>\n<div class=\"fusion-portfolio-content\"><h2 class=\"entry-title fusion-post-title\"><a href=\"https:\/\/inariz.com\/it\/recipe\/riso-limone-verde-coriandolo\/\">Riso limone verde, coriandolo<\/a><\/h2><div class=\"fusion-post-content\"><\/div><\/div><\/div><\/article><article id=\"portfolio-1-post-\" class=\"fusion-portfolio-post bio-it originale-it riso vegano-vegetariano fusion-col-spacing\"><div class=\"fusion-portfolio-content-wrapper\" style=\"border:none;\"><span class=\"vcard rich-snippet-hidden\"><span class=\"fn\"><a href=\"https:\/\/inariz.com\/it\/author\/samy\/\" title=\"Articoli scritti da samy\" rel=\"author\">samy<\/a><\/span><\/span><span class=\"updated rich-snippet-hidden\">2024-09-17T16:19:46+02:00<\/span>\n\n<div  class=\"fusion-image-wrapper fusion-image-size-fixed\" aria-haspopup=\"true\">\n\t\n\t\n\t\t\n\t\t\t\t\t<img loading=\"lazy\" decoding=\"async\" width=\"300\" height=\"214\" src=\"https:\/\/inariz.com\/wp-content\/uploads\/2019\/05\/Riz-a\u0300-la-noix-de-coco-citronnelle-et-piment-300x214.jpg\" class=\"attachment-portfolio-three size-portfolio-three wp-post-image\" alt=\"\" \/>\n\t\n\n\t\t<div class=\"fusion-rollover\">\n\t<div class=\"fusion-rollover-content\">\n\n\t\t\t\t\t\t\t\t\t\t\t\t\t\t<a class=\"fusion-rollover-link\" href=\"https:\/\/inariz.com\/it\/recipe\/riso-alla-noce-di-cocco-citronella-e-peperoncino\/\">Riso alla noce di cocco, citronella e peperoncino<\/a>\n\t\t\t\n\t\t\t\t\t\t\t\t\t\t\t\t\t\t\n\t\t\t\t\t\t\t\t\n\t\t\t\t\t\t\t\t\t\t\t\t\t<div class=\"fusion-rollover-sep\"><\/div>\n\t\t\t\t\n\t\t\t\t\t\t\t\t\t\t\t\t\t\t\t\t\t\t<a class=\"fusion-rollover-gallery\" href=\"https:\/\/inariz.com\/wp-content\/uploads\/2019\/05\/Riz-a\u0300-la-noix-de-coco-citronnelle-et-piment.jpg\" data-id=\"2424\" data-rel=\"iLightbox[gallery-rw-1]\" data-title=\"Riso alla noce di cocco, citronella e peperoncino\" data-caption=\"\">\n\t\t\t\t\t\tGallery\t\t\t\t\t<\/a>\n\t\t\t\t\t\t\t\t\t\t\t\t\t\t\n\t\t\t\t\n\t\t\t\t\t\t\t\t\t\t\t\t<h4 class=\"fusion-rollover-title\">\n\t\t\t\t\t<a class=\"fusion-rollover-title-link\" href=\"https:\/\/inariz.com\/it\/recipe\/riso-alla-noce-di-cocco-citronella-e-peperoncino\/\">\n\t\t\t\t\t\tRiso alla noce di cocco, citronella e peperoncino\t\t\t\t\t<\/a>\n\t\t\t\t<\/h4>\n\t\t\t\n\t\t\t\t\t\t\t\t\t\t\t\t\t\t\t\t\t\t\t\n\t\t\n\t\t\t\t<a class=\"fusion-link-wrapper\" href=\"https:\/\/inariz.com\/it\/recipe\/riso-alla-noce-di-cocco-citronella-e-peperoncino\/\" aria-label=\"Riso alla noce di cocco, citronella e peperoncino\"><\/a>\n\t<\/div>\n<\/div>\n\n\t\n<\/div>\n<div class=\"fusion-portfolio-content\"><h2 class=\"entry-title fusion-post-title\"><a href=\"https:\/\/inariz.com\/it\/recipe\/riso-alla-noce-di-cocco-citronella-e-peperoncino\/\">Riso alla noce di cocco, citronella e peperoncino<\/a><\/h2><div class=\"fusion-post-content\"><\/div><\/div><\/div><\/article><article id=\"portfolio-1-post-\" class=\"fusion-portfolio-post bio-it originale-it riso vegano-vegetariano fusion-col-spacing\"><div class=\"fusion-portfolio-content-wrapper\" style=\"border:none;\"><span class=\"vcard rich-snippet-hidden\"><span class=\"fn\"><a href=\"https:\/\/inariz.com\/it\/author\/samy\/\" title=\"Articoli scritti da samy\" rel=\"author\">samy<\/a><\/span><\/span><span class=\"updated rich-snippet-hidden\">2020-04-02T20:14:24+02:00<\/span>\n\n<div  class=\"fusion-image-wrapper fusion-image-size-fixed\" aria-haspopup=\"true\">\n\t\n\t\n\t\t\n\t\t\t\t\t<img loading=\"lazy\" decoding=\"async\" width=\"300\" height=\"214\" src=\"https:\/\/inariz.com\/wp-content\/uploads\/2019\/05\/Risotto-aux-le\u0301gumes-300x214.jpg\" class=\"attachment-portfolio-three size-portfolio-three wp-post-image\" alt=\"\" \/>\n\t\n\n\t\t<div class=\"fusion-rollover\">\n\t<div class=\"fusion-rollover-content\">\n\n\t\t\t\t\t\t\t\t\t\t\t\t\t\t<a class=\"fusion-rollover-link\" href=\"https:\/\/inariz.com\/it\/recipe\/risotto-alle-verdure\/\">Risotto alle verdure<\/a>\n\t\t\t\n\t\t\t\t\t\t\t\t\t\t\t\t\t\t\n\t\t\t\t\t\t\t\t\n\t\t\t\t\t\t\t\t\t\t\t\t\t<div class=\"fusion-rollover-sep\"><\/div>\n\t\t\t\t\n\t\t\t\t\t\t\t\t\t\t\t\t\t\t\t\t\t\t<a class=\"fusion-rollover-gallery\" href=\"https:\/\/inariz.com\/wp-content\/uploads\/2019\/05\/Risotto-aux-le\u0301gumes.jpg\" data-id=\"2426\" data-rel=\"iLightbox[gallery-rw-1]\" data-title=\"Risotto alle verdure\" data-caption=\"\">\n\t\t\t\t\t\tGallery\t\t\t\t\t<\/a>\n\t\t\t\t\t\t\t\t\t\t\t\t\t\t\n\t\t\t\t\n\t\t\t\t\t\t\t\t\t\t\t\t<h4 class=\"fusion-rollover-title\">\n\t\t\t\t\t<a class=\"fusion-rollover-title-link\" href=\"https:\/\/inariz.com\/it\/recipe\/risotto-alle-verdure\/\">\n\t\t\t\t\t\tRisotto alle verdure\t\t\t\t\t<\/a>\n\t\t\t\t<\/h4>\n\t\t\t\n\t\t\t\t\t\t\t\t\t\t\t\t\t\t\t\t\t\t\t\n\t\t\n\t\t\t\t<a class=\"fusion-link-wrapper\" href=\"https:\/\/inariz.com\/it\/recipe\/risotto-alle-verdure\/\" aria-label=\"Risotto alle verdure\"><\/a>\n\t<\/div>\n<\/div>\n\n\t\n<\/div>\n<div class=\"fusion-portfolio-content\"><h2 class=\"entry-title fusion-post-title\"><a href=\"https:\/\/inariz.com\/it\/recipe\/risotto-alle-verdure\/\">Risotto alle verdure<\/a><\/h2><div class=\"fusion-post-content\"><\/div><\/div><\/div><\/article><article id=\"portfolio-1-post-\" class=\"fusion-portfolio-post bio-it halal-it pasta-it piatti-pronti tradizionale fusion-col-spacing\"><div class=\"fusion-portfolio-content-wrapper\" style=\"border:none;\"><span class=\"vcard rich-snippet-hidden\"><span class=\"fn\"><a href=\"https:\/\/inariz.com\/it\/author\/samy\/\" title=\"Articoli scritti da samy\" rel=\"author\">samy<\/a><\/span><\/span><span class=\"updated rich-snippet-hidden\">2024-09-23T13:18:26+02:00<\/span>\n\n<div  class=\"fusion-image-wrapper fusion-image-size-fixed\" aria-haspopup=\"true\">\n\t\n\t\n\t\t\n\t\t\t\t\t<img loading=\"lazy\" decoding=\"async\" width=\"300\" height=\"214\" src=\"https:\/\/inariz.com\/wp-content\/uploads\/2019\/04\/Spaghetti-Carbonara-300x214.jpg\" class=\"attachment-portfolio-three size-portfolio-three wp-post-image\" alt=\"\" \/>\n\t\n\n\t\t<div class=\"fusion-rollover\">\n\t<div class=\"fusion-rollover-content\">\n\n\t\t\t\t\t\t\t\t\t\t\t\t\t\t<a class=\"fusion-rollover-link\" href=\"https:\/\/inariz.com\/it\/recipe\/spaghetti-alla-carbonara\/\">Spaghetti alla carbonara<\/a>\n\t\t\t\n\t\t\t\t\t\t\t\t\t\t\t\t\t\t\n\t\t\t\t\t\t\t\t\n\t\t\t\t\t\t\t\t\t\t\t\t\t<div class=\"fusion-rollover-sep\"><\/div>\n\t\t\t\t\n\t\t\t\t\t\t\t\t\t\t\t\t\t\t\t\t\t\t<a class=\"fusion-rollover-gallery\" href=\"https:\/\/inariz.com\/wp-content\/uploads\/2019\/04\/Spaghetti-Carbonara.jpg\" data-id=\"2428\" data-rel=\"iLightbox[gallery-rw-1]\" data-title=\"Spaghetti alla carbonara\" data-caption=\"\">\n\t\t\t\t\t\tGallery\t\t\t\t\t<\/a>\n\t\t\t\t\t\t\t\t\t\t\t\t\t\t\n\t\t\t\t\n\t\t\t\t\t\t\t\t\t\t\t\t<h4 class=\"fusion-rollover-title\">\n\t\t\t\t\t<a class=\"fusion-rollover-title-link\" href=\"https:\/\/inariz.com\/it\/recipe\/spaghetti-alla-carbonara\/\">\n\t\t\t\t\t\tSpaghetti alla carbonara\t\t\t\t\t<\/a>\n\t\t\t\t<\/h4>\n\t\t\t\n\t\t\t\t\t\t\t\t\t\t\t\t\t\t\t\t\t\t\t\n\t\t\n\t\t\t\t<a class=\"fusion-link-wrapper\" href=\"https:\/\/inariz.com\/it\/recipe\/spaghetti-alla-carbonara\/\" aria-label=\"Spaghetti alla carbonara\"><\/a>\n\t<\/div>\n<\/div>\n\n\t\n<\/div>\n<div class=\"fusion-portfolio-content\"><h2 class=\"entry-title fusion-post-title\"><a href=\"https:\/\/inariz.com\/it\/recipe\/spaghetti-alla-carbonara\/\">Spaghetti alla carbonara<\/a><\/h2><div class=\"fusion-post-content\"><\/div><\/div><\/div><\/article><article id=\"portfolio-1-post-\" class=\"fusion-portfolio-post bio-it pasta-it tradizionale fusion-col-spacing\"><div class=\"fusion-portfolio-content-wrapper\" style=\"border:none;\"><span class=\"vcard rich-snippet-hidden\"><span class=\"fn\"><a href=\"https:\/\/inariz.com\/it\/author\/samy\/\" title=\"Articoli scritti da samy\" rel=\"author\">samy<\/a><\/span><\/span><span class=\"updated rich-snippet-hidden\">2020-04-02T20:15:05+02:00<\/span>\n\n<div  class=\"fusion-image-wrapper fusion-image-size-fixed\" aria-haspopup=\"true\">\n\t\n\t\n\t\t\n\t\t\t\t\t<img loading=\"lazy\" decoding=\"async\" width=\"300\" height=\"214\" src=\"https:\/\/inariz.com\/wp-content\/uploads\/2019\/05\/Coquillette-au-beurre-300x214.jpg\" class=\"attachment-portfolio-three size-portfolio-three wp-post-image\" alt=\"\" \/>\n\t\n\n\t\t<div class=\"fusion-rollover\">\n\t<div class=\"fusion-rollover-content\">\n\n\t\t\t\t\t\t\t\t\t\t\t\t\t\t<a class=\"fusion-rollover-link\" href=\"https:\/\/inariz.com\/it\/recipe\/sedanini-al-burro\/\">Sedanini al burro<\/a>\n\t\t\t\n\t\t\t\t\t\t\t\t\t\t\t\t\t\t\n\t\t\t\t\t\t\t\t\n\t\t\t\t\t\t\t\t\t\t\t\t\t<div class=\"fusion-rollover-sep\"><\/div>\n\t\t\t\t\n\t\t\t\t\t\t\t\t\t\t\t\t\t\t\t\t\t\t<a class=\"fusion-rollover-gallery\" href=\"https:\/\/inariz.com\/wp-content\/uploads\/2019\/05\/Coquillette-au-beurre.jpg\" data-id=\"2430\" data-rel=\"iLightbox[gallery-rw-1]\" data-title=\"Sedanini al burro\" data-caption=\"\">\n\t\t\t\t\t\tGallery\t\t\t\t\t<\/a>\n\t\t\t\t\t\t\t\t\t\t\t\t\t\t\n\t\t\t\t\n\t\t\t\t\t\t\t\t\t\t\t\t<h4 class=\"fusion-rollover-title\">\n\t\t\t\t\t<a class=\"fusion-rollover-title-link\" href=\"https:\/\/inariz.com\/it\/recipe\/sedanini-al-burro\/\">\n\t\t\t\t\t\tSedanini al burro\t\t\t\t\t<\/a>\n\t\t\t\t<\/h4>\n\t\t\t\n\t\t\t\t\t\t\t\t\t\t\t\t\t\t\t\t\t\t\t\n\t\t\n\t\t\t\t<a class=\"fusion-link-wrapper\" href=\"https:\/\/inariz.com\/it\/recipe\/sedanini-al-burro\/\" aria-label=\"Sedanini al burro\"><\/a>\n\t<\/div>\n<\/div>\n\n\t\n<\/div>\n<div class=\"fusion-portfolio-content\"><h2 class=\"entry-title fusion-post-title\"><a href=\"https:\/\/inariz.com\/it\/recipe\/sedanini-al-burro\/\">Sedanini al burro<\/a><\/h2><div class=\"fusion-post-content\"><\/div><\/div><\/div><\/article><article id=\"portfolio-1-post-\" class=\"fusion-portfolio-post bio-it halal-it pasta-it piatti-pronti tradizionale fusion-col-spacing\"><div class=\"fusion-portfolio-content-wrapper\" style=\"border:none;\"><span class=\"vcard rich-snippet-hidden\"><span class=\"fn\"><a href=\"https:\/\/inariz.com\/it\/author\/samy\/\" title=\"Articoli scritti da samy\" rel=\"author\">samy<\/a><\/span><\/span><span class=\"updated rich-snippet-hidden\">2024-09-17T15:51:49+02:00<\/span>\n\n<div  class=\"fusion-image-wrapper fusion-image-size-fixed\" aria-haspopup=\"true\">\n\t\n\t\n\t\t\n\t\t\t\t\t<img loading=\"lazy\" decoding=\"async\" width=\"300\" height=\"214\" src=\"https:\/\/inariz.com\/wp-content\/uploads\/2019\/05\/Spaghetti-Bolognaise-300x214.jpg\" class=\"attachment-portfolio-three size-portfolio-three wp-post-image\" alt=\"\" \/>\n\t\n\n\t\t<div class=\"fusion-rollover\">\n\t<div class=\"fusion-rollover-content\">\n\n\t\t\t\t\t\t\t\t\t\t\t\t\t\t<a class=\"fusion-rollover-link\" href=\"https:\/\/inariz.com\/it\/recipe\/spaghetti-al-ragu\/\">Spaghetti al rag\u00f9<\/a>\n\t\t\t\n\t\t\t\t\t\t\t\t\t\t\t\t\t\t\n\t\t\t\t\t\t\t\t\n\t\t\t\t\t\t\t\t\t\t\t\t\t<div class=\"fusion-rollover-sep\"><\/div>\n\t\t\t\t\n\t\t\t\t\t\t\t\t\t\t\t\t\t\t\t\t\t\t<a class=\"fusion-rollover-gallery\" href=\"https:\/\/inariz.com\/wp-content\/uploads\/2019\/05\/Spaghetti-Bolognaise.jpg\" data-id=\"2432\" data-rel=\"iLightbox[gallery-rw-1]\" data-title=\"Spaghetti al rag\u00f9\" data-caption=\"\">\n\t\t\t\t\t\tGallery\t\t\t\t\t<\/a>\n\t\t\t\t\t\t\t\t\t\t\t\t\t\t\n\t\t\t\t\n\t\t\t\t\t\t\t\t\t\t\t\t<h4 class=\"fusion-rollover-title\">\n\t\t\t\t\t<a class=\"fusion-rollover-title-link\" href=\"https:\/\/inariz.com\/it\/recipe\/spaghetti-al-ragu\/\">\n\t\t\t\t\t\tSpaghetti al rag\u00f9\t\t\t\t\t<\/a>\n\t\t\t\t<\/h4>\n\t\t\t\n\t\t\t\t\t\t\t\t\t\t\t\t\t\t\t\t\t\t\t\n\t\t\n\t\t\t\t<a class=\"fusion-link-wrapper\" href=\"https:\/\/inariz.com\/it\/recipe\/spaghetti-al-ragu\/\" aria-label=\"Spaghetti al rag\u00f9\"><\/a>\n\t<\/div>\n<\/div>\n\n\t\n<\/div>\n<div class=\"fusion-portfolio-content\"><h2 class=\"entry-title fusion-post-title\"><a href=\"https:\/\/inariz.com\/it\/recipe\/spaghetti-al-ragu\/\">Spaghetti al rag\u00f9<\/a><\/h2><div class=\"fusion-post-content\"><\/div><\/div><\/div><\/article><article id=\"portfolio-1-post-\" class=\"fusion-portfolio-post bio-it pasta-it tradizionale fusion-col-spacing\"><div class=\"fusion-portfolio-content-wrapper\" style=\"border:none;\"><span class=\"vcard rich-snippet-hidden\"><span class=\"fn\"><a href=\"https:\/\/inariz.com\/it\/author\/samy\/\" title=\"Articoli scritti da samy\" rel=\"author\">samy<\/a><\/span><\/span><span class=\"updated rich-snippet-hidden\">2020-04-02T20:17:02+02:00<\/span>\n\n<div  class=\"fusion-image-wrapper fusion-image-size-fixed\" aria-haspopup=\"true\">\n\t\n\t\n\t\t\n\t\t\t\t\t<img loading=\"lazy\" decoding=\"async\" width=\"300\" height=\"214\" src=\"https:\/\/inariz.com\/wp-content\/uploads\/2019\/05\/Torsettes-tomate-a\u0300-litalienne-300x214.jpg\" class=\"attachment-portfolio-three size-portfolio-three wp-post-image\" alt=\"\" \/>\n\t\n\n\t\t<div class=\"fusion-rollover\">\n\t<div class=\"fusion-rollover-content\">\n\n\t\t\t\t\t\t\t\t\t\t\t\t\t\t<a class=\"fusion-rollover-link\" href=\"https:\/\/inariz.com\/it\/recipe\/fusilli-al-pomodoro-allitaliana\/\">Fusilli al pomodoro all\u2019italiana<\/a>\n\t\t\t\n\t\t\t\t\t\t\t\t\t\t\t\t\t\t\n\t\t\t\t\t\t\t\t\n\t\t\t\t\t\t\t\t\t\t\t\t\t<div class=\"fusion-rollover-sep\"><\/div>\n\t\t\t\t\n\t\t\t\t\t\t\t\t\t\t\t\t\t\t\t\t\t\t<a class=\"fusion-rollover-gallery\" href=\"https:\/\/inariz.com\/wp-content\/uploads\/2019\/05\/Torsettes-tomate-a\u0300-litalienne.jpg\" data-id=\"2436\" data-rel=\"iLightbox[gallery-rw-1]\" data-title=\"Fusilli al pomodoro all\u2019italiana\" data-caption=\"\">\n\t\t\t\t\t\tGallery\t\t\t\t\t<\/a>\n\t\t\t\t\t\t\t\t\t\t\t\t\t\t\n\t\t\t\t\n\t\t\t\t\t\t\t\t\t\t\t\t<h4 class=\"fusion-rollover-title\">\n\t\t\t\t\t<a class=\"fusion-rollover-title-link\" href=\"https:\/\/inariz.com\/it\/recipe\/fusilli-al-pomodoro-allitaliana\/\">\n\t\t\t\t\t\tFusilli al pomodoro all\u2019italiana\t\t\t\t\t<\/a>\n\t\t\t\t<\/h4>\n\t\t\t\n\t\t\t\t\t\t\t\t\t\t\t\t\t\t\t\t\t\t\t\n\t\t\n\t\t\t\t<a class=\"fusion-link-wrapper\" href=\"https:\/\/inariz.com\/it\/recipe\/fusilli-al-pomodoro-allitaliana\/\" aria-label=\"Fusilli al pomodoro all\u2019italiana\"><\/a>\n\t<\/div>\n<\/div>\n\n\t\n<\/div>\n<div class=\"fusion-portfolio-content\"><h2 class=\"entry-title fusion-post-title\"><a href=\"https:\/\/inariz.com\/it\/recipe\/fusilli-al-pomodoro-allitaliana\/\">Fusilli al pomodoro all\u2019italiana<\/a><\/h2><div class=\"fusion-post-content\"><\/div><\/div><\/div><\/article><article id=\"portfolio-1-post-\" class=\"fusion-portfolio-post bio-it legumi originale-it tradizionale fusion-col-spacing\"><div class=\"fusion-portfolio-content-wrapper\" style=\"border:none;\"><span class=\"vcard rich-snippet-hidden\"><span class=\"fn\"><a href=\"https:\/\/inariz.com\/it\/author\/samy\/\" title=\"Articoli scritti da samy\" rel=\"author\">samy<\/a><\/span><\/span><span class=\"updated rich-snippet-hidden\">2020-04-02T20:16:10+02:00<\/span>\n\n<div  class=\"fusion-image-wrapper fusion-image-size-fixed\" aria-haspopup=\"true\">\n\t\n\t\n\t\t\n\t\t\t\t\t<img loading=\"lazy\" decoding=\"async\" width=\"300\" height=\"214\" src=\"https:\/\/inariz.com\/wp-content\/uploads\/2019\/05\/Haricots-rouge-300x214.jpg\" class=\"attachment-portfolio-three size-portfolio-three wp-post-image\" alt=\"\" \/>\n\t\n\n\t\t<div class=\"fusion-rollover\">\n\t<div class=\"fusion-rollover-content\">\n\n\t\t\t\t\t\t\t\t\t\t\t\t\t\t<a class=\"fusion-rollover-link\" href=\"https:\/\/inariz.com\/it\/recipe\/fagioli-rossi\/\">Fagioli rossi<\/a>\n\t\t\t\n\t\t\t\t\t\t\t\t\t\t\t\t\t\t\n\t\t\t\t\t\t\t\t\n\t\t\t\t\t\t\t\t\t\t\t\t\t<div class=\"fusion-rollover-sep\"><\/div>\n\t\t\t\t\n\t\t\t\t\t\t\t\t\t\t\t\t\t\t\t\t\t\t<a class=\"fusion-rollover-gallery\" href=\"https:\/\/inariz.com\/wp-content\/uploads\/2019\/05\/Haricots-rouge.jpg\" data-id=\"2434\" data-rel=\"iLightbox[gallery-rw-1]\" data-title=\"Fagioli rossi\" data-caption=\"\">\n\t\t\t\t\t\tGallery\t\t\t\t\t<\/a>\n\t\t\t\t\t\t\t\t\t\t\t\t\t\t\n\t\t\t\t\n\t\t\t\t\t\t\t\t\t\t\t\t<h4 class=\"fusion-rollover-title\">\n\t\t\t\t\t<a class=\"fusion-rollover-title-link\" href=\"https:\/\/inariz.com\/it\/recipe\/fagioli-rossi\/\">\n\t\t\t\t\t\tFagioli rossi\t\t\t\t\t<\/a>\n\t\t\t\t<\/h4>\n\t\t\t\n\t\t\t\t\t\t\t\t\t\t\t\t\t\t\t\t\t\t\t\n\t\t\n\t\t\t\t<a class=\"fusion-link-wrapper\" href=\"https:\/\/inariz.com\/it\/recipe\/fagioli-rossi\/\" aria-label=\"Fagioli rossi\"><\/a>\n\t<\/div>\n<\/div>\n\n\t\n<\/div>\n<div class=\"fusion-portfolio-content\"><h2 class=\"entry-title fusion-post-title\"><a href=\"https:\/\/inariz.com\/it\/recipe\/fagioli-rossi\/\">Fagioli rossi<\/a><\/h2><div class=\"fusion-post-content\"><\/div><\/div><\/div><\/article><article id=\"portfolio-1-post-\" class=\"fusion-portfolio-post bio-it legumi originale-it tradizionale fusion-col-spacing\"><div class=\"fusion-portfolio-content-wrapper\" style=\"border:none;\"><span class=\"vcard rich-snippet-hidden\"><span class=\"fn\"><a href=\"https:\/\/inariz.com\/it\/author\/samy\/\" title=\"Articoli scritti da samy\" rel=\"author\">samy<\/a><\/span><\/span><span class=\"updated rich-snippet-hidden\">2020-04-02T20:17:23+02:00<\/span>\n\n<div  class=\"fusion-image-wrapper fusion-image-size-fixed\" aria-haspopup=\"true\">\n\t\n\t\n\t\t\n\t\t\t\t\t<img loading=\"lazy\" decoding=\"async\" width=\"300\" height=\"214\" src=\"https:\/\/inariz.com\/wp-content\/uploads\/2019\/05\/Pois-du-cap-300x214.jpg\" class=\"attachment-portfolio-three size-portfolio-three wp-post-image\" alt=\"\" \/>\n\t\n\n\t\t<div class=\"fusion-rollover\">\n\t<div class=\"fusion-rollover-content\">\n\n\t\t\t\t\t\t\t\t\t\t\t\t\t\t<a class=\"fusion-rollover-link\" href=\"https:\/\/inariz.com\/it\/recipe\/fagiolo-di-lima\/\">Fagiolo di Lima<\/a>\n\t\t\t\n\t\t\t\t\t\t\t\t\t\t\t\t\t\t\n\t\t\t\t\t\t\t\t\n\t\t\t\t\t\t\t\t\t\t\t\t\t<div class=\"fusion-rollover-sep\"><\/div>\n\t\t\t\t\n\t\t\t\t\t\t\t\t\t\t\t\t\t\t\t\t\t\t<a class=\"fusion-rollover-gallery\" href=\"https:\/\/inariz.com\/wp-content\/uploads\/2019\/05\/Pois-du-cap.jpg\" data-id=\"2438\" data-rel=\"iLightbox[gallery-rw-1]\" data-title=\"Fagiolo di Lima\" data-caption=\"\">\n\t\t\t\t\t\tGallery\t\t\t\t\t<\/a>\n\t\t\t\t\t\t\t\t\t\t\t\t\t\t\n\t\t\t\t\n\t\t\t\t\t\t\t\t\t\t\t\t<h4 class=\"fusion-rollover-title\">\n\t\t\t\t\t<a class=\"fusion-rollover-title-link\" href=\"https:\/\/inariz.com\/it\/recipe\/fagiolo-di-lima\/\">\n\t\t\t\t\t\tFagiolo di Lima\t\t\t\t\t<\/a>\n\t\t\t\t<\/h4>\n\t\t\t\n\t\t\t\t\t\t\t\t\t\t\t\t\t\t\t\t\t\t\t\n\t\t\n\t\t\t\t<a class=\"fusion-link-wrapper\" href=\"https:\/\/inariz.com\/it\/recipe\/fagiolo-di-lima\/\" aria-label=\"Fagiolo di Lima\"><\/a>\n\t<\/div>\n<\/div>\n\n\t\n<\/div>\n<div class=\"fusion-portfolio-content\"><h2 class=\"entry-title fusion-post-title\"><a href=\"https:\/\/inariz.com\/it\/recipe\/fagiolo-di-lima\/\">Fagiolo di Lima<\/a><\/h2><div class=\"fusion-post-content\"><\/div><\/div><\/div><\/article><article id=\"portfolio-1-post-\" class=\"fusion-portfolio-post bio-it legumi originale-it tradizionale fusion-col-spacing\"><div class=\"fusion-portfolio-content-wrapper\" style=\"border:none;\"><span class=\"vcard rich-snippet-hidden\"><span class=\"fn\"><a href=\"https:\/\/inariz.com\/it\/author\/samy\/\" title=\"Articoli scritti da samy\" rel=\"author\">samy<\/a><\/span><\/span><span class=\"updated rich-snippet-hidden\">2020-04-02T20:17:40+02:00<\/span>\n\n<div  class=\"fusion-image-wrapper fusion-image-size-fixed\" aria-haspopup=\"true\">\n\t\n\t\n\t\t\n\t\t\t\t\t<img loading=\"lazy\" decoding=\"async\" width=\"300\" height=\"214\" src=\"https:\/\/inariz.com\/wp-content\/uploads\/2019\/05\/Haricots-blancs-1-300x214.jpg\" class=\"attachment-portfolio-three size-portfolio-three wp-post-image\" alt=\"\" \/>\n\t\n\n\t\t<div class=\"fusion-rollover\">\n\t<div class=\"fusion-rollover-content\">\n\n\t\t\t\t\t\t\t\t\t\t\t\t\t\t<a class=\"fusion-rollover-link\" href=\"https:\/\/inariz.com\/it\/recipe\/fagioli-bianchi\/\">Fagioli bianchi<\/a>\n\t\t\t\n\t\t\t\t\t\t\t\t\t\t\t\t\t\t\n\t\t\t\t\t\t\t\t\n\t\t\t\t\t\t\t\t\t\t\t\t\t<div class=\"fusion-rollover-sep\"><\/div>\n\t\t\t\t\n\t\t\t\t\t\t\t\t\t\t\t\t\t\t\t\t\t\t<a class=\"fusion-rollover-gallery\" href=\"https:\/\/inariz.com\/wp-content\/uploads\/2019\/05\/Haricots-blancs-1.jpg\" data-id=\"2440\" data-rel=\"iLightbox[gallery-rw-1]\" data-title=\"Fagioli bianchi\" data-caption=\"\">\n\t\t\t\t\t\tGallery\t\t\t\t\t<\/a>\n\t\t\t\t\t\t\t\t\t\t\t\t\t\t\n\t\t\t\t\n\t\t\t\t\t\t\t\t\t\t\t\t<h4 class=\"fusion-rollover-title\">\n\t\t\t\t\t<a class=\"fusion-rollover-title-link\" href=\"https:\/\/inariz.com\/it\/recipe\/fagioli-bianchi\/\">\n\t\t\t\t\t\tFagioli bianchi\t\t\t\t\t<\/a>\n\t\t\t\t<\/h4>\n\t\t\t\n\t\t\t\t\t\t\t\t\t\t\t\t\t\t\t\t\t\t\t\n\t\t\n\t\t\t\t<a class=\"fusion-link-wrapper\" href=\"https:\/\/inariz.com\/it\/recipe\/fagioli-bianchi\/\" aria-label=\"Fagioli bianchi\"><\/a>\n\t<\/div>\n<\/div>\n\n\t\n<\/div>\n<div class=\"fusion-portfolio-content\"><h2 class=\"entry-title fusion-post-title\"><a href=\"https:\/\/inariz.com\/it\/recipe\/fagioli-bianchi\/\">Fagioli bianchi<\/a><\/h2><div class=\"fusion-post-content\"><\/div><\/div><\/div><\/article><article id=\"portfolio-1-post-\" class=\"fusion-portfolio-post bio-it legumi originale-it tradizionale fusion-col-spacing\"><div class=\"fusion-portfolio-content-wrapper\" style=\"border:none;\"><span class=\"vcard rich-snippet-hidden\"><span class=\"fn\"><a href=\"https:\/\/inariz.com\/it\/author\/samy\/\" title=\"Articoli scritti da samy\" rel=\"author\">samy<\/a><\/span><\/span><span class=\"updated rich-snippet-hidden\">2020-04-02T20:17:57+02:00<\/span>\n\n<div  class=\"fusion-image-wrapper fusion-image-size-fixed\" aria-haspopup=\"true\">\n\t\n\t\n\t\t\n\t\t\t\t\t<img loading=\"lazy\" decoding=\"async\" width=\"300\" height=\"214\" src=\"https:\/\/inariz.com\/wp-content\/uploads\/2019\/05\/Pois-chiche-300x214.jpg\" class=\"attachment-portfolio-three size-portfolio-three wp-post-image\" alt=\"\" \/>\n\t\n\n\t\t<div class=\"fusion-rollover\">\n\t<div class=\"fusion-rollover-content\">\n\n\t\t\t\t\t\t\t\t\t\t\t\t\t\t<a class=\"fusion-rollover-link\" href=\"https:\/\/inariz.com\/it\/recipe\/ceci\/\">Ceci<\/a>\n\t\t\t\n\t\t\t\t\t\t\t\t\t\t\t\t\t\t\n\t\t\t\t\t\t\t\t\n\t\t\t\t\t\t\t\t\t\t\t\t\t<div class=\"fusion-rollover-sep\"><\/div>\n\t\t\t\t\n\t\t\t\t\t\t\t\t\t\t\t\t\t\t\t\t\t\t<a class=\"fusion-rollover-gallery\" href=\"https:\/\/inariz.com\/wp-content\/uploads\/2019\/05\/Pois-chiche.jpg\" data-id=\"2441\" data-rel=\"iLightbox[gallery-rw-1]\" data-title=\"Ceci\" data-caption=\"\">\n\t\t\t\t\t\tGallery\t\t\t\t\t<\/a>\n\t\t\t\t\t\t\t\t\t\t\t\t\t\t\n\t\t\t\t\n\t\t\t\t\t\t\t\t\t\t\t\t<h4 class=\"fusion-rollover-title\">\n\t\t\t\t\t<a class=\"fusion-rollover-title-link\" href=\"https:\/\/inariz.com\/it\/recipe\/ceci\/\">\n\t\t\t\t\t\tCeci\t\t\t\t\t<\/a>\n\t\t\t\t<\/h4>\n\t\t\t\n\t\t\t\t\t\t\t\t\t\t\t\t\t\t\t\t\t\t\t\n\t\t\n\t\t\t\t<a class=\"fusion-link-wrapper\" href=\"https:\/\/inariz.com\/it\/recipe\/ceci\/\" aria-label=\"Ceci\"><\/a>\n\t<\/div>\n<\/div>\n\n\t\n<\/div>\n<div class=\"fusion-portfolio-content\"><h2 class=\"entry-title fusion-post-title\"><a href=\"https:\/\/inariz.com\/it\/recipe\/ceci\/\">Ceci<\/a><\/h2><div class=\"fusion-post-content\"><\/div><\/div><\/div><\/article><article id=\"portfolio-1-post-\" class=\"fusion-portfolio-post bio-it cereali dolce vegano-vegetariano fusion-col-spacing\"><div class=\"fusion-portfolio-content-wrapper\" style=\"border:none;\"><span class=\"vcard rich-snippet-hidden\"><span class=\"fn\"><a href=\"https:\/\/inariz.com\/it\/author\/samy\/\" title=\"Articoli scritti da samy\" rel=\"author\">samy<\/a><\/span><\/span><span class=\"updated rich-snippet-hidden\">2020-04-02T20:18:15+02:00<\/span>\n\n<div  class=\"fusion-image-wrapper fusion-image-size-fixed\" aria-haspopup=\"true\">\n\t\n\t\n\t\t\n\t\t\t\t\t<img loading=\"lazy\" decoding=\"async\" width=\"300\" height=\"214\" src=\"https:\/\/inariz.com\/wp-content\/uploads\/2019\/05\/Porridge-300x214.jpg\" class=\"attachment-portfolio-three size-portfolio-three wp-post-image\" alt=\"\" \/>\n\t\n\n\t\t<div class=\"fusion-rollover\">\n\t<div class=\"fusion-rollover-content\">\n\n\t\t\t\t\t\t\t\t\t\t\t\t\t\t<a class=\"fusion-rollover-link\" href=\"https:\/\/inariz.com\/it\/recipe\/porridge\/\">Porridge<\/a>\n\t\t\t\n\t\t\t\t\t\t\t\t\t\t\t\t\t\t\n\t\t\t\t\t\t\t\t\n\t\t\t\t\t\t\t\t\t\t\t\t\t<div class=\"fusion-rollover-sep\"><\/div>\n\t\t\t\t\n\t\t\t\t\t\t\t\t\t\t\t\t\t\t\t\t\t\t<a class=\"fusion-rollover-gallery\" href=\"https:\/\/inariz.com\/wp-content\/uploads\/2019\/05\/Porridge.jpg\" data-id=\"2443\" data-rel=\"iLightbox[gallery-rw-1]\" data-title=\"Porridge\" data-caption=\"\">\n\t\t\t\t\t\tGallery\t\t\t\t\t<\/a>\n\t\t\t\t\t\t\t\t\t\t\t\t\t\t\n\t\t\t\t\n\t\t\t\t\t\t\t\t\t\t\t\t<h4 class=\"fusion-rollover-title\">\n\t\t\t\t\t<a class=\"fusion-rollover-title-link\" href=\"https:\/\/inariz.com\/it\/recipe\/porridge\/\">\n\t\t\t\t\t\tPorridge\t\t\t\t\t<\/a>\n\t\t\t\t<\/h4>\n\t\t\t\n\t\t\t\t\t\t\t\t\t\t\t\t\t\t\t\t\t\t\t\n\t\t\n\t\t\t\t<a class=\"fusion-link-wrapper\" href=\"https:\/\/inariz.com\/it\/recipe\/porridge\/\" aria-label=\"Porridge\"><\/a>\n\t<\/div>\n<\/div>\n\n\t\n<\/div>\n<div class=\"fusion-portfolio-content\"><h2 class=\"entry-title fusion-post-title\"><a href=\"https:\/\/inariz.com\/it\/recipe\/porridge\/\">Porridge<\/a><\/h2><div class=\"fusion-post-content\"><\/div><\/div><\/div><\/article><article id=\"portfolio-1-post-\" class=\"fusion-portfolio-post bio-it dolce halal-it kosher-it riso vegano-vegetariano fusion-col-spacing\"><div class=\"fusion-portfolio-content-wrapper\" style=\"border:none;\"><span class=\"vcard rich-snippet-hidden\"><span class=\"fn\"><a href=\"https:\/\/inariz.com\/it\/author\/samy\/\" title=\"Articoli scritti da samy\" rel=\"author\">samy<\/a><\/span><\/span><span class=\"updated rich-snippet-hidden\">2024-09-23T13:18:59+02:00<\/span>\n\n<div  class=\"fusion-image-wrapper fusion-image-size-fixed\" aria-haspopup=\"true\">\n\t\n\t\n\t\t\n\t\t\t\t\t<img loading=\"lazy\" decoding=\"async\" width=\"300\" height=\"214\" src=\"https:\/\/inariz.com\/wp-content\/uploads\/2019\/05\/Riz-au-lait-nature-300x214.jpg\" class=\"attachment-portfolio-three size-portfolio-three wp-post-image\" alt=\"\" \/>\n\t\n\n\t\t<div class=\"fusion-rollover\">\n\t<div class=\"fusion-rollover-content\">\n\n\t\t\t\t\t\t\t\t\t\t\t\t\t\t<a class=\"fusion-rollover-link\" href=\"https:\/\/inariz.com\/it\/recipe\/riso-al-latte-semplice\/\">Riso al latte semplice<\/a>\n\t\t\t\n\t\t\t\t\t\t\t\t\t\t\t\t\t\t\n\t\t\t\t\t\t\t\t\n\t\t\t\t\t\t\t\t\t\t\t\t\t<div class=\"fusion-rollover-sep\"><\/div>\n\t\t\t\t\n\t\t\t\t\t\t\t\t\t\t\t\t\t\t\t\t\t\t<a class=\"fusion-rollover-gallery\" href=\"https:\/\/inariz.com\/wp-content\/uploads\/2019\/05\/Riz-au-lait-nature.jpg\" data-id=\"2445\" data-rel=\"iLightbox[gallery-rw-1]\" data-title=\"Riso al latte semplice\" data-caption=\"\">\n\t\t\t\t\t\tGallery\t\t\t\t\t<\/a>\n\t\t\t\t\t\t\t\t\t\t\t\t\t\t\n\t\t\t\t\n\t\t\t\t\t\t\t\t\t\t\t\t<h4 class=\"fusion-rollover-title\">\n\t\t\t\t\t<a class=\"fusion-rollover-title-link\" href=\"https:\/\/inariz.com\/it\/recipe\/riso-al-latte-semplice\/\">\n\t\t\t\t\t\tRiso al latte semplice\t\t\t\t\t<\/a>\n\t\t\t\t<\/h4>\n\t\t\t\n\t\t\t\t\t\t\t\t\t\t\t\t\t\t\t\t\t\t\t\n\t\t\n\t\t\t\t<a class=\"fusion-link-wrapper\" href=\"https:\/\/inariz.com\/it\/recipe\/riso-al-latte-semplice\/\" aria-label=\"Riso al latte semplice\"><\/a>\n\t<\/div>\n<\/div>\n\n\t\n<\/div>\n<div class=\"fusion-portfolio-content\"><h2 class=\"entry-title fusion-post-title\"><a href=\"https:\/\/inariz.com\/it\/recipe\/riso-al-latte-semplice\/\">Riso al latte semplice<\/a><\/h2><div class=\"fusion-post-content\"><\/div><\/div><\/div><\/article><article id=\"portfolio-1-post-\" class=\"fusion-portfolio-post bio-it dolce riso vegano-vegetariano fusion-col-spacing\"><div class=\"fusion-portfolio-content-wrapper\" style=\"border:none;\"><span class=\"vcard rich-snippet-hidden\"><span class=\"fn\"><a href=\"https:\/\/inariz.com\/it\/author\/samy\/\" title=\"Articoli scritti da samy\" rel=\"author\">samy<\/a><\/span><\/span><span class=\"updated rich-snippet-hidden\">2020-04-02T20:19:49+02:00<\/span>\n\n<div  class=\"fusion-image-wrapper fusion-image-size-fixed\" aria-haspopup=\"true\">\n\t\n\t\n\t\t\n\t\t\t\t\t<img loading=\"lazy\" decoding=\"async\" width=\"300\" height=\"214\" src=\"https:\/\/inariz.com\/wp-content\/uploads\/2019\/05\/Riz-au-lait-vegetal-nature-ou-aromatise-300x214.jpg\" class=\"attachment-portfolio-three size-portfolio-three wp-post-image\" alt=\"\" \/>\n\t\n\n\t\t<div class=\"fusion-rollover\">\n\t<div class=\"fusion-rollover-content\">\n\n\t\t\t\t\t\t\t\t\t\t\t\t\t\t<a class=\"fusion-rollover-link\" href=\"https:\/\/inariz.com\/it\/recipe\/riso-la-latte-vegetale-semplice-o-aromatizzato-2\/\">Riso la latte vegetale semplice o aromatizzato<\/a>\n\t\t\t\n\t\t\t\t\t\t\t\t\t\t\t\t\t\t\n\t\t\t\t\t\t\t\t\n\t\t\t\t\t\t\t\t\t\t\t\t\t<div class=\"fusion-rollover-sep\"><\/div>\n\t\t\t\t\n\t\t\t\t\t\t\t\t\t\t\t\t\t\t\t\t\t\t<a class=\"fusion-rollover-gallery\" href=\"https:\/\/inariz.com\/wp-content\/uploads\/2019\/05\/Riz-au-lait-vegetal-nature-ou-aromatise.jpg\" data-id=\"2449\" data-rel=\"iLightbox[gallery-rw-1]\" data-title=\"Riz au lait vegetal nature ou aromatise\" data-caption=\"\">\n\t\t\t\t\t\tGallery\t\t\t\t\t<\/a>\n\t\t\t\t\t\t\t\t\t\t\t\t\t\t\n\t\t\t\t\n\t\t\t\t\t\t\t\t\t\t\t\t<h4 class=\"fusion-rollover-title\">\n\t\t\t\t\t<a class=\"fusion-rollover-title-link\" href=\"https:\/\/inariz.com\/it\/recipe\/riso-la-latte-vegetale-semplice-o-aromatizzato-2\/\">\n\t\t\t\t\t\tRiso la latte vegetale semplice o aromatizzato\t\t\t\t\t<\/a>\n\t\t\t\t<\/h4>\n\t\t\t\n\t\t\t\t\t\t\t\t\t\t\t\t\t\t\t\t\t\t\t\n\t\t\n\t\t\t\t<a class=\"fusion-link-wrapper\" href=\"https:\/\/inariz.com\/it\/recipe\/riso-la-latte-vegetale-semplice-o-aromatizzato-2\/\" aria-label=\"Riso la latte vegetale semplice o aromatizzato\"><\/a>\n\t<\/div>\n<\/div>\n\n\t\n<\/div>\n<div class=\"fusion-portfolio-content\"><h2 class=\"entry-title fusion-post-title\"><a href=\"https:\/\/inariz.com\/it\/recipe\/riso-la-latte-vegetale-semplice-o-aromatizzato-2\/\">Riso la latte vegetale semplice o aromatizzato<\/a><\/h2><div class=\"fusion-post-content\"><\/div><\/div><\/div><\/article><article id=\"portfolio-1-post-\" class=\"fusion-portfolio-post bio-it cereali dolce vegano-vegetariano fusion-col-spacing\"><div class=\"fusion-portfolio-content-wrapper\" style=\"border:none;\"><span class=\"vcard rich-snippet-hidden\"><span class=\"fn\"><a href=\"https:\/\/inariz.com\/it\/author\/samy\/\" title=\"Articoli scritti da samy\" rel=\"author\">samy<\/a><\/span><\/span><span class=\"updated rich-snippet-hidden\">2024-09-23T13:21:20+02:00<\/span>\n\n<div  class=\"fusion-image-wrapper fusion-image-size-fixed\" aria-haspopup=\"true\">\n\t\n\t\n\t\t\n\t\t\t\t\t<img loading=\"lazy\" decoding=\"async\" width=\"300\" height=\"214\" src=\"https:\/\/inariz.com\/wp-content\/uploads\/2019\/05\/Quinoa-lait-de-coco-300x214.jpg\" class=\"attachment-portfolio-three size-portfolio-three wp-post-image\" alt=\"\" \/>\n\t\n\n\t\t<div class=\"fusion-rollover\">\n\t<div class=\"fusion-rollover-content\">\n\n\t\t\t\t\t\t\t\t\t\t\t\t\t\t<a class=\"fusion-rollover-link\" href=\"https:\/\/inariz.com\/it\/recipe\/riso-la-latte-vegetale-semplice-o-aromatizzato\/\">Quinoa, latte di cocco<\/a>\n\t\t\t\n\t\t\t\t\t\t\t\t\t\t\t\t\t\t\n\t\t\t\t\t\t\t\t\n\t\t\t\t\t\t\t\t\t\t\t\t\t<div class=\"fusion-rollover-sep\"><\/div>\n\t\t\t\t\n\t\t\t\t\t\t\t\t\t\t\t\t\t\t\t\t\t\t<a class=\"fusion-rollover-gallery\" href=\"https:\/\/inariz.com\/wp-content\/uploads\/2019\/05\/Quinoa-lait-de-coco.jpg\" data-id=\"2447\" data-rel=\"iLightbox[gallery-rw-1]\" data-title=\"Riso la latte vegetale semplice o aromatizzato\" data-caption=\"\">\n\t\t\t\t\t\tGallery\t\t\t\t\t<\/a>\n\t\t\t\t\t\t\t\t\t\t\t\t\t\t\n\t\t\t\t\n\t\t\t\t\t\t\t\t\t\t\t\t<h4 class=\"fusion-rollover-title\">\n\t\t\t\t\t<a class=\"fusion-rollover-title-link\" href=\"https:\/\/inariz.com\/it\/recipe\/riso-la-latte-vegetale-semplice-o-aromatizzato\/\">\n\t\t\t\t\t\tQuinoa, latte di cocco\t\t\t\t\t<\/a>\n\t\t\t\t<\/h4>\n\t\t\t\n\t\t\t\t\t\t\t\t\t\t\t\t\t\t\t\t\t\t\t\n\t\t\n\t\t\t\t<a class=\"fusion-link-wrapper\" href=\"https:\/\/inariz.com\/it\/recipe\/riso-la-latte-vegetale-semplice-o-aromatizzato\/\" aria-label=\"Quinoa, latte di cocco\"><\/a>\n\t<\/div>\n<\/div>\n\n\t\n<\/div>\n<div class=\"fusion-portfolio-content\"><h2 class=\"entry-title fusion-post-title\"><a href=\"https:\/\/inariz.com\/it\/recipe\/riso-la-latte-vegetale-semplice-o-aromatizzato\/\">Quinoa, latte di cocco<\/a><\/h2><div class=\"fusion-post-content\"><\/div><\/div><\/div><\/article><\/div><\/div><div class=\"fusion-clearfix\"><\/div><\/div><\/div><\/div><\/div><\/p>\n","protected":false},"excerpt":{"rendered":"","protected":false},"author":1,"featured_media":0,"parent":0,"menu_order":0,"comment_status":"closed","ping_status":"closed","template":"100-width.php","meta":{"_acf_changed":false,"footnotes":""},"acf":[],"yoast_head":"<!-- This site is optimized with the Yoast SEO plugin v23.1 - https:\/\/yoast.com\/wordpress\/plugins\/seo\/ -->\n<title>Le nostre ricette - Inariz<\/title>\n<meta name=\"robots\" content=\"index, follow, max-snippet:-1, max-image-preview:large, max-video-preview:-1\" \/>\n<link rel=\"canonical\" href=\"https:\/\/inariz.com\/it\/le-nostre-ricette\/\" \/>\n<meta property=\"og:locale\" content=\"it_IT\" \/>\n<meta property=\"og:type\" content=\"article\" \/>\n<meta property=\"og:title\" content=\"Le nostre ricette - Inariz\" \/>\n<meta property=\"og:url\" content=\"https:\/\/inariz.com\/it\/le-nostre-ricette\/\" \/>\n<meta property=\"og:site_name\" content=\"Inariz\" \/>\n<meta property=\"article:modified_time\" content=\"2020-04-02T14:10:24+00:00\" \/>\n<meta name=\"twitter:card\" content=\"summary_large_image\" \/>\n<meta name=\"twitter:label1\" content=\"Tempo di lettura stimato\" \/>\n\t<meta name=\"twitter:data1\" content=\"4 minuti\" \/>\n<script type=\"application\/ld+json\" class=\"yoast-schema-graph\">{\"@context\":\"https:\/\/schema.org\",\"@graph\":[{\"@type\":\"WebPage\",\"@id\":\"https:\/\/inariz.com\/it\/le-nostre-ricette\/\",\"url\":\"https:\/\/inariz.com\/it\/le-nostre-ricette\/\",\"name\":\"Le nostre ricette - Inariz\",\"isPartOf\":{\"@id\":\"https:\/\/inariz.com\/de\/#website\"},\"datePublished\":\"2020-04-02T13:10:53+00:00\",\"dateModified\":\"2020-04-02T14:10:24+00:00\",\"breadcrumb\":{\"@id\":\"https:\/\/inariz.com\/it\/le-nostre-ricette\/#breadcrumb\"},\"inLanguage\":\"it-IT\",\"potentialAction\":[{\"@type\":\"ReadAction\",\"target\":[\"https:\/\/inariz.com\/it\/le-nostre-ricette\/\"]}]},{\"@type\":\"BreadcrumbList\",\"@id\":\"https:\/\/inariz.com\/it\/le-nostre-ricette\/#breadcrumb\",\"itemListElement\":[{\"@type\":\"ListItem\",\"position\":1,\"name\":\"Accueil\",\"item\":\"https:\/\/inariz.com\/it\/inariz\/\"},{\"@type\":\"ListItem\",\"position\":2,\"name\":\"Le nostre ricette\"}]},{\"@type\":\"WebSite\",\"@id\":\"https:\/\/inariz.com\/de\/#website\",\"url\":\"https:\/\/inariz.com\/de\/\",\"name\":\"Inariz\",\"description\":\"A Marbour Company\",\"potentialAction\":[{\"@type\":\"SearchAction\",\"target\":{\"@type\":\"EntryPoint\",\"urlTemplate\":\"https:\/\/inariz.com\/de\/?s={search_term_string}\"},\"query-input\":\"required name=search_term_string\"}],\"inLanguage\":\"it-IT\"}]}<\/script>\n<!-- \/ Yoast SEO plugin. -->","yoast_head_json":{"title":"Le nostre ricette - Inariz","robots":{"index":"index","follow":"follow","max-snippet":"max-snippet:-1","max-image-preview":"max-image-preview:large","max-video-preview":"max-video-preview:-1"},"canonical":"https:\/\/inariz.com\/it\/le-nostre-ricette\/","og_locale":"it_IT","og_type":"article","og_title":"Le nostre ricette - Inariz","og_url":"https:\/\/inariz.com\/it\/le-nostre-ricette\/","og_site_name":"Inariz","article_modified_time":"2020-04-02T14:10:24+00:00","twitter_card":"summary_large_image","twitter_misc":{"Tempo di lettura stimato":"4 minuti"},"schema":{"@context":"https:\/\/schema.org","@graph":[{"@type":"WebPage","@id":"https:\/\/inariz.com\/it\/le-nostre-ricette\/","url":"https:\/\/inariz.com\/it\/le-nostre-ricette\/","name":"Le nostre ricette - Inariz","isPartOf":{"@id":"https:\/\/inariz.com\/de\/#website"},"datePublished":"2020-04-02T13:10:53+00:00","dateModified":"2020-04-02T14:10:24+00:00","breadcrumb":{"@id":"https:\/\/inariz.com\/it\/le-nostre-ricette\/#breadcrumb"},"inLanguage":"it-IT","potentialAction":[{"@type":"ReadAction","target":["https:\/\/inariz.com\/it\/le-nostre-ricette\/"]}]},{"@type":"BreadcrumbList","@id":"https:\/\/inariz.com\/it\/le-nostre-ricette\/#breadcrumb","itemListElement":[{"@type":"ListItem","position":1,"name":"Accueil","item":"https:\/\/inariz.com\/it\/inariz\/"},{"@type":"ListItem","position":2,"name":"Le nostre ricette"}]},{"@type":"WebSite","@id":"https:\/\/inariz.com\/de\/#website","url":"https:\/\/inariz.com\/de\/","name":"Inariz","description":"A Marbour Company","potentialAction":[{"@type":"SearchAction","target":{"@type":"EntryPoint","urlTemplate":"https:\/\/inariz.com\/de\/?s={search_term_string}"},"query-input":"required name=search_term_string"}],"inLanguage":"it-IT"}]}},"_links":{"self":[{"href":"https:\/\/inariz.com\/it\/wp-json\/wp\/v2\/pages\/2286"}],"collection":[{"href":"https:\/\/inariz.com\/it\/wp-json\/wp\/v2\/pages"}],"about":[{"href":"https:\/\/inariz.com\/it\/wp-json\/wp\/v2\/types\/page"}],"author":[{"embeddable":true,"href":"https:\/\/inariz.com\/it\/wp-json\/wp\/v2\/users\/1"}],"replies":[{"embeddable":true,"href":"https:\/\/inariz.com\/it\/wp-json\/wp\/v2\/comments?post=2286"}],"version-history":[{"count":1,"href":"https:\/\/inariz.com\/it\/wp-json\/wp\/v2\/pages\/2286\/revisions"}],"predecessor-version":[{"id":2291,"href":"https:\/\/inariz.com\/it\/wp-json\/wp\/v2\/pages\/2286\/revisions\/2291"}],"wp:attachment":[{"href":"https:\/\/inariz.com\/it\/wp-json\/wp\/v2\/media?parent=2286"}],"curies":[{"name":"wp","href":"https:\/\/api.w.org\/{rel}","templated":true}]}}